{"version":"1.0","provider_name":"Fern\u00e1ndez Advocats","provider_url":"https:\/\/fernandezadvocats.es\/es\/","title":"Gerard Rinc\u00f3n Andreu analiza la controversia sobre el alquiler social en Catalu\u00f1a | Fern\u00e1ndez Advocats","type":"rich","width":600,"height":338,"html":"<blockquote class=\"wp-embedded-content\" data-secret=\"krUm3e3Psh\"><a href=\"https:\/\/fernandezadvocats.es\/es\/controversia-alquiler-social-cataluna\/\">Gerard Rinc\u00f3n Andreu analiza la controversia sobre el alquiler social en Catalu\u00f1a<\/a><\/blockquote><iframe sandbox=\"allow-scripts\" security=\"restricted\" src=\"https:\/\/fernandezadvocats.es\/es\/controversia-alquiler-social-cataluna\/embed\/#?secret=krUm3e3Psh\" width=\"600\" height=\"338\" title=\"\u00abGerard Rinc\u00f3n Andreu analiza la controversia sobre el alquiler social en Catalu\u00f1a\u00bb \u2014 Fern\u00e1ndez Advocats\" data-secret=\"krUm3e3Psh\" frameborder=\"0\" marginwidth=\"0\" marginheight=\"0\" scrolling=\"no\" class=\"wp-embedded-content\"><\/iframe><script type=\"text\/javascript\">\n\/* <![CDATA[ *\/\n\/*! This file is auto-generated *\/\n!function(d,l){\"use strict\";l.querySelector&&d.addEventListener&&\"undefined\"!=typeof URL&&(d.wp=d.wp||{},d.wp.receiveEmbedMessage||(d.wp.receiveEmbedMessage=function(e){var t=e.data;if((t||t.secret||t.message||t.value)&&!\/[^a-zA-Z0-9]\/.test(t.secret)){for(var s,r,n,a=l.querySelectorAll('iframe[data-secret=\"'+t.secret+'\"]'),o=l.querySelectorAll('blockquote[data-secret=\"'+t.secret+'\"]'),c=new RegExp(\"^https?:$\",\"i\"),i=0;i<o.length;i++)o[i].style.display=\"none\";for(i=0;i<a.length;i++)s=a[i],e.source===s.contentWindow&&(s.removeAttribute(\"style\"),\"height\"===t.message?(1e3<(r=parseInt(t.value,10))?r=1e3:~~r<200&&(r=200),s.height=r):\"link\"===t.message&&(r=new URL(s.getAttribute(\"src\")),n=new URL(t.value),c.test(n.protocol))&&n.host===r.host&&l.activeElement===s&&(d.top.location.href=t.value))}},d.addEventListener(\"message\",d.wp.receiveEmbedMessage,!1),l.addEventListener(\"DOMContentLoaded\",function(){for(var e,t,s=l.querySelectorAll(\"iframe.wp-embedded-content\"),r=0;r<s.length;r++)(t=(e=s[r]).getAttribute(\"data-secret\"))||(t=Math.random().toString(36).substring(2,12),e.src+=\"#?secret=\"+t,e.setAttribute(\"data-secret\",t)),e.contentWindow.postMessage({message:\"ready\",secret:t},\"*\")},!1)))}(window,document);\n\/\/# sourceURL=https:\/\/fernandezadvocats.es\/wp-includes\/js\/wp-embed.min.js\n\/* ]]> *\/\n<\/script>\n","thumbnail_url":"https:\/\/fernandezadvocats.es\/wp-content\/uploads\/2025\/01\/employer-or-committee-holding-reading-a-resume-wit-2024-10-17-00-17-04-utc-scaled.jpg","thumbnail_width":2560,"thumbnail_height":1440,"description":"ART\u00cdCULO COMPLETO Nuestro compa\u00f1ero Gerard Rinc\u00f3n Andreu, abogado de Fern\u00e1ndez Advocats, ha publicado en medios jur\u00eddicos especializados con un an\u00e1lisis sobre el debate legal relacionado con el ofrecimiento de alquiler social en Catalu\u00f1a. Esta cuesti\u00f3n, regulada por la Ley 24\/2015, genera discrepancias en los tribunales civiles, donde no hay consenso sobre c\u00f3mo aplicar esta obligaci\u00f3n. [&hellip;]"}