{"id":90372,"date":"2024-10-31T16:26:51","date_gmt":"2024-10-31T15:26:51","guid":{"rendered":"http:\/\/fernandezadvocats.es\/equip\/"},"modified":"2026-03-02T21:30:55","modified_gmt":"2026-03-02T20:30:55","slug":"equipo","status":"publish","type":"page","link":"https:\/\/fernandezadvocats.es\/es\/equipo\/","title":{"rendered":"EQUIPO"},"content":{"rendered":"<p>[et_pb_section fb_built=\u00bb1&#8243; custom_padding_last_edited=\u00bbon|tablet\u00bb _builder_version=\u00bb4.27.3&#8243; _module_preset=\u00bbdefault\u00bb use_background_color_gradient=\u00bbon\u00bb background_color_gradient_direction=\u00bb90deg\u00bb background_color_gradient_stops=\u00bbrgba(0,12,8,0.87) 0%|rgba(5,25,18,0.2) 78%\u00bb background_color_gradient_overlays_image=\u00bbon\u00bb background_image=\u00bbhttps:\/\/fernandezadvocats.es\/wp-content\/uploads\/2024\/11\/W5A8599-scaled.jpg\u00bb custom_margin=\u00bb0px||0px||false|false\u00bb custom_padding=\u00bb170px||170px||false|false\u00bb custom_padding_tablet=\u00bb150px||150px||false|false\u00bb custom_padding_phone=\u00bb90px||90px||false|false\u00bb locked=\u00bboff\u00bb global_colors_info=\u00bb{}\u00bb][et_pb_row _builder_version=\u00bb4.24.3&#8243; _module_preset=\u00bbdefault\u00bb width=\u00bb90%\u00bb max_width=\u00bb1290px\u00bb custom_margin=\u00bb0px||0px||false|false\u00bb custom_padding=\u00bb0px||0px||false|false\u00bb global_colors_info=\u00bb{}\u00bb][et_pb_column type=\u00bb4_4&#8243; _builder_version=\u00bb4.24.3&#8243; _module_preset=\u00bbdefault\u00bb global_colors_info=\u00bb{}\u00bb][et_pb_text admin_label=\u00bbT\u00edtulo &#8211; Contacta&#8217;ns\u00bb _builder_version=\u00bb4.27.3&#8243; _module_preset=\u00bbdefault\u00bb header_font=\u00bbWork Sans|600|||||||\u00bb header_text_align=\u00bbleft\u00bb header_text_color=\u00bb#FFFFFF\u00bb header_font_size=\u00bb7em\u00bb header_line_height=\u00bb1.1em\u00bb max_width=\u00bb900px\u00bb custom_margin=\u00bb0px||0px||false|false\u00bb custom_padding=\u00bb0px||0px||false|false\u00bb animation_style=\u00bbslide\u00bb animation_direction=\u00bbleft\u00bb animation_delay=\u00bb800ms\u00bb animation_intensity_slide=\u00bb2%\u00bb animation_speed_curve=\u00bbease\u00bb header_font_size_tablet=\u00bb4.68em\u00bb header_font_size_phone=\u00bb2.8em\u00bb header_font_size_last_edited=\u00bbon|phone\u00bb global_colors_info=\u00bb{}\u00bb]<\/p>\n<h1>Nuestro equipo<\/h1>\n<div id=\"gtx-trans\" style=\"position: absolute; left: -11px; top: -0.9625px;\">\n<div class=\"gtx-trans-icon\"><\/div>\n<\/div>\n<p>[\/et_pb_text][et_pb_text admin_label=\u00bbTexto &#8211; Si tienes alguna duda, consulta o simplemente quieres decir hola, no dudes en ponerte en contacto con nosotros. Estamos aqu\u00ed para ayudarte.\u00bb _builder_version=\u00bb4.27.3&#8243; _module_preset=\u00bbdefault\u00bb text_font=\u00bbRoboto Flex||||||||\u00bb text_text_color=\u00bb#FFFFFF\u00bb text_font_size=\u00bb1.2em\u00bb text_line_height=\u00bb1.5em\u00bb max_width=\u00bb50%\u00bb custom_margin=\u00bb0px|-53px|28px||false|false\u00bb custom_margin_tablet=\u00bb0px||28px|60px|false|false\u00bb custom_margin_phone=\u00bb|||0px|false|false\u00bb custom_margin_last_edited=\u00bbon|tablet\u00bb custom_padding=\u00bb0px||0px|174px|false|false\u00bb custom_padding_tablet=\u00bb0px||0px|180px|false|false\u00bb custom_padding_phone=\u00bb0px||0px|0px|false|false\u00bb custom_padding_last_edited=\u00bbon|phone\u00bb animation_style=\u00bbslide\u00bb animation_direction=\u00bbbottom\u00bb animation_delay=\u00bb1100ms\u00bb animation_intensity_slide=\u00bb18%\u00bb animation_speed_curve=\u00bbease\u00bb custom_css_before=\u00bbcontent:%22%22;||background:#fff;||width:150px;||height:1px;||position:absolute;||top:12px;||left:0px;\u00bb global_colors_info=\u00bb{}\u00bb custom_css_before__hover_enabled=\u00bboff|desktop\u00bb custom_css_before_last_edited=\u00bbon|phone\u00bb custom_css_before_phone=\u00bbdisplay:none;\u00bb custom_css_before_tablet=\u00bbcontent:%22%22;||background:#fff;||width:150px;||height:1px;||position:absolute;||top:12px;||left:0px;\u00bb]<\/p>\n<p>Equipo experto y soluciones legales innovadoras<\/p>\n<p>[\/et_pb_text][et_pb_button button_url=\u00bb\/es\/contacta\/\u00bb button_text=\u00bbCont\u00e1ctanos ahora\u00bb admin_label=\u00bbBTN &#8211; Contacta\u00bb _builder_version=\u00bb4.27.3&#8243; _module_preset=\u00bbdefault\u00bb custom_button=\u00bbon\u00bb button_text_size=\u00bb1em\u00bb button_text_color=\u00bb#052e26&#8243; button_bg_color=\u00bb#FFFFFF\u00bb button_border_width=\u00bb0px\u00bb button_border_radius=\u00bb25px\u00bb button_letter_spacing=\u00bb1px\u00bb button_font=\u00bbWork Sans|||on|||||\u00bb button_icon=\u00bb&#xf061;||fa||900&#8243; custom_margin=\u00bb0px||0px||false|false\u00bb custom_margin_tablet=\u00bb0px||0px|242px|false|false\u00bb custom_margin_phone=\u00bb|||0px|false|false\u00bb custom_margin_last_edited=\u00bbon|tablet\u00bb custom_padding=\u00bb14px|30px|14px|30px|false|false\u00bb animation_style=\u00bbslide\u00bb animation_direction=\u00bbbottom\u00bb animation_delay=\u00bb1400ms\u00bb animation_intensity_slide=\u00bb15%\u00bb animation_speed_curve=\u00bbease\u00bb global_colors_info=\u00bb{}\u00bb button_bg_color__hover_enabled=\u00bbon|hover\u00bb button_bg_color__hover=\u00bb#FFFFFF\u00bb button_bg_enable_color__hover=\u00bbon\u00bb button_text_color__hover_enabled=\u00bbon|hover\u00bb button_text_color__hover=\u00bb#011712&#8243;][\/et_pb_button][\/et_pb_column][\/et_pb_row][\/et_pb_section][et_pb_section fb_built=\u00bb1&#8243; disabled_on=\u00bboff|off|off\u00bb admin_label=\u00bbSecci\u00f3n\u00bb _builder_version=\u00bb4.27.2&#8243; _module_preset=\u00bbdefault\u00bb custom_padding=\u00bb||||false|false\u00bb global_colors_info=\u00bb{}\u00bb][et_pb_row _builder_version=\u00bb4.27.2&#8243; _module_preset=\u00bbdefault\u00bb global_colors_info=\u00bb{}\u00bb][et_pb_column type=\u00bb4_4&#8243; _builder_version=\u00bb4.27.2&#8243; _module_preset=\u00bbdefault\u00bb global_colors_info=\u00bb{}\u00bb][et_pb_text admin_label=\u00bbExperiencia y Compromiso en Cada Caso + texto\u00bb _builder_version=\u00bb4.27.4&#8243; _module_preset=\u00bbdefault\u00bb text_font=\u00bbPlus Jakarta Sans||||||||\u00bb text_font_size=\u00bb17px\u00bb header_font=\u00bbWork Sans||||||||\u00bb header_font_size=\u00bb2em\u00bb header_2_font=\u00bbWork Sans||||||||\u00bb header_2_font_size=\u00bb2em\u00bb global_colors_info=\u00bb{}\u00bb]<\/p>\n<h2 style=\"text-align: center;\">Experiencia y compromiso en cada caso<\/h2>\n<p>&nbsp;<\/p>\n<p>Cada miembro aporta conocimientos espec\u00edficos y un enfoque dedicado para ofrecer un servicio completo y personalizado a nuestros clientes. Con una combinaci\u00f3n de talento joven y profesionales de reconocida trayectoria, nos esforzamos por mantenernos al d\u00eda con los cambios legislativos y proporcionar soluciones legales innovadoras y efectivas.<\/p>\n<p>Nuestra prioridad es defender los intereses de nuestros clientes con la m\u00e1xima profesionalidad. Por este motivo, nuestro equipo est\u00e1 en continua formaci\u00f3n, tanto en materias jur\u00eddicas de su especialidad como en \u00e1reas complementarias, para mantenernos siempre actualizados.<\/p>\n<p>[\/et_pb_text][\/et_pb_column][\/et_pb_row][\/et_pb_section][et_pb_section fb_built=\u00bb1&#8243; _builder_version=\u00bb4.27.2&#8243; _module_preset=\u00bbdefault\u00bb custom_padding=\u00bb0px||||false|false\u00bb locked=\u00bboff\u00bb global_colors_info=\u00bb{}\u00bb][et_pb_row column_structure=\u00bb1_3,1_3,1_3&#8243; make_equal=\u00bbon\u00bb module_class=\u00bbgrupo_equipo\u00bb _builder_version=\u00bb4.27.4&#8243; max_width=\u00bb100%\u00bb custom_padding=\u00bb||||false|false\u00bb locked=\u00bboff\u00bb global_colors_info=\u00bb{}\u00bb][et_pb_column type=\u00bb1_3&#8243; admin_label=\u00bbColumn\u00bb _builder_version=\u00bb4.27.4&#8243; custom_padding=\u00bb|||\u00bb global_colors_info=\u00bb{}\u00bb custom_padding__hover=\u00bb|||\u00bb][et_pb_text disabled_on=\u00bbon|on|on\u00bb admin_label=\u00bbRam\u00f3n\u00bb module_class=\u00bbequipo\u00bb _builder_version=\u00bb4.27.4&#8243; _module_preset=\u00bbdefault\u00bb text_font=\u00bbWork Sans||||||||\u00bb text_text_color=\u00bb#275570&#8243; text_font_size=\u00bb1em\u00bb background_enable_image=\u00bboff\u00bb background_position=\u00bbcenter_right\u00bb custom_padding=\u00bb||||false|false\u00bb link_option_url=\u00bbhttp:\/\/fernandezadvocats.es\/equip\/ramon-fernandez-cabra\/\u00bb border_width_bottom=\u00bb1px\u00bb border_color_bottom=\u00bb#275570&#8243; disabled=\u00bbon\u00bb global_colors_info=\u00bb{}\u00bb]<\/p>\n<p>Ram\u00f3n Fern\u00e1ndez Cabra<br \/>Advocat. Soci fundador<\/p>\n<p><img decoding=\"async\" class=\"wp-image-89542 alignnone size-medium\" src=\"http:\/\/fernandezadvocats.es\/wp-content\/uploads\/2024\/12\/Ramon-removebg-preview_1.png\" alt=\"\"  \/><\/p>\n<p>[\/et_pb_text][et_pb_text disabled_on=\u00bbon|on|on\u00bb admin_label=\u00bbRam\u00f3n\u00bb module_class=\u00bbequipo\u00bb _builder_version=\u00bb4.27.4&#8243; _module_preset=\u00bbdefault\u00bb text_font=\u00bbWork Sans||||||||\u00bb text_text_color=\u00bb#275570&#8243; text_font_size=\u00bb1em\u00bb background_enable_image=\u00bboff\u00bb background_position=\u00bbcenter_right\u00bb custom_padding=\u00bb||||false|false\u00bb link_option_url=\u00bbhttp:\/\/fernandezadvocats.es\/equip\/ramon-fernandez-cabra\/\u00bb border_width_bottom=\u00bb1px\u00bb border_color_bottom=\u00bb#275570&#8243; disabled=\u00bbon\u00bb global_colors_info=\u00bb{}\u00bb]<\/p>\n<p><span class=\"nombre\">Ram\u00f3n Fern\u00e1ndez Cabra<\/span><br \/><span class=\"profesion\">Advocat. Soci fundador<\/span><\/p>\n<p><img decoding=\"async\" class=\"wp-image-89542 alignnone size-medium\" src=\"http:\/\/fernandezadvocats.es\/wp-content\/uploads\/2024\/12\/Ramon-removebg-preview.png\" alt=\"\"  \/><\/p>\n<p>[\/et_pb_text][et_pb_code admin_label=\u00bbCode &#8211; Climent\u00bb module_class=\u00bbequipo\u00bb _builder_version=\u00bb4.27.4&#8243; _module_preset=\u00bbdefault\u00bb link_option_url=\u00bbhttps:\/\/fernandezadvocats.es\/es\/equipo\/climent-fernandez-forner\/\u00bb border_width_bottom=\u00bb1px\u00bb border_color_bottom=\u00bb#275570&#8243; global_colors_info=\u00bb{}\u00bb]<a href=\"https:\/\/fernandezadvocats.es\/es\/equipo\/climent-fernandez-forner\/\" aria-label=\"Climent Fern\u00e1ndez Forner\"><!-- [et_pb_line_break_holder] -->  <pee><span class=\"nombre\">Climent Fern\u00e1ndez Forner<\/span><!\u2013- [et_pb_br_holder] -\u2013><span class=\"profesion\">Abogado. Socio fundador<\/span><\/pee><!-- [et_pb_line_break_holder] -->  <pee><img decoding=\"async\" class=\"wp-image-89537 alignnone size-medium\" src=\"http:\/\/fernandezadvocats.es\/wp-content\/uploads\/2024\/12\/Climent-removebg-preview.png\" alt=\"Climent Fern\u00e1ndez Forner\" \/><\/pee><!-- [et_pb_line_break_holder] --><\/a>[\/et_pb_code][\/et_pb_column][et_pb_column type=\u00bb1_3&#8243; _builder_version=\u00bb4.16&#8243; custom_padding=\u00bb|||\u00bb global_colors_info=\u00bb{}\u00bb custom_padding__hover=\u00bb|||\u00bb][et_pb_text disabled_on=\u00bbon|on|on\u00bb admin_label=\u00bbCliment\u00bb module_class=\u00bbequipo\u00bb _builder_version=\u00bb4.27.4&#8243; _module_preset=\u00bbdefault\u00bb text_font=\u00bbWork Sans||||||||\u00bb text_text_color=\u00bb#275570&#8243; text_font_size=\u00bb1em\u00bb background_enable_image=\u00bboff\u00bb background_position=\u00bbcenter_right\u00bb custom_padding=\u00bb||||false|false\u00bb link_option_url=\u00bbhttp:\/\/fernandezadvocats.es\/equip\/climent-fernandez-forner\/\u00bb border_width_bottom=\u00bb1px\u00bb border_color_bottom=\u00bb#275570&#8243; disabled=\u00bbon\u00bb global_colors_info=\u00bb{}\u00bb]<\/p>\n<p>Climent Fern\u00e1ndez Forner<br \/>Advocat. Soci fundador<\/p>\n<p><img decoding=\"async\" class=\"wp-image-89537 alignnone size-medium\" src=\"http:\/\/fernandezadvocats.es\/wp-content\/uploads\/2024\/12\/W5A8173_1-removebg-preview_1.png\" alt=\"\" \/><\/p>\n<p>[\/et_pb_text][et_pb_text disabled_on=\u00bbon|on|on\u00bb admin_label=\u00bbCliment\u00bb module_class=\u00bbequipo\u00bb _builder_version=\u00bb4.27.4&#8243; _module_preset=\u00bbdefault\u00bb text_font=\u00bbWork Sans||||||||\u00bb text_text_color=\u00bb#275570&#8243; text_font_size=\u00bb1em\u00bb background_enable_image=\u00bboff\u00bb background_position=\u00bbcenter_right\u00bb custom_padding=\u00bb||||false|false\u00bb link_option_url=\u00bbhttp:\/\/fernandezadvocats.es\/equip\/climent-fernandez-forner\/\u00bb border_width_bottom=\u00bb1px\u00bb border_color_bottom=\u00bb#275570&#8243; disabled=\u00bbon\u00bb global_colors_info=\u00bb{}\u00bb]<\/p>\n<p><span class=\"nombre\">Climent Fern\u00e1ndez Forner<\/span><br \/><span class=\"profesion\">Advocat. Soci fundador<\/span><\/p>\n<p><img decoding=\"async\" class=\"wp-image-89537 alignnone size-medium\" src=\"http:\/\/fernandezadvocats.es\/wp-content\/uploads\/2024\/12\/Climent-removebg-preview.png\" alt=\"\" \/><\/p>\n<p>[\/et_pb_text][et_pb_code admin_label=\u00bbCode &#8211; Ram\u00f3n\u00bb module_class=\u00bbequipo\u00bb _builder_version=\u00bb4.27.4&#8243; _module_preset=\u00bbdefault\u00bb link_option_url=\u00bbhttps:\/\/fernandezadvocats.es\/es\/equipo\/ramon-fernandez-cabra\/\u00bb border_width_bottom=\u00bb1px\u00bb border_color_bottom=\u00bb#275570&#8243; global_colors_info=\u00bb{}\u00bb]<a href=\"https:\/\/fernandezadvocats.es\/es\/equipo\/ramon-fernandez-cabra\/\" aria-label=\"Ram\u00f3n Fern\u00e1ndez Cabra\"><!-- [et_pb_line_break_holder] -->\t<pee><span class=\"nombre\">Ram\u00f3n Fern\u00e1ndez Cabra<\/span><!\u2013- [et_pb_br_holder] -\u2013><span class=\"profesion\">Abogado. Socio fundador<\/span><\/pee><!-- [et_pb_line_break_holder] -->  <pee><img decoding=\"async\" class=\"wp-image-89542 alignnone size-medium\" src=\"http:\/\/fernandezadvocats.es\/wp-content\/uploads\/2024\/12\/Ramon-removebg-preview.png\" alt=\"Ram\u00f3n Fern\u00e1ndez Cabra\"  \/><\/pee><!-- [et_pb_line_break_holder] --><\/a>[\/et_pb_code][\/et_pb_column][et_pb_column type=\u00bb1_3&#8243; _builder_version=\u00bb4.16&#8243; custom_padding=\u00bb|||\u00bb global_colors_info=\u00bb{}\u00bb custom_padding__hover=\u00bb|||\u00bb][et_pb_text disabled_on=\u00bbon|on|on\u00bb admin_label=\u00bbJuan Carlos\u00bb module_class=\u00bbequipo\u00bb _builder_version=\u00bb4.27.4&#8243; _module_preset=\u00bbdefault\u00bb text_font=\u00bbWork Sans||||||||\u00bb text_text_color=\u00bb#275570&#8243; text_font_size=\u00bb1em\u00bb background_enable_image=\u00bboff\u00bb background_position=\u00bbcenter_right\u00bb custom_padding=\u00bb||||false|false\u00bb link_option_url=\u00bbhttp:\/\/fernandezadvocats.es\/equip\/juan-carlos-gimenez-salinas-framis\/\u00bb border_width_bottom=\u00bb1px\u00bb border_color_bottom=\u00bb#275570&#8243; disabled=\u00bbon\u00bb global_colors_info=\u00bb{}\u00bb]<\/p>\n<p>Juan Carlos Gim\u00e9nez-Salinas Framis<br \/>\nAdvocat<\/p>\n<p><img decoding=\"async\" class=\"wp-image-89549 alignnone size-medium\" src=\"http:\/\/fernandezadvocats.es\/wp-content\/uploads\/2024\/12\/W5A8584-removebg-preview_1.png\" alt=\"\" \/>[\/et_pb_text][et_pb_text disabled_on=\u00bbon|on|on\u00bb admin_label=\u00bbJuan Carlos\u00bb module_class=\u00bbequipo\u00bb _builder_version=\u00bb4.27.4&#8243; _module_preset=\u00bbdefault\u00bb text_font=\u00bbWork Sans||||||||\u00bb text_text_color=\u00bb#275570&#8243; text_font_size=\u00bb1em\u00bb background_enable_image=\u00bboff\u00bb background_position=\u00bbcenter_right\u00bb custom_padding=\u00bb||||false|false\u00bb link_option_url=\u00bbhttp:\/\/fernandezadvocats.es\/equip\/juan-carlos-gimenez-salinas-framis\/\u00bb border_width_bottom=\u00bb1px\u00bb border_color_bottom=\u00bb#275570&#8243; disabled=\u00bbon\u00bb global_colors_info=\u00bb{}\u00bb]<\/p>\n<p><span class=\"nombre\">Juan Carlos Gim\u00e9nez-Salinas Framis<\/span><br \/><span class=\"profesion\">Advocat<\/span><\/p>\n<p><img decoding=\"async\" class=\"wp-image-89549 alignnone size-medium\" src=\"http:\/\/fernandezadvocats.es\/wp-content\/uploads\/2024\/12\/Juan-Carlos-removebg-preview.png\" alt=\"\" \/><\/p>\n<p>[\/et_pb_text][et_pb_code admin_label=\u00bbCode &#8211; Juan Carlos\u00bb module_class=\u00bbequipo\u00bb _builder_version=\u00bb4.27.4&#8243; _module_preset=\u00bbdefault\u00bb link_option_url=\u00bbhttps:\/\/fernandezadvocats.es\/es\/equipo\/juan-carlos-gimenez-salinas-framis\/\u00bb border_width_bottom=\u00bb1px\u00bb border_color_bottom=\u00bb#275570&#8243; global_colors_info=\u00bb{}\u00bb]<a href=\"https:\/\/fernandezadvocats.es\/es\/equipo\/juan-carlos-gimenez-salinas-framis\/\" aria-label=\"Juan Carlos Gim\u00e9nez-Salinas Framis\"><!-- [et_pb_line_break_holder] -->  <pee><span class=\"nombre\">Juan Carlos Gim\u00e9nez-Salinas Framis<\/span><!\u2013- [et_pb_br_holder] -\u2013><span class=\"profesion\">Abogado<\/span><\/pee><!-- [et_pb_line_break_holder] -->  <pee><img decoding=\"async\" class=\"wp-image-89549 alignnone size-medium\" src=\"http:\/\/fernandezadvocats.es\/wp-content\/uploads\/2024\/12\/Juan-Carlos-removebg-preview.png\" alt=\"Juan Carlos Gim\u00e9nez-Salinas Framis\" \/><\/pee><!-- [et_pb_line_break_holder] --><\/a>[\/et_pb_code][\/et_pb_column][\/et_pb_row][et_pb_row column_structure=\u00bb1_3,1_3,1_3&#8243; make_equal=\u00bbon\u00bb module_class=\u00bbgrupo_equipo\u00bb _builder_version=\u00bb4.27.3&#8243; max_width=\u00bb100%\u00bb custom_padding=\u00bb||||false|false\u00bb locked=\u00bboff\u00bb global_colors_info=\u00bb{}\u00bb][et_pb_column type=\u00bb1_3&#8243; _builder_version=\u00bb4.16&#8243; custom_padding=\u00bb|||\u00bb global_colors_info=\u00bb{}\u00bb custom_padding__hover=\u00bb|||\u00bb][et_pb_text disabled_on=\u00bbon|on|on\u00bb admin_label=\u00bbLuis\u00bb module_class=\u00bbequipo\u00bb _builder_version=\u00bb4.27.4&#8243; _module_preset=\u00bbdefault\u00bb text_font=\u00bbWork Sans||||||||\u00bb text_text_color=\u00bb#275570&#8243; text_font_size=\u00bb1em\u00bb background_enable_image=\u00bboff\u00bb background_position=\u00bbcenter_right\u00bb custom_padding=\u00bb||||false|false\u00bb link_option_url=\u00bbhttp:\/\/fernandezadvocats.es\/equip\/luis-jimenez-asenjo-sotomayor\/\u00bb border_width_bottom=\u00bb1px\u00bb border_color_bottom=\u00bb#275570&#8243; disabled=\u00bbon\u00bb global_colors_info=\u00bb{}\u00bb]<\/p>\n<p>Luis Jim\u00e9nez-Asenjo Sotomayor<br \/>Advocat<\/p>\n<p><img decoding=\"async\" class=\"wp-image-91069 alignnone size-medium\" src=\"http:\/\/fernandezadvocats.es\/wp-content\/uploads\/2024\/12\/Luis_2_1png.png\" alt=\"\" \/><\/p>\n<p>[\/et_pb_text][et_pb_text disabled_on=\u00bbon|on|on\u00bb admin_label=\u00bbLuis\u00bb module_class=\u00bbequipo\u00bb _builder_version=\u00bb4.27.4&#8243; _module_preset=\u00bbdefault\u00bb text_font=\u00bbWork Sans||||||||\u00bb text_text_color=\u00bb#275570&#8243; text_font_size=\u00bb1em\u00bb background_enable_image=\u00bboff\u00bb background_position=\u00bbcenter_right\u00bb custom_padding=\u00bb||||false|false\u00bb link_option_url=\u00bbhttp:\/\/fernandezadvocats.es\/equip\/luis-jimenez-asenjo-sotomayor\/\u00bb border_width_bottom=\u00bb1px\u00bb border_color_bottom=\u00bb#275570&#8243; disabled=\u00bbon\u00bb global_colors_info=\u00bb{}\u00bb]<\/p>\n<p><span class=\"nombre\">Luis Jim\u00e9nez-Asenjo Sotomayor<\/span><br \/><span class=\"profesion\">Advocat<\/span><\/p>\n<p><img decoding=\"async\" class=\"wp-image-91069 alignnone size-medium\" src=\"http:\/\/fernandezadvocats.es\/wp-content\/uploads\/2024\/12\/Luis_2.png\" alt=\"\" \/><\/p>\n<p>[\/et_pb_text][et_pb_code admin_label=\u00bbCode &#8211; Luis\u00bb module_class=\u00bbequipo\u00bb _builder_version=\u00bb4.27.4&#8243; _module_preset=\u00bbdefault\u00bb link_option_url=\u00bbhttps:\/\/fernandezadvocats.es\/es\/equipo\/luis-jimenez-asenjo-sotomayor\/\u00bb border_width_bottom=\u00bb1px\u00bb border_color_bottom=\u00bb#275570&#8243; global_colors_info=\u00bb{}\u00bb]<a href=\"https:\/\/fernandezadvocats.es\/es\/equipo\/luis-jimenez-asenjo-sotomayor\/\" aria-label=\"Luis Jim\u00e9nez-Asenjo Sotomayor\"><!-- [et_pb_line_break_holder] -->  <pee><span class=\"nombre\">Luis Jim\u00e9nez-Asenjo Sotomayor<\/span><!\u2013- [et_pb_br_holder] -\u2013><span class=\"profesion\">Abogado<\/span><\/pee><!-- [et_pb_line_break_holder] -->  <pee><img decoding=\"async\" class=\"wp-image-91069 alignnone size-medium\" src=\"http:\/\/fernandezadvocats.es\/wp-content\/uploads\/2024\/12\/Luis_2.png\" alt=\"Luis Jim\u00e9nez-Asenjo Sotomayor\" \/><\/pee><!-- [et_pb_line_break_holder] --><\/a>[\/et_pb_code][\/et_pb_column][et_pb_column type=\u00bb1_3&#8243; _builder_version=\u00bb4.16&#8243; custom_padding=\u00bb|||\u00bb global_colors_info=\u00bb{}\u00bb custom_padding__hover=\u00bb|||\u00bb][et_pb_text disabled_on=\u00bbon|on|on\u00bb admin_label=\u00bbFerran\u00bb module_class=\u00bbequipo\u00bb _builder_version=\u00bb4.27.4&#8243; _module_preset=\u00bbdefault\u00bb text_font=\u00bbWork Sans||||||||\u00bb text_text_color=\u00bb#275570&#8243; text_font_size=\u00bb1em\u00bb background_enable_image=\u00bboff\u00bb background_position=\u00bbcenter_right\u00bb custom_padding=\u00bb||||false|false\u00bb link_option_url=\u00bbhttp:\/\/fernandezadvocats.es\/equip\/ferran-bertran-i-rodriguez\/\u00bb border_width_bottom=\u00bb1px\u00bb border_color_bottom=\u00bb#275570&#8243; disabled=\u00bbon\u00bb global_colors_info=\u00bb{}\u00bb]<\/p>\n<p>Ferran Bertran i Rodr\u00edguez<br \/>Advocat<\/p>\n<p><img decoding=\"async\" class=\"wp-image-89537 alignnone size-medium\" src=\"http:\/\/fernandezadvocats.es\/wp-content\/uploads\/2024\/12\/W5A8282-removebg-preview.png\" alt=\"\" \/><\/p>\n<p>[\/et_pb_text][et_pb_text disabled_on=\u00bbon|on|on\u00bb admin_label=\u00bbFerran\u00bb module_class=\u00bbequipo\u00bb _builder_version=\u00bb4.27.4&#8243; _module_preset=\u00bbdefault\u00bb text_font=\u00bbWork Sans||||||||\u00bb text_text_color=\u00bb#275570&#8243; text_font_size=\u00bb1em\u00bb background_enable_image=\u00bboff\u00bb background_position=\u00bbcenter_right\u00bb custom_padding=\u00bb||||false|false\u00bb link_option_url=\u00bbhttp:\/\/fernandezadvocats.es\/equip\/ferran-bertran-i-rodriguez\/\u00bb border_width_bottom=\u00bb1px\u00bb border_color_bottom=\u00bb#275570&#8243; disabled=\u00bbon\u00bb global_colors_info=\u00bb{}\u00bb]<\/p>\n<p><span class=\"nombre\">Ferran Bertran i Rodr\u00edguez<\/span><br \/><span class=\"profesion\">Advocat<\/span><\/p>\n<p><img decoding=\"async\" class=\"wp-image-89537 alignnone size-medium\" src=\"http:\/\/fernandezadvocats.es\/wp-content\/uploads\/2024\/12\/W5A8282-removebg-preview.png\" alt=\"\" \/><\/p>\n<p>[\/et_pb_text][et_pb_code admin_label=\u00bbCode &#8211; Ferran\u00bb module_class=\u00bbequipo\u00bb _builder_version=\u00bb4.27.4&#8243; _module_preset=\u00bbdefault\u00bb link_option_url=\u00bbhttps:\/\/fernandezadvocats.es\/es\/equipo\/ferran-bertran-i-rodriguez\/\u00bb border_width_bottom=\u00bb1px\u00bb border_color_bottom=\u00bb#275570&#8243; global_colors_info=\u00bb{}\u00bb]<a href=\"https:\/\/fernandezadvocats.es\/es\/equipo\/ferran-bertran-i-rodriguez\/\" aria-label=\"Ferran Bertran i Rodr\u00edguez\"><!-- [et_pb_line_break_holder] -->  <pee><span class=\"nombre\">Ferran Bertran i Rodr\u00edguez<\/span><!\u2013- [et_pb_br_holder] -\u2013><span class=\"profesion\">Abogado<\/span><\/pee><!-- [et_pb_line_break_holder] -->  <pee><img decoding=\"async\" class=\"wp-image-89537 alignnone size-medium\" src=\"http:\/\/fernandezadvocats.es\/wp-content\/uploads\/2024\/12\/W5A8282-removebg-preview.png\" alt=\"Ferran Bertran i Rodr\u00edguez\" \/><\/pee><!-- [et_pb_line_break_holder] --><\/a>[\/et_pb_code][\/et_pb_column][et_pb_column type=\u00bb1_3&#8243; _builder_version=\u00bb4.16&#8243; custom_padding=\u00bb|||\u00bb global_colors_info=\u00bb{}\u00bb custom_padding__hover=\u00bb|||\u00bb][et_pb_text disabled_on=\u00bbon|on|on\u00bb admin_label=\u00bbGerard\u00bb module_class=\u00bbequipo\u00bb _builder_version=\u00bb4.27.4&#8243; _module_preset=\u00bbdefault\u00bb text_font=\u00bbWork Sans||||||||\u00bb text_text_color=\u00bb#275570&#8243; text_font_size=\u00bb1em\u00bb background_enable_image=\u00bboff\u00bb background_position=\u00bbcenter_right\u00bb custom_padding=\u00bb||||false|false\u00bb link_option_url=\u00bbhttp:\/\/fernandezadvocats.es\/equip\/gerard-rincon-andreu\/\u00bb border_width_bottom=\u00bb1px\u00bb border_color_bottom=\u00bb#275570&#8243; disabled=\u00bbon\u00bb global_colors_info=\u00bb{}\u00bb]<\/p>\n<p>Gerard Rinc\u00f3n Andreu<\/br>Advocat<\/p>\n<p><img decoding=\"async\" class=\"wp-image-89549 alignnone size-medium\" src=\"http:\/\/fernandezadvocats.es\/wp-content\/uploads\/2024\/12\/W5A8247-removebg-preview_1.png\" alt=\"\" \/>[\/et_pb_text][et_pb_text disabled_on=\u00bbon|on|on\u00bb admin_label=\u00bbGerard\u00bb module_class=\u00bbequipo\u00bb _builder_version=\u00bb4.27.4&#8243; _module_preset=\u00bbdefault\u00bb text_font=\u00bbWork Sans||||||||\u00bb text_text_color=\u00bb#275570&#8243; text_font_size=\u00bb1em\u00bb background_enable_image=\u00bboff\u00bb background_position=\u00bbcenter_right\u00bb custom_padding=\u00bb||||false|false\u00bb link_option_url=\u00bbhttp:\/\/fernandezadvocats.es\/equip\/gerard-rincon-andreu\/\u00bb border_width_bottom=\u00bb1px\u00bb border_color_bottom=\u00bb#275570&#8243; disabled=\u00bbon\u00bb global_colors_info=\u00bb{}\u00bb]<\/p>\n<p><span class=\"nombre\">Gerard Rinc\u00f3n Andreu<\/span><br \/><span class=\"profesion\">Advocat<\/span><\/p>\n<p><img decoding=\"async\" class=\"wp-image-89549 alignnone size-medium\" src=\"http:\/\/fernandezadvocats.es\/wp-content\/uploads\/2024\/12\/W5A8247-removebg-preview.png\" alt=\"\" \/><\/p>\n<p>[\/et_pb_text][et_pb_code admin_label=\u00bbCode &#8211; Gerard\u00bb module_class=\u00bbequipo\u00bb _builder_version=\u00bb4.27.4&#8243; _module_preset=\u00bbdefault\u00bb link_option_url=\u00bbhttps:\/\/fernandezadvocats.es\/es\/equipo\/gerard-rincon-andreu\/\u00bb border_width_bottom=\u00bb1px\u00bb border_color_bottom=\u00bb#275570&#8243; global_colors_info=\u00bb{}\u00bb]<a href=\"https:\/\/fernandezadvocats.es\/es\/equipo\/gerard-rincon-andreu\/\" aria-label=\"Gerard Rinc\u00f3n Andreu\"><!-- [et_pb_line_break_holder] -->  <pee><span class=\"nombre\">Gerard Rinc\u00f3n Andreu<\/span><!\u2013- [et_pb_br_holder] -\u2013><span class=\"profesion\">Abogado<\/span><\/pee><!-- [et_pb_line_break_holder] -->  <pee><img decoding=\"async\" class=\"wp-image-89549 alignnone size-medium\" src=\"http:\/\/fernandezadvocats.es\/wp-content\/uploads\/2024\/12\/W5A8247-removebg-preview.png\" alt=\"Gerard Rinc\u00f3n Andreu\" \/><\/pee><!-- [et_pb_line_break_holder] --><\/a>[\/et_pb_code][\/et_pb_column][\/et_pb_row][et_pb_row column_structure=\u00bb1_3,1_3,1_3&#8243; make_equal=\u00bbon\u00bb module_class=\u00bbgrupo_equipo\u00bb _builder_version=\u00bb4.27.3&#8243; max_width=\u00bb100%\u00bb custom_padding=\u00bb||||false|false\u00bb locked=\u00bboff\u00bb global_colors_info=\u00bb{}\u00bb][et_pb_column type=\u00bb1_3&#8243; _builder_version=\u00bb4.16&#8243; custom_padding=\u00bb|||\u00bb global_colors_info=\u00bb{}\u00bb custom_padding__hover=\u00bb|||\u00bb][et_pb_text disabled_on=\u00bbon|on|on\u00bb admin_label=\u00bbMarta\u00bb module_class=\u00bbequipo\u00bb _builder_version=\u00bb4.27.4&#8243; _module_preset=\u00bbdefault\u00bb text_font=\u00bbWork Sans||||||||\u00bb text_text_color=\u00bb#275570&#8243; text_font_size=\u00bb1em\u00bb background_enable_image=\u00bboff\u00bb background_position=\u00bbcenter_right\u00bb custom_padding=\u00bb||||false|false\u00bb link_option_url=\u00bbhttp:\/\/fernandezadvocats.es\/equip\/marta-nasarre-rosell\/\u00bb border_width_bottom=\u00bb1px\u00bb border_color_bottom=\u00bb#275570&#8243; disabled=\u00bbon\u00bb global_colors_info=\u00bb{}\u00bb]<\/p>\n<p>Marta Nasarre Rosell<br \/>Advocada, Crimin\u00f2loga i Mediadora<\/p>\n<p><img decoding=\"async\" class=\"wp-image-91069 alignnone size-medium\" src=\"http:\/\/fernandezadvocats.es\/wp-content\/uploads\/2024\/12\/W5A8260-removebg-preview_1.png\" alt=\"\" \/><\/p>\n<p>[\/et_pb_text][et_pb_text disabled_on=\u00bbon|on|on\u00bb admin_label=\u00bbMarta\u00bb module_class=\u00bbequipo\u00bb _builder_version=\u00bb4.27.4&#8243; _module_preset=\u00bbdefault\u00bb text_font=\u00bbWork Sans||||||||\u00bb text_text_color=\u00bb#275570&#8243; text_font_size=\u00bb1em\u00bb background_enable_image=\u00bboff\u00bb background_position=\u00bbcenter_right\u00bb custom_padding=\u00bb||||false|false\u00bb link_option_url=\u00bbhttp:\/\/fernandezadvocats.es\/equip\/marta-nasarre-rosell\/\u00bb border_width_bottom=\u00bb1px\u00bb border_color_bottom=\u00bb#275570&#8243; disabled=\u00bbon\u00bb global_colors_info=\u00bb{}\u00bb]<\/p>\n<p><span class=\"nombre\">Marta Nasarre Rosell<\/span><br \/><span class=\"profesion\">Advocada, Crimin\u00f2loga i Mediadora<\/span><\/p>\n<p><img decoding=\"async\" class=\"wp-image-91069 alignnone size-medium\" src=\"http:\/\/fernandezadvocats.es\/wp-content\/uploads\/2024\/12\/W5A8260-removebg-preview.png\" alt=\"\" \/><\/p>\n<p>[\/et_pb_text][et_pb_code admin_label=\u00bbCode &#8211; Marta\u00bb module_class=\u00bbequipo\u00bb _builder_version=\u00bb4.27.4&#8243; _module_preset=\u00bbdefault\u00bb link_option_url=\u00bbhttps:\/\/fernandezadvocats.es\/es\/equipo\/marta-nasarre-rosell\/\u00bb border_width_bottom=\u00bb1px\u00bb border_color_bottom=\u00bb#275570&#8243; global_colors_info=\u00bb{}\u00bb]<a href=\"https:\/\/fernandezadvocats.es\/es\/equipo\/marta-nasarre-rosell\/\" aria-label=\"Marta Nasarre Rosell\"><!-- [et_pb_line_break_holder] -->  <pee><span class=\"nombre\">Marta Nasarre Rosell<\/span><!\u2013- [et_pb_br_holder] -\u2013><span class=\"profesion\">Abogada, Crimin\u00f3loga y Mediadora<\/span><\/pee><!-- [et_pb_line_break_holder] -->  <pee><img decoding=\"async\" class=\"wp-image-91069 alignnone size-medium\" src=\"http:\/\/fernandezadvocats.es\/wp-content\/uploads\/2024\/12\/W5A8260-removebg-preview.png\" alt=\"Marta Nasarre Rosell\" \/><\/pee><!-- [et_pb_line_break_holder] --><\/a>[\/et_pb_code][\/et_pb_column][et_pb_column type=\u00bb1_3&#8243; _builder_version=\u00bb4.16&#8243; custom_padding=\u00bb|||\u00bb global_colors_info=\u00bb{}\u00bb custom_padding__hover=\u00bb|||\u00bb][et_pb_text disabled_on=\u00bbon|on|on\u00bb admin_label=\u00bbJaume\u00bb module_class=\u00bbequipo\u00bb _builder_version=\u00bb4.27.4&#8243; _module_preset=\u00bbdefault\u00bb text_font=\u00bbWork Sans||||||||\u00bb text_text_color=\u00bb#275570&#8243; text_font_size=\u00bb1em\u00bb background_enable_image=\u00bboff\u00bb background_position=\u00bbcenter_right\u00bb custom_padding=\u00bb||||false|false\u00bb link_option_url=\u00bbhttp:\/\/fernandezadvocats.es\/equip\/jaume-palle-porta\/\u00bb border_width_bottom=\u00bb1px\u00bb border_color_bottom=\u00bb#275570&#8243; disabled=\u00bbon\u00bb global_colors_info=\u00bb{}\u00bb]<\/p>\n<p>Jaume Pall\u00e9 Porta<\/br>Advocat, Dret P\u00fablic, Urban\u00edstic i Immobiliari<\/p>\n<p><img decoding=\"async\" class=\"wp-image-89549 alignnone size-medium\" src=\"http:\/\/fernandezadvocats.es\/wp-content\/uploads\/2024\/12\/W5A8373-removebg-preview_1.png\" alt=\"\" \/>[\/et_pb_text][et_pb_text disabled_on=\u00bbon|on|on\u00bb admin_label=\u00bbJaume\u00bb module_class=\u00bbequipo\u00bb _builder_version=\u00bb4.27.4&#8243; _module_preset=\u00bbdefault\u00bb text_font=\u00bbWork Sans||||||||\u00bb text_text_color=\u00bb#275570&#8243; text_font_size=\u00bb1em\u00bb background_enable_image=\u00bboff\u00bb background_position=\u00bbcenter_right\u00bb custom_padding=\u00bb||||false|false\u00bb link_option_url=\u00bbhttp:\/\/fernandezadvocats.es\/equip\/jaume-palle-porta\/\u00bb border_width_bottom=\u00bb1px\u00bb border_color_bottom=\u00bb#275570&#8243; disabled=\u00bbon\u00bb global_colors_info=\u00bb{}\u00bb]<\/p>\n<p><span class=\"nombre\">Jaume Pall\u00e9 Porta<\/span><br \/><span class=\"profesion\">Advocat, Dret P\u00fablic, Urban\u00edstic i Immobiliari<\/span><\/p>\n<p><img decoding=\"async\" class=\"wp-image-89549 alignnone size-medium\" src=\"http:\/\/fernandezadvocats.es\/wp-content\/uploads\/2024\/12\/W5A8373-removebg-preview.png\" alt=\"\" \/><\/p>\n<p>[\/et_pb_text][et_pb_code admin_label=\u00bbCode &#8211; Jaume\u00bb module_class=\u00bbequipo\u00bb _builder_version=\u00bb4.27.4&#8243; _module_preset=\u00bbdefault\u00bb link_option_url=\u00bbhttps:\/\/fernandezadvocats.es\/es\/equipo\/jaume-palle-porta\/\u00bb border_width_bottom=\u00bb1px\u00bb border_color_bottom=\u00bb#275570&#8243; global_colors_info=\u00bb{}\u00bb]<a href=\"https:\/\/fernandezadvocats.es\/es\/equipo\/jaume-palle-porta\/\" aria-label=\"Jaume Pall\u00e9 Porta\"><!-- [et_pb_line_break_holder] -->  <pee><span class=\"nombre\">Jaume Pall\u00e9 Porta<\/span><!\u2013- [et_pb_br_holder] -\u2013><span class=\"profesion\">Abogado, Derecho P\u00fablico, Urban\u00edstico e Inmobiliario.<\/span><\/pee><!-- [et_pb_line_break_holder] -->  <pee><img decoding=\"async\" class=\"wp-image-89549 alignnone size-medium\" src=\"http:\/\/fernandezadvocats.es\/wp-content\/uploads\/2024\/12\/W5A8373-removebg-preview.png\" alt=\"Jaume Pall\u00e9 Porta\" \/><\/pee><!-- [et_pb_line_break_holder] --><\/a>[\/et_pb_code][\/et_pb_column][et_pb_column type=\u00bb1_3&#8243; _builder_version=\u00bb4.16&#8243; custom_padding=\u00bb|||\u00bb global_colors_info=\u00bb{}\u00bb custom_padding__hover=\u00bb|||\u00bb][et_pb_text disabled_on=\u00bbon|on|on\u00bb admin_label=\u00bbNatividad\u00bb module_class=\u00bbequipo\u00bb _builder_version=\u00bb4.27.4&#8243; _module_preset=\u00bbdefault\u00bb text_font=\u00bbWork Sans||||||||\u00bb text_text_color=\u00bb#275570&#8243; text_font_size=\u00bb1em\u00bb background_enable_image=\u00bboff\u00bb background_position=\u00bbcenter_right\u00bb custom_padding=\u00bb||||false|false\u00bb link_option_url=\u00bbhttp:\/\/fernandezadvocats.es\/equip\/nativitat-macarro-luceno\/\u00bb border_width_bottom=\u00bb1px\u00bb border_color_bottom=\u00bb#275570&#8243; disabled=\u00bbon\u00bb global_colors_info=\u00bb{}\u00bb]<\/p>\n<p>Nativitat Macarro Luce\u00f1o<\/p>\n<p><img decoding=\"async\" class=\"wp-image-89537 alignnone size-medium\" src=\"http:\/\/fernandezadvocats.es\/wp-content\/uploads\/2024\/12\/W5A9273-removebg-preview_1.png\" alt=\"\" \/><\/p>\n<p>[\/et_pb_text][et_pb_text disabled_on=\u00bbon|on|on\u00bb admin_label=\u00bbNatividad\u00bb module_class=\u00bbequipo\u00bb _builder_version=\u00bb4.27.4&#8243; _module_preset=\u00bbdefault\u00bb text_font=\u00bbWork Sans||||||||\u00bb text_text_color=\u00bb#275570&#8243; text_font_size=\u00bb1em\u00bb background_enable_image=\u00bboff\u00bb background_position=\u00bbcenter_right\u00bb custom_padding=\u00bb||||false|false\u00bb link_option_url=\u00bbhttp:\/\/fernandezadvocats.es\/equip\/nativitat-macarro-luceno\/\u00bb border_width_bottom=\u00bb1px\u00bb border_color_bottom=\u00bb#275570&#8243; disabled=\u00bbon\u00bb global_colors_info=\u00bb{}\u00bb]<\/p>\n<p><span class=\"nombre\">Nativitat Macarro Luce\u00f1o<\/span><\/p>\n<p><img decoding=\"async\" class=\"wp-image-89537 alignnone size-medium\" src=\"http:\/\/fernandezadvocats.es\/wp-content\/uploads\/2024\/12\/nati.png\" alt=\"\" \/><\/p>\n<p>[\/et_pb_text][et_pb_code admin_label=\u00bbCode &#8211; Nati\u00bb module_class=\u00bbequipo\u00bb _builder_version=\u00bb4.27.4&#8243; _module_preset=\u00bbdefault\u00bb link_option_url=\u00bbhttps:\/\/fernandezadvocats.es\/es\/equipo\/nativitat-macarro-luceno\/\u00bb border_width_bottom=\u00bb1px\u00bb border_color_bottom=\u00bb#275570&#8243; global_colors_info=\u00bb{}\u00bb]<a href=\"https:\/\/fernandezadvocats.es\/es\/equipo\/nativitat-macarro-luceno\/\" aria-label=\"Nativitat Macarro Luce\u00f1o\"><!-- [et_pb_line_break_holder] -->  <pee><span class=\"nombre\">Nativitat Macarro Luce\u00f1o<\/span><!\u2013- [et_pb_br_holder] -\u2013><span class=\"profesion\">Administraci\u00f3n<\/span><\/pee><!-- [et_pb_line_break_holder] -->  <pee><img decoding=\"async\" class=\"wp-image-89537 alignnone size-medium\" src=\"http:\/\/fernandezadvocats.es\/wp-content\/uploads\/2024\/12\/nati.png\" alt=\"Nativitat Macarro Luce\u00f1o\" \/><\/pee><!-- [et_pb_line_break_holder] --><\/a>[\/et_pb_code][\/et_pb_column][\/et_pb_row][et_pb_row column_structure=\u00bb1_3,1_3,1_3&#8243; make_equal=\u00bbon\u00bb module_class=\u00bbgrupo_equipo\u00bb _builder_version=\u00bb4.27.3&#8243; max_width=\u00bb100%\u00bb custom_padding=\u00bb||||false|false\u00bb locked=\u00bboff\u00bb global_colors_info=\u00bb{}\u00bb][et_pb_column type=\u00bb1_3&#8243; _builder_version=\u00bb4.16&#8243; custom_padding=\u00bb|||\u00bb global_colors_info=\u00bb{}\u00bb custom_padding__hover=\u00bb|||\u00bb][et_pb_text disabled_on=\u00bbon|on|on\u00bb admin_label=\u00bbMar\u00eda\u00bb module_class=\u00bbequipo\u00bb _builder_version=\u00bb4.27.4&#8243; _module_preset=\u00bbdefault\u00bb text_font=\u00bbWork Sans||||||||\u00bb text_text_color=\u00bb#275570&#8243; text_font_size=\u00bb1em\u00bb background_enable_image=\u00bboff\u00bb background_position=\u00bbcenter_right\u00bb custom_padding=\u00bb||||false|false\u00bb link_option_url=\u00bbhttp:\/\/fernandezadvocats.es\/equip\/maria-yolanda-galindo-sarabia\/\u00bb border_width_bottom=\u00bb1px\u00bb border_color_bottom=\u00bb#275570&#8243; disabled=\u00bbon\u00bb global_colors_info=\u00bb{}\u00bb]<\/p>\n<p>Maria Yolanda Galindo Sarabia<br \/>T\u00e8cnica auxiliar Administrativa<\/p>\n<p><img decoding=\"async\" class=\"wp-image-91069 alignnone size-medium\" src=\"http:\/\/fernandezadvocats.es\/wp-content\/uploads\/2024\/12\/W5A8132-removebg-preview_1.png\" alt=\"\" \/><\/p>\n<p>[\/et_pb_text][et_pb_text disabled_on=\u00bbon|on|on\u00bb admin_label=\u00bbMar\u00eda\u00bb module_class=\u00bbequipo\u00bb _builder_version=\u00bb4.27.4&#8243; _module_preset=\u00bbdefault\u00bb text_font=\u00bbWork Sans||||||||\u00bb text_text_color=\u00bb#275570&#8243; text_font_size=\u00bb1em\u00bb background_enable_image=\u00bboff\u00bb background_position=\u00bbcenter_right\u00bb custom_padding=\u00bb||||false|false\u00bb link_option_url=\u00bbhttp:\/\/fernandezadvocats.es\/equip\/maria-yolanda-galindo-sarabia\/\u00bb border_width_bottom=\u00bb1px\u00bb border_color_bottom=\u00bb#275570&#8243; disabled=\u00bbon\u00bb global_colors_info=\u00bb{}\u00bb]<\/p>\n<p><span class=\"nombre\">Maria Yolanda Galindo Sarabia<\/span><br \/><span class=\"profesion\">T\u00e8cnica auxiliar Administrativa<\/span><\/p>\n<p><img decoding=\"async\" class=\"wp-image-91069 alignnone size-medium\" src=\"http:\/\/fernandezadvocats.es\/wp-content\/uploads\/2024\/12\/W5A8132-removebg-preview.png\" alt=\"\" \/><\/p>\n<p>[\/et_pb_text][et_pb_code admin_label=\u00bbCode &#8211; Mar\u00eda\u00bb module_class=\u00bbequipo\u00bb _builder_version=\u00bb4.27.4&#8243; _module_preset=\u00bbdefault\u00bb link_option_url=\u00bbhttps:\/\/fernandezadvocats.es\/es\/equipo\/maria-yolanda-galindo-sarabia\/\u00bb border_width_bottom=\u00bb1px\u00bb border_color_bottom=\u00bb#275570&#8243; global_colors_info=\u00bb{}\u00bb]<a href=\"https:\/\/fernandezadvocats.es\/es\/equipo\/maria-yolanda-galindo-sarabia\/\" aria-label=\"Maria Yolanda Galindo Sarabia\"><!-- [et_pb_line_break_holder] -->  <pee><span class=\"nombre\">Maria Yolanda Galindo Sarabia<\/span><!\u2013- [et_pb_br_holder] -\u2013><span class=\"profesion\">T\u00e9cnica auxiliar Administrativa<\/span><\/pee><!-- [et_pb_line_break_holder] -->  <pee><img decoding=\"async\" class=\"wp-image-91069 alignnone size-medium\" src=\"http:\/\/fernandezadvocats.es\/wp-content\/uploads\/2024\/12\/W5A8132-removebg-preview.png\" alt=\"Maria Yolanda Galindo Sarabia\" \/><\/pee><!-- [et_pb_line_break_holder] --><\/a>[\/et_pb_code][\/et_pb_column][et_pb_column type=\u00bb1_3&#8243; _builder_version=\u00bb4.16&#8243; custom_padding=\u00bb|||\u00bb global_colors_info=\u00bb{}\u00bb custom_padding__hover=\u00bb|||\u00bb][et_pb_text disabled_on=\u00bbon|on|on\u00bb admin_label=\u00bbQueralt\u00bb module_class=\u00bbequipo\u00bb _builder_version=\u00bb4.27.4&#8243; _module_preset=\u00bbdefault\u00bb text_font=\u00bbWork Sans||||||||\u00bb text_text_color=\u00bb#275570&#8243; text_font_size=\u00bb1em\u00bb background_enable_image=\u00bboff\u00bb background_position=\u00bbcenter_right\u00bb custom_padding=\u00bb||||false|false\u00bb link_option_url=\u00bbhttp:\/\/fernandezadvocats.es\/equip\/queralt-pons-ballara\/\u00bb border_width_bottom=\u00bb1px\u00bb border_color_bottom=\u00bb#275570&#8243; disabled=\u00bbon\u00bb global_colors_info=\u00bb{}\u00bb]<\/p>\n<p>Queralt Pons Ballar\u00e0<\/br>Administraci\u00f3<\/p>\n<p><img decoding=\"async\" class=\"wp-image-89549 alignnone size-medium\" src=\"http:\/\/fernandezadvocats.es\/wp-content\/uploads\/2024\/12\/W5A8164-removebg-preview_1.png\" alt=\"\" \/>[\/et_pb_text][et_pb_text disabled_on=\u00bbon|on|on\u00bb admin_label=\u00bbQueralt\u00bb module_class=\u00bbequipo\u00bb _builder_version=\u00bb4.27.4&#8243; _module_preset=\u00bbdefault\u00bb text_font=\u00bbWork Sans||||||||\u00bb text_text_color=\u00bb#275570&#8243; text_font_size=\u00bb1em\u00bb background_enable_image=\u00bboff\u00bb background_position=\u00bbcenter_right\u00bb custom_padding=\u00bb||||false|false\u00bb link_option_url=\u00bbhttp:\/\/fernandezadvocats.es\/equip\/queralt-pons-ballara\/\u00bb border_width_bottom=\u00bb1px\u00bb border_color_bottom=\u00bb#275570&#8243; disabled=\u00bbon\u00bb global_colors_info=\u00bb{}\u00bb]<\/p>\n<p><span class=\"nombre\">Queralt Pons Ballar\u00e0<\/span><br \/><span class=\"profesion\">Administraci\u00f3<\/span><\/p>\n<p><img decoding=\"async\" class=\"wp-image-89549 alignnone size-medium\" src=\"http:\/\/fernandezadvocats.es\/wp-content\/uploads\/2024\/12\/W5A8164-removebg-preview.png\" alt=\"\" \/><\/p>\n<p>[\/et_pb_text][et_pb_code admin_label=\u00bbCode &#8211; Queralt\u00bb module_class=\u00bbequipo\u00bb _builder_version=\u00bb4.27.4&#8243; _module_preset=\u00bbdefault\u00bb link_option_url=\u00bbhttps:\/\/fernandezadvocats.es\/es\/equipo\/queralt-pons-ballara\/\u00bb border_width_bottom=\u00bb1px\u00bb border_color_bottom=\u00bb#275570&#8243; global_colors_info=\u00bb{}\u00bb]<a href=\"https:\/\/fernandezadvocats.es\/es\/equipo\/queralt-pons-ballara\/\" aria-label=\"Queralt Pons Ballar\u00e0\"><!-- [et_pb_line_break_holder] -->  <pee><span class=\"nombre\">Queralt Pons Ballar\u00e0<\/span><!\u2013- [et_pb_br_holder] -\u2013><span class=\"profesion\">Administraci\u00f3n<\/span><\/pee><!-- [et_pb_line_break_holder] -->  <pee><img decoding=\"async\" class=\"wp-image-89549 alignnone size-medium\" src=\"http:\/\/fernandezadvocats.es\/wp-content\/uploads\/2024\/12\/W5A8164-removebg-preview.png\" alt=\"Queralt Pons Ballar\u00e0\" \/><\/pee><!-- [et_pb_line_break_holder] --><\/a>[\/et_pb_code][\/et_pb_column][et_pb_column type=\u00bb1_3&#8243; _builder_version=\u00bb4.16&#8243; custom_padding=\u00bb|||\u00bb global_colors_info=\u00bb{}\u00bb custom_padding__hover=\u00bb|||\u00bb][et_pb_text disabled_on=\u00bbon|on|on\u00bb admin_label=\u00bbToni\u00bb module_class=\u00bbequipo\u00bb _builder_version=\u00bb4.27.4&#8243; _module_preset=\u00bbdefault\u00bb text_font=\u00bbWork Sans||||||||\u00bb text_text_color=\u00bb#275570&#8243; text_font_size=\u00bb1em\u00bb background_enable_image=\u00bboff\u00bb background_position=\u00bbcenter_right\u00bb custom_padding=\u00bb||||false|false\u00bb link_option_url=\u00bbhttp:\/\/fernandezadvocats.es\/equip\/toni-campos-amaral\/\u00bb border_width_bottom=\u00bb1px\u00bb border_color_bottom=\u00bb#275570&#8243; disabled=\u00bbon\u00bb global_colors_info=\u00bb{}\u00bb]<\/p>\n<p>Toni Campos Amaral<\/br>Advocat<\/p>\n<p><img decoding=\"async\" class=\"wp-image-89537 alignnone size-medium\" src=\"http:\/\/fernandezadvocats.es\/wp-content\/uploads\/2024\/12\/W5A8489-removebg-preview_1.png\" alt=\"\" \/><\/p>\n<p>[\/et_pb_text][et_pb_text disabled_on=\u00bbon|on|on\u00bb admin_label=\u00bbToni\u00bb module_class=\u00bbequipo\u00bb _builder_version=\u00bb4.27.4&#8243; _module_preset=\u00bbdefault\u00bb text_font=\u00bbWork Sans||||||||\u00bb text_text_color=\u00bb#275570&#8243; text_font_size=\u00bb1em\u00bb background_enable_image=\u00bboff\u00bb background_position=\u00bbcenter_right\u00bb custom_padding=\u00bb||||false|false\u00bb link_option_url=\u00bbhttp:\/\/fernandezadvocats.es\/equip\/toni-campos-amaral\/\u00bb border_width_bottom=\u00bb1px\u00bb border_color_bottom=\u00bb#275570&#8243; disabled=\u00bbon\u00bb global_colors_info=\u00bb{}\u00bb]<\/p>\n<p><span class=\"nombre\">Toni Campos Amaral<\/span><br \/><span class=\"profesion\">Advocat<\/span><\/p>\n<p><img decoding=\"async\" class=\"wp-image-89537 alignnone size-medium\" src=\"http:\/\/fernandezadvocats.es\/wp-content\/uploads\/2024\/12\/W5A8489-removebg-preview.png\" alt=\"\" \/><\/p>\n<p>[\/et_pb_text][et_pb_code admin_label=\u00bbCode &#8211; Toni\u00bb module_class=\u00bbequipo\u00bb _builder_version=\u00bb4.27.4&#8243; _module_preset=\u00bbdefault\u00bb link_option_url=\u00bbhttps:\/\/fernandezadvocats.es\/es\/equipo\/maria-casellas-soler\/\u00bb border_width_bottom=\u00bb1px\u00bb border_color_bottom=\u00bb#275570&#8243; global_colors_info=\u00bb{}\u00bb]<a href=\"https:\/\/fernandezadvocats.es\/es\/equipo\/maria-casellas-soler\/\" aria-label=\"Maria Casellas Soler\"><!-- [et_pb_line_break_holder] -->  <pee><span class=\"nombre\">Maria Casellas Soler<\/span><!\u2013- [et_pb_br_holder] -\u2013><span class=\"profesion\">Abogada, Derecho Laboral y de la SS<\/span><\/pee><!-- [et_pb_line_break_holder] -->  <pee><img decoding=\"async\" class=\"wp-image-89537 alignnone size-medium\" src=\"https:\/\/fernandezadvocats.es\/wp-content\/uploads\/2025\/05\/E28A9566-removebg-preview-2.png\" alt=\"Maria Casellas Soler\" \/><\/pee><!-- [et_pb_line_break_holder] --><\/a>[\/et_pb_code][\/et_pb_column][\/et_pb_row][et_pb_row column_structure=\u00bb1_3,1_3,1_3&#8243; make_equal=\u00bbon\u00bb module_class=\u00bbgrupo_equipo\u00bb _builder_version=\u00bb4.27.3&#8243; max_width=\u00bb100%\u00bb custom_padding=\u00bb||||false|false\u00bb locked=\u00bboff\u00bb global_colors_info=\u00bb{}\u00bb][et_pb_column type=\u00bb1_3&#8243; _builder_version=\u00bb4.16&#8243; custom_padding=\u00bb|||\u00bb global_colors_info=\u00bb{}\u00bb custom_padding__hover=\u00bb|||\u00bb][et_pb_text disabled_on=\u00bbon|on|on\u00bb admin_label=\u00bbElisabet\u00bb module_class=\u00bbequipo\u00bb _builder_version=\u00bb4.27.4&#8243; _module_preset=\u00bbdefault\u00bb text_font=\u00bbWork Sans||||||||\u00bb text_text_color=\u00bb#275570&#8243; text_font_size=\u00bb1em\u00bb background_enable_image=\u00bboff\u00bb background_position=\u00bbcenter_right\u00bb custom_padding=\u00bb||||false|false\u00bb link_option_url=\u00bbhttp:\/\/fernandezadvocats.es\/equip\/elisabet-vilalta-venturos\/\u00bb border_width_bottom=\u00bb1px\u00bb border_color_bottom=\u00bb#275570&#8243; disabled=\u00bbon\u00bb global_colors_info=\u00bb{}\u00bb]<\/p>\n<p>Elisabet Vilalta Ventur\u00f3s<br \/>T\u00e8cnic Especialista Administrativa<\/p>\n<p><img decoding=\"async\" class=\"wp-image-91069 alignnone size-medium\" src=\"http:\/\/fernandezadvocats.es\/wp-content\/uploads\/2024\/12\/W5A8451_1-removebg-preview_1.png\" alt=\"\" \/><\/p>\n<p>[\/et_pb_text][et_pb_text disabled_on=\u00bbon|on|on\u00bb admin_label=\u00bbElisabet\u00bb module_class=\u00bbequipo\u00bb _builder_version=\u00bb4.27.4&#8243; _module_preset=\u00bbdefault\u00bb text_font=\u00bbWork Sans||||||||\u00bb text_text_color=\u00bb#275570&#8243; text_font_size=\u00bb1em\u00bb background_enable_image=\u00bboff\u00bb background_position=\u00bbcenter_right\u00bb custom_padding=\u00bb||||false|false\u00bb link_option_url=\u00bbhttp:\/\/fernandezadvocats.es\/equip\/elisabet-vilalta-venturos\/\u00bb border_width_bottom=\u00bb1px\u00bb border_color_bottom=\u00bb#275570&#8243; disabled=\u00bbon\u00bb global_colors_info=\u00bb{}\u00bb]<\/p>\n<p><span class=\"nombre\">Elisabet Vilalta Ventur\u00f3s<\/span><br \/><span class=\"profesion\">T\u00e8cnic Especialista Administrativa<\/span><\/p>\n<p><img decoding=\"async\" class=\"wp-image-91069 alignnone size-medium\" src=\"http:\/\/fernandezadvocats.es\/wp-content\/uploads\/2024\/12\/W5A8451_1-removebg-preview.png\" alt=\"\" \/><\/p>\n<p>[\/et_pb_text][et_pb_code admin_label=\u00bbCode &#8211; Elisabet\u00bb module_class=\u00bbequipo\u00bb _builder_version=\u00bb4.27.4&#8243; _module_preset=\u00bbdefault\u00bb link_option_url=\u00bbhttps:\/\/fernandezadvocats.es\/es\/equipo\/elisabet-vilalta-venturos\/\u00bb border_width_bottom=\u00bb1px\u00bb border_color_bottom=\u00bb#275570&#8243; global_colors_info=\u00bb{}\u00bb]<a href=\"https:\/\/fernandezadvocats.es\/es\/equipo\/elisabet-vilalta-venturos\/\" aria-label=\"Elisabet Vilalta Ventur\u00f3s\"><!-- [et_pb_line_break_holder] -->  <pee><span class=\"nombre\">Elisabet Vilalta Ventur\u00f3s<\/span><!\u2013- [et_pb_br_holder] -\u2013><span class=\"profesion\">T\u00e9cnico Especialista Administrativa<\/span><\/pee><!-- [et_pb_line_break_holder] -->  <pee><img decoding=\"async\" class=\"wp-image-91069 alignnone size-medium\" src=\"http:\/\/fernandezadvocats.es\/wp-content\/uploads\/2024\/12\/W5A8451_1-removebg-preview.png\" alt=\"Elisabet Vilalta Ventur\u00f3s\" \/><\/pee><!-- [et_pb_line_break_holder] --><\/a>[\/et_pb_code][\/et_pb_column][et_pb_column type=\u00bb1_3&#8243; _builder_version=\u00bb4.16&#8243; custom_padding=\u00bb|||\u00bb global_colors_info=\u00bb{}\u00bb custom_padding__hover=\u00bb|||\u00bb][et_pb_text disabled_on=\u00bbon|on|on\u00bb admin_label=\u00bbDaniel\u00bb module_class=\u00bbequipo\u00bb _builder_version=\u00bb4.27.4&#8243; _module_preset=\u00bbdefault\u00bb text_font=\u00bbWork Sans||||||||\u00bb text_text_color=\u00bb#275570&#8243; text_font_size=\u00bb1em\u00bb background_enable_image=\u00bboff\u00bb background_position=\u00bbcenter_right\u00bb custom_padding=\u00bb||||false|false\u00bb link_option_url=\u00bbhttp:\/\/fernandezadvocats.es\/equip\/daniel-romero-romero\/\u00bb border_width_bottom=\u00bb1px\u00bb border_color_bottom=\u00bb#275570&#8243; disabled=\u00bbon\u00bb global_colors_info=\u00bb{}\u00bb]<\/p>\n<p>Daniel Romero Romero<\/br>Advocat<\/p>\n<p><img decoding=\"async\" class=\"wp-image-89549 alignnone size-medium\" src=\"http:\/\/fernandezadvocats.es\/wp-content\/uploads\/2024\/12\/W5A8095-removebg-preview_1.png\" alt=\"\" \/>[\/et_pb_text][et_pb_text disabled_on=\u00bbon|on|on\u00bb admin_label=\u00bbDaniel\u00bb module_class=\u00bbequipo\u00bb _builder_version=\u00bb4.27.4&#8243; _module_preset=\u00bbdefault\u00bb text_font=\u00bbWork Sans||||||||\u00bb text_text_color=\u00bb#275570&#8243; text_font_size=\u00bb1em\u00bb background_enable_image=\u00bboff\u00bb background_position=\u00bbcenter_right\u00bb custom_padding=\u00bb||||false|false\u00bb link_option_url=\u00bbhttp:\/\/fernandezadvocats.es\/equip\/daniel-romero-romero\/\u00bb border_width_bottom=\u00bb1px\u00bb border_color_bottom=\u00bb#275570&#8243; disabled=\u00bbon\u00bb global_colors_info=\u00bb{}\u00bb]<\/p>\n<p><span class=\"nombre\">Daniel Romero Romero<\/span><br \/><span class=\"profesion\">Advocat<\/span><\/p>\n<p><img decoding=\"async\" class=\"wp-image-89549 alignnone size-medium\" src=\"http:\/\/fernandezadvocats.es\/wp-content\/uploads\/2024\/12\/W5A8095-removebg-preview.png\" alt=\"\" \/><\/p>\n<p>[\/et_pb_text][et_pb_code admin_label=\u00bbCode &#8211; Anna Gri\u00f1\u00f3 Llad\u00f3s\u00bb module_class=\u00bbequipo\u00bb _builder_version=\u00bb4.27.6&#8243; _module_preset=\u00bbdefault\u00bb link_option_url=\u00bbhttps:\/\/fernandezadvocats.es\/es\/equipo\/daniel-romero-romero\/\u00bb hover_enabled=\u00bb0&#8243; border_width_bottom=\u00bb1px\u00bb border_color_bottom=\u00bb#275570&#8243; global_colors_info=\u00bb{}\u00bb sticky_enabled=\u00bb0&#8243;]<a href=\"https:\/\/fernandezadvocats.es\/es\/equipo\/anna-grino-llados\/\" aria-label=\"Anna Gri\u00f1\u00f3 Llad\u00f3s\"><!-- [et_pb_line_break_holder] -->  <pee><span class=\"nombre\">Anna Gri\u00f1\u00f3 Llad\u00f3s<\/span><!\u2013- [et_pb_br_holder] -\u2013><span class=\"profesion\">Abogada especializada en Derecho Civil y de Familia<\/span><\/pee><!-- [et_pb_line_break_holder] -->  <pee><img decoding=\"async\" class=\"wp-image-89549 alignnone size-medium\" src=\"https:\/\/fernandezadvocats.es\/wp-content\/uploads\/2026\/03\/Anna-2.png\" alt=\"Anna Gri\u00f1\u00f3 Llad\u00f3s\" \/><\/pee><!-- [et_pb_line_break_holder] --><\/a>[\/et_pb_code][\/et_pb_column][et_pb_column type=\u00bb1_3&#8243; _builder_version=\u00bb4.16&#8243; custom_padding=\u00bb|||\u00bb global_colors_info=\u00bb{}\u00bb custom_padding__hover=\u00bb|||\u00bb][\/et_pb_column][\/et_pb_row][\/et_pb_section][et_pb_section fb_built=\u00bb1&#8243; disabled_on=\u00bbon|on|on\u00bb admin_label=\u00bbANTIGUO\u00bb _builder_version=\u00bb4.27.4&#8243; _module_preset=\u00bbdefault\u00bb custom_padding=\u00bb0px||||false|false\u00bb disabled=\u00bbon\u00bb locked=\u00bboff\u00bb collapsed=\u00bbon\u00bb global_colors_info=\u00bb{}\u00bb][et_pb_row column_structure=\u00bb1_3,1_3,1_3&#8243; make_equal=\u00bbon\u00bb module_class=\u00bbgrupo_equipo\u00bb _builder_version=\u00bb4.27.4&#8243; max_width=\u00bb100%\u00bb custom_padding=\u00bb||||false|false\u00bb locked=\u00bboff\u00bb global_colors_info=\u00bb{}\u00bb][et_pb_column type=\u00bb1_3&#8243; admin_label=\u00bbColumn\u00bb _builder_version=\u00bb4.27.4&#8243; custom_padding=\u00bb|||\u00bb global_colors_info=\u00bb{}\u00bb custom_padding__hover=\u00bb|||\u00bb][et_pb_text admin_label=\u00bbCliment\u00bb module_class=\u00bbequipo\u00bb _builder_version=\u00bb4.27.4&#8243; _module_preset=\u00bbdefault\u00bb text_font=\u00bbWork Sans||||||||\u00bb text_text_color=\u00bb#275570&#8243; text_font_size=\u00bb1em\u00bb background_enable_image=\u00bboff\u00bb background_position=\u00bbcenter_right\u00bb custom_padding=\u00bb||||false|false\u00bb link_option_url=\u00bbhttps:\/\/fernandezadvocats.es\/es\/equipo\/climent-fernandez-forner\/\u00bb border_width_bottom=\u00bb1px\u00bb border_color_bottom=\u00bb#275570&#8243; global_colors_info=\u00bb{}\u00bb]<\/p>\n<p>Climent Fern\u00e1ndez Forner<br \/>Advocat. Soci fundador<\/p>\n<p><img decoding=\"async\" class=\"wp-image-89537 alignnone size-medium\" src=\"http:\/\/fernandezadvocats.es\/wp-content\/uploads\/2024\/12\/Climent-removebg-preview.png\" alt=\"\" \/><\/p>\n<p>[\/et_pb_text][\/et_pb_column][et_pb_column type=\u00bb1_3&#8243; _builder_version=\u00bb4.16&#8243; custom_padding=\u00bb|||\u00bb global_colors_info=\u00bb{}\u00bb custom_padding__hover=\u00bb|||\u00bb][et_pb_text admin_label=\u00bbRam\u00f3n\u00bb module_class=\u00bbequipo\u00bb _builder_version=\u00bb4.27.4&#8243; _module_preset=\u00bbdefault\u00bb text_font=\u00bbWork Sans||||||||\u00bb text_text_color=\u00bb#275570&#8243; text_font_size=\u00bb1em\u00bb background_enable_image=\u00bboff\u00bb background_position=\u00bbcenter_right\u00bb custom_padding=\u00bb||||false|false\u00bb link_option_url=\u00bbhttps:\/\/fernandezadvocats.es\/es\/equipo\/ramon-fernandez-cabra\/\u00bb border_width_bottom=\u00bb1px\u00bb border_color_bottom=\u00bb#275570&#8243; global_colors_info=\u00bb{}\u00bb]<\/p>\n<p>Ram\u00f3n Fern\u00e1ndez Cabra<br \/>Advocat. Soci fundador<\/p>\n<p><img decoding=\"async\" class=\"wp-image-89542 alignnone size-medium\" src=\"http:\/\/fernandezadvocats.es\/wp-content\/uploads\/2024\/12\/Ramon-removebg-preview.png\" alt=\"\"  \/><\/p>\n<p>[\/et_pb_text][\/et_pb_column][et_pb_column type=\u00bb1_3&#8243; _builder_version=\u00bb4.16&#8243; custom_padding=\u00bb|||\u00bb global_colors_info=\u00bb{}\u00bb custom_padding__hover=\u00bb|||\u00bb][et_pb_text admin_label=\u00bbJuan Carlos\u00bb module_class=\u00bbequipo\u00bb _builder_version=\u00bb4.27.4&#8243; _module_preset=\u00bbdefault\u00bb text_font=\u00bbWork Sans||||||||\u00bb text_text_color=\u00bb#275570&#8243; text_font_size=\u00bb1em\u00bb background_enable_image=\u00bboff\u00bb background_position=\u00bbcenter_right\u00bb custom_padding=\u00bb||||false|false\u00bb link_option_url=\u00bbhttps:\/\/fernandezadvocats.es\/es\/equipo\/juan-carlos-gimenez-salinas-framis\/\u00bb border_width_bottom=\u00bb1px\u00bb border_color_bottom=\u00bb#275570&#8243; global_colors_info=\u00bb{}\u00bb]<\/p>\n<p>Juan Carlos Gim\u00e9nez-Salinas Framis<br \/>\nAdvocat<\/p>\n<p><img decoding=\"async\" class=\"wp-image-89549 alignnone size-medium\" src=\"http:\/\/fernandezadvocats.es\/wp-content\/uploads\/2024\/12\/Juan-Carlos-removebg-preview.png\" alt=\"\" \/>[\/et_pb_text][\/et_pb_column][\/et_pb_row][et_pb_row column_structure=\u00bb1_3,1_3,1_3&#8243; make_equal=\u00bbon\u00bb module_class=\u00bbgrupo_equipo\u00bb _builder_version=\u00bb4.27.3&#8243; max_width=\u00bb100%\u00bb custom_padding=\u00bb||||false|false\u00bb locked=\u00bboff\u00bb global_colors_info=\u00bb{}\u00bb][et_pb_column type=\u00bb1_3&#8243; _builder_version=\u00bb4.16&#8243; custom_padding=\u00bb|||\u00bb global_colors_info=\u00bb{}\u00bb custom_padding__hover=\u00bb|||\u00bb][et_pb_text disabled_on=\u00bboff|off|off\u00bb admin_label=\u00bbLuis\u00bb module_class=\u00bbequipo\u00bb _builder_version=\u00bb4.27.4&#8243; _module_preset=\u00bbdefault\u00bb text_font=\u00bbWork Sans||||||||\u00bb text_text_color=\u00bb#275570&#8243; text_font_size=\u00bb1em\u00bb background_enable_image=\u00bboff\u00bb background_position=\u00bbcenter_right\u00bb custom_padding=\u00bb||||false|false\u00bb link_option_url=\u00bbhttps:\/\/fernandezadvocats.es\/es\/equipo\/luis-jimenez-asenjo-sotomayor\/\u00bb border_width_bottom=\u00bb1px\u00bb border_color_bottom=\u00bb#275570&#8243; global_colors_info=\u00bb{}\u00bb]<\/p>\n<p>Luis Jim\u00e9nez-Asenjo Sotomayor<br \/>Advocat<\/p>\n<p><img decoding=\"async\" class=\"wp-image-91069 alignnone size-medium\" src=\"http:\/\/fernandezadvocats.es\/wp-content\/uploads\/2024\/12\/Luis_2.png\" alt=\"\" \/><\/p>\n<p>[\/et_pb_text][\/et_pb_column][et_pb_column type=\u00bb1_3&#8243; _builder_version=\u00bb4.16&#8243; custom_padding=\u00bb|||\u00bb global_colors_info=\u00bb{}\u00bb custom_padding__hover=\u00bb|||\u00bb][et_pb_text admin_label=\u00bbFerran\u00bb module_class=\u00bbequipo\u00bb _builder_version=\u00bb4.27.4&#8243; _module_preset=\u00bbdefault\u00bb text_font=\u00bbWork Sans||||||||\u00bb text_text_color=\u00bb#275570&#8243; text_font_size=\u00bb1em\u00bb background_enable_image=\u00bboff\u00bb background_position=\u00bbcenter_right\u00bb custom_padding=\u00bb||||false|false\u00bb link_option_url=\u00bbhttps:\/\/fernandezadvocats.es\/es\/equipo\/ferran-bertran-i-rodriguez\/\u00bb border_width_bottom=\u00bb1px\u00bb border_color_bottom=\u00bb#275570&#8243; global_colors_info=\u00bb{}\u00bb]<\/p>\n<p>Ferran Bertran i Rodr\u00edguez<br \/>Advocat<\/p>\n<p><img decoding=\"async\" class=\"wp-image-89537 alignnone size-medium\" src=\"http:\/\/fernandezadvocats.es\/wp-content\/uploads\/2024\/12\/W5A8282-removebg-preview.png\" alt=\"\" \/><\/p>\n<p>[\/et_pb_text][\/et_pb_column][et_pb_column type=\u00bb1_3&#8243; _builder_version=\u00bb4.16&#8243; custom_padding=\u00bb|||\u00bb global_colors_info=\u00bb{}\u00bb custom_padding__hover=\u00bb|||\u00bb][et_pb_text admin_label=\u00bbGerard\u00bb module_class=\u00bbequipo\u00bb _builder_version=\u00bb4.27.4&#8243; _module_preset=\u00bbdefault\u00bb text_font=\u00bbWork Sans||||||||\u00bb text_text_color=\u00bb#275570&#8243; text_font_size=\u00bb1em\u00bb background_enable_image=\u00bboff\u00bb background_position=\u00bbcenter_right\u00bb custom_padding=\u00bb||||false|false\u00bb link_option_url=\u00bbhttps:\/\/fernandezadvocats.es\/es\/equipo\/gerard-rincon-andreu\/\u00bb border_width_bottom=\u00bb1px\u00bb border_color_bottom=\u00bb#275570&#8243; global_colors_info=\u00bb{}\u00bb]<\/p>\n<p>Gerard Rinc\u00f3n Andreu<\/br>Advocat<\/p>\n<p><img decoding=\"async\" class=\"wp-image-89549 alignnone size-medium\" src=\"http:\/\/fernandezadvocats.es\/wp-content\/uploads\/2024\/12\/W5A8247-removebg-preview.png\" alt=\"\" \/>[\/et_pb_text][\/et_pb_column][\/et_pb_row][et_pb_row column_structure=\u00bb1_3,1_3,1_3&#8243; make_equal=\u00bbon\u00bb module_class=\u00bbgrupo_equipo\u00bb _builder_version=\u00bb4.27.3&#8243; max_width=\u00bb100%\u00bb custom_padding=\u00bb||||false|false\u00bb locked=\u00bboff\u00bb global_colors_info=\u00bb{}\u00bb][et_pb_column type=\u00bb1_3&#8243; _builder_version=\u00bb4.16&#8243; custom_padding=\u00bb|||\u00bb global_colors_info=\u00bb{}\u00bb custom_padding__hover=\u00bb|||\u00bb][et_pb_text disabled_on=\u00bboff|off|off\u00bb admin_label=\u00bbMarta\u00bb module_class=\u00bbequipo\u00bb _builder_version=\u00bb4.27.4&#8243; _module_preset=\u00bbdefault\u00bb text_font=\u00bbWork Sans||||||||\u00bb text_text_color=\u00bb#275570&#8243; text_font_size=\u00bb1em\u00bb background_enable_image=\u00bboff\u00bb background_position=\u00bbcenter_right\u00bb custom_padding=\u00bb||||false|false\u00bb link_option_url=\u00bbhttps:\/\/fernandezadvocats.es\/es\/equipo\/marta-nasarre-rosell\/\u00bb border_width_bottom=\u00bb1px\u00bb border_color_bottom=\u00bb#275570&#8243; global_colors_info=\u00bb{}\u00bb]<\/p>\n<p>Marta Nasarre Rosell<br \/>Advocada, Crimin\u00f2loga i Mediadora<\/p>\n<p><img decoding=\"async\" class=\"wp-image-91069 alignnone size-medium\" src=\"http:\/\/fernandezadvocats.es\/wp-content\/uploads\/2024\/12\/W5A8260-removebg-preview.png\" alt=\"\" \/><\/p>\n<p>[\/et_pb_text][\/et_pb_column][et_pb_column type=\u00bb1_3&#8243; _builder_version=\u00bb4.16&#8243; custom_padding=\u00bb|||\u00bb global_colors_info=\u00bb{}\u00bb custom_padding__hover=\u00bb|||\u00bb][et_pb_text admin_label=\u00bbJaume\u00bb module_class=\u00bbequipo\u00bb _builder_version=\u00bb4.27.4&#8243; _module_preset=\u00bbdefault\u00bb text_font=\u00bbWork Sans||||||||\u00bb text_text_color=\u00bb#275570&#8243; text_font_size=\u00bb1em\u00bb background_enable_image=\u00bboff\u00bb background_position=\u00bbcenter_right\u00bb custom_padding=\u00bb||||false|false\u00bb link_option_url=\u00bbhttps:\/\/fernandezadvocats.es\/es\/equipo\/jaume-palle-porta\/\u00bb border_width_bottom=\u00bb1px\u00bb border_color_bottom=\u00bb#275570&#8243; global_colors_info=\u00bb{}\u00bb]<\/p>\n<p>Jaume Pall\u00e9 Porta<\/br>Advocat, Dret P\u00fablic, Urban\u00edstic i Immobiliari<\/p>\n<p><img decoding=\"async\" class=\"wp-image-89549 alignnone size-medium\" src=\"http:\/\/fernandezadvocats.es\/wp-content\/uploads\/2024\/12\/W5A8373-removebg-preview.png\" alt=\"\" \/>[\/et_pb_text][\/et_pb_column][et_pb_column type=\u00bb1_3&#8243; _builder_version=\u00bb4.16&#8243; custom_padding=\u00bb|||\u00bb global_colors_info=\u00bb{}\u00bb custom_padding__hover=\u00bb|||\u00bb][et_pb_text admin_label=\u00bbNatividad\u00bb module_class=\u00bbequipo\u00bb _builder_version=\u00bb4.27.4&#8243; _module_preset=\u00bbdefault\u00bb text_font=\u00bbWork Sans||||||||\u00bb text_text_color=\u00bb#275570&#8243; text_font_size=\u00bb1em\u00bb background_enable_image=\u00bboff\u00bb background_position=\u00bbcenter_right\u00bb custom_padding=\u00bb||||false|false\u00bb link_option_url=\u00bbhttps:\/\/fernandezadvocats.es\/es\/equipo\/nativitat-macarro-luceno\/\u00bb border_width_bottom=\u00bb1px\u00bb border_color_bottom=\u00bb#275570&#8243; global_colors_info=\u00bb{}\u00bb]<\/p>\n<p>Nativitat Macarro Luce\u00f1o<\/p>\n<p><img decoding=\"async\" class=\"wp-image-89537 alignnone size-medium\" src=\"http:\/\/fernandezadvocats.es\/wp-content\/uploads\/2024\/12\/nati.png\" alt=\"\" \/><\/p>\n<p>[\/et_pb_text][\/et_pb_column][\/et_pb_row][et_pb_row column_structure=\u00bb1_3,1_3,1_3&#8243; make_equal=\u00bbon\u00bb module_class=\u00bbgrupo_equipo\u00bb _builder_version=\u00bb4.27.3&#8243; max_width=\u00bb100%\u00bb custom_padding=\u00bb||||false|false\u00bb locked=\u00bboff\u00bb global_colors_info=\u00bb{}\u00bb][et_pb_column type=\u00bb1_3&#8243; _builder_version=\u00bb4.16&#8243; custom_padding=\u00bb|||\u00bb global_colors_info=\u00bb{}\u00bb custom_padding__hover=\u00bb|||\u00bb][et_pb_text disabled_on=\u00bboff|off|off\u00bb admin_label=\u00bbMar\u00eda\u00bb module_class=\u00bbequipo\u00bb _builder_version=\u00bb4.27.4&#8243; _module_preset=\u00bbdefault\u00bb text_font=\u00bbWork Sans||||||||\u00bb text_text_color=\u00bb#275570&#8243; text_font_size=\u00bb1em\u00bb background_enable_image=\u00bboff\u00bb background_position=\u00bbcenter_right\u00bb custom_padding=\u00bb||||false|false\u00bb link_option_url=\u00bbhttp:\/\/fernandezadvocats.es\/equip\/maria-yolanda-galindo-sarabia\/\u00bb border_width_bottom=\u00bb1px\u00bb border_color_bottom=\u00bb#275570&#8243; global_colors_info=\u00bb{}\u00bb]<\/p>\n<p>Maria Yolanda Galindo Sarabia<br \/>T\u00e8cnica auxiliar Administrativa<\/p>\n<p><img decoding=\"async\" class=\"wp-image-91069 alignnone size-medium\" src=\"http:\/\/fernandezadvocats.es\/wp-content\/uploads\/2024\/12\/W5A8132-removebg-preview.png\" alt=\"\" \/><\/p>\n<p>[\/et_pb_text][\/et_pb_column][et_pb_column type=\u00bb1_3&#8243; _builder_version=\u00bb4.16&#8243; custom_padding=\u00bb|||\u00bb global_colors_info=\u00bb{}\u00bb custom_padding__hover=\u00bb|||\u00bb][et_pb_text admin_label=\u00bbQueralt\u00bb module_class=\u00bbequipo\u00bb _builder_version=\u00bb4.27.4&#8243; _module_preset=\u00bbdefault\u00bb text_font=\u00bbWork Sans||||||||\u00bb text_text_color=\u00bb#275570&#8243; text_font_size=\u00bb1em\u00bb background_enable_image=\u00bboff\u00bb background_position=\u00bbcenter_right\u00bb custom_padding=\u00bb||||false|false\u00bb link_option_url=\u00bbhttps:\/\/fernandezadvocats.es\/es\/equipo\/queralt-pons-ballara\/\u00bb border_width_bottom=\u00bb1px\u00bb border_color_bottom=\u00bb#275570&#8243; global_colors_info=\u00bb{}\u00bb]<\/p>\n<p>Queralt Pons Ballar\u00e0<\/br>Administraci\u00f3<\/p>\n<p><img decoding=\"async\" class=\"wp-image-89549 alignnone size-medium\" src=\"http:\/\/fernandezadvocats.es\/wp-content\/uploads\/2024\/12\/W5A8164-removebg-preview.png\" alt=\"\" \/>[\/et_pb_text][\/et_pb_column][et_pb_column type=\u00bb1_3&#8243; _builder_version=\u00bb4.16&#8243; custom_padding=\u00bb|||\u00bb global_colors_info=\u00bb{}\u00bb custom_padding__hover=\u00bb|||\u00bb][et_pb_text admin_label=\u00bbToni\u00bb module_class=\u00bbequipo\u00bb _builder_version=\u00bb4.27.4&#8243; _module_preset=\u00bbdefault\u00bb text_font=\u00bbWork Sans||||||||\u00bb text_text_color=\u00bb#275570&#8243; text_font_size=\u00bb1em\u00bb background_enable_image=\u00bboff\u00bb background_position=\u00bbcenter_right\u00bb custom_padding=\u00bb||||false|false\u00bb link_option_url=\u00bbhttps:\/\/fernandezadvocats.es\/es\/equipo\/toni-campos-amaral\/\u00bb border_width_bottom=\u00bb1px\u00bb border_color_bottom=\u00bb#275570&#8243; global_colors_info=\u00bb{}\u00bb]<\/p>\n<p>Toni Campos Amaral<\/br>Advocat<\/p>\n<p><img decoding=\"async\" class=\"wp-image-89537 alignnone size-medium\" src=\"http:\/\/fernandezadvocats.es\/wp-content\/uploads\/2024\/12\/W5A8489-removebg-preview.png\" alt=\"\" \/><\/p>\n<p>[\/et_pb_text][\/et_pb_column][\/et_pb_row][et_pb_row column_structure=\u00bb1_3,1_3,1_3&#8243; make_equal=\u00bbon\u00bb module_class=\u00bbgrupo_equipo\u00bb _builder_version=\u00bb4.27.3&#8243; max_width=\u00bb100%\u00bb custom_padding=\u00bb||||false|false\u00bb locked=\u00bboff\u00bb global_colors_info=\u00bb{}\u00bb][et_pb_column type=\u00bb1_3&#8243; _builder_version=\u00bb4.16&#8243; custom_padding=\u00bb|||\u00bb global_colors_info=\u00bb{}\u00bb custom_padding__hover=\u00bb|||\u00bb][et_pb_text disabled_on=\u00bboff|off|off\u00bb admin_label=\u00bbElisabet\u00bb module_class=\u00bbequipo\u00bb _builder_version=\u00bb4.27.4&#8243; _module_preset=\u00bbdefault\u00bb text_font=\u00bbWork Sans||||||||\u00bb text_text_color=\u00bb#275570&#8243; text_font_size=\u00bb1em\u00bb background_enable_image=\u00bboff\u00bb background_position=\u00bbcenter_right\u00bb custom_padding=\u00bb||||false|false\u00bb link_option_url=\u00bbhttps:\/\/fernandezadvocats.es\/es\/equipo\/elisabet-vilalta-venturos\/\u00bb border_width_bottom=\u00bb1px\u00bb border_color_bottom=\u00bb#275570&#8243; global_colors_info=\u00bb{}\u00bb]<\/p>\n<p>Elisabet Vilalta Ventur\u00f3s<br \/>T\u00e8cnic Especialista Administrativa<\/p>\n<p><img decoding=\"async\" class=\"wp-image-91069 alignnone size-medium\" src=\"http:\/\/fernandezadvocats.es\/wp-content\/uploads\/2024\/12\/W5A8451_1-removebg-preview.png\" alt=\"\" \/><\/p>\n<p>[\/et_pb_text][\/et_pb_column][et_pb_column type=\u00bb1_3&#8243; _builder_version=\u00bb4.16&#8243; custom_padding=\u00bb|||\u00bb global_colors_info=\u00bb{}\u00bb custom_padding__hover=\u00bb|||\u00bb][et_pb_text admin_label=\u00bbDaniel\u00bb module_class=\u00bbequipo\u00bb _builder_version=\u00bb4.27.4&#8243; _module_preset=\u00bbdefault\u00bb text_font=\u00bbWork Sans||||||||\u00bb text_text_color=\u00bb#275570&#8243; text_font_size=\u00bb1em\u00bb background_enable_image=\u00bboff\u00bb background_position=\u00bbcenter_right\u00bb custom_padding=\u00bb||||false|false\u00bb link_option_url=\u00bbhttps:\/\/fernandezadvocats.es\/es\/equipo\/daniel-romero-romero\/\u00bb border_width_bottom=\u00bb1px\u00bb border_color_bottom=\u00bb#275570&#8243; global_colors_info=\u00bb{}\u00bb]<\/p>\n<p>Daniel Romero Romero<\/br>Advocat<\/p>\n<p><img decoding=\"async\" class=\"wp-image-89549 alignnone size-medium\" src=\"http:\/\/fernandezadvocats.es\/wp-content\/uploads\/2024\/12\/W5A8095-removebg-preview.png\" alt=\"\" \/>[\/et_pb_text][\/et_pb_column][et_pb_column type=\u00bb1_3&#8243; _builder_version=\u00bb4.16&#8243; custom_padding=\u00bb|||\u00bb global_colors_info=\u00bb{}\u00bb custom_padding__hover=\u00bb|||\u00bb][\/et_pb_column][\/et_pb_row][\/et_pb_section][et_pb_section fb_built=\u00bb1&#8243; disabled_on=\u00bbon|on|on\u00bb admin_label=\u00bbCOPIA DE SEGURIDAD\u00bb _builder_version=\u00bb4.27.2&#8243; _module_preset=\u00bbdefault\u00bb custom_padding=\u00bb0px||||false|false\u00bb disabled=\u00bbon\u00bb collapsed=\u00bbon\u00bb global_colors_info=\u00bb{}\u00bb][et_pb_row column_structure=\u00bb1_4,1_4,1_4,1_4&#8243; use_custom_gutter=\u00bbon\u00bb gutter_width=\u00bb1&#8243; make_equal=\u00bbon\u00bb _builder_version=\u00bb4.27.3&#8243; _module_preset=\u00bbdefault\u00bb width=\u00bb90%\u00bb max_width=\u00bb1320px\u00bb custom_margin=\u00bb||||false|false\u00bb custom_padding=\u00bb0px||||false|false\u00bb locked=\u00bboff\u00bb global_colors_info=\u00bb{}\u00bb][et_pb_column type=\u00bb1_4&#8243; admin_label=\u00bbRam\u00f3n\u00bb _builder_version=\u00bb4.27.3&#8243; _module_preset=\u00bbdefault\u00bb transform_translate_linked__hover=\u00bboff\u00bb custom_padding=\u00bb|15px||15px|false|false\u00bb custom_padding_tablet=\u00bb|15px||15px|false|false\u00bb custom_padding_phone=\u00bb|0px||0px|false|false\u00bb custom_padding_last_edited=\u00bbon|phone\u00bb link_option_url=\u00bbhttp:\/\/fernandezadvocats.es\/equip\/ramon-fernandez-cabra\/\u00bb global_colors_info=\u00bb{}\u00bb transform_styles__hover_enabled=\u00bbon|hover\u00bb transform_scale__hover_enabled=\u00bbon|hover\u00bb transform_translate__hover_enabled=\u00bbon|hover\u00bb transform_rotate__hover_enabled=\u00bbon|desktop\u00bb transform_skew__hover_enabled=\u00bbon|desktop\u00bb transform_origin__hover_enabled=\u00bbon|desktop\u00bb transform_translate__hover=\u00bb0px|-5px\u00bb][et_pb_image src=\u00bbhttps:\/\/fernandezadvocats.es\/wp-content\/uploads\/2024\/11\/W5A8697-scaled.jpg\u00bb title_text=\u00bb_W5A8697&#8243; force_fullwidth=\u00bbon\u00bb admin_label=\u00bbImagen &#8211; Ram\u00f3n Fern\u00e1ndez Cabra<br \/>\n\u00bb _builder_version=\u00bb4.27.2&#8243; _module_preset=\u00bbdefault\u00bb custom_margin=\u00bb0px||20px||false|false\u00bb custom_padding=\u00bb0px||0px||false|false\u00bb border_radii=\u00bbon|10px|10px|10px|10px\u00bb global_colors_info=\u00bb{}\u00bb][\/et_pb_image][et_pb_text admin_label=\u00bbRam\u00f3n Fern\u00e1ndez Cabra\u00bb _builder_version=\u00bb4.27.3&#8243; _module_preset=\u00bbdefault\u00bb header_2_font=\u00bbWork Sans||||||||\u00bb header_2_text_color=\u00bb#111112&#8243; header_2_font_size=\u00bb1.5em\u00bb header_2_line_height=\u00bb1.8em\u00bb header_3_font=\u00bbWork Sans||||||||\u00bb header_3_text_align=\u00bbleft\u00bb header_3_text_color=\u00bb#111112&#8243; header_3_font_size=\u00bb24px\u00bb header_3_line_height=\u00bb1.2em\u00bb custom_margin=\u00bb0px||0px||false|false\u00bb custom_padding=\u00bb0px||0px||false|false\u00bb global_colors_info=\u00bb{}\u00bb]<\/p>\n<h2>Ram\u00f3n Fern\u00e1ndez Cabra<\/h2>\n<p>[\/et_pb_text][\/et_pb_column][et_pb_column type=\u00bb1_4&#8243; admin_label=\u00bbCliment\u00bb _builder_version=\u00bb4.27.3&#8243; _module_preset=\u00bbdefault\u00bb transform_translate_linked__hover=\u00bboff\u00bb custom_padding=\u00bb|15px||15px|false|false\u00bb custom_padding_tablet=\u00bb|15px||15px|false|false\u00bb custom_padding_phone=\u00bb|0px||0px|false|false\u00bb custom_padding_last_edited=\u00bbon|phone\u00bb link_option_url=\u00bb https:\/\/fernandezadvocats.es\/es\/equip\/climent-fernandez-forner\/\u00bb global_colors_info=\u00bb{}\u00bb transform_styles__hover_enabled=\u00bbon|desktop\u00bb transform_scale__hover_enabled=\u00bbon|hover\u00bb transform_translate__hover_enabled=\u00bbon|desktop\u00bb transform_rotate__hover_enabled=\u00bbon|desktop\u00bb transform_skew__hover_enabled=\u00bbon|desktop\u00bb transform_origin__hover_enabled=\u00bbon|desktop\u00bb transform_translate__hover=\u00bb0px|-5px\u00bb][et_pb_image src=\u00bbhttps:\/\/fernandezadvocats.es\/wp-content\/uploads\/2024\/11\/W5A8185-scaled.jpg\u00bb title_text=\u00bb_W5A8185&#8243; force_fullwidth=\u00bbon\u00bb admin_label=\u00bbImagen &#8211; Climent Fern\u00e1ndez Forner<br \/>\n\u00bb _builder_version=\u00bb4.27.2&#8243; _module_preset=\u00bbdefault\u00bb custom_margin=\u00bb0px||20px||false|false\u00bb custom_padding=\u00bb0px||0px||false|false\u00bb border_radii=\u00bbon|10px|10px|10px|10px\u00bb global_colors_info=\u00bb{}\u00bb][\/et_pb_image][et_pb_text admin_label=\u00bbCliment Fern\u00e1ndez Forner\u00bb _builder_version=\u00bb4.27.2&#8243; _module_preset=\u00bbdefault\u00bb header_2_font=\u00bbWork Sans||||||||\u00bb header_2_text_color=\u00bb#111112&#8243; header_2_font_size=\u00bb1.5em\u00bb header_2_line_height=\u00bb1.8em\u00bb header_3_font=\u00bbWork Sans||||||||\u00bb header_3_text_align=\u00bbleft\u00bb header_3_text_color=\u00bb#111112&#8243; header_3_font_size=\u00bb24px\u00bb header_3_line_height=\u00bb1.2em\u00bb custom_margin=\u00bb0px||0px||false|false\u00bb custom_padding=\u00bb0px||0px||false|false\u00bb global_colors_info=\u00bb{}\u00bb]<\/p>\n<h2>Climent Fern\u00e1ndez Forner<\/h2>\n<p>[\/et_pb_text][\/et_pb_column][et_pb_column type=\u00bb1_4&#8243; admin_label=\u00bbJuan Carlos\u00bb _builder_version=\u00bb4.27.3&#8243; _module_preset=\u00bbdefault\u00bb transform_translate_linked__hover=\u00bboff\u00bb custom_padding=\u00bb|15px||15px|false|false\u00bb custom_padding_tablet=\u00bb|15px||15px|false|false\u00bb custom_padding_phone=\u00bb|0px||0px|false|false\u00bb custom_padding_last_edited=\u00bbon|phone\u00bb link_option_url=\u00bbhttp:\/\/fernandezadvocats.es\/equip\/juan-carlos-gimenez-salinas-framis\/\u00bb global_colors_info=\u00bb{}\u00bb transform_styles__hover_enabled=\u00bbon|hover\u00bb transform_scale__hover_enabled=\u00bbon|hover\u00bb transform_translate__hover_enabled=\u00bbon|hover\u00bb transform_rotate__hover_enabled=\u00bbon|desktop\u00bb transform_skew__hover_enabled=\u00bbon|desktop\u00bb transform_origin__hover_enabled=\u00bbon|desktop\u00bb transform_translate__hover=\u00bb0px|-5px\u00bb][et_pb_image src=\u00bbhttps:\/\/fernandezadvocats.es\/wp-content\/uploads\/2024\/11\/W5A8557-scaled.jpg\u00bb title_text=\u00bb_W5A8557&#8243; force_fullwidth=\u00bbon\u00bb admin_label=\u00bbImagen &#8211; Juan Carlos Gim\u00e9nez-Salinas Framis\u00bb _builder_version=\u00bb4.27.3&#8243; _module_preset=\u00bbdefault\u00bb custom_margin=\u00bb0px||20px||false|false\u00bb custom_padding=\u00bb0px||0px||false|false\u00bb border_radii=\u00bbon|10px|10px|10px|10px\u00bb global_colors_info=\u00bb{}\u00bb][\/et_pb_image][et_pb_text admin_label=\u00bbJuan Carlos Gim\u00e9nez-Salinas Framis\u00bb _builder_version=\u00bb4.27.3&#8243; _module_preset=\u00bbdefault\u00bb header_2_font=\u00bbWork Sans||||||||\u00bb header_2_text_color=\u00bb#111112&#8243; header_2_font_size=\u00bb1.5em\u00bb header_2_line_height=\u00bb1.8em\u00bb header_3_font=\u00bbWork Sans||||||||\u00bb header_3_text_align=\u00bbleft\u00bb header_3_text_color=\u00bb#111112&#8243; header_3_font_size=\u00bb24px\u00bb header_3_line_height=\u00bb1.2em\u00bb custom_margin=\u00bb0px||0px||false|false\u00bb custom_padding=\u00bb0px||0px||false|false\u00bb global_colors_info=\u00bb{}\u00bb]<\/p>\n<h2>Juan Carlos Gim\u00e9nez-Salinas Framis<\/h2>\n<p>[\/et_pb_text][\/et_pb_column][et_pb_column type=\u00bb1_4&#8243; admin_label=\u00bbLuis\u00bb _builder_version=\u00bb4.27.3&#8243; _module_preset=\u00bbdefault\u00bb transform_translate_linked__hover=\u00bboff\u00bb custom_padding=\u00bb|15px||15px|false|false\u00bb custom_padding_tablet=\u00bb|15px||15px|false|false\u00bb custom_padding_phone=\u00bb|0px||0px|false|false\u00bb custom_padding_last_edited=\u00bbon|phone\u00bb link_option_url=\u00bbhttp:\/\/fernandezadvocats.es\/equip\/luis-jimenez-asenjo-sotomayor\/\u00bb global_colors_info=\u00bb{}\u00bb transform_styles__hover_enabled=\u00bbon|hover\u00bb transform_scale__hover_enabled=\u00bbon|hover\u00bb transform_translate__hover_enabled=\u00bbon|hover\u00bb transform_rotate__hover_enabled=\u00bbon|desktop\u00bb transform_skew__hover_enabled=\u00bbon|desktop\u00bb transform_origin__hover_enabled=\u00bbon|desktop\u00bb transform_translate__hover=\u00bb0px|-5px\u00bb][et_pb_image src=\u00bbhttps:\/\/fernandezadvocats.es\/wp-content\/uploads\/2024\/12\/W5A9236-scaled.jpg\u00bb title_text=\u00bb_W5A9236&#8243; force_fullwidth=\u00bbon\u00bb admin_label=\u00bbImagen &#8211; Luis Jim\u00e9nez-Asenjo Sotomayor\u00bb _builder_version=\u00bb4.27.3&#8243; _module_preset=\u00bbdefault\u00bb custom_margin=\u00bb0px||20px||false|false\u00bb custom_padding=\u00bb0px||0px||false|false\u00bb border_radii=\u00bbon|10px|10px|10px|10px\u00bb global_colors_info=\u00bb{}\u00bb][\/et_pb_image][et_pb_text admin_label=\u00bbLuis Jim\u00e9nez-Asenjo Sotomayor\u00bb _builder_version=\u00bb4.27.3&#8243; _module_preset=\u00bbdefault\u00bb header_2_font=\u00bbWork Sans||||||||\u00bb header_2_text_color=\u00bb#111112&#8243; header_2_font_size=\u00bb1.5em\u00bb header_2_line_height=\u00bb1.8em\u00bb header_3_font=\u00bbWork Sans||||||||\u00bb header_3_text_align=\u00bbleft\u00bb header_3_text_color=\u00bb#111112&#8243; header_3_font_size=\u00bb24px\u00bb header_3_line_height=\u00bb1.2em\u00bb custom_margin=\u00bb0px||0px||false|false\u00bb custom_padding=\u00bb0px||0px||false|false\u00bb global_colors_info=\u00bb{}\u00bb]<\/p>\n<h2>Luis Jim\u00e9nez-Asenjo Sotomayor<\/h2>\n<p>[\/et_pb_text][\/et_pb_column][\/et_pb_row][et_pb_row column_structure=\u00bb1_4,1_4,1_4,1_4&#8243; use_custom_gutter=\u00bbon\u00bb gutter_width=\u00bb1&#8243; make_equal=\u00bbon\u00bb _builder_version=\u00bb4.27.3&#8243; _module_preset=\u00bbdefault\u00bb width=\u00bb90%\u00bb max_width=\u00bb1320px\u00bb custom_margin=\u00bb||||false|false\u00bb custom_padding=\u00bb||||false|false\u00bb locked=\u00bboff\u00bb global_colors_info=\u00bb{}\u00bb][et_pb_column type=\u00bb1_4&#8243; admin_label=\u00bbFerran\u00bb _builder_version=\u00bb4.27.3&#8243; _module_preset=\u00bbdefault\u00bb transform_translate_linked__hover=\u00bboff\u00bb custom_padding=\u00bb|15px||15px|false|false\u00bb custom_padding_tablet=\u00bb|15px||15px|false|false\u00bb custom_padding_phone=\u00bb|0px||0px|false|false\u00bb custom_padding_last_edited=\u00bbon|phone\u00bb link_option_url=\u00bbhttps:\/\/fernandezadvocats.es\/es\/equip\/ferran-bertran-i-rodriguez\/\u00bb global_colors_info=\u00bb{}\u00bb transform_styles__hover_enabled=\u00bbon|desktop\u00bb transform_scale__hover_enabled=\u00bbon|hover\u00bb transform_translate__hover_enabled=\u00bbon|desktop\u00bb transform_rotate__hover_enabled=\u00bbon|desktop\u00bb transform_skew__hover_enabled=\u00bbon|desktop\u00bb transform_origin__hover_enabled=\u00bbon|desktop\u00bb transform_translate__hover=\u00bb0px|-5px\u00bb][et_pb_image src=\u00bbhttps:\/\/fernandezadvocats.es\/wp-content\/uploads\/2024\/11\/W5A8301-scaled.jpg\u00bb title_text=\u00bb_W5A8301&#8243; force_fullwidth=\u00bbon\u00bb admin_label=\u00bbImagen &#8211; Ferran Bertran\u00bb _builder_version=\u00bb4.27.2&#8243; _module_preset=\u00bbdefault\u00bb custom_margin=\u00bb0px||20px||false|false\u00bb custom_padding=\u00bb0px||0px||false|false\u00bb border_radii=\u00bbon|10px|10px|10px|10px\u00bb global_colors_info=\u00bb{}\u00bb][\/et_pb_image][et_pb_text admin_label=\u00bbFerran Bertran i Rodr\u00edguez<br \/>\n\u00bb _builder_version=\u00bb4.27.2&#8243; _module_preset=\u00bbdefault\u00bb header_2_font=\u00bbWork Sans||||||||\u00bb header_2_text_color=\u00bb#111112&#8243; header_2_font_size=\u00bb1.5em\u00bb header_2_line_height=\u00bb1.8em\u00bb header_3_font=\u00bbWork Sans||||||||\u00bb header_3_text_align=\u00bbleft\u00bb header_3_text_color=\u00bb#111112&#8243; header_3_font_size=\u00bb24px\u00bb header_3_line_height=\u00bb1.2em\u00bb custom_margin=\u00bb0px||0px||false|false\u00bb custom_padding=\u00bb0px||0px||false|false\u00bb global_colors_info=\u00bb{}\u00bb]<\/p>\n<h2>Ferran Bertran i Rodr\u00edguez<\/h2>\n<p>[\/et_pb_text][\/et_pb_column][et_pb_column type=\u00bb1_4&#8243; admin_label=\u00bbGerard\u00bb _builder_version=\u00bb4.27.3&#8243; _module_preset=\u00bbdefault\u00bb transform_translate_linked__hover=\u00bboff\u00bb custom_padding=\u00bb|15px||15px|false|false\u00bb custom_padding_tablet=\u00bb|15px||15px|false|false\u00bb custom_padding_phone=\u00bb|0px||0px|false|false\u00bb custom_padding_last_edited=\u00bbon|phone\u00bb link_option_url=\u00bbhttps:\/\/fernandezadvocats.es\/es\/equip\/gerard-rincon-andreu\/\u00bb global_colors_info=\u00bb{}\u00bb transform_styles__hover_enabled=\u00bbon|hover\u00bb transform_scale__hover_enabled=\u00bbon|hover\u00bb transform_translate__hover_enabled=\u00bbon|hover\u00bb transform_rotate__hover_enabled=\u00bbon|desktop\u00bb transform_skew__hover_enabled=\u00bbon|desktop\u00bb transform_origin__hover_enabled=\u00bbon|desktop\u00bb transform_translate__hover=\u00bb0px|-5px\u00bb][et_pb_image src=\u00bbhttps:\/\/fernandezadvocats.es\/wp-content\/uploads\/2024\/11\/FOTO-Gerard-Rincon-scaled.jpg\u00bb title_text=\u00bbFOTO Gerard Rincon\u00bb force_fullwidth=\u00bbon\u00bb admin_label=\u00bbImagen &#8211; Gerard Rinc\u00f3n Andreu<br \/>\n\u00bb _builder_version=\u00bb4.27.2&#8243; _module_preset=\u00bbdefault\u00bb custom_margin=\u00bb0px||20px||false|false\u00bb custom_padding=\u00bb0px||0px||false|false\u00bb border_radii=\u00bbon|10px|10px|10px|10px\u00bb global_colors_info=\u00bb{}\u00bb][\/et_pb_image][et_pb_text admin_label=\u00bbGerard Rinc\u00f3n Andreu\u00bb _builder_version=\u00bb4.27.2&#8243; _module_preset=\u00bbdefault\u00bb header_2_font=\u00bbWork Sans||||||||\u00bb header_2_text_color=\u00bb#111112&#8243; header_2_font_size=\u00bb1.5em\u00bb header_2_line_height=\u00bb1.8em\u00bb header_3_font=\u00bbWork Sans||||||||\u00bb header_3_text_align=\u00bbleft\u00bb header_3_text_color=\u00bb#111112&#8243; header_3_font_size=\u00bb24px\u00bb header_3_line_height=\u00bb1.2em\u00bb custom_margin=\u00bb0px||0px||false|false\u00bb custom_padding=\u00bb0px||0px||false|false\u00bb global_colors_info=\u00bb{}\u00bb]<\/p>\n<h2>Gerard Rinc\u00f3n Andreu<\/h2>\n<p>[\/et_pb_text][\/et_pb_column][et_pb_column type=\u00bb1_4&#8243; admin_label=\u00bbMarta\u00bb _builder_version=\u00bb4.27.3&#8243; _module_preset=\u00bbdefault\u00bb transform_translate_linked__hover=\u00bboff\u00bb custom_padding=\u00bb|15px||15px|false|false\u00bb custom_padding_tablet=\u00bb|15px||15px|false|false\u00bb custom_padding_phone=\u00bb|0px||0px|false|false\u00bb custom_padding_last_edited=\u00bbon|phone\u00bb link_option_url=\u00bbhttps:\/\/fernandezadvocats.es\/es\/equip\/marta-nasarre-rosell\/\u00bb global_colors_info=\u00bb{}\u00bb transform_styles__hover_enabled=\u00bbon|hover\u00bb transform_scale__hover_enabled=\u00bbon|hover\u00bb transform_translate__hover_enabled=\u00bbon|hover\u00bb transform_rotate__hover_enabled=\u00bbon|desktop\u00bb transform_skew__hover_enabled=\u00bbon|desktop\u00bb transform_origin__hover_enabled=\u00bbon|desktop\u00bb transform_translate__hover=\u00bb0px|-5px\u00bb][et_pb_image src=\u00bbhttps:\/\/fernandezadvocats.es\/wp-content\/uploads\/2024\/11\/W5A8270-scaled.jpg\u00bb title_text=\u00bb_W5A8270&#8243; force_fullwidth=\u00bbon\u00bb admin_label=\u00bbImagen &#8211; Marta Nasarre Rosell<br \/>\n\u00bb _builder_version=\u00bb4.27.2&#8243; _module_preset=\u00bbdefault\u00bb custom_margin=\u00bb0px||20px||false|false\u00bb custom_padding=\u00bb0px||0px||false|false\u00bb border_radii=\u00bbon|10px|10px|10px|10px\u00bb global_colors_info=\u00bb{}\u00bb][\/et_pb_image][et_pb_text admin_label=\u00bbMarta Nasarre Rosell\u00bb _builder_version=\u00bb4.27.2&#8243; _module_preset=\u00bbdefault\u00bb header_2_font=\u00bbWork Sans||||||||\u00bb header_2_text_color=\u00bb#111112&#8243; header_2_font_size=\u00bb1.5em\u00bb header_2_line_height=\u00bb1.8em\u00bb header_3_font=\u00bbWork Sans||||||||\u00bb header_3_text_align=\u00bbleft\u00bb header_3_text_color=\u00bb#111112&#8243; header_3_font_size=\u00bb24px\u00bb header_3_line_height=\u00bb1.2em\u00bb custom_margin=\u00bb0px||0px||false|false\u00bb custom_padding=\u00bb0px||0px||false|false\u00bb global_colors_info=\u00bb{}\u00bb]<\/p>\n<h2>Marta Nasarre Rosell<\/h2>\n<p>[\/et_pb_text][\/et_pb_column][et_pb_column type=\u00bb1_4&#8243; admin_label=\u00bbJaume Pall\u00e9 Porta\u00bb _builder_version=\u00bb4.27.3&#8243; _module_preset=\u00bbdefault\u00bb transform_translate_linked__hover=\u00bboff\u00bb custom_padding=\u00bb|15px||15px|false|false\u00bb custom_padding_tablet=\u00bb|15px||15px|false|false\u00bb custom_padding_phone=\u00bb|0px||0px|false|false\u00bb custom_padding_last_edited=\u00bbon|phone\u00bb link_option_url=\u00bbhttps:\/\/fernandezadvocats.es\/es\/equipo\/jaume-palle-porta\/\u00bb global_colors_info=\u00bb{}\u00bb transform_styles__hover_enabled=\u00bbon|hover\u00bb transform_scale__hover_enabled=\u00bbon|hover\u00bb transform_translate__hover_enabled=\u00bbon|hover\u00bb transform_rotate__hover_enabled=\u00bbon|desktop\u00bb transform_skew__hover_enabled=\u00bbon|desktop\u00bb transform_origin__hover_enabled=\u00bbon|desktop\u00bb transform_translate__hover=\u00bb0px|-5px\u00bb][et_pb_image src=\u00bbhttps:\/\/fernandezadvocats.es\/wp-content\/uploads\/2024\/11\/W5A8367-scaled.jpg\u00bb title_text=\u00bb_W5A8367&#8243; force_fullwidth=\u00bbon\u00bb admin_label=\u00bbImagen &#8211; Jaume Pall\u00e9 Porta<br \/>\n\u00bb _builder_version=\u00bb4.27.2&#8243; _module_preset=\u00bbdefault\u00bb custom_margin=\u00bb0px||20px||false|false\u00bb custom_padding=\u00bb0px||0px||false|false\u00bb border_radii=\u00bbon|10px|10px|10px|10px\u00bb global_colors_info=\u00bb{}\u00bb][\/et_pb_image][et_pb_text admin_label=\u00bbJaume Pall\u00e9 Porta\u00bb _builder_version=\u00bb4.27.2&#8243; _module_preset=\u00bbdefault\u00bb header_2_font=\u00bbWork Sans||||||||\u00bb header_2_text_color=\u00bb#111112&#8243; header_2_font_size=\u00bb1.5em\u00bb header_2_line_height=\u00bb1.8em\u00bb header_3_font=\u00bbWork Sans||||||||\u00bb header_3_text_align=\u00bbleft\u00bb header_3_text_color=\u00bb#111112&#8243; header_3_font_size=\u00bb24px\u00bb header_3_line_height=\u00bb1.2em\u00bb custom_margin=\u00bb0px||0px||false|false\u00bb custom_padding=\u00bb0px||0px||false|false\u00bb global_colors_info=\u00bb{}\u00bb]<\/p>\n<h2>Jaume Pall\u00e9 Porta<\/h2>\n<p>[\/et_pb_text][\/et_pb_column][\/et_pb_row][et_pb_row column_structure=\u00bb1_4,1_4,1_4,1_4&#8243; use_custom_gutter=\u00bbon\u00bb gutter_width=\u00bb1&#8243; make_equal=\u00bbon\u00bb admin_label=\u00bbRam\u00f3n Fern\u00e1ndez Cabra\u00bb _builder_version=\u00bb4.27.3&#8243; _module_preset=\u00bbdefault\u00bb width=\u00bb90%\u00bb max_width=\u00bb1320px\u00bb custom_margin=\u00bb||||false|false\u00bb custom_padding=\u00bb||||false|false\u00bb locked=\u00bboff\u00bb global_colors_info=\u00bb{}\u00bb][et_pb_column type=\u00bb1_4&#8243; admin_label=\u00bbNativitat\u00bb _builder_version=\u00bb4.27.3&#8243; _module_preset=\u00bbdefault\u00bb transform_translate_linked__hover=\u00bboff\u00bb custom_padding=\u00bb|15px||15px|false|false\u00bb custom_padding_tablet=\u00bb|15px||15px|false|false\u00bb custom_padding_phone=\u00bb|0px||0px|false|false\u00bb custom_padding_last_edited=\u00bbon|phone\u00bb link_option_url=\u00bbhttps:\/\/fernandezadvocats.es\/es\/equip\/nativitat-macarro-luceno\/\u00bb global_colors_info=\u00bb{}\u00bb transform_styles__hover_enabled=\u00bbon|desktop\u00bb transform_scale__hover_enabled=\u00bbon|hover\u00bb transform_translate__hover_enabled=\u00bbon|desktop\u00bb transform_rotate__hover_enabled=\u00bbon|desktop\u00bb transform_skew__hover_enabled=\u00bbon|desktop\u00bb transform_origin__hover_enabled=\u00bbon|desktop\u00bb transform_translate__hover=\u00bb0px|-5px\u00bb][et_pb_image src=\u00bbhttps:\/\/fernandezadvocats.es\/wp-content\/uploads\/2024\/12\/nati_1.jpg\u00bb title_text=\u00bbnati_1&#8243; force_fullwidth=\u00bbon\u00bb admin_label=\u00bbImagen &#8211; Nativitat Macarro Luce\u00f1o<br \/>\n\u00bb _builder_version=\u00bb4.27.3&#8243; _module_preset=\u00bbdefault\u00bb custom_margin=\u00bb0px||20px||false|false\u00bb custom_padding=\u00bb0px||0px||false|false\u00bb border_radii=\u00bbon|10px|10px|10px|10px\u00bb global_colors_info=\u00bb{}\u00bb][\/et_pb_image][et_pb_text admin_label=\u00bbNativitat Macarro Luce\u00f1o\u00bb _builder_version=\u00bb4.27.2&#8243; _module_preset=\u00bbdefault\u00bb header_2_font=\u00bbWork Sans||||||||\u00bb header_2_text_color=\u00bb#111112&#8243; header_2_font_size=\u00bb1.5em\u00bb header_2_line_height=\u00bb1.8em\u00bb header_3_font=\u00bbWork Sans||||||||\u00bb header_3_text_align=\u00bbleft\u00bb header_3_text_color=\u00bb#111112&#8243; header_3_font_size=\u00bb24px\u00bb header_3_line_height=\u00bb1.2em\u00bb custom_margin=\u00bb0px||0px||false|false\u00bb custom_padding=\u00bb0px||0px||false|false\u00bb global_colors_info=\u00bb{}\u00bb]<\/p>\n<h2>Nativitat Macarro Luce\u00f1o<\/h2>\n<p>[\/et_pb_text][\/et_pb_column][et_pb_column type=\u00bb1_4&#8243; admin_label=\u00bbMar\u00eda Yolanda\u00bb _builder_version=\u00bb4.27.3&#8243; _module_preset=\u00bbdefault\u00bb transform_translate_linked__hover=\u00bboff\u00bb custom_padding=\u00bb|15px||15px|false|false\u00bb custom_padding_tablet=\u00bb|15px||15px|false|false\u00bb custom_padding_phone=\u00bb|0px||0px|false|false\u00bb custom_padding_last_edited=\u00bbon|phone\u00bb link_option_url=\u00bbhttps:\/\/fernandezadvocats.es\/es\/equip\/maria-yolanda-galindo-sarabia\/\u00bb global_colors_info=\u00bb{}\u00bb transform_styles__hover_enabled=\u00bbon|hover\u00bb transform_scale__hover_enabled=\u00bbon|hover\u00bb transform_translate__hover_enabled=\u00bbon|hover\u00bb transform_rotate__hover_enabled=\u00bbon|desktop\u00bb transform_skew__hover_enabled=\u00bbon|desktop\u00bb transform_origin__hover_enabled=\u00bbon|desktop\u00bb transform_translate__hover=\u00bb0px|-5px\u00bb][et_pb_image src=\u00bbhttps:\/\/fernandezadvocats.es\/wp-content\/uploads\/2024\/11\/W5A8123-scaled.jpg\u00bb title_text=\u00bb_W5A8123&#8243; force_fullwidth=\u00bbon\u00bb admin_label=\u00bbImagen &#8211; Yolanda\u00bb _builder_version=\u00bb4.27.3&#8243; _module_preset=\u00bbdefault\u00bb custom_margin=\u00bb0px||20px||false|false\u00bb custom_padding=\u00bb0px||0px||false|false\u00bb border_radii=\u00bbon|10px|10px|10px|10px\u00bb global_colors_info=\u00bb{}\u00bb][\/et_pb_image][et_pb_text admin_label=\u00bbMaria Yolanda Galindo Sarabia\u00bb _builder_version=\u00bb4.27.3&#8243; _module_preset=\u00bbdefault\u00bb header_2_font=\u00bbWork Sans||||||||\u00bb header_2_text_color=\u00bb#111112&#8243; header_2_font_size=\u00bb1.5em\u00bb header_2_line_height=\u00bb1.8em\u00bb header_3_font=\u00bbWork Sans||||||||\u00bb header_3_text_align=\u00bbleft\u00bb header_3_text_color=\u00bb#111112&#8243; header_3_font_size=\u00bb24px\u00bb header_3_line_height=\u00bb1.2em\u00bb custom_margin=\u00bb0px||0px||false|false\u00bb custom_padding=\u00bb0px||0px||false|false\u00bb global_colors_info=\u00bb{}\u00bb]<\/p>\n<h2>Maria Yolanda Galindo Sarabia<\/h2>\n<p>[\/et_pb_text][\/et_pb_column][et_pb_column type=\u00bb1_4&#8243; admin_label=\u00bbQueralt\u00bb _builder_version=\u00bb4.27.3&#8243; _module_preset=\u00bbdefault\u00bb transform_translate_linked__hover=\u00bboff\u00bb custom_padding=\u00bb|15px||15px|false|false\u00bb custom_padding_tablet=\u00bb|15px||15px|false|false\u00bb custom_padding_phone=\u00bb|0px||0px|false|false\u00bb custom_padding_last_edited=\u00bbon|phone\u00bb link_option_url=\u00bbhttps:\/\/fernandezadvocats.es\/es\/equip\/queralt-pons-ballara\/\u00bb global_colors_info=\u00bb{}\u00bb transform_styles__hover_enabled=\u00bbon|hover\u00bb transform_scale__hover_enabled=\u00bbon|hover\u00bb transform_translate__hover_enabled=\u00bbon|hover\u00bb transform_rotate__hover_enabled=\u00bbon|desktop\u00bb transform_skew__hover_enabled=\u00bbon|desktop\u00bb transform_origin__hover_enabled=\u00bbon|desktop\u00bb transform_translate__hover=\u00bb0px|-5px\u00bb][et_pb_image src=\u00bbhttps:\/\/fernandezadvocats.es\/wp-content\/uploads\/2024\/11\/W5A8154-scaled.jpg\u00bb title_text=\u00bb_W5A8154&#8243; force_fullwidth=\u00bbon\u00bb admin_label=\u00bbImagen &#8211; Queralt Pons Ballar\u00e0\u00bb _builder_version=\u00bb4.27.2&#8243; _module_preset=\u00bbdefault\u00bb custom_margin=\u00bb0px||20px||false|false\u00bb custom_padding=\u00bb0px||0px||false|false\u00bb border_radii=\u00bbon|10px|10px|10px|10px\u00bb global_colors_info=\u00bb{}\u00bb][\/et_pb_image][et_pb_text admin_label=\u00bbQueralt Pons Ballar\u00e0\u00bb _builder_version=\u00bb4.27.2&#8243; _module_preset=\u00bbdefault\u00bb header_2_font=\u00bbWork Sans||||||||\u00bb header_2_text_color=\u00bb#111112&#8243; header_2_font_size=\u00bb1.5em\u00bb header_2_line_height=\u00bb1.8em\u00bb header_3_font=\u00bbWork Sans||||||||\u00bb header_3_text_align=\u00bbleft\u00bb header_3_text_color=\u00bb#111112&#8243; header_3_font_size=\u00bb24px\u00bb header_3_line_height=\u00bb1.2em\u00bb custom_margin=\u00bb0px||0px||false|false\u00bb custom_padding=\u00bb0px||0px||false|false\u00bb global_colors_info=\u00bb{}\u00bb]<\/p>\n<h2>Queralt Pons Ballar\u00e0<\/h2>\n<p>[\/et_pb_text][\/et_pb_column][et_pb_column type=\u00bb1_4&#8243; admin_label=\u00bbToni Campos Amaral\u00bb _builder_version=\u00bb4.27.3&#8243; _module_preset=\u00bbdefault\u00bb transform_translate_linked__hover=\u00bboff\u00bb custom_padding=\u00bb|15px||15px|false|false\u00bb custom_padding_tablet=\u00bb|15px||15px|false|false\u00bb custom_padding_phone=\u00bb|0px||0px|false|false\u00bb custom_padding_last_edited=\u00bbon|phone\u00bb link_option_url=\u00bbhttps:\/\/fernandezadvocats.es\/es\/equipo\/toni-campos-amaral\/\u00bb global_colors_info=\u00bb{}\u00bb transform_styles__hover_enabled=\u00bbon|hover\u00bb transform_scale__hover_enabled=\u00bbon|hover\u00bb transform_translate__hover_enabled=\u00bbon|hover\u00bb transform_rotate__hover_enabled=\u00bbon|desktop\u00bb transform_skew__hover_enabled=\u00bbon|desktop\u00bb transform_origin__hover_enabled=\u00bbon|desktop\u00bb transform_translate__hover=\u00bb0px|-5px\u00bb][et_pb_image src=\u00bbhttps:\/\/fernandezadvocats.es\/wp-content\/uploads\/2024\/12\/W5A8471-scaled.jpg\u00bb title_text=\u00bb_W5A8471&#8243; force_fullwidth=\u00bbon\u00bb admin_label=\u00bbImagen &#8211; Toni Campos Amaral<br \/>\n\u00bb _builder_version=\u00bb4.27.3&#8243; _module_preset=\u00bbdefault\u00bb custom_margin=\u00bb0px||20px||false|false\u00bb custom_padding=\u00bb0px||0px||false|false\u00bb border_radii=\u00bbon|10px|10px|10px|10px\u00bb global_colors_info=\u00bb{}\u00bb][\/et_pb_image][et_pb_text admin_label=\u00bbToni Campos Amaral\u00bb _builder_version=\u00bb4.27.3&#8243; _module_preset=\u00bbdefault\u00bb header_2_font=\u00bbWork Sans||||||||\u00bb header_2_text_color=\u00bb#111112&#8243; header_2_font_size=\u00bb1.5em\u00bb header_2_line_height=\u00bb1.8em\u00bb header_3_font=\u00bbWork Sans||||||||\u00bb header_3_text_align=\u00bbleft\u00bb header_3_text_color=\u00bb#111112&#8243; header_3_font_size=\u00bb24px\u00bb header_3_line_height=\u00bb1.2em\u00bb custom_margin=\u00bb0px||0px||false|false\u00bb custom_padding=\u00bb0px||0px||false|false\u00bb global_colors_info=\u00bb{}\u00bb]<\/p>\n<h2>Toni Campos Amaral<\/h2>\n<p>[\/et_pb_text][\/et_pb_column][\/et_pb_row][et_pb_row column_structure=\u00bb1_4,1_4,1_4,1_4&#8243; use_custom_gutter=\u00bbon\u00bb gutter_width=\u00bb1&#8243; make_equal=\u00bbon\u00bb admin_label=\u00bbRam\u00f3n Fern\u00e1ndez Cabra\u00bb _builder_version=\u00bb4.27.3&#8243; _module_preset=\u00bbdefault\u00bb width=\u00bb90%\u00bb max_width=\u00bb1320px\u00bb custom_margin=\u00bb||||false|false\u00bb custom_padding=\u00bb||||false|false\u00bb locked=\u00bboff\u00bb global_colors_info=\u00bb{}\u00bb][et_pb_column type=\u00bb1_4&#8243; admin_label=\u00bbElisabet\u00bb _builder_version=\u00bb4.27.3&#8243; _module_preset=\u00bbdefault\u00bb transform_translate_linked__hover=\u00bboff\u00bb custom_padding=\u00bb|15px||15px|false|false\u00bb custom_padding_tablet=\u00bb|15px||15px|false|false\u00bb custom_padding_phone=\u00bb|0px||0px|false|false\u00bb custom_padding_last_edited=\u00bbon|phone\u00bb link_option_url=\u00bbhttp:\/\/fernandezadvocats.es\/equip\/elisabet-vilalta-venturos\/\u00bb global_colors_info=\u00bb{}\u00bb transform_styles__hover_enabled=\u00bbon|desktop\u00bb transform_scale__hover_enabled=\u00bbon|hover\u00bb transform_translate__hover_enabled=\u00bbon|desktop\u00bb transform_rotate__hover_enabled=\u00bbon|desktop\u00bb transform_skew__hover_enabled=\u00bbon|desktop\u00bb transform_origin__hover_enabled=\u00bbon|desktop\u00bb transform_translate__hover=\u00bb0px|-5px\u00bb][et_pb_image src=\u00bbhttps:\/\/fernandezadvocats.es\/wp-content\/uploads\/2024\/11\/W5A8438-scaled.jpg\u00bb title_text=\u00bb_W5A8438&#8243; force_fullwidth=\u00bbon\u00bb admin_label=\u00bbImagen &#8211; Eli\u00bb _builder_version=\u00bb4.27.2&#8243; _module_preset=\u00bbdefault\u00bb custom_margin=\u00bb0px||20px||false|false\u00bb custom_padding=\u00bb0px||0px||false|false\u00bb border_radii=\u00bbon|10px|10px|10px|10px\u00bb global_colors_info=\u00bb{}\u00bb][\/et_pb_image][et_pb_text admin_label=\u00bbElisabet Vilalta Ventur\u00f3s<br \/>\n\u00bb _builder_version=\u00bb4.27.3&#8243; _module_preset=\u00bbdefault\u00bb header_2_font=\u00bbWork Sans||||||||\u00bb header_2_text_color=\u00bb#111112&#8243; header_2_font_size=\u00bb1.5em\u00bb header_2_line_height=\u00bb1.8em\u00bb header_3_font=\u00bbWork Sans||||||||\u00bb header_3_text_align=\u00bbleft\u00bb header_3_text_color=\u00bb#111112&#8243; header_3_font_size=\u00bb24px\u00bb header_3_line_height=\u00bb1.2em\u00bb custom_margin=\u00bb0px||0px||false|false\u00bb custom_padding=\u00bb0px||0px||false|false\u00bb global_colors_info=\u00bb{}\u00bb]<\/p>\n<h2>Elisabet Vilalta Ventur\u00f3s<\/h2>\n<p>[\/et_pb_text][\/et_pb_column][et_pb_column type=\u00bb1_4&#8243; admin_label=\u00bbDaniel\u00bb _builder_version=\u00bb4.27.3&#8243; _module_preset=\u00bbdefault\u00bb transform_translate_linked__hover=\u00bboff\u00bb custom_padding=\u00bb|15px||15px|false|false\u00bb custom_padding_tablet=\u00bb|15px||15px|false|false\u00bb custom_padding_phone=\u00bb|0px||0px|false|false\u00bb custom_padding_last_edited=\u00bbon|phone\u00bb link_option_url=\u00bbhttp:\/\/fernandezadvocats.es\/equip\/daniel-romero-romero\/\u00bb global_colors_info=\u00bb{}\u00bb transform_styles__hover_enabled=\u00bbon|hover\u00bb transform_scale__hover_enabled=\u00bbon|hover\u00bb transform_translate__hover_enabled=\u00bbon|hover\u00bb transform_rotate__hover_enabled=\u00bbon|desktop\u00bb transform_skew__hover_enabled=\u00bbon|desktop\u00bb transform_origin__hover_enabled=\u00bbon|desktop\u00bb transform_translate__hover=\u00bb0px|-5px\u00bb][et_pb_image src=\u00bbhttps:\/\/fernandezadvocats.es\/wp-content\/uploads\/2024\/11\/W5A8114-scaled.jpg\u00bb title_text=\u00bb_W5A8114&#8243; force_fullwidth=\u00bbon\u00bb admin_label=\u00bbImagen &#8211; Daniel Romero Romero<br \/>\n\u00bb _builder_version=\u00bb4.27.2&#8243; _module_preset=\u00bbdefault\u00bb custom_margin=\u00bb0px||20px||false|false\u00bb custom_padding=\u00bb0px||0px||false|false\u00bb border_radii=\u00bbon|10px|10px|10px|10px\u00bb global_colors_info=\u00bb{}\u00bb][\/et_pb_image][et_pb_text admin_label=\u00bbDaniel Romero Romero\u00bb _builder_version=\u00bb4.27.2&#8243; _module_preset=\u00bbdefault\u00bb header_2_font=\u00bbWork Sans||||||||\u00bb header_2_text_color=\u00bb#111112&#8243; header_2_font_size=\u00bb1.5em\u00bb header_2_line_height=\u00bb1.8em\u00bb header_3_font=\u00bbWork Sans||||||||\u00bb header_3_text_align=\u00bbleft\u00bb header_3_text_color=\u00bb#111112&#8243; header_3_font_size=\u00bb24px\u00bb header_3_line_height=\u00bb1.2em\u00bb custom_margin=\u00bb0px||0px||false|false\u00bb custom_padding=\u00bb0px||0px||false|false\u00bb global_colors_info=\u00bb{}\u00bb]<\/p>\n<h2>Daniel Romero Romero<\/h2>\n<p>[\/et_pb_text][\/et_pb_column][et_pb_column type=\u00bb1_4&#8243; _builder_version=\u00bb4.27.3&#8243; _module_preset=\u00bbdefault\u00bb transform_translate_linked__hover=\u00bboff\u00bb custom_padding=\u00bb|15px||15px|false|false\u00bb custom_padding_tablet=\u00bb|15px||15px|false|false\u00bb custom_padding_phone=\u00bb|0px||0px|false|false\u00bb custom_padding_last_edited=\u00bbon|phone\u00bb global_colors_info=\u00bb{}\u00bb transform_styles__hover_enabled=\u00bbon|hover\u00bb transform_scale__hover_enabled=\u00bbon|hover\u00bb transform_translate__hover_enabled=\u00bbon|hover\u00bb transform_rotate__hover_enabled=\u00bbon|desktop\u00bb transform_skew__hover_enabled=\u00bbon|desktop\u00bb transform_origin__hover_enabled=\u00bbon|desktop\u00bb transform_translate__hover=\u00bb0px|-5px\u00bb][\/et_pb_column][et_pb_column type=\u00bb1_4&#8243; _builder_version=\u00bb4.27.3&#8243; _module_preset=\u00bbdefault\u00bb transform_translate_linked__hover=\u00bboff\u00bb custom_padding=\u00bb|15px||15px|false|false\u00bb custom_padding_tablet=\u00bb|15px||15px|false|false\u00bb custom_padding_phone=\u00bb|0px||0px|false|false\u00bb custom_padding_last_edited=\u00bbon|phone\u00bb global_colors_info=\u00bb{}\u00bb transform_styles__hover_enabled=\u00bbon|hover\u00bb transform_scale__hover_enabled=\u00bbon|hover\u00bb transform_translate__hover_enabled=\u00bbon|hover\u00bb transform_rotate__hover_enabled=\u00bbon|desktop\u00bb transform_skew__hover_enabled=\u00bbon|desktop\u00bb transform_origin__hover_enabled=\u00bbon|desktop\u00bb transform_translate__hover=\u00bb0px|-5px\u00bb][\/et_pb_column][\/et_pb_row][\/et_pb_section]<\/p>\n","protected":false},"excerpt":{"rendered":"<p>Nuestro equipo Equipo experto y soluciones legales innovadorasExperiencia y compromiso en cada caso &nbsp; Cada miembro aporta conocimientos espec\u00edficos y un enfoque dedicado para ofrecer un servicio completo y personalizado a nuestros clientes. Con una combinaci\u00f3n de talento joven y profesionales de reconocida trayectoria, nos esforzamos por mantenernos al d\u00eda con los cambios legislativos y [&hellip;]<\/p>\n","protected":false},"author":1,"featured_media":0,"parent":0,"menu_order":0,"comment_status":"closed","ping_status":"closed","template":"","meta":{"_et_pb_use_builder":"on","_et_pb_old_content":"","_et_gb_content_width":"","footnotes":""},"class_list":["post-90372","page","type-page","status-publish","hentry"],"yoast_head":"<!-- This site is optimized with the Yoast SEO plugin v27.1.1 - https:\/\/yoast.com\/product\/yoast-seo-wordpress\/ -->\n<title>Equipo | Despacho Fern\u00e1ndez Advocats: Experiencia y Profesionalidad<\/title>\n<meta name=\"description\" content=\"Conozca al equipo de Fern\u00e1ndez Advocats, abogados especializados con amplia experiencia en diversas \u00e1reas legales. Profesionales al servicio de sus necesidades.\" \/>\n<meta name=\"robots\" content=\"index, follow, max-snippet:-1, max-image-preview:large, max-video-preview:-1\" \/>\n<link rel=\"canonical\" href=\"https:\/\/fernandezadvocats.es\/es\/equipo\/\" \/>\n<meta property=\"og:locale\" content=\"es_ES\" \/>\n<meta property=\"og:type\" content=\"article\" \/>\n<meta property=\"og:title\" content=\"Equipo | Despacho Fern\u00e1ndez Advocats: Experiencia y Profesionalidad\" \/>\n<meta property=\"og:description\" content=\"Conozca al equipo de Fern\u00e1ndez Advocats, abogados especializados con amplia experiencia en diversas \u00e1reas legales. Profesionales al servicio de sus necesidades.\" \/>\n<meta property=\"og:url\" content=\"https:\/\/fernandezadvocats.es\/es\/equipo\/\" \/>\n<meta property=\"og:site_name\" content=\"Fern\u00e1ndez Advocats\" \/>\n<meta property=\"article:modified_time\" content=\"2026-03-02T20:30:55+00:00\" \/>\n<meta property=\"og:image\" content=\"http:\/\/fernandezadvocats.es\/wp-content\/uploads\/2024\/12\/Ramon-removebg-preview_1.png\" \/>\n<meta name=\"twitter:card\" content=\"summary_large_image\" \/>\n<meta name=\"twitter:label1\" content=\"Tiempo de lectura\" \/>\n\t<meta name=\"twitter:data1\" content=\"4 minutos\" \/>\n<script type=\"application\/ld+json\" class=\"yoast-schema-graph\">{\"@context\":\"https:\/\/schema.org\",\"@graph\":[{\"@type\":\"WebPage\",\"@id\":\"https:\/\/fernandezadvocats.es\/es\/equipo\/\",\"url\":\"https:\/\/fernandezadvocats.es\/es\/equipo\/\",\"name\":\"Equipo | Despacho Fern\u00e1ndez Advocats: Experiencia y Profesionalidad\",\"isPartOf\":{\"@id\":\"https:\/\/fernandezadvocats.es\/#website\"},\"primaryImageOfPage\":{\"@id\":\"https:\/\/fernandezadvocats.es\/es\/equipo\/#primaryimage\"},\"image\":{\"@id\":\"https:\/\/fernandezadvocats.es\/es\/equipo\/#primaryimage\"},\"thumbnailUrl\":\"http:\/\/fernandezadvocats.es\/wp-content\/uploads\/2024\/12\/Ramon-removebg-preview_1.png\",\"datePublished\":\"2024-10-31T15:26:51+00:00\",\"dateModified\":\"2026-03-02T20:30:55+00:00\",\"description\":\"Conozca al equipo de Fern\u00e1ndez Advocats, abogados especializados con amplia experiencia en diversas \u00e1reas legales. Profesionales al servicio de sus necesidades.\",\"breadcrumb\":{\"@id\":\"https:\/\/fernandezadvocats.es\/es\/equipo\/#breadcrumb\"},\"inLanguage\":\"es\",\"potentialAction\":[{\"@type\":\"ReadAction\",\"target\":[\"https:\/\/fernandezadvocats.es\/es\/equipo\/\"]}]},{\"@type\":\"ImageObject\",\"inLanguage\":\"es\",\"@id\":\"https:\/\/fernandezadvocats.es\/es\/equipo\/#primaryimage\",\"url\":\"http:\/\/fernandezadvocats.es\/wp-content\/uploads\/2024\/12\/Ramon-removebg-preview_1.png\",\"contentUrl\":\"http:\/\/fernandezadvocats.es\/wp-content\/uploads\/2024\/12\/Ramon-removebg-preview_1.png\"},{\"@type\":\"BreadcrumbList\",\"@id\":\"https:\/\/fernandezadvocats.es\/es\/equipo\/#breadcrumb\",\"itemListElement\":[{\"@type\":\"ListItem\",\"position\":1,\"name\":\"Portada\",\"item\":\"https:\/\/fernandezadvocats.es\/es\/fernandez-advocats-berga\/\"},{\"@type\":\"ListItem\",\"position\":2,\"name\":\"EQUIPO\"}]},{\"@type\":\"WebSite\",\"@id\":\"https:\/\/fernandezadvocats.es\/#website\",\"url\":\"https:\/\/fernandezadvocats.es\/\",\"name\":\"Fern\u00e1ndez Advocats\",\"description\":\"Advocats Berga i Barcelona\",\"publisher\":{\"@id\":\"https:\/\/fernandezadvocats.es\/#organization\"},\"alternateName\":\"Abogados Berga y Bracelona\",\"potentialAction\":[{\"@type\":\"SearchAction\",\"target\":{\"@type\":\"EntryPoint\",\"urlTemplate\":\"https:\/\/fernandezadvocats.es\/?s={search_term_string}\"},\"query-input\":{\"@type\":\"PropertyValueSpecification\",\"valueRequired\":true,\"valueName\":\"search_term_string\"}}],\"inLanguage\":\"es\"},{\"@type\":\"Organization\",\"@id\":\"https:\/\/fernandezadvocats.es\/#organization\",\"name\":\"Fern\u00e1ndez Advocats\",\"url\":\"https:\/\/fernandezadvocats.es\/\",\"logo\":{\"@type\":\"ImageObject\",\"inLanguage\":\"es\",\"@id\":\"https:\/\/fernandezadvocats.es\/#\/schema\/logo\/image\/\",\"url\":\"https:\/\/fernandezadvocats.es\/wp-content\/uploads\/2024\/11\/cropped-BF-e1731427554424.png\",\"contentUrl\":\"https:\/\/fernandezadvocats.es\/wp-content\/uploads\/2024\/11\/cropped-BF-e1731427554424.png\",\"width\":512,\"height\":512,\"caption\":\"Fern\u00e1ndez Advocats\"},\"image\":{\"@id\":\"https:\/\/fernandezadvocats.es\/#\/schema\/logo\/image\/\"}}]}<\/script>\n<!-- \/ Yoast SEO plugin. -->","yoast_head_json":{"title":"Equipo | Despacho Fern\u00e1ndez Advocats: Experiencia y Profesionalidad","description":"Conozca al equipo de Fern\u00e1ndez Advocats, abogados especializados con amplia experiencia en diversas \u00e1reas legales. Profesionales al servicio de sus necesidades.","robots":{"index":"index","follow":"follow","max-snippet":"max-snippet:-1","max-image-preview":"max-image-preview:large","max-video-preview":"max-video-preview:-1"},"canonical":"https:\/\/fernandezadvocats.es\/es\/equipo\/","og_locale":"es_ES","og_type":"article","og_title":"Equipo | Despacho Fern\u00e1ndez Advocats: Experiencia y Profesionalidad","og_description":"Conozca al equipo de Fern\u00e1ndez Advocats, abogados especializados con amplia experiencia en diversas \u00e1reas legales. Profesionales al servicio de sus necesidades.","og_url":"https:\/\/fernandezadvocats.es\/es\/equipo\/","og_site_name":"Fern\u00e1ndez Advocats","article_modified_time":"2026-03-02T20:30:55+00:00","og_image":[{"url":"http:\/\/fernandezadvocats.es\/wp-content\/uploads\/2024\/12\/Ramon-removebg-preview_1.png","type":"","width":"","height":""}],"twitter_card":"summary_large_image","twitter_misc":{"Tiempo de lectura":"4 minutos"},"schema":{"@context":"https:\/\/schema.org","@graph":[{"@type":"WebPage","@id":"https:\/\/fernandezadvocats.es\/es\/equipo\/","url":"https:\/\/fernandezadvocats.es\/es\/equipo\/","name":"Equipo | Despacho Fern\u00e1ndez Advocats: Experiencia y Profesionalidad","isPartOf":{"@id":"https:\/\/fernandezadvocats.es\/#website"},"primaryImageOfPage":{"@id":"https:\/\/fernandezadvocats.es\/es\/equipo\/#primaryimage"},"image":{"@id":"https:\/\/fernandezadvocats.es\/es\/equipo\/#primaryimage"},"thumbnailUrl":"http:\/\/fernandezadvocats.es\/wp-content\/uploads\/2024\/12\/Ramon-removebg-preview_1.png","datePublished":"2024-10-31T15:26:51+00:00","dateModified":"2026-03-02T20:30:55+00:00","description":"Conozca al equipo de Fern\u00e1ndez Advocats, abogados especializados con amplia experiencia en diversas \u00e1reas legales. Profesionales al servicio de sus necesidades.","breadcrumb":{"@id":"https:\/\/fernandezadvocats.es\/es\/equipo\/#breadcrumb"},"inLanguage":"es","potentialAction":[{"@type":"ReadAction","target":["https:\/\/fernandezadvocats.es\/es\/equipo\/"]}]},{"@type":"ImageObject","inLanguage":"es","@id":"https:\/\/fernandezadvocats.es\/es\/equipo\/#primaryimage","url":"http:\/\/fernandezadvocats.es\/wp-content\/uploads\/2024\/12\/Ramon-removebg-preview_1.png","contentUrl":"http:\/\/fernandezadvocats.es\/wp-content\/uploads\/2024\/12\/Ramon-removebg-preview_1.png"},{"@type":"BreadcrumbList","@id":"https:\/\/fernandezadvocats.es\/es\/equipo\/#breadcrumb","itemListElement":[{"@type":"ListItem","position":1,"name":"Portada","item":"https:\/\/fernandezadvocats.es\/es\/fernandez-advocats-berga\/"},{"@type":"ListItem","position":2,"name":"EQUIPO"}]},{"@type":"WebSite","@id":"https:\/\/fernandezadvocats.es\/#website","url":"https:\/\/fernandezadvocats.es\/","name":"Fern\u00e1ndez Advocats","description":"Advocats Berga i Barcelona","publisher":{"@id":"https:\/\/fernandezadvocats.es\/#organization"},"alternateName":"Abogados Berga y Bracelona","potentialAction":[{"@type":"SearchAction","target":{"@type":"EntryPoint","urlTemplate":"https:\/\/fernandezadvocats.es\/?s={search_term_string}"},"query-input":{"@type":"PropertyValueSpecification","valueRequired":true,"valueName":"search_term_string"}}],"inLanguage":"es"},{"@type":"Organization","@id":"https:\/\/fernandezadvocats.es\/#organization","name":"Fern\u00e1ndez Advocats","url":"https:\/\/fernandezadvocats.es\/","logo":{"@type":"ImageObject","inLanguage":"es","@id":"https:\/\/fernandezadvocats.es\/#\/schema\/logo\/image\/","url":"https:\/\/fernandezadvocats.es\/wp-content\/uploads\/2024\/11\/cropped-BF-e1731427554424.png","contentUrl":"https:\/\/fernandezadvocats.es\/wp-content\/uploads\/2024\/11\/cropped-BF-e1731427554424.png","width":512,"height":512,"caption":"Fern\u00e1ndez Advocats"},"image":{"@id":"https:\/\/fernandezadvocats.es\/#\/schema\/logo\/image\/"}}]}},"_links":{"self":[{"href":"https:\/\/fernandezadvocats.es\/es\/wp-json\/wp\/v2\/pages\/90372","targetHints":{"allow":["GET"]}}],"collection":[{"href":"https:\/\/fernandezadvocats.es\/es\/wp-json\/wp\/v2\/pages"}],"about":[{"href":"https:\/\/fernandezadvocats.es\/es\/wp-json\/wp\/v2\/types\/page"}],"author":[{"embeddable":true,"href":"https:\/\/fernandezadvocats.es\/es\/wp-json\/wp\/v2\/users\/1"}],"replies":[{"embeddable":true,"href":"https:\/\/fernandezadvocats.es\/es\/wp-json\/wp\/v2\/comments?post=90372"}],"version-history":[{"count":37,"href":"https:\/\/fernandezadvocats.es\/es\/wp-json\/wp\/v2\/pages\/90372\/revisions"}],"predecessor-version":[{"id":254441,"href":"https:\/\/fernandezadvocats.es\/es\/wp-json\/wp\/v2\/pages\/90372\/revisions\/254441"}],"wp:attachment":[{"href":"https:\/\/fernandezadvocats.es\/es\/wp-json\/wp\/v2\/media?parent=90372"}],"curies":[{"name":"wp","href":"https:\/\/api.w.org\/{rel}","templated":true}]}}