{"id":90393,"date":"2024-11-21T13:26:51","date_gmt":"2024-11-21T12:26:51","guid":{"rendered":"http:\/\/fernandezadvocats.es\/equipo\/daniel-romero-romero\/"},"modified":"2026-03-03T12:44:12","modified_gmt":"2026-03-03T11:44:12","slug":"anna-grino-llados","status":"publish","type":"page","link":"https:\/\/fernandezadvocats.es\/es\/equipo\/anna-grino-llados\/","title":{"rendered":"Anna Gri\u00f1\u00f3 Llad\u00f3s"},"content":{"rendered":"<p>[et_pb_section fb_built=\u00bb1&#8243; admin_label=\u00bbSeccion 1 CAT\u00bb _builder_version=\u00bb4.27.4&#8243; _module_preset=\u00bbdefault\u00bb background_color=\u00bb#275570&#8243; background_enable_image=\u00bboff\u00bb custom_padding=\u00bb||0px||false|false\u00bb locked=\u00bboff\u00bb collapsed=\u00bboff\u00bb global_colors_info=\u00bb{}\u00bb][et_pb_row column_structure=\u00bb3_5,2_5&#8243; disabled_on=\u00bboff|off|off\u00bb _builder_version=\u00bb4.27.5&#8243; _module_preset=\u00bbdefault\u00bb max_width=\u00bb100%\u00bb custom_padding=\u00bb||39px||false|false\u00bb custom_css_main_element=\u00bbdisplay: flex;||align-items: center;||justify-content: center;\u00bb global_colors_info=\u00bb{}\u00bb custom_css_main_element_last_edited=\u00bbon|tablet\u00bb custom_css_main_element_tablet=\u00bbdisplay: flex;||align-items: center;||justify-content: center;||flex-wrap: wrap;\u00bb custom_css_main_element_phone=\u00bbdisplay: flex;||align-items: center;||justify-content: center;||flex-wrap: wrap;\u00bb][et_pb_column type=\u00bb3_5&#8243; _builder_version=\u00bb4.27.4&#8243; _module_preset=\u00bbdefault\u00bb custom_padding=\u00bb|40px|||false|false\u00bb custom_padding_tablet=\u00bb|0px|||false|false\u00bb custom_padding_phone=\u00bb|0px|||false|false\u00bb custom_padding_last_edited=\u00bbon|desktop\u00bb global_colors_info=\u00bb{}\u00bb][et_pb_text admin_label=\u00bbLa meva hist\u00f2ria &#8211; Texto\u00bb _builder_version=\u00bb4.27.5&#8243; _module_preset=\u00bbdefault\u00bb text_font=\u00bbWork Sans||||||||\u00bb text_text_color=\u00bb#FFFFFF\u00bb text_font_size=\u00bb1.2em\u00bb link_text_color=\u00bb#FFFFFF\u00bb link_font_size=\u00bb1.2em\u00bb header_font=\u00bbWork Sans||||||||\u00bb header_text_color=\u00bb#FFFFFF\u00bb header_font_size=\u00bb38px\u00bb header_2_font=\u00bbWork Sans||||||||\u00bb header_2_text_color=\u00bb#FFFFFF\u00bb header_2_font_size=\u00bb16px\u00bb custom_margin=\u00bb||1px|||\u00bb custom_padding=\u00bb||0px|||\u00bb global_colors_info=\u00bb{}\u00bb]<\/p>\n<h1><span style=\"color: #ffffff;\"><strong>Anna Gri\u00f1\u00f3 Llad\u00f3s<\/strong><\/span><\/h1>\n<h2><span style=\"color: #ffffff;\">Abogada especializada en Derecho Civil y de Familia<\/span><\/h2>\n<h2><span style=\"color: #ffffff;\"><a href=\"mailto:agll@fernandezadvocats.es\" style=\"color: #ffffff;\" aria-label=\"agll@fernandezadvocats.es\">agll@fernandezadvocats.es<\/a><\/span><\/h2>\n<div id=\"gtx-trans\" style=\"position: absolute; left: 181px; top: -4.0875px;\">\n<div class=\"gtx-trans-icon\"><\/div>\n<\/div>\n<p>[\/et_pb_text][et_pb_text _builder_version=\u00bb4.27.6&#8243; _module_preset=\u00bbdefault\u00bb text_font=\u00bbPlus Jakarta Sans||||||||\u00bb text_text_color=\u00bb#FFFFFF\u00bb text_font_size=\u00bb17px\u00bb custom_margin=\u00bb20px|19px|13px|||\u00bb custom_padding=\u00bb12px|0px||||\u00bb hover_enabled=\u00bb0&#8243; global_colors_info=\u00bb{}\u00bb sticky_enabled=\u00bb0&#8243;]<span style=\"color: #ffffff;\">Graduada en el Doble Grado en Derecho y Econom\u00eda por la Universitat Pompeu Fabra, orient\u00f3 su trayectoria profesional hacia el Derecho Civil y de Familia desde los inicios de su carrera. Dio sus primeros pasos en el despacho Gim\u00e9nez-Salinas de Barcelona, despacho asociado a Fern\u00e1ndez Advocats, donde consolid\u00f3 sus conocimientos en el \u00e1mbito civil y familiar. Posteriormente, continu\u00f3 ampliando su experiencia en el \u00e1mbito del derecho privado en distintos entornos profesionales.<\/span><\/p>\n<p><span style=\"color: #ffffff;\">Su formaci\u00f3n en Derecho y Econom\u00eda le aporta una visi\u00f3n interdisciplinaria que enriquece su enfoque profesional, combinando rigor t\u00e9cnico y compromiso con una atenci\u00f3n cercana y personalizada a cada cliente. <\/span><\/p>\n<p><span style=\"color: #ffffff;\">Paralelamente a su pr\u00e1ctica profesional, desde el a\u00f1o 2025 ejerce como Profesora Asociada en el Grado en Gesti\u00f3n de la Sociedad de la Universitat de Vic &#8211; Universitat Central de Catalunya (UManresa), donde imparte la asignatura de Derecho Digital.<\/span>[\/et_pb_text][et_pb_text admin_label=\u00bbT\u00cdTULO &#8211; Formaci\u00f3\u00bb _builder_version=\u00bb4.27.4&#8243; _module_preset=\u00bbdefault\u00bb text_font_size=\u00bb18px\u00bb header_font=\u00bbPlus Jakarta Sans||||||||\u00bb header_font_size=\u00bb18px\u00bb header_2_font=\u00bbWork Sans||||||||\u00bb header_2_text_color=\u00bb#111112&#8243; header_2_font_size=\u00bb2em\u00bb custom_margin=\u00bb-4px||15px||false|false\u00bb custom_padding=\u00bb29px||8px|||\u00bb border_color_bottom=\u00bb#FFFFFF\u00bb global_colors_info=\u00bb{}\u00bb]<\/p>\n<p><span style=\"color: #ffffff;\">Formaci\u00f3n<\/span><\/p>\n<p>[\/et_pb_text][et_pb_blurb use_icon=\u00bbon\u00bb font_icon=\u00bb&#x4b;||divi||400&#8243; icon_color=\u00bb#FFFFFF\u00bb image_icon_background_color=\u00bbRGBA(255,255,255,0)\u00bb icon_placement=\u00bbleft\u00bb image_icon_width=\u00bb25px\u00bb content_max_width=\u00bb100%\u00bb admin_label=\u00bbFormaci\u00f3 &#8211; Doble Grado en Derecho y Econom\u00eda por la Universitat Pompeu Fabra (2020)\u00bb _builder_version=\u00bb4.27.5&#8243; _module_preset=\u00bbdefault\u00bb body_font=\u00bbPlus Jakarta Sans||||||||\u00bb body_text_color=\u00bb#111112&#8243; body_line_height=\u00bb1.8em\u00bb custom_margin=\u00bb||9px||false|false\u00bb global_colors_info=\u00bb{}\u00bb]<span style=\"color: #ffffff;\">Doble Grado en Derecho y Econom\u00eda por la Universitat Pompeu Fabra (2020)<\/span>[\/et_pb_blurb][et_pb_blurb use_icon=\u00bbon\u00bb font_icon=\u00bb&#x4b;||divi||400&#8243; icon_color=\u00bb#FFFFFF\u00bb image_icon_background_color=\u00bbRGBA(255,255,255,0)\u00bb icon_placement=\u00bbleft\u00bb image_icon_width=\u00bb25px\u00bb content_max_width=\u00bb100%\u00bb admin_label=\u00bbFormaci\u00f3 &#8211; M\u00e1ster en Abogac\u00eda por la UPF-Barcelona School of Management (2021)\u00bb _builder_version=\u00bb4.27.5&#8243; _module_preset=\u00bbdefault\u00bb body_font=\u00bbPlus Jakarta Sans||||||||\u00bb body_text_color=\u00bb#111112&#8243; body_line_height=\u00bb1.8em\u00bb custom_margin=\u00bb||9px||false|false\u00bb global_colors_info=\u00bb{}\u00bb]<\/p>\n<p><span style=\"color: #ffffff;\">M\u00e1ster en Abogac\u00eda por la UPF-Barcelona School of Management (2021)<\/span><\/p>\n<p>[\/et_pb_blurb][et_pb_blurb use_icon=\u00bbon\u00bb font_icon=\u00bb&#x4b;||divi||400&#8243; icon_color=\u00bb#FFFFFF\u00bb image_icon_background_color=\u00bbRGBA(255,255,255,0)\u00bb icon_placement=\u00bbleft\u00bb image_icon_width=\u00bb25px\u00bb content_max_width=\u00bb100%\u00bb admin_label=\u00bbFormaci\u00f3 &#8211; Colegiada n\u00fam. 46.939 del Ilustre Colegio de Abogados de Barcelona\u00bb _builder_version=\u00bb4.27.5&#8243; _module_preset=\u00bbdefault\u00bb body_font=\u00bbPlus Jakarta Sans||||||||\u00bb body_text_color=\u00bb#111112&#8243; body_line_height=\u00bb1.8em\u00bb custom_margin=\u00bb||9px||false|false\u00bb global_colors_info=\u00bb{}\u00bb]<\/p>\n<p><span style=\"color: #ffffff;\">Colegiada n\u00fam. 46.939 del Ilustre Colegio de Abogados de Barcelona<\/span><\/p>\n<p>[\/et_pb_blurb][et_pb_text admin_label=\u00bbT\u00cdTULO &#8211; \u00c0rees de treball\u00bb _builder_version=\u00bb4.27.4&#8243; _module_preset=\u00bbdefault\u00bb text_font_size=\u00bb18px\u00bb header_font=\u00bbPlus Jakarta Sans||||||||\u00bb header_font_size=\u00bb18px\u00bb header_2_font=\u00bbWork Sans||||||||\u00bb header_2_text_color=\u00bb#111112&#8243; header_2_font_size=\u00bb2em\u00bb custom_margin=\u00bb-4px||15px||false|false\u00bb custom_padding=\u00bb29px||8px|||\u00bb border_color_bottom=\u00bb#FFFFFF\u00bb global_colors_info=\u00bb{}\u00bb]<\/p>\n<p><span style=\"color: #ffffff;\">\u00c1reas de trabajo<\/span><\/p>\n<p>[\/et_pb_text][et_pb_blurb use_icon=\u00bbon\u00bb font_icon=\u00bb&#x4b;||divi||400&#8243; icon_color=\u00bb#FFFFFF\u00bb image_icon_background_color=\u00bbRGBA(255,255,255,0)\u00bb icon_placement=\u00bbleft\u00bb image_icon_width=\u00bb25px\u00bb content_max_width=\u00bb100%\u00bb admin_label=\u00bb\u00c0rees de treball &#8211; Procesal civil\u00bb _builder_version=\u00bb4.27.5&#8243; _module_preset=\u00bbdefault\u00bb body_font=\u00bbPlus Jakarta Sans||||||||\u00bb body_text_color=\u00bb#111112&#8243; body_line_height=\u00bb1.8em\u00bb custom_margin=\u00bb||9px||false|false\u00bb global_colors_info=\u00bb{}\u00bb]<\/p>\n<p><span style=\"color: #ffffff;\">Procesal civil<\/span><\/p>\n<p>[\/et_pb_blurb][et_pb_blurb use_icon=\u00bbon\u00bb font_icon=\u00bb&#x4b;||divi||400&#8243; icon_color=\u00bb#FFFFFF\u00bb image_icon_background_color=\u00bbRGBA(255,255,255,0)\u00bb icon_placement=\u00bbleft\u00bb image_icon_width=\u00bb25px\u00bb content_max_width=\u00bb100%\u00bb admin_label=\u00bb\u00c0rees de treball &#8211; Derecho de Familia y Sucesiones\u00bb _builder_version=\u00bb4.27.5&#8243; _module_preset=\u00bbdefault\u00bb body_font=\u00bbPlus Jakarta Sans||||||||\u00bb body_text_color=\u00bb#111112&#8243; body_line_height=\u00bb1.8em\u00bb custom_margin=\u00bb||9px||false|false\u00bb global_colors_info=\u00bb{}\u00bb]<\/p>\n<p><span style=\"color: #ffffff;\">Derecho de Familia y Sucesiones<\/span><\/p>\n<p>[\/et_pb_blurb][et_pb_blurb use_icon=\u00bbon\u00bb font_icon=\u00bb&#x4b;||divi||400&#8243; icon_color=\u00bb#FFFFFF\u00bb image_icon_background_color=\u00bbRGBA(255,255,255,0)\u00bb icon_placement=\u00bbleft\u00bb image_icon_width=\u00bb25px\u00bb content_max_width=\u00bb100%\u00bb admin_label=\u00bb\u00c0rees de treball &#8211; Inmobiliario\u00bb _builder_version=\u00bb4.27.5&#8243; _module_preset=\u00bbdefault\u00bb body_font=\u00bbPlus Jakarta Sans||||||||\u00bb body_text_color=\u00bb#111112&#8243; body_line_height=\u00bb1.8em\u00bb custom_margin=\u00bb||9px||false|false\u00bb global_colors_info=\u00bb{}\u00bb]<\/p>\n<p><span style=\"color: #ffffff;\">Inmobiliario<\/span><\/p>\n<p>[\/et_pb_blurb][et_pb_blurb use_icon=\u00bbon\u00bb font_icon=\u00bb&#x4b;||divi||400&#8243; icon_color=\u00bb#FFFFFF\u00bb image_icon_background_color=\u00bbRGBA(255,255,255,0)\u00bb icon_placement=\u00bbleft\u00bb image_icon_width=\u00bb25px\u00bb content_max_width=\u00bb100%\u00bb admin_label=\u00bb\u00c0rees de treball &#8211; Responsabilidad Civil\u00bb _builder_version=\u00bb4.27.5&#8243; _module_preset=\u00bbdefault\u00bb body_font=\u00bbPlus Jakarta Sans||||||||\u00bb body_text_color=\u00bb#111112&#8243; body_line_height=\u00bb1.8em\u00bb custom_margin=\u00bb||9px||false|false\u00bb global_colors_info=\u00bb{}\u00bb]<\/p>\n<p><span style=\"color: #ffffff;\">Responsabilidad Civil<\/span><\/p>\n<p>[\/et_pb_blurb][et_pb_text admin_label=\u00bbT\u00cdTULO &#8211; Otros\u00bb _builder_version=\u00bb4.27.5&#8243; _module_preset=\u00bbdefault\u00bb text_font_size=\u00bb18px\u00bb header_font=\u00bbPlus Jakarta Sans||||||||\u00bb header_font_size=\u00bb20px\u00bb header_2_font=\u00bbWork Sans||||||||\u00bb header_2_text_color=\u00bb#111112&#8243; header_2_font_size=\u00bb2em\u00bb custom_margin=\u00bb12px||-3px||false|false\u00bb custom_padding=\u00bb12px||15px||false|false\u00bb border_color_all=\u00bb#FFFFFF\u00bb global_colors_info=\u00bb{}\u00bb]<\/p>\n<p><span style=\"color: #ffffff;\">Otros<\/span><\/p>\n<p>[\/et_pb_text][et_pb_blurb use_icon=\u00bbon\u00bb font_icon=\u00bb&#x4b;||divi||400&#8243; icon_color=\u00bb#FFFFFF\u00bb image_icon_background_color=\u00bbRGBA(255,255,255,0)\u00bb icon_placement=\u00bbleft\u00bb image_icon_width=\u00bb25px\u00bb content_max_width=\u00bb100%\u00bb admin_label=\u00bbIdiomes \u00bb _builder_version=\u00bb4.27.5&#8243; _module_preset=\u00bbdefault\u00bb body_font=\u00bbPlus Jakarta Sans||||||||\u00bb body_text_color=\u00bb#111112&#8243; body_line_height=\u00bb1.8em\u00bb custom_margin=\u00bb||15px||false|false\u00bb global_colors_info=\u00bb{}\u00bb]<\/p>\n<p><span style=\"color: #ffffff;\">Docencia: Profesora Asociada del Grado en Gesti\u00f3n de la Sociedad, UManresa \u2013<\/span><br \/><span style=\"color: #ffffff;\">Universitat de Vic &#8211; Universitat Central de Catalunya<\/span><\/p>\n<p>[\/et_pb_blurb][et_pb_text admin_label=\u00bbT\u00cdTULO &#8211; Idiomes\u00bb _builder_version=\u00bb4.27.4&#8243; _module_preset=\u00bbdefault\u00bb text_font_size=\u00bb18px\u00bb header_font=\u00bbPlus Jakarta Sans||||||||\u00bb header_font_size=\u00bb20px\u00bb header_2_font=\u00bbWork Sans||||||||\u00bb header_2_text_color=\u00bb#111112&#8243; header_2_font_size=\u00bb2em\u00bb custom_margin=\u00bb12px||-3px||false|false\u00bb custom_padding=\u00bb12px||15px||false|false\u00bb border_color_all=\u00bb#FFFFFF\u00bb global_colors_info=\u00bb{}\u00bb]<\/p>\n<p><span style=\"color: #ffffff;\">Idiomas<\/span><\/p>\n<p>[\/et_pb_text][et_pb_blurb use_icon=\u00bbon\u00bb font_icon=\u00bb&#x4b;||divi||400&#8243; icon_color=\u00bb#FFFFFF\u00bb image_icon_background_color=\u00bbRGBA(255,255,255,0)\u00bb icon_placement=\u00bbleft\u00bb image_icon_width=\u00bb25px\u00bb content_max_width=\u00bb100%\u00bb admin_label=\u00bbIdiomes \u00bb _builder_version=\u00bb4.27.5&#8243; _module_preset=\u00bbdefault\u00bb body_font=\u00bbPlus Jakarta Sans||||||||\u00bb body_text_color=\u00bb#111112&#8243; body_line_height=\u00bb1.8em\u00bb custom_margin=\u00bb||15px||false|false\u00bb global_colors_info=\u00bb{}\u00bb]<\/p>\n<p><span style=\"color: #ffffff;\">Catal\u00e1n, castellano e ingl\u00e9s<\/span><\/p>\n<p>[\/et_pb_blurb][\/et_pb_column][et_pb_column type=\u00bb2_5&#8243; module_class=\u00bbbackground_ficha-equipo\u00bb _builder_version=\u00bb4.27.5&#8243; _module_preset=\u00bbdefault\u00bb background_image=\u00bbhttps:\/\/fernandezadvocats.es\/wp-content\/uploads\/2026\/03\/Anna-Grino.jpg\u00bb custom_padding=\u00bb0px||||false|false\u00bb background_last_edited=\u00bbon|desktop\u00bb background_enable_image_tablet=\u00bboff\u00bb global_colors_info=\u00bb{}\u00bb][et_pb_text content_tablet=\u00bb<img class=%22aligncenter wp-image-89464 size-full%22 src=%22http:\/\/fernandezadvocats.es\/wp-content\/uploads\/2024\/11\/W5A8114-scaled.jpg%22 alt=%22Daniel Romero Romero%22 width=%221708%22 height=%222560%22 \/>\u00bb content_phone=\u00bb<img class=%22aligncenter wp-image-89464 size-full%22 src=%22http:\/\/fernandezadvocats.es\/wp-content\/uploads\/2024\/11\/W5A8114-scaled.jpg%22 alt=%22Daniel Romero Romero%22 width=%221708%22 height=%222560%22 \/>\u00bb content_last_edited=\u00bbon|phone\u00bb admin_label=\u00bbIMG\u00bb module_class=\u00bbimg_ficha-equipo\u00bb _builder_version=\u00bb4.27.4&#8243; _module_preset=\u00bbdefault\u00bb text_font=\u00bbWork Sans||||||||\u00bb text_text_color=\u00bb#FFFFFF\u00bb text_font_size=\u00bb1em\u00bb link_font=\u00bbWork Sans||||||||\u00bb link_text_color=\u00bb#FFFFFF\u00bb link_font_size=\u00bb1em\u00bb header_font=\u00bbWork Sans||||||||\u00bb header_text_color=\u00bbRGBA(255,255,255,0)\u00bb header_2_font=\u00bbWork Sans||||||||\u00bb header_2_text_color=\u00bb#FFFFFF\u00bb header_2_font_size=\u00bb2em\u00bb custom_margin=\u00bb||||false|false\u00bb global_colors_info=\u00bb{}\u00bb][\/et_pb_text][\/et_pb_column][\/et_pb_row][\/et_pb_section]<\/p>\n","protected":false},"excerpt":{"rendered":"<p>Anna Gri\u00f1\u00f3 Llad\u00f3s Abogada especializada en Derecho Civil y de Familia agll@fernandezadvocats.es Graduada en el Doble Grado en Derecho y Econom\u00eda por la Universitat Pompeu Fabra, orient\u00f3 su trayectoria profesional hacia el Derecho Civil y de Familia desde los inicios de su carrera. Dio sus primeros pasos en el despacho Gim\u00e9nez-Salinas de Barcelona, despacho asociado [&hellip;]<\/p>\n","protected":false},"author":1,"featured_media":0,"parent":90372,"menu_order":0,"comment_status":"closed","ping_status":"closed","template":"","meta":{"_et_pb_use_builder":"on","_et_pb_old_content":"","_et_gb_content_width":"","footnotes":""},"class_list":["post-90393","page","type-page","status-publish","hentry"],"yoast_head":"<!-- This site is optimized with the Yoast SEO plugin v27.1.1 - https:\/\/yoast.com\/product\/yoast-seo-wordpress\/ -->\n<title>Anna Gri\u00f1\u00f3 Llad\u00f3s | Fern\u00e1ndez Advocats<\/title>\n<meta name=\"description\" content=\"Graduada en el Doble Grado en Derecho y Econom\u00eda por la Universitat Pompeu Fabra, orient\u00f3 su trayectoria profesional hacia el Derecho Civil y de Familia desde los inicios de su carrera.\" \/>\n<meta name=\"robots\" content=\"index, follow, max-snippet:-1, max-image-preview:large, max-video-preview:-1\" \/>\n<link rel=\"canonical\" href=\"https:\/\/fernandezadvocats.es\/es\/equipo\/anna-grino-llados\/\" \/>\n<meta property=\"og:locale\" content=\"es_ES\" \/>\n<meta property=\"og:type\" content=\"article\" \/>\n<meta property=\"og:title\" content=\"Anna Gri\u00f1\u00f3 Llad\u00f3s | Fern\u00e1ndez Advocats\" \/>\n<meta property=\"og:description\" content=\"Graduada en el Doble Grado en Derecho y Econom\u00eda por la Universitat Pompeu Fabra, orient\u00f3 su trayectoria profesional hacia el Derecho Civil y de Familia desde los inicios de su carrera.\" \/>\n<meta property=\"og:url\" content=\"https:\/\/fernandezadvocats.es\/es\/equipo\/anna-grino-llados\/\" \/>\n<meta property=\"og:site_name\" content=\"Fern\u00e1ndez Advocats\" \/>\n<meta property=\"article:modified_time\" content=\"2026-03-03T11:44:12+00:00\" \/>\n<meta name=\"twitter:card\" content=\"summary_large_image\" \/>\n<meta name=\"twitter:label1\" content=\"Tiempo de lectura\" \/>\n\t<meta name=\"twitter:data1\" content=\"2 minutos\" \/>\n<script type=\"application\/ld+json\" class=\"yoast-schema-graph\">{\"@context\":\"https:\/\/schema.org\",\"@graph\":[{\"@type\":\"WebPage\",\"@id\":\"https:\/\/fernandezadvocats.es\/es\/equipo\/anna-grino-llados\/\",\"url\":\"https:\/\/fernandezadvocats.es\/es\/equipo\/anna-grino-llados\/\",\"name\":\"Anna Gri\u00f1\u00f3 Llad\u00f3s | Fern\u00e1ndez Advocats\",\"isPartOf\":{\"@id\":\"https:\/\/fernandezadvocats.es\/#website\"},\"datePublished\":\"2024-11-21T12:26:51+00:00\",\"dateModified\":\"2026-03-03T11:44:12+00:00\",\"description\":\"Graduada en el Doble Grado en Derecho y Econom\u00eda por la Universitat Pompeu Fabra, orient\u00f3 su trayectoria profesional hacia el Derecho Civil y de Familia desde los inicios de su carrera.\",\"breadcrumb\":{\"@id\":\"https:\/\/fernandezadvocats.es\/es\/equipo\/anna-grino-llados\/#breadcrumb\"},\"inLanguage\":\"es\",\"potentialAction\":[{\"@type\":\"ReadAction\",\"target\":[\"https:\/\/fernandezadvocats.es\/es\/equipo\/anna-grino-llados\/\"]}]},{\"@type\":\"BreadcrumbList\",\"@id\":\"https:\/\/fernandezadvocats.es\/es\/equipo\/anna-grino-llados\/#breadcrumb\",\"itemListElement\":[{\"@type\":\"ListItem\",\"position\":1,\"name\":\"Portada\",\"item\":\"https:\/\/fernandezadvocats.es\/es\/fernandez-advocats-berga\/\"},{\"@type\":\"ListItem\",\"position\":2,\"name\":\"EQUIPO\",\"item\":\"https:\/\/fernandezadvocats.es\/es\/equipo\/\"},{\"@type\":\"ListItem\",\"position\":3,\"name\":\"Anna Gri\u00f1\u00f3 Llad\u00f3s\"}]},{\"@type\":\"WebSite\",\"@id\":\"https:\/\/fernandezadvocats.es\/#website\",\"url\":\"https:\/\/fernandezadvocats.es\/\",\"name\":\"Fern\u00e1ndez Advocats\",\"description\":\"Advocats Berga i Barcelona\",\"publisher\":{\"@id\":\"https:\/\/fernandezadvocats.es\/#organization\"},\"alternateName\":\"Abogados Berga y Bracelona\",\"potentialAction\":[{\"@type\":\"SearchAction\",\"target\":{\"@type\":\"EntryPoint\",\"urlTemplate\":\"https:\/\/fernandezadvocats.es\/?s={search_term_string}\"},\"query-input\":{\"@type\":\"PropertyValueSpecification\",\"valueRequired\":true,\"valueName\":\"search_term_string\"}}],\"inLanguage\":\"es\"},{\"@type\":\"Organization\",\"@id\":\"https:\/\/fernandezadvocats.es\/#organization\",\"name\":\"Fern\u00e1ndez Advocats\",\"url\":\"https:\/\/fernandezadvocats.es\/\",\"logo\":{\"@type\":\"ImageObject\",\"inLanguage\":\"es\",\"@id\":\"https:\/\/fernandezadvocats.es\/#\/schema\/logo\/image\/\",\"url\":\"https:\/\/fernandezadvocats.es\/wp-content\/uploads\/2024\/11\/cropped-BF-e1731427554424.png\",\"contentUrl\":\"https:\/\/fernandezadvocats.es\/wp-content\/uploads\/2024\/11\/cropped-BF-e1731427554424.png\",\"width\":512,\"height\":512,\"caption\":\"Fern\u00e1ndez Advocats\"},\"image\":{\"@id\":\"https:\/\/fernandezadvocats.es\/#\/schema\/logo\/image\/\"}}]}<\/script>\n<!-- \/ Yoast SEO plugin. -->","yoast_head_json":{"title":"Anna Gri\u00f1\u00f3 Llad\u00f3s | Fern\u00e1ndez Advocats","description":"Graduada en el Doble Grado en Derecho y Econom\u00eda por la Universitat Pompeu Fabra, orient\u00f3 su trayectoria profesional hacia el Derecho Civil y de Familia desde los inicios de su carrera.","robots":{"index":"index","follow":"follow","max-snippet":"max-snippet:-1","max-image-preview":"max-image-preview:large","max-video-preview":"max-video-preview:-1"},"canonical":"https:\/\/fernandezadvocats.es\/es\/equipo\/anna-grino-llados\/","og_locale":"es_ES","og_type":"article","og_title":"Anna Gri\u00f1\u00f3 Llad\u00f3s | Fern\u00e1ndez Advocats","og_description":"Graduada en el Doble Grado en Derecho y Econom\u00eda por la Universitat Pompeu Fabra, orient\u00f3 su trayectoria profesional hacia el Derecho Civil y de Familia desde los inicios de su carrera.","og_url":"https:\/\/fernandezadvocats.es\/es\/equipo\/anna-grino-llados\/","og_site_name":"Fern\u00e1ndez Advocats","article_modified_time":"2026-03-03T11:44:12+00:00","twitter_card":"summary_large_image","twitter_misc":{"Tiempo de lectura":"2 minutos"},"schema":{"@context":"https:\/\/schema.org","@graph":[{"@type":"WebPage","@id":"https:\/\/fernandezadvocats.es\/es\/equipo\/anna-grino-llados\/","url":"https:\/\/fernandezadvocats.es\/es\/equipo\/anna-grino-llados\/","name":"Anna Gri\u00f1\u00f3 Llad\u00f3s | Fern\u00e1ndez Advocats","isPartOf":{"@id":"https:\/\/fernandezadvocats.es\/#website"},"datePublished":"2024-11-21T12:26:51+00:00","dateModified":"2026-03-03T11:44:12+00:00","description":"Graduada en el Doble Grado en Derecho y Econom\u00eda por la Universitat Pompeu Fabra, orient\u00f3 su trayectoria profesional hacia el Derecho Civil y de Familia desde los inicios de su carrera.","breadcrumb":{"@id":"https:\/\/fernandezadvocats.es\/es\/equipo\/anna-grino-llados\/#breadcrumb"},"inLanguage":"es","potentialAction":[{"@type":"ReadAction","target":["https:\/\/fernandezadvocats.es\/es\/equipo\/anna-grino-llados\/"]}]},{"@type":"BreadcrumbList","@id":"https:\/\/fernandezadvocats.es\/es\/equipo\/anna-grino-llados\/#breadcrumb","itemListElement":[{"@type":"ListItem","position":1,"name":"Portada","item":"https:\/\/fernandezadvocats.es\/es\/fernandez-advocats-berga\/"},{"@type":"ListItem","position":2,"name":"EQUIPO","item":"https:\/\/fernandezadvocats.es\/es\/equipo\/"},{"@type":"ListItem","position":3,"name":"Anna Gri\u00f1\u00f3 Llad\u00f3s"}]},{"@type":"WebSite","@id":"https:\/\/fernandezadvocats.es\/#website","url":"https:\/\/fernandezadvocats.es\/","name":"Fern\u00e1ndez Advocats","description":"Advocats Berga i Barcelona","publisher":{"@id":"https:\/\/fernandezadvocats.es\/#organization"},"alternateName":"Abogados Berga y Bracelona","potentialAction":[{"@type":"SearchAction","target":{"@type":"EntryPoint","urlTemplate":"https:\/\/fernandezadvocats.es\/?s={search_term_string}"},"query-input":{"@type":"PropertyValueSpecification","valueRequired":true,"valueName":"search_term_string"}}],"inLanguage":"es"},{"@type":"Organization","@id":"https:\/\/fernandezadvocats.es\/#organization","name":"Fern\u00e1ndez Advocats","url":"https:\/\/fernandezadvocats.es\/","logo":{"@type":"ImageObject","inLanguage":"es","@id":"https:\/\/fernandezadvocats.es\/#\/schema\/logo\/image\/","url":"https:\/\/fernandezadvocats.es\/wp-content\/uploads\/2024\/11\/cropped-BF-e1731427554424.png","contentUrl":"https:\/\/fernandezadvocats.es\/wp-content\/uploads\/2024\/11\/cropped-BF-e1731427554424.png","width":512,"height":512,"caption":"Fern\u00e1ndez Advocats"},"image":{"@id":"https:\/\/fernandezadvocats.es\/#\/schema\/logo\/image\/"}}]}},"_links":{"self":[{"href":"https:\/\/fernandezadvocats.es\/es\/wp-json\/wp\/v2\/pages\/90393","targetHints":{"allow":["GET"]}}],"collection":[{"href":"https:\/\/fernandezadvocats.es\/es\/wp-json\/wp\/v2\/pages"}],"about":[{"href":"https:\/\/fernandezadvocats.es\/es\/wp-json\/wp\/v2\/types\/page"}],"author":[{"embeddable":true,"href":"https:\/\/fernandezadvocats.es\/es\/wp-json\/wp\/v2\/users\/1"}],"replies":[{"embeddable":true,"href":"https:\/\/fernandezadvocats.es\/es\/wp-json\/wp\/v2\/comments?post=90393"}],"version-history":[{"count":10,"href":"https:\/\/fernandezadvocats.es\/es\/wp-json\/wp\/v2\/pages\/90393\/revisions"}],"predecessor-version":[{"id":254456,"href":"https:\/\/fernandezadvocats.es\/es\/wp-json\/wp\/v2\/pages\/90393\/revisions\/254456"}],"up":[{"embeddable":true,"href":"https:\/\/fernandezadvocats.es\/es\/wp-json\/wp\/v2\/pages\/90372"}],"wp:attachment":[{"href":"https:\/\/fernandezadvocats.es\/es\/wp-json\/wp\/v2\/media?parent=90393"}],"curies":[{"name":"wp","href":"https:\/\/api.w.org\/{rel}","templated":true}]}}