{"id":90574,"date":"2024-10-22T17:09:24","date_gmt":"2024-10-22T15:09:24","guid":{"rendered":"http:\/\/fernandezadvocats.es\/contacta\/"},"modified":"2025-07-21T15:14:11","modified_gmt":"2025-07-21T13:14:11","slug":"contacta","status":"publish","type":"page","link":"https:\/\/fernandezadvocats.es\/es\/contacta\/","title":{"rendered":"Contacta"},"content":{"rendered":"<p>[et_pb_section fb_built=\u00bb1&#8243; custom_padding_last_edited=\u00bbon|tablet\u00bb _builder_version=\u00bb4.27.3&#8243; _module_preset=\u00bbdefault\u00bb use_background_color_gradient=\u00bbon\u00bb background_color_gradient_direction=\u00bb90deg\u00bb background_color_gradient_stops=\u00bbrgba(0,12,8,0.87) 0%|rgba(5,25,18,0.2) 78%\u00bb background_color_gradient_overlays_image=\u00bbon\u00bb background_image=\u00bbhttp:\/\/fernandezadvocats.es\/wp-content\/uploads\/2024\/11\/conference-room-in-office-2023-11-27-05-24-31-utc-scaled.jpg\u00bb custom_margin=\u00bb0px||0px||false|false\u00bb custom_padding=\u00bb170px||170px||false|false\u00bb custom_padding_tablet=\u00bb150px||150px||false|false\u00bb custom_padding_phone=\u00bb90px||90px||false|false\u00bb locked=\u00bboff\u00bb global_colors_info=\u00bb{}\u00bb][et_pb_row _builder_version=\u00bb4.27.3&#8243; _module_preset=\u00bbdefault\u00bb width=\u00bb90%\u00bb max_width=\u00bb1290px\u00bb custom_margin=\u00bb0px||0px||false|false\u00bb custom_padding=\u00bb0px||0px||false|false\u00bb global_colors_info=\u00bb{}\u00bb][et_pb_column type=\u00bb4_4&#8243; _builder_version=\u00bb4.24.3&#8243; _module_preset=\u00bbdefault\u00bb global_colors_info=\u00bb{}\u00bb][et_pb_text admin_label=\u00bbTu p\u00e1gina de abogados de confianza\u00bb _builder_version=\u00bb4.27.3&#8243; _module_preset=\u00bbdefault\u00bb text_font=\u00bbWork Sans|||on|||||\u00bb text_text_color=\u00bb#FFFFFF\u00bb text_font_size=\u00bb0.8em\u00bb text_letter_spacing=\u00bb2px\u00bb text_line_height=\u00bb1em\u00bb header_2_font=\u00bbWork Sans|||on|||||\u00bb header_2_text_align=\u00bbleft\u00bb header_2_text_color=\u00bb#FFFFFF\u00bb header_2_font_size=\u00bb0.8em\u00bb header_2_letter_spacing=\u00bb2px\u00bb header_2_line_height=\u00bb0.7em\u00bb header_4_font=\u00bbWork Sans|||on|||||\u00bb header_4_text_align=\u00bbleft\u00bb header_4_text_color=\u00bb#FFFFFF\u00bb header_4_font_size=\u00bb13px\u00bb header_4_letter_spacing=\u00bb2px\u00bb header_4_line_height=\u00bb0.7em\u00bb background_color=\u00bbrgba(255,255,255,0.2)\u00bb custom_margin=\u00bb0px||10px||false|false\u00bb custom_padding=\u00bb11px|20px|11px|20px|true|true\u00bb animation_style=\u00bbslide\u00bb animation_direction=\u00bbleft\u00bb animation_delay=\u00bb500ms\u00bb animation_intensity_slide=\u00bb10%\u00bb animation_speed_curve=\u00bbease\u00bb custom_css_main_element=\u00bbbackdrop-filter: blur(4px) grayscale(92%) sepia(0%) invert(0%) brightness(100%);||display:inline-block;\u00bb border_radii=\u00bbon|50px|50px|50px|50px\u00bb global_colors_info=\u00bb{}\u00bb]<\/p>\n<p>FERN\u00c1NDEZ ADVOCATS<\/p>\n<div id=\"gtx-trans\" style=\"position: absolute; left: -35px; top: -8.8px;\">\n<div class=\"gtx-trans-icon\"><\/div>\n<\/div>\n<p>[\/et_pb_text][et_pb_text admin_label=\u00bbT\u00edtulo &#8211; Cont\u00e1ctanos\u00bb _builder_version=\u00bb4.27.3&#8243; _module_preset=\u00bbdefault\u00bb header_font=\u00bbWork Sans|600|||||||\u00bb header_text_align=\u00bbleft\u00bb header_text_color=\u00bb#FFFFFF\u00bb header_font_size=\u00bb7em\u00bb header_line_height=\u00bb1.1em\u00bb max_width=\u00bb900px\u00bb custom_margin=\u00bb0px||0px||false|false\u00bb custom_padding=\u00bb0px||0px||false|false\u00bb animation_style=\u00bbslide\u00bb animation_direction=\u00bbleft\u00bb animation_delay=\u00bb800ms\u00bb animation_intensity_slide=\u00bb2%\u00bb animation_speed_curve=\u00bbease\u00bb header_font_size_tablet=\u00bb4.68em\u00bb header_font_size_phone=\u00bb2.8em\u00bb header_font_size_last_edited=\u00bbon|phone\u00bb global_colors_info=\u00bb{}\u00bb]<\/p>\n<h1>Cont\u00e1ctanos<\/h1>\n<p>[\/et_pb_text][et_pb_text admin_label=\u00bbTexto &#8211; Si tienes alguna duda, consulta o simplemente quieres decir hola, no dudes en ponerte en contacto con nosotros. Estamos aqu\u00ed para ayudarte.\u00bb _builder_version=\u00bb4.27.3&#8243; _module_preset=\u00bbdefault\u00bb text_font=\u00bbRoboto Flex||||||||\u00bb text_text_color=\u00bb#FFFFFF\u00bb text_font_size=\u00bb1.2em\u00bb text_line_height=\u00bb1.5em\u00bb max_width=\u00bb50%\u00bb custom_margin=\u00bb0px||28px|3px|false|false\u00bb custom_margin_tablet=\u00bb0px||28px|60px|false|false\u00bb custom_margin_phone=\u00bb|||0px|false|false\u00bb custom_margin_last_edited=\u00bbon|tablet\u00bb custom_padding=\u00bb0px||0px|180px|false|false\u00bb custom_padding_tablet=\u00bb0px||0px|180px|false|false\u00bb custom_padding_phone=\u00bb0px||0px|0px|false|false\u00bb custom_padding_last_edited=\u00bbon|phone\u00bb animation_style=\u00bbslide\u00bb animation_direction=\u00bbbottom\u00bb animation_delay=\u00bb1100ms\u00bb animation_intensity_slide=\u00bb18%\u00bb animation_speed_curve=\u00bbease\u00bb custom_css_before=\u00bbcontent:%22%22;||background:#fff;||width:150px;||height:1px;||position:absolute;||top:12px;||left:0px;\u00bb global_colors_info=\u00bb{}\u00bb custom_css_before__hover_enabled=\u00bboff|desktop\u00bb custom_css_before_last_edited=\u00bbon|phone\u00bb custom_css_before_phone=\u00bbdisplay:none;\u00bb custom_css_before_tablet=\u00bbcontent:%22%22;||background:#fff;||width:150px;||height:1px;||position:absolute;||top:12px;||left:0px;\u00bb]<\/p>\n<p>Si tienes alguna duda, consulta o simplemente quieres decir hola, no dudes en ponerte en contacto con nosotros. Estamos aqu\u00ed para ayudarte<\/p>\n<p>[\/et_pb_text][\/et_pb_column][\/et_pb_row][\/et_pb_section][et_pb_section fb_built=\u00bb1&#8243; custom_padding_last_edited=\u00bbon|phone\u00bb _builder_version=\u00bb4.25.2&#8243; _module_preset=\u00bbdefault\u00bb custom_margin=\u00bb0px||0px||false|false\u00bb custom_padding=\u00bb100px||0px||false|false\u00bb custom_padding_tablet=\u00bb100px||0px||false|false\u00bb custom_padding_phone=\u00bb90px||0px||false|false\u00bb locked=\u00bboff\u00bb global_colors_info=\u00bb{}\u00bb][et_pb_row column_structure=\u00bb2_5,3_5&#8243; use_custom_gutter=\u00bbon\u00bb gutter_width=\u00bb4&#8243; module_class=\u00bbfinance-16-imgfc-sc\u00bb _builder_version=\u00bb4.27.4&#8243; _module_preset=\u00bbdefault\u00bb width=\u00bb90%\u00bb max_width=\u00bb1290px\u00bb custom_margin=\u00bb0px|auto|-9px|auto|false|false\u00bb custom_margin_tablet=\u00bb0px||100px||false|false\u00bb custom_margin_phone=\u00bb0px||90px||false|false\u00bb custom_margin_last_edited=\u00bbon|phone\u00bb custom_padding=\u00bb0px||0px||false|false\u00bb global_colors_info=\u00bb{}\u00bb][et_pb_column type=\u00bb2_5&#8243; _builder_version=\u00bb4.25.2&#8243; _module_preset=\u00bbdefault\u00bb animation_style=\u00bbslide\u00bb animation_direction=\u00bbbottom\u00bb animation_intensity_slide=\u00bb5%\u00bb animation_speed_curve=\u00bbease\u00bb global_colors_info=\u00bb{}\u00bb][et_pb_text _builder_version=\u00bb4.27.4&#8243; _module_preset=\u00bbdefault\u00bb header_2_font=\u00bbWork Sans||||||||\u00bb header_2_text_align=\u00bbleft\u00bb header_2_text_color=\u00bb#111112&#8243; header_2_font_size=\u00bb50px\u00bb max_width=\u00bb455px\u00bb max_width_tablet=\u00bb100%\u00bb max_width_phone=\u00bb100%\u00bb max_width_last_edited=\u00bbon|tablet\u00bb custom_margin=\u00bb0px||20px||false|false\u00bb custom_padding=\u00bb0px||0px||false|false\u00bb header_2_font_size_tablet=\u00bb50px\u00bb header_2_font_size_phone=\u00bb30px\u00bb header_2_font_size_last_edited=\u00bbon|phone\u00bb global_colors_info=\u00bb{}\u00bb]<\/p>\n<h2 style=\"text-align: left;\">\u00a1Escr\u00edbenos!<\/h2>\n<div id=\"gtx-trans\" style=\"position: absolute; left: 98px; top: 52.9125px;\">\n<div class=\"gtx-trans-icon\"><\/div>\n<\/div>\n<p>[\/et_pb_text][et_pb_text _builder_version=\u00bb4.27.4&#8243; _module_preset=\u00bbdefault\u00bb text_font=\u00bbPlus Jakarta Sans||||||||\u00bb text_text_color=\u00bb#666666&#8243; text_font_size=\u00bb17px\u00bb text_line_height=\u00bb1.6em\u00bb max_width=\u00bb630px\u00bb custom_margin=\u00bb0px||40px||false|false\u00bb custom_margin_tablet=\u00bb0px||40px||false|false\u00bb custom_margin_phone=\u00bb0px||30px||false|false\u00bb custom_margin_last_edited=\u00bbon|phone\u00bb custom_padding=\u00bb0px||0px||false|false\u00bb global_colors_info=\u00bb{}\u00bb]<\/p>\n<p>Conf\u00eda en Fern\u00e1ndez Advocats para recibir un asesoramiento legal integral, adaptado a tus necesidades. Estamos comprometidos a ofrecerte un servicio profesional, cercano y de calidad, con la dedicaci\u00f3n y experiencia que nos caracteriza. Cont\u00e1ctanos y descubre c\u00f3mo podemos ayudarte.<\/p>\n<p>[\/et_pb_text][et_pb_blurb title=\u00bbDirecci\u00f3n\u00bb use_icon=\u00bbon\u00bb font_icon=\u00bb&#xe009;||divi||400&#8243; icon_color=\u00bb#275570&#8243; icon_placement=\u00bbleft\u00bb image_icon_width=\u00bb23px\u00bb _builder_version=\u00bb4.27.4&#8243; _module_preset=\u00bbdefault\u00bb header_font=\u00bbWork Sans|600|||||||\u00bb header_text_color=\u00bb#275570&#8243; header_font_size=\u00bb16px\u00bb body_font=\u00bbPlus Jakarta Sans||||||||\u00bb body_text_color=\u00bb#777171&#8243; body_font_size=\u00bb16px\u00bb custom_margin=\u00bb||-1px|||\u00bb custom_padding=\u00bb24px||24px||false|false\u00bb hover_enabled=\u00bb0&#8243; border_width_top=\u00bb1px\u00bb border_color_top=\u00bb#e5e9e8&#8243; border_width_bottom=\u00bb1px\u00bb border_color_bottom=\u00bb#e5e9e8&#8243; global_colors_info=\u00bb{}\u00bb header_level=\u00bbh2&#8243; sticky_enabled=\u00bb0&#8243;]<\/p>\n<p>Oficina central Berga: Gran Via, 31, 08600, Berga, Barcelona<br \/>Oficina Barcelona: Balmes 209, planta 2, 08006, Barcelona<\/p>\n<p>[\/et_pb_blurb][et_pb_blurb title=\u00bbCorreo electr\u00f3nico\u00bb use_icon=\u00bbon\u00bb font_icon=\u00bb&#xe010;||divi||400&#8243; icon_color=\u00bb#275570&#8243; icon_placement=\u00bbleft\u00bb image_icon_width=\u00bb23px\u00bb _builder_version=\u00bb4.27.4&#8243; _module_preset=\u00bbdefault\u00bb header_font=\u00bbWork Sans|600|||||||\u00bb header_text_color=\u00bb#275570&#8243; header_font_size=\u00bb16px\u00bb body_font=\u00bbPlus Jakarta Sans||||||||\u00bb body_text_color=\u00bb#777171&#8243; body_font_size=\u00bb16px\u00bb custom_margin=\u00bb||-1px|||\u00bb custom_padding=\u00bb24px||24px||false|false\u00bb hover_enabled=\u00bb0&#8243; border_width_top=\u00bb1px\u00bb border_color_top=\u00bb#e5e9e8&#8243; border_width_bottom=\u00bb1px\u00bb border_color_bottom=\u00bb#e5e9e8&#8243; global_colors_info=\u00bb{}\u00bb header_level=\u00bbh2&#8243; sticky_enabled=\u00bb0&#8243;]<\/p>\n<p>info@fernandezadvocats.es<\/p>\n<p>[\/et_pb_blurb][et_pb_blurb title=\u00bbHorari\u00bb use_icon=\u00bbon\u00bb font_icon=\u00bb&#x7d;||divi||400&#8243; icon_color=\u00bb#275570&#8243; icon_placement=\u00bbleft\u00bb image_icon_width=\u00bb23px\u00bb _builder_version=\u00bb4.27.4&#8243; _module_preset=\u00bbdefault\u00bb header_font=\u00bbWork Sans|600|||||||\u00bb header_text_color=\u00bb#275570&#8243; header_font_size=\u00bb16px\u00bb body_font=\u00bbPlus Jakarta Sans||||||||\u00bb body_text_color=\u00bb#777171&#8243; body_font_size=\u00bb16px\u00bb custom_margin=\u00bb||-2px|||\u00bb custom_padding=\u00bb24px||24px||false|false\u00bb hover_enabled=\u00bb0&#8243; border_width_top=\u00bb1px\u00bb border_color_top=\u00bb#e5e9e8&#8243; border_width_bottom=\u00bb1px\u00bb border_color_bottom=\u00bb#e5e9e8&#8243; global_colors_info=\u00bb{}\u00bb header_level=\u00bbh2&#8243; sticky_enabled=\u00bb0&#8243;]<\/p>\n<p>Lunes a Jueves:<br \/>09:00h \u2013 14:00h<br \/>16:00h a 20:00h<br \/>Viernes:<br \/>09:00h \u2013 14:00h<br \/>16:00h a 19:00h<\/p>\n<p>[\/et_pb_blurb][et_pb_blurb title=\u00bbTel\u00e9fono\u00bb use_icon=\u00bbon\u00bb font_icon=\u00bb&#xf3cd;||fa||900&#8243; icon_color=\u00bb#275570&#8243; icon_placement=\u00bbleft\u00bb image_icon_width=\u00bb23px\u00bb _builder_version=\u00bb4.27.4&#8243; _module_preset=\u00bbdefault\u00bb header_font=\u00bbWork Sans|600|||||||\u00bb header_text_color=\u00bb#275570&#8243; header_font_size=\u00bb16px\u00bb body_font=\u00bbPlus Jakarta Sans||||||||\u00bb body_text_color=\u00bb#777171&#8243; body_font_size=\u00bb16px\u00bb custom_margin=\u00bb||32px||false|false\u00bb custom_padding=\u00bb24px||24px||false|false\u00bb hover_enabled=\u00bb0&#8243; border_color_all=\u00bb#FFFFFF\u00bb border_color_top=\u00bb#e5e9e8&#8243; border_color_bottom=\u00bb#e5e9e8&#8243; global_colors_info=\u00bb{}\u00bb header_level=\u00bbh2&#8243; sticky_enabled=\u00bb0&#8243;]<\/p>\n<p>Berga 93 821 25 11<\/p>\n<p>Barcelona <span>93 215 63 63<\/span><\/p>\n<div id=\"gtx-trans\" style=\"position: absolute; left: -17px; top: -9.33333px;\">\n<div class=\"gtx-trans-icon\"><\/div>\n<\/div>\n<p>[\/et_pb_blurb][\/et_pb_column][et_pb_column type=\u00bb3_5&#8243; _builder_version=\u00bb4.25.2&#8243; _module_preset=\u00bbdefault\u00bb animation_style=\u00bbslide\u00bb animation_direction=\u00bbbottom\u00bb animation_intensity_slide=\u00bb4%\u00bb animation_speed_curve=\u00bbease\u00bb global_colors_info=\u00bb{}\u00bb][et_pb_contact_form captcha=\u00bboff\u00bb email=\u00bbinfo@fernandezadvocats.es\u00bb custom_message=\u00bb%%Name%% ||et_pb_line_break_holder||||et_pb_line_break_holder||%%email%% ||et_pb_line_break_holder||||et_pb_line_break_holder||%%phone%% ||et_pb_line_break_holder||||et_pb_line_break_holder||Mi mensaje es:||et_pb_line_break_holder||%%message%%\u00bb success_message=\u00bbGracias por contactar con nosotros\u00bb submit_button_text=\u00bbEnviar\u00bb module_id=\u00bbet_pb_contact_form_1&#8243; _builder_version=\u00bb4.27.4&#8243; _module_preset=\u00bbdefault\u00bb _unique_id=\u00bbf945f149-4f17-4d09-94e8-a5d255049f22&#8243; form_field_background_color=\u00bb#FFFFFF\u00bb form_field_text_color=\u00bb#000000&#8243; form_field_focus_background_color=\u00bb#FFFFFF\u00bb form_field_focus_text_color=\u00bb#000000&#8243; background_enable_color=\u00bboff\u00bb custom_button=\u00bbon\u00bb button_text_size=\u00bb13px\u00bb button_text_color=\u00bb#052e26&#8243; button_bg_color=\u00bb#FFFFFF\u00bb button_border_radius=\u00bb100px\u00bb button_font=\u00bbWork Sans|||on|||||\u00bb button_icon=\u00bb&#xf061;||fa||900&#8243; button_on_hover=\u00bboff\u00bb button_custom_margin=\u00bb||||false|false\u00bb button_custom_padding=\u00bb14px|40px|14px|24px|false|false\u00bb module_alignment=\u00bbleft\u00bb custom_padding=\u00bb8px|24px|24px|24px|false|false\u00bb saved_tabs=\u00bball\u00bb global_colors_info=\u00bb{}\u00bb button_text_color__hover_enabled=\u00bbon|desktop\u00bb button_text_color__hover=\u00bb#FFFFFF\u00bb button_bg_color__hover_enabled=\u00bbon|desktop\u00bb button_bg_color__hover=\u00bb#275570&#8243; button_bg_enable_color__hover=\u00bbon\u00bb][et_pb_contact_field field_id=\u00bbName\u00bb field_title=\u00bbNombre y apellidos\u00bb fullwidth_field=\u00bbon\u00bb _builder_version=\u00bb4.27.4&#8243; form_field_background_color=\u00bb#FFFFFF\u00bb form_field_font=\u00bbPlus Jakarta Sans||||||||\u00bb background_enable_color=\u00bboff\u00bb custom_css_free_form=\u00bb\/* Displays titles above the fields *\/||.et_pb_contact_form_label {||    display: block;||}|| ||\/* Hides placeholder text *\/||.et_pb_contact_form_container .input::placeholder {||    color: transparent;||}|| ||\/* Hides duplicate titles on checkboxes and radios *\/||.et_pb_contact_field_options_title {||    display: none;||}\u00bb border_width_all=\u00bb1px\u00bb border_color_all=\u00bb#c1c1c1&#8243; global_colors_info=\u00bb{}\u00bb button_text_size__hover_enabled=\u00bboff\u00bb button_one_text_size__hover_enabled=\u00bboff\u00bb button_two_text_size__hover_enabled=\u00bboff\u00bb button_text_color__hover_enabled=\u00bboff\u00bb button_one_text_color__hover_enabled=\u00bboff\u00bb button_two_text_color__hover_enabled=\u00bboff\u00bb button_border_width__hover_enabled=\u00bboff\u00bb button_one_border_width__hover_enabled=\u00bboff\u00bb button_two_border_width__hover_enabled=\u00bboff\u00bb button_border_color__hover_enabled=\u00bboff\u00bb button_one_border_color__hover_enabled=\u00bboff\u00bb button_two_border_color__hover_enabled=\u00bboff\u00bb button_border_radius__hover_enabled=\u00bboff\u00bb button_one_border_radius__hover_enabled=\u00bboff\u00bb button_two_border_radius__hover_enabled=\u00bboff\u00bb button_letter_spacing__hover_enabled=\u00bboff\u00bb button_one_letter_spacing__hover_enabled=\u00bboff\u00bb button_two_letter_spacing__hover_enabled=\u00bboff\u00bb button_bg_color__hover_enabled=\u00bboff\u00bb button_one_bg_color__hover_enabled=\u00bboff\u00bb button_two_bg_color__hover_enabled=\u00bboff\u00bb][\/et_pb_contact_field][et_pb_contact_field field_id=\u00bbemail\u00bb field_title=\u00bbCorreo electr\u00f3nico\u00bb field_type=\u00bbemail\u00bb fullwidth_field=\u00bbon\u00bb _builder_version=\u00bb4.27.4&#8243; form_field_background_color=\u00bb#FFFFFF\u00bb form_field_font=\u00bbPlus Jakarta Sans||||||||\u00bb background_enable_color=\u00bboff\u00bb custom_css_free_form=\u00bb\/* Displays titles above the fields *\/||.et_pb_contact_form_label {||    display: block;||}|| ||\/* Hides placeholder text *\/||.et_pb_contact_form_container .input::placeholder {||    color: transparent;||}|| ||\/* Hides duplicate titles on checkboxes and radios *\/||.et_pb_contact_field_options_title {||    display: none;||}\u00bb border_width_all=\u00bb1px\u00bb border_color_all=\u00bb#c1c1c1&#8243; global_colors_info=\u00bb{}\u00bb button_text_size__hover_enabled=\u00bboff\u00bb button_one_text_size__hover_enabled=\u00bboff\u00bb button_two_text_size__hover_enabled=\u00bboff\u00bb button_text_color__hover_enabled=\u00bboff\u00bb button_one_text_color__hover_enabled=\u00bboff\u00bb button_two_text_color__hover_enabled=\u00bboff\u00bb button_border_width__hover_enabled=\u00bboff\u00bb button_one_border_width__hover_enabled=\u00bboff\u00bb button_two_border_width__hover_enabled=\u00bboff\u00bb button_border_color__hover_enabled=\u00bboff\u00bb button_one_border_color__hover_enabled=\u00bboff\u00bb button_two_border_color__hover_enabled=\u00bboff\u00bb button_border_radius__hover_enabled=\u00bboff\u00bb button_one_border_radius__hover_enabled=\u00bboff\u00bb button_two_border_radius__hover_enabled=\u00bboff\u00bb button_letter_spacing__hover_enabled=\u00bboff\u00bb button_one_letter_spacing__hover_enabled=\u00bboff\u00bb button_two_letter_spacing__hover_enabled=\u00bboff\u00bb button_bg_color__hover_enabled=\u00bboff\u00bb button_one_bg_color__hover_enabled=\u00bboff\u00bb button_two_bg_color__hover_enabled=\u00bboff\u00bb][\/et_pb_contact_field][et_pb_contact_field field_id=\u00bbphone\u00bb field_title=\u00bbTel\u00e9fono\u00bb allowed_symbols=\u00bbnumbers\u00bb fullwidth_field=\u00bbon\u00bb _builder_version=\u00bb4.27.4&#8243; form_field_background_color=\u00bb#FFFFFF\u00bb form_field_font=\u00bbPlus Jakarta Sans||||||||\u00bb background_enable_color=\u00bboff\u00bb custom_css_free_form=\u00bb\/* Displays titles above the fields *\/||.et_pb_contact_form_label {||    display: block;||}|| ||\/* Hides placeholder text *\/||.et_pb_contact_form_container .input::placeholder {||    color: transparent;||}|| ||\/* Hides duplicate titles on checkboxes and radios *\/||.et_pb_contact_field_options_title {||    display: none;||}\u00bb border_width_all=\u00bb1px\u00bb border_color_all=\u00bb#c1c1c1&#8243; global_colors_info=\u00bb{}\u00bb button_text_size__hover_enabled=\u00bboff\u00bb button_one_text_size__hover_enabled=\u00bboff\u00bb button_two_text_size__hover_enabled=\u00bboff\u00bb button_text_color__hover_enabled=\u00bboff\u00bb button_one_text_color__hover_enabled=\u00bboff\u00bb button_two_text_color__hover_enabled=\u00bboff\u00bb button_border_width__hover_enabled=\u00bboff\u00bb button_one_border_width__hover_enabled=\u00bboff\u00bb button_two_border_width__hover_enabled=\u00bboff\u00bb button_border_color__hover_enabled=\u00bboff\u00bb button_one_border_color__hover_enabled=\u00bboff\u00bb button_two_border_color__hover_enabled=\u00bboff\u00bb button_border_radius__hover_enabled=\u00bboff\u00bb button_one_border_radius__hover_enabled=\u00bboff\u00bb button_two_border_radius__hover_enabled=\u00bboff\u00bb button_letter_spacing__hover_enabled=\u00bboff\u00bb button_one_letter_spacing__hover_enabled=\u00bboff\u00bb button_two_letter_spacing__hover_enabled=\u00bboff\u00bb button_bg_color__hover_enabled=\u00bboff\u00bb button_one_bg_color__hover_enabled=\u00bboff\u00bb button_two_bg_color__hover_enabled=\u00bboff\u00bb][\/et_pb_contact_field][et_pb_contact_field field_id=\u00bbmessage\u00bb field_title=\u00bbMensaje\u00bb field_type=\u00bbtext\u00bb required_mark=\u00bboff\u00bb fullwidth_field=\u00bbon\u00bb _builder_version=\u00bb4.27.4&#8243; form_field_background_color=\u00bb#FFFFFF\u00bb form_field_font=\u00bbPlus Jakarta Sans||||||||\u00bb background_enable_color=\u00bboff\u00bb custom_css_free_form=\u00bb\/* Displays titles above the fields *\/||.et_pb_contact_form_label {||    display: block;||}|| ||\/* Hides placeholder text *\/||.et_pb_contact_form_container .input::placeholder {||    color: transparent;||}|| ||\/* Hides duplicate titles on checkboxes and radios *\/||.et_pb_contact_field_options_title {||    display: none;||}\u00bb border_width_all=\u00bb1px\u00bb border_color_all=\u00bb#c1c1c1&#8243; global_colors_info=\u00bb{}\u00bb button_text_size__hover_enabled=\u00bboff\u00bb button_one_text_size__hover_enabled=\u00bboff\u00bb button_two_text_size__hover_enabled=\u00bboff\u00bb button_text_color__hover_enabled=\u00bboff\u00bb button_one_text_color__hover_enabled=\u00bboff\u00bb button_two_text_color__hover_enabled=\u00bboff\u00bb button_border_width__hover_enabled=\u00bboff\u00bb button_one_border_width__hover_enabled=\u00bboff\u00bb button_two_border_width__hover_enabled=\u00bboff\u00bb button_border_color__hover_enabled=\u00bboff\u00bb button_one_border_color__hover_enabled=\u00bboff\u00bb button_two_border_color__hover_enabled=\u00bboff\u00bb button_border_radius__hover_enabled=\u00bboff\u00bb button_one_border_radius__hover_enabled=\u00bboff\u00bb button_two_border_radius__hover_enabled=\u00bboff\u00bb button_letter_spacing__hover_enabled=\u00bboff\u00bb button_one_letter_spacing__hover_enabled=\u00bboff\u00bb button_two_letter_spacing__hover_enabled=\u00bboff\u00bb button_bg_color__hover_enabled=\u00bboff\u00bb button_one_bg_color__hover_enabled=\u00bboff\u00bb button_two_bg_color__hover_enabled=\u00bboff\u00bb][\/et_pb_contact_field][\/et_pb_contact_form][et_pb_code admin_label=\u00bbimg size cover code\u00bb _builder_version=\u00bb4.25.2&#8243; _module_preset=\u00bbdefault\u00bb custom_margin=\u00bb0px||0px||false|false\u00bb custom_padding=\u00bb0px||0px||false|false\u00bb global_colors_info=\u00bb{}\u00bb]<\/p>\n<style><!-- [et_pb_line_break_holder] -->  .finance-16-imgfc-sc .et_pb_image  img{<!-- [et_pb_line_break_holder] -->    object-fit: cover;<!-- [et_pb_line_break_holder] -->  } <!-- [et_pb_line_break_holder] --><\/style>\n<p>[\/et_pb_code][\/et_pb_column][\/et_pb_row][\/et_pb_section][et_pb_section fb_built=\u00bb1&#8243; _builder_version=\u00bb4.27.2&#8243; _module_preset=\u00bbdefault\u00bb custom_padding=\u00bb0px||0px||false|false\u00bb collapsed=\u00bboff\u00bb global_colors_info=\u00bb{}\u00bb][et_pb_row _builder_version=\u00bb4.27.2&#8243; _module_preset=\u00bbdefault\u00bb width=\u00bb100%\u00bb max_width=\u00bb100%\u00bb custom_padding=\u00bb0px||0px||true|false\u00bb global_colors_info=\u00bb{}\u00bb][et_pb_column type=\u00bb4_4&#8243; _builder_version=\u00bb4.27.2&#8243; _module_preset=\u00bbdefault\u00bb global_colors_info=\u00bb{}\u00bb][et_pb_code admin_label=\u00bbMAPS\u00bb _builder_version=\u00bb4.27.4&#8243; _module_preset=\u00bbdefault\u00bb hover_enabled=\u00bb0&#8243; global_colors_info=\u00bb{}\u00bb sticky_enabled=\u00bb0&#8243;]<iframe title=\"Google Maps Fernandez Advocats\" src=\"https:\/\/www.google.com\/maps\/embed?pb=!1m18!1m12!1m3!1d2960.3514236897986!2d1.8393630836729133!3d42.0999438772989!2m3!1f0!2f0!3f0!3m2!1i1024!2i768!4f13.1!3m3!1m2!1s0x12a50833adedf6dd%3A0x9591dd884fed1fd1!2sFern%C3%A1ndez%20Advocats!5e0!3m2!1sen!2ses!4v1729609837600!5m2!1sen!2ses\" width=\"100%\" height=\"450\" style=\"border:0;\" allowfullscreen=\"\" loading=\"lazy\" referrerpolicy=\"no-referrer-when-downgrade\"><\/iframe>[\/et_pb_code][\/et_pb_column][\/et_pb_row][\/et_pb_section][et_pb_section fb_built=\u00bb1&#8243; disabled_on=\u00bbon|on|on\u00bb _builder_version=\u00bb4.27.2&#8243; _module_preset=\u00bbdefault\u00bb custom_padding=\u00bb0px||0px||false|false\u00bb disabled=\u00bbon\u00bb locked=\u00bboff\u00bb collapsed=\u00bbon\u00bb global_colors_info=\u00bb{}\u00bb][et_pb_row column_structure=\u00bb1_4,1_4,1_4,1_4&#8243; use_custom_gutter=\u00bbon\u00bb gutter_width=\u00bb1&#8243; make_equal=\u00bbon\u00bb _builder_version=\u00bb4.27.2&#8243; _module_preset=\u00bbdefault\u00bb width=\u00bb100%\u00bb max_width=\u00bb100%\u00bb custom_margin=\u00bb||||false|false\u00bb custom_padding=\u00bb0px||||false|false\u00bb locked=\u00bboff\u00bb global_colors_info=\u00bb{}\u00bb][et_pb_column type=\u00bb1_4&#8243; _builder_version=\u00bb4.27.2&#8243; _module_preset=\u00bbdefault\u00bb background_color=\u00bb#FFFFFF\u00bb custom_padding=\u00bb70px|70px|70px|70px|false|false\u00bb custom_padding_tablet=\u00bb70px|70px|70px|70px|false|false\u00bb custom_padding_phone=\u00bb40px|40px|40px|40px|false|false\u00bb custom_padding_last_edited=\u00bbon|phone\u00bb link_option_url=\u00bbtel: 938212511&#8243; border_width_right=\u00bb1px\u00bb border_color_right=\u00bb#e5e9e8&#8243; border_width_bottom=\u00bb1px\u00bb border_color_bottom=\u00bb#e5e9e8&#8243; border_width_right_tablet=\u00bb1px\u00bb border_width_right_phone=\u00bb0px\u00bb border_width_right_last_edited=\u00bbon|phone\u00bb global_colors_info=\u00bb{}\u00bb background__hover_enabled=\u00bbon|hover\u00bb background_color__hover=\u00bb#f5f2f0&#8243; background_enable_color__hover=\u00bbon\u00bb][et_pb_text admin_label=\u00bbTel\u00e9fono\u00bb _builder_version=\u00bb4.27.2&#8243; _module_preset=\u00bbdefault\u00bb text_font=\u00bbWork Sans||||||||\u00bb text_text_color=\u00bbrgba(3,37,30,0.6)\u00bb text_font_size=\u00bb1em\u00bb header_4_font=\u00bbWork Sans|||on|||||\u00bb header_4_text_align=\u00bbleft\u00bb header_4_text_color=\u00bbrgba(3,37,30,0.6)\u00bb header_4_font_size=\u00bb13px\u00bb header_4_letter_spacing=\u00bb1.2px\u00bb header_4_line_height=\u00bb1.2em\u00bb custom_margin=\u00bb0px||85px||false|false\u00bb custom_padding=\u00bb0px||0px||false|false\u00bb global_colors_info=\u00bb{}\u00bb]<\/p>\n<p>Tel\u00e9fono<\/p>\n<p>[\/et_pb_text][et_pb_text admin_label=\u00bb938212511&#8243; _builder_version=\u00bb4.27.2&#8243; _module_preset=\u00bbdefault\u00bb header_2_font=\u00bbWork Sans||||||||\u00bb header_2_text_color=\u00bb#111112&#8243; header_2_font_size=\u00bb1.2em\u00bb header_3_font=\u00bbWork Sans||||||||\u00bb header_3_text_align=\u00bbleft\u00bb header_3_text_color=\u00bb#111112&#8243; header_3_font_size=\u00bb33px\u00bb header_3_line_height=\u00bb1.25em\u00bb max_width=\u00bb250px\u00bb custom_margin=\u00bb0px||1px||false|false\u00bb custom_padding=\u00bb0px||0px||false|false\u00bb header_3_font_size_tablet=\u00bb33px\u00bb header_3_font_size_phone=\u00bb26px\u00bb header_3_font_size_last_edited=\u00bbon|phone\u00bb global_colors_info=\u00bb{}\u00bb]<\/p>\n<h2>93 821 25 11<\/h2>\n<p>[\/et_pb_text][\/et_pb_column][et_pb_column type=\u00bb1_4&#8243; _builder_version=\u00bb4.27.2&#8243; _module_preset=\u00bbdefault\u00bb background_color=\u00bb#FFFFFF\u00bb custom_padding=\u00bb70px|70px|70px|70px|false|false\u00bb custom_padding_tablet=\u00bb70px|70px|70px|70px|false|false\u00bb custom_padding_phone=\u00bb40px|40px|40px|40px|false|false\u00bb custom_padding_last_edited=\u00bbon|phone\u00bb link_option_url=\u00bbmailto: info@mrclickco.com\u00bb border_width_right=\u00bb1px\u00bb border_color_right=\u00bb#e5e9e8&#8243; border_width_bottom=\u00bb1px\u00bb border_color_bottom=\u00bb#e5e9e8&#8243; border_width_right_tablet=\u00bb0px\u00bb border_width_right_phone=\u00bb0px\u00bb border_width_right_last_edited=\u00bbon|tablet\u00bb global_colors_info=\u00bb{}\u00bb background__hover_enabled=\u00bbon|hover\u00bb background_color__hover=\u00bb#f5f2f0&#8243; background_enable_color__hover=\u00bbon\u00bb][et_pb_text admin_label=\u00bbCorreo electr\u00f3nico\u00bb _builder_version=\u00bb4.27.2&#8243; _module_preset=\u00bbdefault\u00bb text_font=\u00bbWork Sans||||||||\u00bb text_text_color=\u00bbrgba(3,37,30,0.6)\u00bb text_font_size=\u00bb1em\u00bb header_4_font=\u00bbWork Sans|||on|||||\u00bb header_4_text_align=\u00bbleft\u00bb header_4_text_color=\u00bbrgba(3,37,30,0.6)\u00bb header_4_font_size=\u00bb13px\u00bb header_4_letter_spacing=\u00bb1.2px\u00bb header_4_line_height=\u00bb1.2em\u00bb custom_margin=\u00bb0px||85px||false|false\u00bb custom_padding=\u00bb0px||0px||false|false\u00bb global_colors_info=\u00bb{}\u00bb]<\/p>\n<p>Correo electr\u00f3nico<\/p>\n<p>[\/et_pb_text][et_pb_text admin_label=\u00bbinfo@mrclickco.com\u00bb _builder_version=\u00bb4.27.2&#8243; _module_preset=\u00bbdefault\u00bb header_2_font=\u00bbWork Sans||||||||\u00bb header_2_text_color=\u00bb#111112&#8243; header_2_font_size=\u00bb1.2em\u00bb header_3_font=\u00bbWork Sans||||||||\u00bb header_3_text_align=\u00bbleft\u00bb header_3_text_color=\u00bb#111112&#8243; header_3_font_size=\u00bb33px\u00bb header_3_line_height=\u00bb1.25em\u00bb max_width=\u00bb250px\u00bb custom_margin=\u00bb0px||1px||false|false\u00bb custom_padding=\u00bb0px||0px||false|false\u00bb header_3_font_size_tablet=\u00bb33px\u00bb header_3_font_size_phone=\u00bb26px\u00bb header_3_font_size_last_edited=\u00bbon|phone\u00bb global_colors_info=\u00bb{}\u00bb]<\/p>\n<h2>info@mrclickco.com<\/h2>\n<p>[\/et_pb_text][\/et_pb_column][et_pb_column type=\u00bb1_4&#8243; _builder_version=\u00bb4.27.2&#8243; _module_preset=\u00bbdefault\u00bb background_color=\u00bb#FFFFFF\u00bb custom_padding=\u00bb70px|70px|70px|70px|false|false\u00bb custom_padding_tablet=\u00bb70px|70px|70px|70px|false|false\u00bb custom_padding_phone=\u00bb40px|40px|40px|40px|false|false\u00bb custom_padding_last_edited=\u00bbon|phone\u00bb link_option_url=\u00bbhttps:\/\/maps.app.goo.gl\/yPGExUsyM3mRo5mP6&#8243; border_width_right=\u00bb1px\u00bb border_color_right=\u00bb#e5e9e8&#8243; border_width_bottom=\u00bb1px\u00bb border_color_bottom=\u00bb#e5e9e8&#8243; border_width_right_tablet=\u00bb1px\u00bb border_width_right_phone=\u00bb0px\u00bb border_width_right_last_edited=\u00bbon|phone\u00bb global_colors_info=\u00bb{}\u00bb background__hover_enabled=\u00bbon|hover\u00bb background_color__hover=\u00bb#f5f2f0&#8243; background_enable_color__hover=\u00bbon\u00bb][et_pb_text admin_label=\u00bbDirecci\u00f3n\u00bb _builder_version=\u00bb4.27.2&#8243; _module_preset=\u00bbdefault\u00bb text_font=\u00bbWork Sans||||||||\u00bb text_text_color=\u00bbrgba(3,37,30,0.6)\u00bb text_font_size=\u00bb1em\u00bb header_4_font=\u00bbWork Sans|||on|||||\u00bb header_4_text_align=\u00bbleft\u00bb header_4_text_color=\u00bbrgba(3,37,30,0.6)\u00bb header_4_font_size=\u00bb13px\u00bb header_4_letter_spacing=\u00bb1.2px\u00bb header_4_line_height=\u00bb1.2em\u00bb custom_margin=\u00bb0px||85px||false|false\u00bb custom_padding=\u00bb0px||0px||false|false\u00bb global_colors_info=\u00bb{}\u00bb]<\/p>\n<p>Direcci\u00f3n<\/p>\n<p>[\/et_pb_text][et_pb_text admin_label=\u00bbGran Via, 31, 08600 Berga, Barcelona\u00bb _builder_version=\u00bb4.27.2&#8243; _module_preset=\u00bbdefault\u00bb header_2_font=\u00bbWork Sans||||||||\u00bb header_2_text_color=\u00bb#111112&#8243; header_2_font_size=\u00bb1.2em\u00bb header_3_font=\u00bbWork Sans||||||||\u00bb header_3_text_align=\u00bbleft\u00bb header_3_text_color=\u00bb#111112&#8243; header_3_font_size=\u00bb33px\u00bb header_3_line_height=\u00bb1.25em\u00bb max_width=\u00bb250px\u00bb custom_margin=\u00bb0px||1px||false|false\u00bb custom_padding=\u00bb0px||0px||false|false\u00bb header_3_font_size_tablet=\u00bb33px\u00bb header_3_font_size_phone=\u00bb26px\u00bb header_3_font_size_last_edited=\u00bbon|phone\u00bb global_colors_info=\u00bb{}\u00bb]<\/p>\n<h2>Gran Via, 31, 08600 Berga, Barcelona<\/h2>\n<p>[\/et_pb_text][\/et_pb_column][et_pb_column type=\u00bb1_4&#8243; _builder_version=\u00bb4.27.2&#8243; _module_preset=\u00bbdefault\u00bb background_color=\u00bb#FFFFFF\u00bb custom_padding=\u00bb70px|70px|70px|70px|false|false\u00bb custom_padding_tablet=\u00bb70px|70px|70px|70px|false|false\u00bb custom_padding_phone=\u00bb40px|40px|40px|40px|false|false\u00bb custom_padding_last_edited=\u00bbon|phone\u00bb border_width_right=\u00bb1px\u00bb border_color_right=\u00bb#e5e9e8&#8243; border_width_bottom=\u00bb1px\u00bb border_color_bottom=\u00bb#e5e9e8&#8243; border_width_right_tablet=\u00bb0px\u00bb border_width_right_phone=\u00bb0px\u00bb border_width_right_last_edited=\u00bbon|tablet\u00bb global_colors_info=\u00bb{}\u00bb background__hover_enabled=\u00bbon|hover\u00bb background_color__hover=\u00bb#f5f2f0&#8243; background_enable_color__hover=\u00bbon\u00bb][et_pb_text admin_label=\u00bbHorario\u00bb _builder_version=\u00bb4.27.2&#8243; _module_preset=\u00bbdefault\u00bb text_font=\u00bbWork Sans||||||||\u00bb text_text_color=\u00bbrgba(3,37,30,0.6)\u00bb text_font_size=\u00bb1em\u00bb header_4_font=\u00bbWork Sans|||on|||||\u00bb header_4_text_align=\u00bbleft\u00bb header_4_text_color=\u00bbrgba(3,37,30,0.6)\u00bb header_4_font_size=\u00bb13px\u00bb header_4_letter_spacing=\u00bb1.2px\u00bb header_4_line_height=\u00bb1.2em\u00bb custom_margin=\u00bb0px||85px||false|false\u00bb custom_padding=\u00bb0px||0px||false|false\u00bb global_colors_info=\u00bb{}\u00bb]<\/p>\n<p>Horario<\/p>\n<p>[\/et_pb_text][et_pb_text admin_label=\u00bbHorario texto\u00bb _builder_version=\u00bb4.27.2&#8243; _module_preset=\u00bbdefault\u00bb header_2_font=\u00bbWork Sans||||||||\u00bb header_2_font_size=\u00bb1.2em\u00bb header_3_font=\u00bbWork Sans||||||||\u00bb header_3_text_align=\u00bbleft\u00bb header_3_text_color=\u00bb#111112&#8243; header_3_font_size=\u00bb33px\u00bb header_3_line_height=\u00bb1.25em\u00bb custom_margin=\u00bb0px||1px||false|false\u00bb custom_padding=\u00bb0px||0px||false|false\u00bb header_3_font_size_tablet=\u00bb33px\u00bb header_3_font_size_phone=\u00bb26px\u00bb header_3_font_size_last_edited=\u00bbon|phone\u00bb custom_css_free_form=\u00bb.et_pb_text_inner{||  display: flex;||\talign-items: center;||\tjustify-content: space-between;||\tflex-wrap: wrap;||}\u00bb global_colors_info=\u00bb{}\u00bb]<\/p>\n<h2>Lunes a Jueves:<br \/>09:00h \u2013 13:30h<br \/>16:00h a 20:00h<\/h2>\n<h2>Viernes:<br \/>09:00h \u2013 13:30h<br \/>16:00h a 19:00h<\/h2>\n<p>[\/et_pb_text][\/et_pb_column][\/et_pb_row][et_pb_row module_id=\u00bbcontacto\u00bb _builder_version=\u00bb4.27.2&#8243; _module_preset=\u00bbdefault\u00bb custom_padding=\u00bb||||false|false\u00bb global_colors_info=\u00bb{}\u00bb][et_pb_column type=\u00bb4_4&#8243; _builder_version=\u00bb4.27.2&#8243; _module_preset=\u00bbdefault\u00bb global_colors_info=\u00bb{}\u00bb][et_pb_text admin_label=\u00bb\u00a1Escribenos!\u00bb _builder_version=\u00bb4.27.2&#8243; _module_preset=\u00bbdefault\u00bb header_2_font=\u00bbWork Sans||||||||\u00bb header_2_text_align=\u00bbcenter\u00bb header_2_text_color=\u00bb#052e26&#8243; header_2_font_size=\u00bb2em\u00bb global_colors_info=\u00bb{}\u00bb]<\/p>\n<h2>\u00a1Escr\u00edbenos!<\/h2>\n<p>[\/et_pb_text][et_pb_code admin_label=\u00bbFormulario\u00bb _builder_version=\u00bb4.27.2&#8243; _module_preset=\u00bbdefault\u00bb global_colors_info=\u00bb{}\u00bb]\n<div class=\"wpcf7 no-js\" id=\"wpcf7-f89160-o1\" lang=\"es-ES\" dir=\"ltr\" data-wpcf7-id=\"89160\">\n<div class=\"screen-reader-response\"><p role=\"status\" aria-live=\"polite\" aria-atomic=\"true\"><\/p> <ul><\/ul><\/div>\n<form action=\"\/es\/wp-json\/wp\/v2\/pages\/90574#wpcf7-f89160-o1\" method=\"post\" class=\"wpcf7-form init\" aria-label=\"Formulario de contacto\" novalidate=\"novalidate\" data-status=\"init\">\n<fieldset class=\"hidden-fields-container\"><input type=\"hidden\" name=\"_wpcf7\" value=\"89160\" \/><input type=\"hidden\" name=\"_wpcf7_version\" value=\"6.1.5\" \/><input type=\"hidden\" name=\"_wpcf7_locale\" value=\"es_ES\" \/><input type=\"hidden\" name=\"_wpcf7_unit_tag\" value=\"wpcf7-f89160-o1\" \/><input type=\"hidden\" name=\"_wpcf7_container_post\" value=\"0\" \/><input type=\"hidden\" name=\"_wpcf7_posted_data_hash\" value=\"\" \/>\n<\/fieldset>\n<div class=\"contact-form\">\n\t<div class=\"datos\">\n\t\t<p><label for=\"nombre\"> Nom i cognoms<br \/>\n<span class=\"wpcf7-form-control-wrap\" data-name=\"your-name\"><input size=\"40\" maxlength=\"400\" class=\"wpcf7-form-control wpcf7-text wpcf7-validates-as-required\" id=\"nombre\" autocomplete=\"name\" aria-required=\"true\" aria-invalid=\"false\" placeholder=\"Nom i cognoms\" value=\"\" type=\"text\" name=\"your-name\" \/><\/span> <\/label><br \/>\n<label for=\"email\"> Email<br \/>\n<span class=\"wpcf7-form-control-wrap\" data-name=\"your-email\"><input size=\"40\" maxlength=\"400\" class=\"wpcf7-form-control wpcf7-email wpcf7-validates-as-required wpcf7-text wpcf7-validates-as-email\" id=\"email\" autocomplete=\"email\" aria-required=\"true\" aria-invalid=\"false\" placeholder=\"Correu electr\u00f2nic\" value=\"\" type=\"email\" name=\"your-email\" \/><\/span> <\/label><br \/>\n<label for=\"telefono\">Tel\u00e8fon<br \/>\n<span class=\"wpcf7-form-control-wrap\" data-name=\"telefono\"><input size=\"40\" maxlength=\"400\" class=\"wpcf7-form-control wpcf7-tel wpcf7-text wpcf7-validates-as-tel telefono\" id=\"telefono\" aria-invalid=\"false\" placeholder=\"Tel\u00e8fon\" value=\"\" type=\"tel\" name=\"telefono\" \/><\/span><\/label><br \/>\n<label for=\"mensaje\"> Missatge (opcional)<br \/>\n<span class=\"wpcf7-form-control-wrap\" data-name=\"your-message\"><textarea cols=\"40\" rows=\"10\" maxlength=\"2000\" class=\"wpcf7-form-control wpcf7-textarea\" id=\"mensaje\" aria-invalid=\"false\" placeholder=\"\" name=\"your-message\"><\/textarea><\/span> <\/label>\n\t\t<\/p>\n\t<\/div>\n\t<div class=\"politica_privacidad\">\n\t\t<p><span class=\"wpcf7-form-control-wrap\" data-name=\"politica_privacidad\"><span class=\"wpcf7-form-control wpcf7-acceptance optional\"><span class=\"wpcf7-list-item\"><label><input type=\"checkbox\" name=\"politica_privacidad\" value=\"1\" aria-invalid=\"false\" \/><span class=\"wpcf7-list-item-label\">He llegit i accepto la <a href=\"http:\/\/fernandezadvocats.es\/politica-de-privacitat\/\">pol\u00edtica de privacitat<\/a>.<\/span><\/label><\/span><\/span><\/span>\n\t\t<\/p>\n\t<\/div>\n\t<div class=\"informacion_basica\">\n\t\t<h2>Informaci\u00f3 b\u00e0sica sobre la protecci\u00f3 de dades personals\n\t\t<\/h2>\n\t\t<p>Responsable: GABINET FERN\u00c1NDEZ ADVOCATS ASSOCIATS S.C.P.\n\t\t<\/p>\n\t\t<p>Finalitat del tractament: atendre les q\u00fcestions que ens plantegi quan contactem amb vost\u00e8 en resposta a la seva petici\u00f3 i, si escau, concertar una cita al nostre despatx.\n\t\t<\/p>\n\t\t<p>Drets: pot exercir els drets que li reconeix la normativa vigent sobre protecci\u00f3 de dades als sup\u00f2sits i de la manera que s'explica a la nostra <a href=\"https:\/\/fernandezadvocats.es\/politica-de-privacitat\/\">pol\u00edtica de privacitat<\/a>, on trobar\u00e0 informaci\u00f3 completa sobre el tractament de les seves dades personals.\n\t\t<\/p>\n\t<\/div>\n\t<div class=\"enviar\">\n\t\t<p><input class=\"wpcf7-form-control wpcf7-submit has-spinner\" type=\"submit\" value=\"Enviar\" \/>\n\t\t<\/p>\n\t<\/div>\n<\/div><div class=\"wpcf7-response-output\" aria-hidden=\"true\"><\/div>\n<\/form>\n<\/div>\n[\/et_pb_code][\/et_pb_column][\/et_pb_row][et_pb_row _builder_version=\u00bb4.27.2&#8243; _module_preset=\u00bbdefault\u00bb width=\u00bb100%\u00bb max_width=\u00bb100%\u00bb custom_padding=\u00bb0px||0px||true|false\u00bb global_colors_info=\u00bb{}\u00bb][et_pb_column type=\u00bb4_4&#8243; _builder_version=\u00bb4.27.2&#8243; _module_preset=\u00bbdefault\u00bb global_colors_info=\u00bb{}\u00bb][et_pb_code _builder_version=\u00bb4.27.2&#8243; _module_preset=\u00bbdefault\u00bb global_colors_info=\u00bb{}\u00bb]<iframe src=\"https:\/\/www.google.com\/maps\/embed?pb=!1m18!1m12!1m3!1d2960.3514236897986!2d1.8393630836729133!3d42.0999438772989!2m3!1f0!2f0!3f0!3m2!1i1024!2i768!4f13.1!3m3!1m2!1s0x12a50833adedf6dd%3A0x9591dd884fed1fd1!2sFern%C3%A1ndez%20Advocats!5e0!3m2!1sen!2ses!4v1729609837600!5m2!1sen!2ses\" width=\"100%\" height=\"450\" style=\"border:0;\" allowfullscreen=\"\" loading=\"lazy\" referrerpolicy=\"no-referrer-when-downgrade\"><\/iframe>[\/et_pb_code][\/et_pb_column][\/et_pb_row][\/et_pb_section]<\/p>\n","protected":false},"excerpt":{"rendered":"<p>FERN\u00c1NDEZ ADVOCATS Cont\u00e1ctanosSi tienes alguna duda, consulta o simplemente quieres decir hola, no dudes en ponerte en contacto con nosotros. Estamos aqu\u00ed para ayudarte\u00a1Escr\u00edbenos! Conf\u00eda en Fern\u00e1ndez Advocats para recibir un asesoramiento legal integral, adaptado a tus necesidades. Estamos comprometidos a ofrecerte un servicio profesional, cercano y de calidad, con la dedicaci\u00f3n y experiencia que [&hellip;]<\/p>\n","protected":false},"author":1,"featured_media":91140,"parent":0,"menu_order":0,"comment_status":"closed","ping_status":"closed","template":"","meta":{"_et_pb_use_builder":"on","_et_pb_old_content":"","_et_gb_content_width":"","footnotes":""},"class_list":["post-90574","page","type-page","status-publish","has-post-thumbnail","hentry"],"yoast_head":"<!-- This site is optimized with the Yoast SEO plugin v27.1.1 - https:\/\/yoast.com\/product\/yoast-seo-wordpress\/ -->\n<title>Contacto | Fern\u00e1ndez Advocats: Su Despacho de Confianza<\/title>\n<meta name=\"description\" content=\"Cont\u00e1ctenos en Fern\u00e1ndez Advocats. Estamos en Berga y Barcelona para ofrecerle asesoramiento jur\u00eddico personalizado y soluciones legales efectivas.\" \/>\n<meta name=\"robots\" content=\"index, follow, max-snippet:-1, max-image-preview:large, max-video-preview:-1\" \/>\n<link rel=\"canonical\" href=\"https:\/\/fernandezadvocats.es\/es\/contacta\/\" \/>\n<meta property=\"og:locale\" content=\"es_ES\" \/>\n<meta property=\"og:type\" content=\"article\" \/>\n<meta property=\"og:title\" content=\"Contacto | Fern\u00e1ndez Advocats: Su Despacho de Confianza\" \/>\n<meta property=\"og:description\" content=\"Cont\u00e1ctenos en Fern\u00e1ndez Advocats. Estamos en Berga y Barcelona para ofrecerle asesoramiento jur\u00eddico personalizado y soluciones legales efectivas.\" \/>\n<meta property=\"og:url\" content=\"https:\/\/fernandezadvocats.es\/es\/contacta\/\" \/>\n<meta property=\"og:site_name\" content=\"Fern\u00e1ndez Advocats\" \/>\n<meta property=\"article:modified_time\" content=\"2025-07-21T13:14:11+00:00\" \/>\n<meta name=\"twitter:card\" content=\"summary_large_image\" \/>\n<meta name=\"twitter:label1\" content=\"Tiempo de lectura\" \/>\n\t<meta name=\"twitter:data1\" content=\"1 minuto\" \/>\n<script type=\"application\/ld+json\" class=\"yoast-schema-graph\">{\"@context\":\"https:\/\/schema.org\",\"@graph\":[{\"@type\":\"WebPage\",\"@id\":\"https:\/\/fernandezadvocats.es\/es\/contacta\/\",\"url\":\"https:\/\/fernandezadvocats.es\/es\/contacta\/\",\"name\":\"Contacto | Fern\u00e1ndez Advocats: Su Despacho de Confianza\",\"isPartOf\":{\"@id\":\"https:\/\/fernandezadvocats.es\/#website\"},\"primaryImageOfPage\":{\"@id\":\"https:\/\/fernandezadvocats.es\/es\/contacta\/#primaryimage\"},\"image\":{\"@id\":\"https:\/\/fernandezadvocats.es\/es\/contacta\/#primaryimage\"},\"thumbnailUrl\":\"https:\/\/fernandezadvocats.es\/wp-content\/uploads\/2024\/12\/4A4A2124-1-scaled-e1733828303721.jpg\",\"datePublished\":\"2024-10-22T15:09:24+00:00\",\"dateModified\":\"2025-07-21T13:14:11+00:00\",\"description\":\"Cont\u00e1ctenos en Fern\u00e1ndez Advocats. Estamos en Berga y Barcelona para ofrecerle asesoramiento jur\u00eddico personalizado y soluciones legales efectivas.\",\"breadcrumb\":{\"@id\":\"https:\/\/fernandezadvocats.es\/es\/contacta\/#breadcrumb\"},\"inLanguage\":\"es\",\"potentialAction\":[{\"@type\":\"ReadAction\",\"target\":[\"https:\/\/fernandezadvocats.es\/es\/contacta\/\"]}]},{\"@type\":\"ImageObject\",\"inLanguage\":\"es\",\"@id\":\"https:\/\/fernandezadvocats.es\/es\/contacta\/#primaryimage\",\"url\":\"https:\/\/fernandezadvocats.es\/wp-content\/uploads\/2024\/12\/4A4A2124-1-scaled-e1733828303721.jpg\",\"contentUrl\":\"https:\/\/fernandezadvocats.es\/wp-content\/uploads\/2024\/12\/4A4A2124-1-scaled-e1733828303721.jpg\",\"width\":2560,\"height\":1708,\"caption\":\"Evoto\"},{\"@type\":\"BreadcrumbList\",\"@id\":\"https:\/\/fernandezadvocats.es\/es\/contacta\/#breadcrumb\",\"itemListElement\":[{\"@type\":\"ListItem\",\"position\":1,\"name\":\"Portada\",\"item\":\"https:\/\/fernandezadvocats.es\/es\/fernandez-advocats-berga\/\"},{\"@type\":\"ListItem\",\"position\":2,\"name\":\"Contacta\"}]},{\"@type\":\"WebSite\",\"@id\":\"https:\/\/fernandezadvocats.es\/#website\",\"url\":\"https:\/\/fernandezadvocats.es\/\",\"name\":\"Fern\u00e1ndez Advocats\",\"description\":\"Advocats Berga i Barcelona\",\"publisher\":{\"@id\":\"https:\/\/fernandezadvocats.es\/#organization\"},\"alternateName\":\"Abogados Berga y Bracelona\",\"potentialAction\":[{\"@type\":\"SearchAction\",\"target\":{\"@type\":\"EntryPoint\",\"urlTemplate\":\"https:\/\/fernandezadvocats.es\/?s={search_term_string}\"},\"query-input\":{\"@type\":\"PropertyValueSpecification\",\"valueRequired\":true,\"valueName\":\"search_term_string\"}}],\"inLanguage\":\"es\"},{\"@type\":\"Organization\",\"@id\":\"https:\/\/fernandezadvocats.es\/#organization\",\"name\":\"Fern\u00e1ndez Advocats\",\"url\":\"https:\/\/fernandezadvocats.es\/\",\"logo\":{\"@type\":\"ImageObject\",\"inLanguage\":\"es\",\"@id\":\"https:\/\/fernandezadvocats.es\/#\/schema\/logo\/image\/\",\"url\":\"https:\/\/fernandezadvocats.es\/wp-content\/uploads\/2024\/11\/cropped-BF-e1731427554424.png\",\"contentUrl\":\"https:\/\/fernandezadvocats.es\/wp-content\/uploads\/2024\/11\/cropped-BF-e1731427554424.png\",\"width\":512,\"height\":512,\"caption\":\"Fern\u00e1ndez Advocats\"},\"image\":{\"@id\":\"https:\/\/fernandezadvocats.es\/#\/schema\/logo\/image\/\"}}]}<\/script>\n<!-- \/ Yoast SEO plugin. -->","yoast_head_json":{"title":"Contacto | Fern\u00e1ndez Advocats: Su Despacho de Confianza","description":"Cont\u00e1ctenos en Fern\u00e1ndez Advocats. Estamos en Berga y Barcelona para ofrecerle asesoramiento jur\u00eddico personalizado y soluciones legales efectivas.","robots":{"index":"index","follow":"follow","max-snippet":"max-snippet:-1","max-image-preview":"max-image-preview:large","max-video-preview":"max-video-preview:-1"},"canonical":"https:\/\/fernandezadvocats.es\/es\/contacta\/","og_locale":"es_ES","og_type":"article","og_title":"Contacto | Fern\u00e1ndez Advocats: Su Despacho de Confianza","og_description":"Cont\u00e1ctenos en Fern\u00e1ndez Advocats. Estamos en Berga y Barcelona para ofrecerle asesoramiento jur\u00eddico personalizado y soluciones legales efectivas.","og_url":"https:\/\/fernandezadvocats.es\/es\/contacta\/","og_site_name":"Fern\u00e1ndez Advocats","article_modified_time":"2025-07-21T13:14:11+00:00","twitter_card":"summary_large_image","twitter_misc":{"Tiempo de lectura":"1 minuto"},"schema":{"@context":"https:\/\/schema.org","@graph":[{"@type":"WebPage","@id":"https:\/\/fernandezadvocats.es\/es\/contacta\/","url":"https:\/\/fernandezadvocats.es\/es\/contacta\/","name":"Contacto | Fern\u00e1ndez Advocats: Su Despacho de Confianza","isPartOf":{"@id":"https:\/\/fernandezadvocats.es\/#website"},"primaryImageOfPage":{"@id":"https:\/\/fernandezadvocats.es\/es\/contacta\/#primaryimage"},"image":{"@id":"https:\/\/fernandezadvocats.es\/es\/contacta\/#primaryimage"},"thumbnailUrl":"https:\/\/fernandezadvocats.es\/wp-content\/uploads\/2024\/12\/4A4A2124-1-scaled-e1733828303721.jpg","datePublished":"2024-10-22T15:09:24+00:00","dateModified":"2025-07-21T13:14:11+00:00","description":"Cont\u00e1ctenos en Fern\u00e1ndez Advocats. Estamos en Berga y Barcelona para ofrecerle asesoramiento jur\u00eddico personalizado y soluciones legales efectivas.","breadcrumb":{"@id":"https:\/\/fernandezadvocats.es\/es\/contacta\/#breadcrumb"},"inLanguage":"es","potentialAction":[{"@type":"ReadAction","target":["https:\/\/fernandezadvocats.es\/es\/contacta\/"]}]},{"@type":"ImageObject","inLanguage":"es","@id":"https:\/\/fernandezadvocats.es\/es\/contacta\/#primaryimage","url":"https:\/\/fernandezadvocats.es\/wp-content\/uploads\/2024\/12\/4A4A2124-1-scaled-e1733828303721.jpg","contentUrl":"https:\/\/fernandezadvocats.es\/wp-content\/uploads\/2024\/12\/4A4A2124-1-scaled-e1733828303721.jpg","width":2560,"height":1708,"caption":"Evoto"},{"@type":"BreadcrumbList","@id":"https:\/\/fernandezadvocats.es\/es\/contacta\/#breadcrumb","itemListElement":[{"@type":"ListItem","position":1,"name":"Portada","item":"https:\/\/fernandezadvocats.es\/es\/fernandez-advocats-berga\/"},{"@type":"ListItem","position":2,"name":"Contacta"}]},{"@type":"WebSite","@id":"https:\/\/fernandezadvocats.es\/#website","url":"https:\/\/fernandezadvocats.es\/","name":"Fern\u00e1ndez Advocats","description":"Advocats Berga i Barcelona","publisher":{"@id":"https:\/\/fernandezadvocats.es\/#organization"},"alternateName":"Abogados Berga y Bracelona","potentialAction":[{"@type":"SearchAction","target":{"@type":"EntryPoint","urlTemplate":"https:\/\/fernandezadvocats.es\/?s={search_term_string}"},"query-input":{"@type":"PropertyValueSpecification","valueRequired":true,"valueName":"search_term_string"}}],"inLanguage":"es"},{"@type":"Organization","@id":"https:\/\/fernandezadvocats.es\/#organization","name":"Fern\u00e1ndez Advocats","url":"https:\/\/fernandezadvocats.es\/","logo":{"@type":"ImageObject","inLanguage":"es","@id":"https:\/\/fernandezadvocats.es\/#\/schema\/logo\/image\/","url":"https:\/\/fernandezadvocats.es\/wp-content\/uploads\/2024\/11\/cropped-BF-e1731427554424.png","contentUrl":"https:\/\/fernandezadvocats.es\/wp-content\/uploads\/2024\/11\/cropped-BF-e1731427554424.png","width":512,"height":512,"caption":"Fern\u00e1ndez Advocats"},"image":{"@id":"https:\/\/fernandezadvocats.es\/#\/schema\/logo\/image\/"}}]}},"_links":{"self":[{"href":"https:\/\/fernandezadvocats.es\/es\/wp-json\/wp\/v2\/pages\/90574","targetHints":{"allow":["GET"]}}],"collection":[{"href":"https:\/\/fernandezadvocats.es\/es\/wp-json\/wp\/v2\/pages"}],"about":[{"href":"https:\/\/fernandezadvocats.es\/es\/wp-json\/wp\/v2\/types\/page"}],"author":[{"embeddable":true,"href":"https:\/\/fernandezadvocats.es\/es\/wp-json\/wp\/v2\/users\/1"}],"replies":[{"embeddable":true,"href":"https:\/\/fernandezadvocats.es\/es\/wp-json\/wp\/v2\/comments?post=90574"}],"version-history":[{"count":12,"href":"https:\/\/fernandezadvocats.es\/es\/wp-json\/wp\/v2\/pages\/90574\/revisions"}],"predecessor-version":[{"id":253209,"href":"https:\/\/fernandezadvocats.es\/es\/wp-json\/wp\/v2\/pages\/90574\/revisions\/253209"}],"wp:featuredmedia":[{"embeddable":true,"href":"https:\/\/fernandezadvocats.es\/es\/wp-json\/wp\/v2\/media\/91140"}],"wp:attachment":[{"href":"https:\/\/fernandezadvocats.es\/es\/wp-json\/wp\/v2\/media?parent=90574"}],"curies":[{"name":"wp","href":"https:\/\/api.w.org\/{rel}","templated":true}]}}