{"id":90613,"date":"2024-10-31T16:46:24","date_gmt":"2024-10-31T15:46:24","guid":{"rendered":"http:\/\/fernandezadvocats.es\/arees-de-practica\/"},"modified":"2025-07-21T15:10:55","modified_gmt":"2025-07-21T13:10:55","slug":"areas-de-practica","status":"publish","type":"page","link":"https:\/\/fernandezadvocats.es\/es\/areas-de-practica\/","title":{"rendered":"\u00c1REAS DE PR\u00c1CTICA"},"content":{"rendered":"<p>[et_pb_section fb_built=\u00bb1&#8243; custom_padding_last_edited=\u00bbon|tablet\u00bb _builder_version=\u00bb4.27.3&#8243; _module_preset=\u00bbdefault\u00bb use_background_color_gradient=\u00bbon\u00bb background_color_gradient_direction=\u00bb90deg\u00bb background_color_gradient_stops=\u00bbrgba(0,12,8,0.87) 0%|rgba(5,25,18,0.2) 78%\u00bb background_color_gradient_overlays_image=\u00bbon\u00bb background_image=\u00bbhttp:\/\/fernandezadvocats.es\/wp-content\/uploads\/2024\/11\/W5A8635-scaled.jpg\u00bb custom_margin=\u00bb0px||0px||false|false\u00bb custom_padding=\u00bb170px||170px||false|false\u00bb custom_padding_tablet=\u00bb150px||150px||false|false\u00bb custom_padding_phone=\u00bb90px||90px||false|false\u00bb locked=\u00bboff\u00bb global_colors_info=\u00bb{}\u00bb][et_pb_row _builder_version=\u00bb4.24.3&#8243; _module_preset=\u00bbdefault\u00bb width=\u00bb90%\u00bb max_width=\u00bb1290px\u00bb custom_margin=\u00bb0px||0px||false|false\u00bb custom_padding=\u00bb0px||0px||false|false\u00bb global_colors_info=\u00bb{}\u00bb][et_pb_column type=\u00bb4_4&#8243; _builder_version=\u00bb4.24.3&#8243; _module_preset=\u00bbdefault\u00bb global_colors_info=\u00bb{}\u00bb][et_pb_text admin_label=\u00bbFERN\u00c1NDEZ ADVOCATS\u00bb _builder_version=\u00bb4.27.3&#8243; _module_preset=\u00bbdefault\u00bb text_font=\u00bbWork Sans|||on|||||\u00bb text_text_color=\u00bb#FFFFFF\u00bb text_font_size=\u00bb0.8em\u00bb text_letter_spacing=\u00bb2px\u00bb text_line_height=\u00bb1em\u00bb header_2_font=\u00bbWork Sans|||on|||||\u00bb header_2_text_align=\u00bbleft\u00bb header_2_text_color=\u00bb#FFFFFF\u00bb header_2_font_size=\u00bb0.8em\u00bb header_2_letter_spacing=\u00bb2px\u00bb header_2_line_height=\u00bb0.7em\u00bb header_4_font=\u00bbWork Sans|||on|||||\u00bb header_4_text_align=\u00bbleft\u00bb header_4_text_color=\u00bb#FFFFFF\u00bb header_4_font_size=\u00bb13px\u00bb header_4_letter_spacing=\u00bb2px\u00bb header_4_line_height=\u00bb0.7em\u00bb background_color=\u00bbrgba(255,255,255,0.2)\u00bb custom_margin=\u00bb0px||10px||false|false\u00bb custom_padding=\u00bb11px|20px|11px|20px|true|true\u00bb animation_style=\u00bbslide\u00bb animation_direction=\u00bbleft\u00bb animation_delay=\u00bb500ms\u00bb animation_intensity_slide=\u00bb10%\u00bb animation_speed_curve=\u00bbease\u00bb custom_css_main_element=\u00bbbackdrop-filter: blur(4px) grayscale(92%) sepia(0%) invert(0%) brightness(100%);||display:inline-block;\u00bb border_radii=\u00bbon|50px|50px|50px|50px\u00bb global_colors_info=\u00bb{}\u00bb]<\/p>\n<p>FERN\u00c1NDEZ ADVOCATS<\/p>\n<p>[\/et_pb_text][et_pb_text admin_label=\u00bbT\u00edtulo &#8211; \u00c1REAS DE PR\u00c1CTICA\u00bb _builder_version=\u00bb4.27.3&#8243; _module_preset=\u00bbdefault\u00bb header_font=\u00bbWork Sans|600|||||||\u00bb header_text_align=\u00bbleft\u00bb header_text_color=\u00bb#FFFFFF\u00bb header_font_size=\u00bb7em\u00bb header_line_height=\u00bb1.1em\u00bb max_width=\u00bb900px\u00bb custom_margin=\u00bb0px||0px||false|false\u00bb custom_padding=\u00bb0px||0px||false|false\u00bb animation_style=\u00bbslide\u00bb animation_direction=\u00bbleft\u00bb animation_delay=\u00bb800ms\u00bb animation_intensity_slide=\u00bb2%\u00bb animation_speed_curve=\u00bbease\u00bb header_font_size_tablet=\u00bb4.68em\u00bb header_font_size_phone=\u00bb2.8em\u00bb header_font_size_last_edited=\u00bbon|phone\u00bb global_colors_info=\u00bb{}\u00bb]<\/p>\n<h1>\u00c1reas de pr\u00e1ctica<\/h1>\n<p>[\/et_pb_text][et_pb_text admin_label=\u00bbTexto &#8211; Dado que es habitual que la controversia planteada por el cliente tenga implicaciones en varias \u00e1reas del derecho, el despacho cuenta con un amplio abanico de profesionales en cada una de las correspondientes especialidades, colaborando entre ellos en todo momento para ofrecer siempre una respuesta de manera completa e interdisciplinaria.\u00bb _builder_version=\u00bb4.27.3&#8243; _module_preset=\u00bbdefault\u00bb text_font=\u00bbRoboto Flex||||||||\u00bb text_text_color=\u00bb#FFFFFF\u00bb text_font_size=\u00bb1.2em\u00bb text_line_height=\u00bb1.5em\u00bb max_width=\u00bb50%\u00bb custom_margin=\u00bb0px|-53px|28px||false|false\u00bb custom_margin_tablet=\u00bb0px||28px|60px|false|false\u00bb custom_margin_phone=\u00bb|||0px|false|false\u00bb custom_margin_last_edited=\u00bbon|tablet\u00bb custom_padding=\u00bb0px||0px|174px|false|false\u00bb custom_padding_tablet=\u00bb0px||0px|180px|false|false\u00bb custom_padding_phone=\u00bb0px||0px|0px|false|false\u00bb custom_padding_last_edited=\u00bbon|phone\u00bb animation_style=\u00bbslide\u00bb animation_direction=\u00bbbottom\u00bb animation_delay=\u00bb1100ms\u00bb animation_intensity_slide=\u00bb18%\u00bb animation_speed_curve=\u00bbease\u00bb custom_css_before=\u00bbcontent:%22%22;||background:#fff;||width:150px;||height:1px;||position:absolute;||top:12px;||left:0px;\u00bb global_colors_info=\u00bb{}\u00bb custom_css_before__hover_enabled=\u00bboff|desktop\u00bb custom_css_before_last_edited=\u00bbon|phone\u00bb custom_css_before_phone=\u00bbdisplay:none;\u00bb custom_css_before_tablet=\u00bbcontent:%22%22;||background:#fff;||width:150px;||height:1px;||position:absolute;||top:12px;||left:0px;\u00bb]<\/p>\n<p>Dado que es habitual que la controversia planteada por el cliente tenga implicaciones en varias \u00e1reas del derecho, el despacho cuenta con un amplio abanico de profesionales en cada una de las correspondientes especialidades, colaborando entre ellos en todo momento para ofrecer siempre una respuesta de manera completa e interdisciplinaria<\/p>\n<p>[\/et_pb_text][et_pb_button button_url=\u00bb\/es\/contacta\/\u00bb button_text=\u00bbCont\u00e1ctanos ahora\u00bb admin_label=\u00bbBTN &#8211; Cont\u00e1ctanos ahora\u00bb _builder_version=\u00bb4.27.3&#8243; _module_preset=\u00bbdefault\u00bb custom_button=\u00bbon\u00bb button_text_size=\u00bb1em\u00bb button_text_color=\u00bb#052e26&#8243; button_bg_color=\u00bb#FFFFFF\u00bb button_border_width=\u00bb0px\u00bb button_border_radius=\u00bb25px\u00bb button_letter_spacing=\u00bb1px\u00bb button_font=\u00bbWork Sans|||on|||||\u00bb button_icon=\u00bb&#xf061;||fa||900&#8243; custom_margin=\u00bb0px||0px||false|false\u00bb custom_margin_tablet=\u00bb0px||0px|242px|false|false\u00bb custom_margin_phone=\u00bb|||0px|false|false\u00bb custom_margin_last_edited=\u00bbon|tablet\u00bb custom_padding=\u00bb14px|30px|14px|30px|false|false\u00bb animation_style=\u00bbslide\u00bb animation_direction=\u00bbbottom\u00bb animation_delay=\u00bb1400ms\u00bb animation_intensity_slide=\u00bb15%\u00bb animation_speed_curve=\u00bbease\u00bb global_colors_info=\u00bb{}\u00bb button_bg_color__hover_enabled=\u00bbon|hover\u00bb button_bg_color__hover=\u00bb#FFFFFF\u00bb button_bg_enable_color__hover=\u00bbon\u00bb button_text_color__hover_enabled=\u00bbon|hover\u00bb button_text_color__hover=\u00bb#011712&#8243;][\/et_pb_button][\/et_pb_column][\/et_pb_row][\/et_pb_section][et_pb_section fb_built=\u00bb1&#8243; _builder_version=\u00bb4.27.4&#8243; _module_preset=\u00bbdefault\u00bb background_color=\u00bb#f7f7f7&#8243; locked=\u00bboff\u00bb global_colors_info=\u00bb{}\u00bb][et_pb_row column_structure=\u00bb1_3,1_3,1_3&#8243; custom_padding_last_edited=\u00bbon|tablet\u00bb _builder_version=\u00bb4.27.4&#8243; _module_preset=\u00bbdefault\u00bb width=\u00bb85%\u00bb max_width=\u00bb100%\u00bb custom_padding_tablet=\u00bb||0px||false|false\u00bb custom_padding_phone=\u00bb||0px||false|false\u00bb global_colors_info=\u00bb{}\u00bb][et_pb_column type=\u00bb1_3&#8243; _builder_version=\u00bb4.27.2&#8243; _module_preset=\u00bbdefault\u00bb global_colors_info=\u00bb{}\u00bb][et_pb_blurb title=\u00bbDerecho P\u00fablico y Administrativo\u00bb use_icon=\u00bbon\u00bb font_icon=\u00bb&#x69;||divi||400&#8243; icon_color=\u00bb#275570&#8243; icon_placement=\u00bbleft\u00bb admin_label=\u00bbDret p\u00fablic i administratiu + texto\u00bb _builder_version=\u00bb4.27.4&#8243; _module_preset=\u00bbdefault\u00bb header_font=\u00bbWork Sans|500|||||||\u00bb header_text_color=\u00bb#275570&#8243; header_font_size=\u00bb1.6em\u00bb body_font=\u00bbWork Sans||||||||\u00bb body_text_color=\u00bb#03251e\u00bb body_font_size=\u00bb1em\u00bb link_option_url=\u00bb\/es\/derecho-publico-administrativo\/\u00bb hover_enabled=\u00bb0&#8243; global_colors_info=\u00bb{}\u00bb header_level=\u00bbh2&#8243; sticky_enabled=\u00bb0&#8243;]<\/p>\n<p>El Derecho P\u00fablico y Administrativo tiene como objetivo regular el conjunto de relaciones con la Administraci\u00f3n P\u00fablica y tambi\u00e9n entre Administraciones P\u00fablicas.<\/p>\n<p>[\/et_pb_blurb][\/et_pb_column][et_pb_column type=\u00bb1_3&#8243; _builder_version=\u00bb4.27.2&#8243; _module_preset=\u00bbdefault\u00bb global_colors_info=\u00bb{}\u00bb][et_pb_blurb title=\u00bbDerecho Laboral y de la Seguridad Social\u00bb use_icon=\u00bbon\u00bb font_icon=\u00bb&#x7e;||divi||400&#8243; icon_color=\u00bb#275570&#8243; icon_placement=\u00bbleft\u00bb admin_label=\u00bbDret laboral i de la seguretat social\u00bb _builder_version=\u00bb4.27.4&#8243; _module_preset=\u00bbdefault\u00bb header_font=\u00bbWork Sans|500|||||||\u00bb header_text_color=\u00bb#275570&#8243; header_font_size=\u00bb1.6em\u00bb body_font=\u00bbWork Sans||||||||\u00bb body_text_color=\u00bb#03251e\u00bb body_font_size=\u00bb1em\u00bb link_option_url=\u00bb\/es\/derecho-laboral-seguridad-social\/\u00bb hover_enabled=\u00bb0&#8243; global_colors_info=\u00bb{}\u00bb header_level=\u00bbh2&#8243; sticky_enabled=\u00bb0&#8243;]<\/p>\n<p>Los profesionales que forman parte del Departamento son expertos en derecho laboral y cuentan con una amplia experiencia en el asesoramiento de conflictos entre empresas y trabajadores.<\/p>\n<p>[\/et_pb_blurb][\/et_pb_column][et_pb_column type=\u00bb1_3&#8243; _builder_version=\u00bb4.27.2&#8243; _module_preset=\u00bbdefault\u00bb global_colors_info=\u00bb{}\u00bb][et_pb_blurb title=\u00bbDerecho de la Funci\u00f3n P\u00fablica\u00bb use_icon=\u00bbon\u00bb font_icon=\u00bb&#xe108;||divi||400&#8243; icon_color=\u00bb#275570&#8243; icon_placement=\u00bbleft\u00bb admin_label=\u00bbFunci\u00f3 p\u00fablica\u00bb _builder_version=\u00bb4.27.4&#8243; _module_preset=\u00bbdefault\u00bb header_font=\u00bbWork Sans|500|||||||\u00bb header_text_color=\u00bb#275570&#8243; header_font_size=\u00bb1.6em\u00bb body_font=\u00bbWork Sans||||||||\u00bb body_text_color=\u00bb#03251e\u00bb body_font_size=\u00bb1em\u00bb link_option_url=\u00bb\/es\/derecho-funcion-publica\/\u00bb hover_enabled=\u00bb0&#8243; global_colors_info=\u00bb{}\u00bb header_level=\u00bbh2&#8243; sticky_enabled=\u00bb0&#8243;]<\/p>\n<p>La funci\u00f3n p\u00fablica es una rama especial del derecho p\u00fablico dedicada a la regulaci\u00f3n de los derechos y obligaciones que ordenan y rigen las relaciones jur\u00eddicas entre la Administraci\u00f3n P\u00fablica y el personal a su servicio.<\/p>\n<p>[\/et_pb_blurb][\/et_pb_column][\/et_pb_row][et_pb_row column_structure=\u00bb1_3,1_3,1_3&#8243; custom_padding_last_edited=\u00bbon|tablet\u00bb _builder_version=\u00bb4.27.4&#8243; _module_preset=\u00bbdefault\u00bb width=\u00bb85%\u00bb max_width=\u00bb100%\u00bb custom_padding_tablet=\u00bb||0px||false|false\u00bb custom_padding_phone=\u00bb||0px||false|false\u00bb global_colors_info=\u00bb{}\u00bb][et_pb_column type=\u00bb1_3&#8243; _builder_version=\u00bb4.27.2&#8243; _module_preset=\u00bbdefault\u00bb global_colors_info=\u00bb{}\u00bb][et_pb_blurb title=\u00bbDerecho Urban\u00edstico e Inmobiliario\u00bb use_icon=\u00bbon\u00bb font_icon=\u00bb&#xe0ef;||divi||400&#8243; icon_color=\u00bb#275570&#8243; icon_placement=\u00bbleft\u00bb admin_label=\u00bbDret urban\u00edstic i immobiliari\u00bb _builder_version=\u00bb4.27.4&#8243; _module_preset=\u00bbdefault\u00bb header_font=\u00bbWork Sans|500|||||||\u00bb header_text_color=\u00bb#275570&#8243; header_font_size=\u00bb1.6em\u00bb body_font=\u00bbWork Sans||||||||\u00bb body_text_color=\u00bb#03251e\u00bb body_font_size=\u00bb1em\u00bb link_option_url=\u00bb\/es\/dret-urbanistic-i-immobiliari\/\u00bb hover_enabled=\u00bb0&#8243; global_colors_info=\u00bb{}\u00bb header_level=\u00bbh2&#8243; sticky_enabled=\u00bb0&#8243;]<\/p>\n<p>En nuestra firma, nos dedicamos a ofrecer servicios jur\u00eddicos especializados en derecho urban\u00edstico e inmobiliario, proporcionando asesoramiento completo y estrat\u00e9gico para proyectos de desarrollo urbano y transacciones inmobiliarias.<\/p>\n<p>[\/et_pb_blurb][\/et_pb_column][et_pb_column type=\u00bb1_3&#8243; _builder_version=\u00bb4.27.2&#8243; _module_preset=\u00bbdefault\u00bb global_colors_info=\u00bb{}\u00bb][et_pb_blurb title=\u00bbDerecho de Familia y Sucesiones\u00bb use_icon=\u00bbon\u00bb font_icon=\u00bb&#xe009;||divi||400&#8243; icon_color=\u00bb#275570&#8243; icon_placement=\u00bbleft\u00bb admin_label=\u00bbDret de fam\u00edlia i successions\u00bb _builder_version=\u00bb4.27.4&#8243; _module_preset=\u00bbdefault\u00bb header_font=\u00bbWork Sans|500|||||||\u00bb header_text_color=\u00bb#275570&#8243; header_font_size=\u00bb1.6em\u00bb body_font=\u00bbWork Sans||||||||\u00bb body_text_color=\u00bb#03251e\u00bb body_font_size=\u00bb1em\u00bb link_option_url=\u00bb\/es\/derecho-de-familia-y-sucesiones\/\u00bb hover_enabled=\u00bb0&#8243; global_colors_info=\u00bb{}\u00bb header_level=\u00bbh2&#8243; sticky_enabled=\u00bb0&#8243;]<\/p>\n<p>El equipo del Departamento de Familia y Sucesiones, gracias a sus amplios conocimientos, aborda de manera cercana y profesional los conflictos que surgen en el entorno familiar.<\/p>\n<p>[\/et_pb_blurb][\/et_pb_column][et_pb_column type=\u00bb1_3&#8243; _builder_version=\u00bb4.27.2&#8243; _module_preset=\u00bbdefault\u00bb global_colors_info=\u00bb{}\u00bb][et_pb_blurb title=\u00bbDerecho Penal\u00bb use_icon=\u00bbon\u00bb font_icon=\u00bb&#xe021;||divi||400&#8243; icon_color=\u00bb#275570&#8243; icon_placement=\u00bbleft\u00bb admin_label=\u00bbDret penal\u00bb _builder_version=\u00bb4.27.4&#8243; _module_preset=\u00bbdefault\u00bb header_font=\u00bbWork Sans|500|||||||\u00bb header_text_color=\u00bb#275570&#8243; header_font_size=\u00bb1.6em\u00bb body_font=\u00bbWork Sans||||||||\u00bb body_text_color=\u00bb#03251e\u00bb body_font_size=\u00bb1em\u00bb link_option_url=\u00bb\/es\/derecho-penal\/\u00bb hover_enabled=\u00bb0&#8243; global_colors_info=\u00bb{}\u00bb header_level=\u00bbh2&#8243; sticky_enabled=\u00bb0&#8243;]<\/p>\n<p>Los profesionales incorporados al \u00e1rea penal se han enfrentado a una pluralidad de escenarios que les ha proporcionado la experiencia y las herramientas necesarias para asesorar en procedimientos penales, tanto como acusaci\u00f3n como defensa.<\/p>\n<p>[\/et_pb_blurb][\/et_pb_column][\/et_pb_row][et_pb_row column_structure=\u00bb1_3,1_3,1_3&#8243; _builder_version=\u00bb4.27.4&#8243; _module_preset=\u00bbdefault\u00bb width=\u00bb85%\u00bb max_width=\u00bb100%\u00bb global_colors_info=\u00bb{}\u00bb][et_pb_column type=\u00bb1_3&#8243; _builder_version=\u00bb4.27.2&#8243; _module_preset=\u00bbdefault\u00bb global_colors_info=\u00bb{}\u00bb][et_pb_blurb title=\u00bbDerecho Civil\u00bb use_icon=\u00bbon\u00bb font_icon=\u00bb&#xf214;||fa||400&#8243; icon_color=\u00bb#275570&#8243; icon_placement=\u00bbleft\u00bb admin_label=\u00bbDret civil\u00bb _builder_version=\u00bb4.27.4&#8243; _module_preset=\u00bbdefault\u00bb header_font=\u00bbWork Sans|500|||||||\u00bb header_text_color=\u00bb#275570&#8243; header_font_size=\u00bb1.6em\u00bb body_font=\u00bbWork Sans||||||||\u00bb body_text_color=\u00bb#03251e\u00bb body_font_size=\u00bb1em\u00bb link_option_url=\u00bb\/es\/derecho-civil\/\u00bb hover_enabled=\u00bb0&#8243; global_colors_info=\u00bb{}\u00bb header_level=\u00bbh2&#8243; sticky_enabled=\u00bb0&#8243;]<\/p>\n<p>El derecho civil, como sistema normativo que gobierna las relaciones jur\u00eddicas entre particulares, es la rama del derecho que abarca m\u00e1s aspectos de la vida cotidiana, ya que est\u00e1 presente en instituciones tan diversas como la personalidad, las obligaciones y contratos, los derechos reales, el patrimonio, la responsabilidad, la familia o las sucesiones.<\/p>\n<p>[\/et_pb_blurb][\/et_pb_column][et_pb_column type=\u00bb1_3&#8243; _builder_version=\u00bb4.27.2&#8243; _module_preset=\u00bbdefault\u00bb global_colors_info=\u00bb{}\u00bb][et_pb_blurb title=\u00bbDerecho Rural, Agrario y Agropecuario\u00bb use_icon=\u00bbon\u00bb font_icon=\u00bb&#xf4d8;||fa||900&#8243; icon_color=\u00bb#275570&#8243; icon_placement=\u00bbleft\u00bb admin_label=\u00bbDret rural, agrari i agropecuari\u00bb _builder_version=\u00bb4.27.4&#8243; _module_preset=\u00bbdefault\u00bb header_font=\u00bbWork Sans|500|||||||\u00bb header_text_color=\u00bb#275570&#8243; header_font_size=\u00bb1.6em\u00bb body_font=\u00bbWork Sans||||||||\u00bb body_text_color=\u00bb#03251e\u00bb body_font_size=\u00bb1em\u00bb link_option_url=\u00bb\/es\/derecho-rural-agrario-y-agropecuario\/\u00bb hover_enabled=\u00bb0&#8243; global_colors_info=\u00bb{}\u00bb header_level=\u00bbh2&#8243; sticky_enabled=\u00bb0&#8243;]<\/p>\n<p>En el \u00e1mbito rural existe una regulaci\u00f3n espec\u00edfica de las relaciones que busca reflejar los usos y costumbres propios de estos entornos, lo cual se plasma en la normativa sobre los contratos y tambi\u00e9n en algunas consideraciones relativas a las relaciones de vecindad.<\/p>\n<p>[\/et_pb_blurb][\/et_pb_column][et_pb_column type=\u00bb1_3&#8243; _builder_version=\u00bb4.27.2&#8243; _module_preset=\u00bbdefault\u00bb global_colors_info=\u00bb{}\u00bb][et_pb_blurb title=\u00bbSeguros y Responsabilidad Civil\u00bb use_icon=\u00bbon\u00bb font_icon=\u00bb&#xe012;||divi||400&#8243; icon_color=\u00bb#275570&#8243; icon_placement=\u00bbleft\u00bb admin_label=\u00bbAssegurances i responsabilitat civil\u00bb _builder_version=\u00bb4.27.4&#8243; _module_preset=\u00bbdefault\u00bb header_font=\u00bbWork Sans|500|||||||\u00bb header_text_color=\u00bb#275570&#8243; header_font_size=\u00bb1.6em\u00bb body_font=\u00bbWork Sans||||||||\u00bb body_text_color=\u00bb#03251e\u00bb body_font_size=\u00bb1em\u00bb link_option_url=\u00bb\/es\/seguros-y-responsabilidad-civil\/\u00bb hover_enabled=\u00bb0&#8243; global_colors_info=\u00bb{}\u00bb header_level=\u00bbh2&#8243; sticky_enabled=\u00bb0&#8243;]<\/p>\n<p>Nuestros profesionales cuentan con una amplia experiencia en la reclamaci\u00f3n de las prestaciones contratadas en p\u00f3lizas de da\u00f1os frente a las compa\u00f1\u00edas aseguradoras, tales como seguros de vida, seguros de hogar, de viajes, de accidentes y seguros de responsabilidad civil.<\/p>\n<div id=\"gtx-trans\" style=\"position: absolute; left: 13px; top: 8.2px;\">\n<div class=\"gtx-trans-icon\"><\/div>\n<\/div>\n<p>[\/et_pb_blurb][\/et_pb_column][\/et_pb_row][et_pb_row column_structure=\u00bb1_3,1_3,1_3&#8243; _builder_version=\u00bb4.27.4&#8243; _module_preset=\u00bbdefault\u00bb width=\u00bb85%\u00bb max_width=\u00bb100%\u00bb custom_padding=\u00bb35px|||||\u00bb global_colors_info=\u00bb{}\u00bb][et_pb_column type=\u00bb1_3&#8243; _builder_version=\u00bb4.27.2&#8243; _module_preset=\u00bbdefault\u00bb global_colors_info=\u00bb{}\u00bb][et_pb_blurb title=\u00bbDerecho Mercantil\u00bb use_icon=\u00bbon\u00bb font_icon=\u00bb&#xe015;||divi||400&#8243; icon_color=\u00bb#275570&#8243; icon_placement=\u00bbleft\u00bb admin_label=\u00bbDret mercantil\u00bb _builder_version=\u00bb4.27.4&#8243; _module_preset=\u00bbdefault\u00bb header_font=\u00bbWork Sans|500|||||||\u00bb header_text_color=\u00bb#275570&#8243; header_font_size=\u00bb1.6em\u00bb body_font=\u00bbWork Sans||||||||\u00bb body_text_color=\u00bb#03251e\u00bb body_font_size=\u00bb1em\u00bb link_option_url=\u00bb\/es\/derecho-mercantil\/\u00bb hover_enabled=\u00bb0&#8243; global_colors_info=\u00bb{}\u00bb header_level=\u00bbh2&#8243; sticky_enabled=\u00bb0&#8243;]<\/p>\n<p>En Fern\u00e1ndez Advocats, disponemos de un Departamento de Derecho Mercantil con una s\u00f3lida trayectoria en el asesoramiento integral a empresas, ofreciendo soluciones adaptadas a sus necesidades y objetivos.<\/p>\n<p>[\/et_pb_blurb][\/et_pb_column][et_pb_column type=\u00bb1_3&#8243; _builder_version=\u00bb4.27.2&#8243; _module_preset=\u00bbdefault\u00bb global_colors_info=\u00bb{}\u00bb][\/et_pb_column][et_pb_column type=\u00bb1_3&#8243; _builder_version=\u00bb4.27.2&#8243; _module_preset=\u00bbdefault\u00bb global_colors_info=\u00bb{}\u00bb][\/et_pb_column][\/et_pb_row][\/et_pb_section]<\/p>\n","protected":false},"excerpt":{"rendered":"<p>FERN\u00c1NDEZ ADVOCATS\u00c1reas de pr\u00e1cticaDado que es habitual que la controversia planteada por el cliente tenga implicaciones en varias \u00e1reas del derecho, el despacho cuenta con un amplio abanico de profesionales en cada una de las correspondientes especialidades, colaborando entre ellos en todo momento para ofrecer siempre una respuesta de manera completa e interdisciplinariaEl Derecho P\u00fablico [&hellip;]<\/p>\n","protected":false},"author":1,"featured_media":0,"parent":0,"menu_order":0,"comment_status":"closed","ping_status":"closed","template":"","meta":{"_et_pb_use_builder":"on","_et_pb_old_content":"","_et_gb_content_width":"","footnotes":""},"class_list":["post-90613","page","type-page","status-publish","hentry"],"yoast_head":"<!-- This site is optimized with the Yoast SEO plugin v27.1.1 - https:\/\/yoast.com\/product\/yoast-seo-wordpress\/ -->\n<title>\u00c1reas de Pr\u00e1ctica | Fern\u00e1ndez Advocats: Servicios Jur\u00eddicos<\/title>\n<meta name=\"description\" content=\"Explore las \u00e1reas de pr\u00e1ctica de Fern\u00e1ndez Advocats. Asesoramiento jur\u00eddico en derecho civil, penal, administrativo, laboral, empresarial... en Berga y Barcelona.\" \/>\n<meta name=\"robots\" content=\"index, follow, max-snippet:-1, max-image-preview:large, max-video-preview:-1\" \/>\n<link rel=\"canonical\" href=\"https:\/\/fernandezadvocats.es\/es\/areas-de-practica\/\" \/>\n<meta property=\"og:locale\" content=\"es_ES\" \/>\n<meta property=\"og:type\" content=\"article\" \/>\n<meta property=\"og:title\" content=\"\u00c1reas de Pr\u00e1ctica | Fern\u00e1ndez Advocats: Servicios Jur\u00eddicos\" \/>\n<meta property=\"og:description\" content=\"Explore las \u00e1reas de pr\u00e1ctica de Fern\u00e1ndez Advocats. Asesoramiento jur\u00eddico en derecho civil, penal, administrativo, laboral, empresarial... en Berga y Barcelona.\" \/>\n<meta property=\"og:url\" content=\"https:\/\/fernandezadvocats.es\/es\/areas-de-practica\/\" \/>\n<meta property=\"og:site_name\" content=\"Fern\u00e1ndez Advocats\" \/>\n<meta property=\"article:modified_time\" content=\"2025-07-21T13:10:55+00:00\" \/>\n<meta name=\"twitter:card\" content=\"summary_large_image\" \/>\n<meta name=\"twitter:label1\" content=\"Tiempo de lectura\" \/>\n\t<meta name=\"twitter:data1\" content=\"3 minutos\" \/>\n<script type=\"application\/ld+json\" class=\"yoast-schema-graph\">{\"@context\":\"https:\/\/schema.org\",\"@graph\":[{\"@type\":\"WebPage\",\"@id\":\"https:\/\/fernandezadvocats.es\/es\/areas-de-practica\/\",\"url\":\"https:\/\/fernandezadvocats.es\/es\/areas-de-practica\/\",\"name\":\"\u00c1reas de Pr\u00e1ctica | Fern\u00e1ndez Advocats: Servicios Jur\u00eddicos\",\"isPartOf\":{\"@id\":\"https:\/\/fernandezadvocats.es\/#website\"},\"datePublished\":\"2024-10-31T15:46:24+00:00\",\"dateModified\":\"2025-07-21T13:10:55+00:00\",\"description\":\"Explore las \u00e1reas de pr\u00e1ctica de Fern\u00e1ndez Advocats. Asesoramiento jur\u00eddico en derecho civil, penal, administrativo, laboral, empresarial... en Berga y Barcelona.\",\"breadcrumb\":{\"@id\":\"https:\/\/fernandezadvocats.es\/es\/areas-de-practica\/#breadcrumb\"},\"inLanguage\":\"es\",\"potentialAction\":[{\"@type\":\"ReadAction\",\"target\":[\"https:\/\/fernandezadvocats.es\/es\/areas-de-practica\/\"]}]},{\"@type\":\"BreadcrumbList\",\"@id\":\"https:\/\/fernandezadvocats.es\/es\/areas-de-practica\/#breadcrumb\",\"itemListElement\":[{\"@type\":\"ListItem\",\"position\":1,\"name\":\"Portada\",\"item\":\"https:\/\/fernandezadvocats.es\/es\/fernandez-advocats-berga\/\"},{\"@type\":\"ListItem\",\"position\":2,\"name\":\"\u00c1REAS DE PR\u00c1CTICA\"}]},{\"@type\":\"WebSite\",\"@id\":\"https:\/\/fernandezadvocats.es\/#website\",\"url\":\"https:\/\/fernandezadvocats.es\/\",\"name\":\"Fern\u00e1ndez Advocats\",\"description\":\"Advocats Berga i Barcelona\",\"publisher\":{\"@id\":\"https:\/\/fernandezadvocats.es\/#organization\"},\"alternateName\":\"Abogados Berga y Bracelona\",\"potentialAction\":[{\"@type\":\"SearchAction\",\"target\":{\"@type\":\"EntryPoint\",\"urlTemplate\":\"https:\/\/fernandezadvocats.es\/?s={search_term_string}\"},\"query-input\":{\"@type\":\"PropertyValueSpecification\",\"valueRequired\":true,\"valueName\":\"search_term_string\"}}],\"inLanguage\":\"es\"},{\"@type\":\"Organization\",\"@id\":\"https:\/\/fernandezadvocats.es\/#organization\",\"name\":\"Fern\u00e1ndez Advocats\",\"url\":\"https:\/\/fernandezadvocats.es\/\",\"logo\":{\"@type\":\"ImageObject\",\"inLanguage\":\"es\",\"@id\":\"https:\/\/fernandezadvocats.es\/#\/schema\/logo\/image\/\",\"url\":\"https:\/\/fernandezadvocats.es\/wp-content\/uploads\/2024\/11\/cropped-BF-e1731427554424.png\",\"contentUrl\":\"https:\/\/fernandezadvocats.es\/wp-content\/uploads\/2024\/11\/cropped-BF-e1731427554424.png\",\"width\":512,\"height\":512,\"caption\":\"Fern\u00e1ndez Advocats\"},\"image\":{\"@id\":\"https:\/\/fernandezadvocats.es\/#\/schema\/logo\/image\/\"}}]}<\/script>\n<!-- \/ Yoast SEO plugin. -->","yoast_head_json":{"title":"\u00c1reas de Pr\u00e1ctica | Fern\u00e1ndez Advocats: Servicios Jur\u00eddicos","description":"Explore las \u00e1reas de pr\u00e1ctica de Fern\u00e1ndez Advocats. Asesoramiento jur\u00eddico en derecho civil, penal, administrativo, laboral, empresarial... en Berga y Barcelona.","robots":{"index":"index","follow":"follow","max-snippet":"max-snippet:-1","max-image-preview":"max-image-preview:large","max-video-preview":"max-video-preview:-1"},"canonical":"https:\/\/fernandezadvocats.es\/es\/areas-de-practica\/","og_locale":"es_ES","og_type":"article","og_title":"\u00c1reas de Pr\u00e1ctica | Fern\u00e1ndez Advocats: Servicios Jur\u00eddicos","og_description":"Explore las \u00e1reas de pr\u00e1ctica de Fern\u00e1ndez Advocats. Asesoramiento jur\u00eddico en derecho civil, penal, administrativo, laboral, empresarial... en Berga y Barcelona.","og_url":"https:\/\/fernandezadvocats.es\/es\/areas-de-practica\/","og_site_name":"Fern\u00e1ndez Advocats","article_modified_time":"2025-07-21T13:10:55+00:00","twitter_card":"summary_large_image","twitter_misc":{"Tiempo de lectura":"3 minutos"},"schema":{"@context":"https:\/\/schema.org","@graph":[{"@type":"WebPage","@id":"https:\/\/fernandezadvocats.es\/es\/areas-de-practica\/","url":"https:\/\/fernandezadvocats.es\/es\/areas-de-practica\/","name":"\u00c1reas de Pr\u00e1ctica | Fern\u00e1ndez Advocats: Servicios Jur\u00eddicos","isPartOf":{"@id":"https:\/\/fernandezadvocats.es\/#website"},"datePublished":"2024-10-31T15:46:24+00:00","dateModified":"2025-07-21T13:10:55+00:00","description":"Explore las \u00e1reas de pr\u00e1ctica de Fern\u00e1ndez Advocats. Asesoramiento jur\u00eddico en derecho civil, penal, administrativo, laboral, empresarial... en Berga y Barcelona.","breadcrumb":{"@id":"https:\/\/fernandezadvocats.es\/es\/areas-de-practica\/#breadcrumb"},"inLanguage":"es","potentialAction":[{"@type":"ReadAction","target":["https:\/\/fernandezadvocats.es\/es\/areas-de-practica\/"]}]},{"@type":"BreadcrumbList","@id":"https:\/\/fernandezadvocats.es\/es\/areas-de-practica\/#breadcrumb","itemListElement":[{"@type":"ListItem","position":1,"name":"Portada","item":"https:\/\/fernandezadvocats.es\/es\/fernandez-advocats-berga\/"},{"@type":"ListItem","position":2,"name":"\u00c1REAS DE PR\u00c1CTICA"}]},{"@type":"WebSite","@id":"https:\/\/fernandezadvocats.es\/#website","url":"https:\/\/fernandezadvocats.es\/","name":"Fern\u00e1ndez Advocats","description":"Advocats Berga i Barcelona","publisher":{"@id":"https:\/\/fernandezadvocats.es\/#organization"},"alternateName":"Abogados Berga y Bracelona","potentialAction":[{"@type":"SearchAction","target":{"@type":"EntryPoint","urlTemplate":"https:\/\/fernandezadvocats.es\/?s={search_term_string}"},"query-input":{"@type":"PropertyValueSpecification","valueRequired":true,"valueName":"search_term_string"}}],"inLanguage":"es"},{"@type":"Organization","@id":"https:\/\/fernandezadvocats.es\/#organization","name":"Fern\u00e1ndez Advocats","url":"https:\/\/fernandezadvocats.es\/","logo":{"@type":"ImageObject","inLanguage":"es","@id":"https:\/\/fernandezadvocats.es\/#\/schema\/logo\/image\/","url":"https:\/\/fernandezadvocats.es\/wp-content\/uploads\/2024\/11\/cropped-BF-e1731427554424.png","contentUrl":"https:\/\/fernandezadvocats.es\/wp-content\/uploads\/2024\/11\/cropped-BF-e1731427554424.png","width":512,"height":512,"caption":"Fern\u00e1ndez Advocats"},"image":{"@id":"https:\/\/fernandezadvocats.es\/#\/schema\/logo\/image\/"}}]}},"_links":{"self":[{"href":"https:\/\/fernandezadvocats.es\/es\/wp-json\/wp\/v2\/pages\/90613","targetHints":{"allow":["GET"]}}],"collection":[{"href":"https:\/\/fernandezadvocats.es\/es\/wp-json\/wp\/v2\/pages"}],"about":[{"href":"https:\/\/fernandezadvocats.es\/es\/wp-json\/wp\/v2\/types\/page"}],"author":[{"embeddable":true,"href":"https:\/\/fernandezadvocats.es\/es\/wp-json\/wp\/v2\/users\/1"}],"replies":[{"embeddable":true,"href":"https:\/\/fernandezadvocats.es\/es\/wp-json\/wp\/v2\/comments?post=90613"}],"version-history":[{"count":17,"href":"https:\/\/fernandezadvocats.es\/es\/wp-json\/wp\/v2\/pages\/90613\/revisions"}],"predecessor-version":[{"id":253204,"href":"https:\/\/fernandezadvocats.es\/es\/wp-json\/wp\/v2\/pages\/90613\/revisions\/253204"}],"wp:attachment":[{"href":"https:\/\/fernandezadvocats.es\/es\/wp-json\/wp\/v2\/media?parent=90613"}],"curies":[{"name":"wp","href":"https:\/\/api.w.org\/{rel}","templated":true}]}}