{"id":90892,"date":"2024-12-04T19:37:34","date_gmt":"2024-12-04T18:37:34","guid":{"rendered":"http:\/\/fernandezadvocats.es\/?page_id=90892"},"modified":"2025-05-07T10:51:23","modified_gmt":"2025-05-07T08:51:23","slug":"expertises-fa","status":"publish","type":"page","link":"https:\/\/fernandezadvocats.es\/es\/expertises-fa\/","title":{"rendered":"Expertise FA"},"content":{"rendered":"<p>[et_pb_section fb_built=\u00bb1&#8243; custom_padding_last_edited=\u00bbon|tablet\u00bb _builder_version=\u00bb4.27.3&#8243; _module_preset=\u00bbdefault\u00bb use_background_color_gradient=\u00bbon\u00bb background_color_gradient_direction=\u00bb90deg\u00bb background_color_gradient_stops=\u00bbrgba(0,12,8,0.87) 0%|rgba(5,25,18,0.2) 78%\u00bb background_color_gradient_overlays_image=\u00bbon\u00bb background_image=\u00bbhttp:\/\/fernandezadvocats.es\/wp-content\/uploads\/2024\/11\/abogados-mediacion-empresarial.jpg\u00bb custom_margin=\u00bb0px||0px||false|false\u00bb custom_padding=\u00bb170px||170px||false|false\u00bb custom_padding_tablet=\u00bb150px||150px||false|false\u00bb custom_padding_phone=\u00bb90px||90px||false|false\u00bb locked=\u00bboff\u00bb global_colors_info=\u00bb{}\u00bb][et_pb_row _builder_version=\u00bb4.24.3&#8243; _module_preset=\u00bbdefault\u00bb width=\u00bb90%\u00bb max_width=\u00bb1290px\u00bb custom_margin=\u00bb0px||0px||false|false\u00bb custom_padding=\u00bb0px||0px||false|false\u00bb global_colors_info=\u00bb{}\u00bb][et_pb_column type=\u00bb4_4&#8243; _builder_version=\u00bb4.24.3&#8243; _module_preset=\u00bbdefault\u00bb global_colors_info=\u00bb{}\u00bb][et_pb_text disabled_on=\u00bboff|off|off\u00bb admin_label=\u00bbT\u00edtulo &#8211; Blog\u00bb _builder_version=\u00bb4.27.4&#8243; _module_preset=\u00bbdefault\u00bb header_font=\u00bbWork Sans|600|||||||\u00bb header_text_align=\u00bbleft\u00bb header_text_color=\u00bb#FFFFFF\u00bb header_font_size=\u00bb7em\u00bb header_line_height=\u00bb1.1em\u00bb max_width=\u00bb900px\u00bb custom_margin=\u00bb0px||0px||false|false\u00bb custom_padding=\u00bb0px||0px||false|false\u00bb animation_style=\u00bbslide\u00bb animation_direction=\u00bbleft\u00bb animation_delay=\u00bb800ms\u00bb animation_intensity_slide=\u00bb2%\u00bb animation_speed_curve=\u00bbease\u00bb header_font_size_tablet=\u00bb4.68em\u00bb header_font_size_phone=\u00bb2.8em\u00bb header_font_size_last_edited=\u00bbon|phone\u00bb global_colors_info=\u00bb{}\u00bb]<\/p>\n<h1>Expertise FA<\/h1>\n<div id=\"gtx-trans\" style=\"position: absolute; left: 13px; top: 71.3px;\">\n<div class=\"gtx-trans-icon\">\u00a0<\/div>\n<\/div>\n<p>[\/et_pb_text][et_pb_text admin_label=\u00bbArticles pr\u00e0ctics i actualitzats sobre dret, amb consells per resoldre problemes legals, entendre els teus drets i mantenir-te informat.\u00bb _builder_version=\u00bb4.27.4&#8243; _module_preset=\u00bbdefault\u00bb text_font=\u00bbRoboto Flex||||||||\u00bb text_text_color=\u00bb#FFFFFF\u00bb text_font_size=\u00bb1.2em\u00bb text_line_height=\u00bb1.5em\u00bb max_width=\u00bb50%\u00bb custom_margin=\u00bb0px|-53px|28px||false|false\u00bb custom_margin_tablet=\u00bb0px||28px|60px|false|false\u00bb custom_margin_phone=\u00bb|||0px|false|false\u00bb custom_margin_last_edited=\u00bbon|tablet\u00bb custom_padding=\u00bb0px||0px|174px|false|false\u00bb custom_padding_tablet=\u00bb0px||0px|180px|false|false\u00bb custom_padding_phone=\u00bb0px||0px|0px|false|false\u00bb custom_padding_last_edited=\u00bbon|phone\u00bb animation_style=\u00bbslide\u00bb animation_direction=\u00bbbottom\u00bb animation_delay=\u00bb1100ms\u00bb animation_intensity_slide=\u00bb18%\u00bb animation_speed_curve=\u00bbease\u00bb custom_css_before=\u00bbcontent:%22%22;||background:#fff;||width:150px;||height:1px;||position:absolute;||top:12px;||left:0px;\u00bb global_colors_info=\u00bb{}\u00bb custom_css_before__hover_enabled=\u00bboff|desktop\u00bb custom_css_before_last_edited=\u00bbon|phone\u00bb custom_css_before_phone=\u00bbdisplay:none;\u00bb custom_css_before_tablet=\u00bbcontent:%22%22;||background:#fff;||width:150px;||height:1px;||position:absolute;||top:12px;||left:0px;\u00bb]<\/p>\n<p>La secci\u00f3n de\u00a0Expertise\u00a0de Fern\u00e1ndez\u00a0Advocats\u00a0destaca las \u00e1reas de pr\u00e1ctica en que nuestro despacho sobresale. Con d\u00e9cadas de experiencia, ofrecemos asesoramiento y soluciones jur\u00eddicas personalizadas en una amplia gama de disciplinas legales.<\/p>\n<div id=\"gtx-trans\" style=\"position: absolute; left: -68px; top: 8.55556px;\">\n<div class=\"gtx-trans-icon\">\u00a0<\/div>\n<\/div>\n<p>[\/et_pb_text][\/et_pb_column][\/et_pb_row][\/et_pb_section][et_pb_section fb_built=\u00bb1&#8243; custom_padding_last_edited=\u00bbon|tablet\u00bb disabled_on=\u00bboff|off|off\u00bb _builder_version=\u00bb4.27.3&#8243; _module_preset=\u00bbdefault\u00bb background_enable_color=\u00bboff\u00bb custom_margin=\u00bb0px||0px||false|false\u00bb custom_padding=\u00bb77px||87px||false|false\u00bb custom_padding_tablet=\u00bb120px||110px||false|false\u00bb custom_padding_phone=\u00bb90px||80px||false|false\u00bb locked=\u00bboff\u00bb collapsed=\u00bboff\u00bb global_colors_info=\u00bb{}\u00bb][et_pb_row _builder_version=\u00bb4.27.3&#8243; _module_preset=\u00bbdefault\u00bb max_width=\u00bb100%\u00bb global_colors_info=\u00bb{}\u00bb][et_pb_column type=\u00bb4_4&#8243; _builder_version=\u00bb4.27.3&#8243; _module_preset=\u00bbdefault\u00bb global_colors_info=\u00bb{}\u00bb][et_pb_blog fullwidth=\u00bboff\u00bb include_categories=\u00bb29&#8243; excerpt_length=\u00bb300&#8243; show_more=\u00bbon\u00bb show_author=\u00bboff\u00bb _builder_version=\u00bb4.27.4&#8243; _module_preset=\u00bbdefault\u00bb header_font=\u00bbPlus Jakarta Sans|500|||||||\u00bb header_font_size=\u00bb22px\u00bb body_font=\u00bbPlus Jakarta Sans||||||||\u00bb body_text_color=\u00bb#6b6b6b\u00bb body_font_size=\u00bb1em\u00bb meta_font=\u00bbPlus Jakarta Sans|600||on|||||\u00bb meta_text_color=\u00bb#275570&#8243; meta_font_size=\u00bb12px\u00bb read_more_font=\u00bbPlus Jakarta Sans|500|||||||\u00bb read_more_text_color=\u00bb#FFFFFF\u00bb read_more_line_height=\u00bb1.6em\u00bb pagination_font=\u00bbPlus Jakarta Sans||||||||\u00bb transform_scale_last_edited=\u00bboff|phone\u00bb transform_translate_last_edited=\u00bboff|phone\u00bb transform_translate_linked__hover=\u00bboff\u00bb transform_rotate_last_edited=\u00bboff|phone\u00bb transform_skew_last_edited=\u00bboff|phone\u00bb transform_origin_last_edited=\u00bboff|phone\u00bb transform_styles_last_edited=\u00bboff|phone\u00bb custom_padding=\u00bb||40px||false|false\u00bb animation_style=\u00bbfade\u00bb hover_enabled=\u00bb0&#8243; header_font_size_tablet=\u00bb1.2em\u00bb header_font_size_phone=\u00bb1.2em\u00bb header_font_size_last_edited=\u00bbon|tablet\u00bb custom_css_main_element=\u00bbborder-radius:40px!important;\u00bb border_radii=\u00bbon|1px|1px|1px|1px\u00bb border_width_all=\u00bb0px\u00bb box_shadow_style=\u00bbpreset1&#8243; box_shadow_blur=\u00bb37px\u00bb box_shadow_spread=\u00bb-6px\u00bb box_shadow_color=\u00bbrgba(186,186,186,0.51)\u00bb locked=\u00bboff\u00bb global_colors_info=\u00bb{}\u00bb transform_styles__hover_enabled=\u00bboff|hover\u00bb transform_scale__hover_enabled=\u00bboff|hover\u00bb transform_translate__hover_enabled=\u00bboff|hover\u00bb transform_rotate__hover_enabled=\u00bboff|hover\u00bb transform_skew__hover_enabled=\u00bboff|hover\u00bb transform_origin__hover_enabled=\u00bboff|hover\u00bb sticky_enabled=\u00bb0&#8243; custom_margin=\u00bb||32px|||\u00bb][\/et_pb_blog][\/et_pb_column][\/et_pb_row][\/et_pb_section]<\/p>\n","protected":false},"excerpt":{"rendered":"<p>Expertise FA \u00a0 La secci\u00f3n de\u00a0Expertise\u00a0de Fern\u00e1ndez\u00a0Advocats\u00a0destaca las \u00e1reas de pr\u00e1ctica en que nuestro despacho sobresale. Con d\u00e9cadas de experiencia, ofrecemos asesoramiento y soluciones jur\u00eddicas personalizadas en una amplia gama de disciplinas legales. \u00a0<\/p>\n","protected":false},"author":2,"featured_media":0,"parent":0,"menu_order":0,"comment_status":"closed","ping_status":"closed","template":"","meta":{"_et_pb_use_builder":"on","_et_pb_old_content":"","_et_gb_content_width":"","footnotes":""},"class_list":["post-90892","page","type-page","status-publish","hentry"],"yoast_head":"<!-- This site is optimized with the Yoast SEO plugin v27.1.1 - https:\/\/yoast.com\/product\/yoast-seo-wordpress\/ -->\n<title>Expertises | Fern\u00e1ndez Advocats: Soluciones Jur\u00eddicas Especializadas<\/title>\n<meta name=\"description\" content=\"Conozca los expertise de Fern\u00e1ndez Advocats. Asesoramiento en derecho civil, penal, administrativo, laboral y empresarial en Berga y Barcelona.\" \/>\n<meta name=\"robots\" content=\"index, follow, max-snippet:-1, max-image-preview:large, max-video-preview:-1\" \/>\n<link rel=\"canonical\" href=\"https:\/\/fernandezadvocats.es\/es\/expertises-fa\/\" \/>\n<meta property=\"og:locale\" content=\"es_ES\" \/>\n<meta property=\"og:type\" content=\"article\" \/>\n<meta property=\"og:title\" content=\"Expertises | Fern\u00e1ndez Advocats: Soluciones Jur\u00eddicas Especializadas\" \/>\n<meta property=\"og:description\" content=\"Conozca los expertise de Fern\u00e1ndez Advocats. Asesoramiento en derecho civil, penal, administrativo, laboral y empresarial en Berga y Barcelona.\" \/>\n<meta property=\"og:url\" content=\"https:\/\/fernandezadvocats.es\/es\/expertises-fa\/\" \/>\n<meta property=\"og:site_name\" content=\"Fern\u00e1ndez Advocats\" \/>\n<meta property=\"article:modified_time\" content=\"2025-05-07T08:51:23+00:00\" \/>\n<meta name=\"twitter:card\" content=\"summary_large_image\" \/>\n<meta name=\"twitter:label1\" content=\"Tiempo de lectura\" \/>\n\t<meta name=\"twitter:data1\" content=\"2 minutos\" \/>\n<script type=\"application\/ld+json\" class=\"yoast-schema-graph\">{\"@context\":\"https:\/\/schema.org\",\"@graph\":[{\"@type\":\"WebPage\",\"@id\":\"https:\/\/fernandezadvocats.es\/es\/expertises-fa\/\",\"url\":\"https:\/\/fernandezadvocats.es\/es\/expertises-fa\/\",\"name\":\"Expertises | Fern\u00e1ndez Advocats: Soluciones Jur\u00eddicas Especializadas\",\"isPartOf\":{\"@id\":\"https:\/\/fernandezadvocats.es\/#website\"},\"datePublished\":\"2024-12-04T18:37:34+00:00\",\"dateModified\":\"2025-05-07T08:51:23+00:00\",\"description\":\"Conozca los expertise de Fern\u00e1ndez Advocats. Asesoramiento en derecho civil, penal, administrativo, laboral y empresarial en Berga y Barcelona.\",\"breadcrumb\":{\"@id\":\"https:\/\/fernandezadvocats.es\/es\/expertises-fa\/#breadcrumb\"},\"inLanguage\":\"es\",\"potentialAction\":[{\"@type\":\"ReadAction\",\"target\":[\"https:\/\/fernandezadvocats.es\/es\/expertises-fa\/\"]}]},{\"@type\":\"BreadcrumbList\",\"@id\":\"https:\/\/fernandezadvocats.es\/es\/expertises-fa\/#breadcrumb\",\"itemListElement\":[{\"@type\":\"ListItem\",\"position\":1,\"name\":\"Portada\",\"item\":\"https:\/\/fernandezadvocats.es\/es\/fernandez-advocats-berga\/\"},{\"@type\":\"ListItem\",\"position\":2,\"name\":\"Expertise FA\"}]},{\"@type\":\"WebSite\",\"@id\":\"https:\/\/fernandezadvocats.es\/#website\",\"url\":\"https:\/\/fernandezadvocats.es\/\",\"name\":\"Fern\u00e1ndez Advocats\",\"description\":\"Advocats Berga i Barcelona\",\"publisher\":{\"@id\":\"https:\/\/fernandezadvocats.es\/#organization\"},\"alternateName\":\"Abogados Berga y Bracelona\",\"potentialAction\":[{\"@type\":\"SearchAction\",\"target\":{\"@type\":\"EntryPoint\",\"urlTemplate\":\"https:\/\/fernandezadvocats.es\/?s={search_term_string}\"},\"query-input\":{\"@type\":\"PropertyValueSpecification\",\"valueRequired\":true,\"valueName\":\"search_term_string\"}}],\"inLanguage\":\"es\"},{\"@type\":\"Organization\",\"@id\":\"https:\/\/fernandezadvocats.es\/#organization\",\"name\":\"Fern\u00e1ndez Advocats\",\"url\":\"https:\/\/fernandezadvocats.es\/\",\"logo\":{\"@type\":\"ImageObject\",\"inLanguage\":\"es\",\"@id\":\"https:\/\/fernandezadvocats.es\/#\/schema\/logo\/image\/\",\"url\":\"https:\/\/fernandezadvocats.es\/wp-content\/uploads\/2024\/11\/cropped-BF-e1731427554424.png\",\"contentUrl\":\"https:\/\/fernandezadvocats.es\/wp-content\/uploads\/2024\/11\/cropped-BF-e1731427554424.png\",\"width\":512,\"height\":512,\"caption\":\"Fern\u00e1ndez Advocats\"},\"image\":{\"@id\":\"https:\/\/fernandezadvocats.es\/#\/schema\/logo\/image\/\"}}]}<\/script>\n<!-- \/ Yoast SEO plugin. -->","yoast_head_json":{"title":"Expertises | Fern\u00e1ndez Advocats: Soluciones Jur\u00eddicas Especializadas","description":"Conozca los expertise de Fern\u00e1ndez Advocats. Asesoramiento en derecho civil, penal, administrativo, laboral y empresarial en Berga y Barcelona.","robots":{"index":"index","follow":"follow","max-snippet":"max-snippet:-1","max-image-preview":"max-image-preview:large","max-video-preview":"max-video-preview:-1"},"canonical":"https:\/\/fernandezadvocats.es\/es\/expertises-fa\/","og_locale":"es_ES","og_type":"article","og_title":"Expertises | Fern\u00e1ndez Advocats: Soluciones Jur\u00eddicas Especializadas","og_description":"Conozca los expertise de Fern\u00e1ndez Advocats. Asesoramiento en derecho civil, penal, administrativo, laboral y empresarial en Berga y Barcelona.","og_url":"https:\/\/fernandezadvocats.es\/es\/expertises-fa\/","og_site_name":"Fern\u00e1ndez Advocats","article_modified_time":"2025-05-07T08:51:23+00:00","twitter_card":"summary_large_image","twitter_misc":{"Tiempo de lectura":"2 minutos"},"schema":{"@context":"https:\/\/schema.org","@graph":[{"@type":"WebPage","@id":"https:\/\/fernandezadvocats.es\/es\/expertises-fa\/","url":"https:\/\/fernandezadvocats.es\/es\/expertises-fa\/","name":"Expertises | Fern\u00e1ndez Advocats: Soluciones Jur\u00eddicas Especializadas","isPartOf":{"@id":"https:\/\/fernandezadvocats.es\/#website"},"datePublished":"2024-12-04T18:37:34+00:00","dateModified":"2025-05-07T08:51:23+00:00","description":"Conozca los expertise de Fern\u00e1ndez Advocats. Asesoramiento en derecho civil, penal, administrativo, laboral y empresarial en Berga y Barcelona.","breadcrumb":{"@id":"https:\/\/fernandezadvocats.es\/es\/expertises-fa\/#breadcrumb"},"inLanguage":"es","potentialAction":[{"@type":"ReadAction","target":["https:\/\/fernandezadvocats.es\/es\/expertises-fa\/"]}]},{"@type":"BreadcrumbList","@id":"https:\/\/fernandezadvocats.es\/es\/expertises-fa\/#breadcrumb","itemListElement":[{"@type":"ListItem","position":1,"name":"Portada","item":"https:\/\/fernandezadvocats.es\/es\/fernandez-advocats-berga\/"},{"@type":"ListItem","position":2,"name":"Expertise FA"}]},{"@type":"WebSite","@id":"https:\/\/fernandezadvocats.es\/#website","url":"https:\/\/fernandezadvocats.es\/","name":"Fern\u00e1ndez Advocats","description":"Advocats Berga i Barcelona","publisher":{"@id":"https:\/\/fernandezadvocats.es\/#organization"},"alternateName":"Abogados Berga y Bracelona","potentialAction":[{"@type":"SearchAction","target":{"@type":"EntryPoint","urlTemplate":"https:\/\/fernandezadvocats.es\/?s={search_term_string}"},"query-input":{"@type":"PropertyValueSpecification","valueRequired":true,"valueName":"search_term_string"}}],"inLanguage":"es"},{"@type":"Organization","@id":"https:\/\/fernandezadvocats.es\/#organization","name":"Fern\u00e1ndez Advocats","url":"https:\/\/fernandezadvocats.es\/","logo":{"@type":"ImageObject","inLanguage":"es","@id":"https:\/\/fernandezadvocats.es\/#\/schema\/logo\/image\/","url":"https:\/\/fernandezadvocats.es\/wp-content\/uploads\/2024\/11\/cropped-BF-e1731427554424.png","contentUrl":"https:\/\/fernandezadvocats.es\/wp-content\/uploads\/2024\/11\/cropped-BF-e1731427554424.png","width":512,"height":512,"caption":"Fern\u00e1ndez Advocats"},"image":{"@id":"https:\/\/fernandezadvocats.es\/#\/schema\/logo\/image\/"}}]}},"_links":{"self":[{"href":"https:\/\/fernandezadvocats.es\/es\/wp-json\/wp\/v2\/pages\/90892","targetHints":{"allow":["GET"]}}],"collection":[{"href":"https:\/\/fernandezadvocats.es\/es\/wp-json\/wp\/v2\/pages"}],"about":[{"href":"https:\/\/fernandezadvocats.es\/es\/wp-json\/wp\/v2\/types\/page"}],"author":[{"embeddable":true,"href":"https:\/\/fernandezadvocats.es\/es\/wp-json\/wp\/v2\/users\/2"}],"replies":[{"embeddable":true,"href":"https:\/\/fernandezadvocats.es\/es\/wp-json\/wp\/v2\/comments?post=90892"}],"version-history":[{"count":9,"href":"https:\/\/fernandezadvocats.es\/es\/wp-json\/wp\/v2\/pages\/90892\/revisions"}],"predecessor-version":[{"id":252791,"href":"https:\/\/fernandezadvocats.es\/es\/wp-json\/wp\/v2\/pages\/90892\/revisions\/252791"}],"wp:attachment":[{"href":"https:\/\/fernandezadvocats.es\/es\/wp-json\/wp\/v2\/media?parent=90892"}],"curies":[{"name":"wp","href":"https:\/\/api.w.org\/{rel}","templated":true}]}}