{"id":91014,"date":"2024-12-09T11:42:07","date_gmt":"2024-12-09T10:42:07","guid":{"rendered":"http:\/\/fernandezadvocats.es\/?page_id=91014"},"modified":"2025-07-22T10:33:55","modified_gmt":"2025-07-22T08:33:55","slug":"luis-jimenez-asenjo-sotomayor","status":"publish","type":"page","link":"https:\/\/fernandezadvocats.es\/es\/equipo\/luis-jimenez-asenjo-sotomayor\/","title":{"rendered":"Luis Jim\u00e9nez-Asenjo Sotomayor"},"content":{"rendered":"<p>[et_pb_section fb_built=\u00bb1&#8243; admin_label=\u00bbSeccion 1 CAT\u00bb _builder_version=\u00bb4.27.4&#8243; _module_preset=\u00bbdefault\u00bb background_color=\u00bb#275570&#8243; background_enable_image=\u00bboff\u00bb custom_padding=\u00bb||0px||false|false\u00bb locked=\u00bboff\u00bb collapsed=\u00bboff\u00bb global_colors_info=\u00bb{}\u00bb][et_pb_row column_structure=\u00bb3_5,2_5&#8243; disabled_on=\u00bboff|off|off\u00bb _builder_version=\u00bb4.27.4&#8243; _module_preset=\u00bbdefault\u00bb max_width=\u00bb100%\u00bb custom_padding=\u00bb||39px||false|false\u00bb custom_css_main_element=\u00bbdisplay: flex;||align-items: center;||justify-content: center;\u00bb global_colors_info=\u00bb{}\u00bb custom_css_main_element_last_edited=\u00bbon|tablet\u00bb custom_css_main_element_tablet=\u00bbdisplay: flex;||align-items: center;||justify-content: center;||flex-wrap: wrap;\u00bb custom_css_main_element_phone=\u00bbdisplay: flex;||align-items: center;||justify-content: center;||flex-wrap: wrap;\u00bb][et_pb_column type=\u00bb3_5&#8243; _builder_version=\u00bb4.27.4&#8243; _module_preset=\u00bbdefault\u00bb custom_padding=\u00bb|40px|||false|false\u00bb custom_padding_tablet=\u00bb|0px|||false|false\u00bb custom_padding_phone=\u00bb|0px|||false|false\u00bb custom_padding_last_edited=\u00bbon|desktop\u00bb global_colors_info=\u00bb{}\u00bb][et_pb_text admin_label=\u00bbLa meva hist\u00f2ria &#8211; Texto\u00bb _builder_version=\u00bb4.27.4&#8243; _module_preset=\u00bbdefault\u00bb text_font=\u00bbWork Sans||||||||\u00bb text_text_color=\u00bb#FFFFFF\u00bb text_font_size=\u00bb1.2em\u00bb link_text_color=\u00bb#FFFFFF\u00bb link_font_size=\u00bb1.2em\u00bb header_font=\u00bbWork Sans||||||||\u00bb header_text_color=\u00bb#FFFFFF\u00bb header_font_size=\u00bb38px\u00bb header_2_font=\u00bbWork Sans||||||||\u00bb header_2_text_color=\u00bb#FFFFFF\u00bb header_2_font_size=\u00bb16px\u00bb custom_margin=\u00bb||1px|||\u00bb custom_padding=\u00bb||0px|||\u00bb hover_enabled=\u00bb0&#8243; global_colors_info=\u00bb{}\u00bb sticky_enabled=\u00bb0&#8243;]<\/p>\n<h1><span style=\"color: #ffffff;\"><strong>Lu\u00eds Jim\u00e9nez-Asenjo Sotomayor<\/strong><\/span><\/h1>\n<h2><span style=\"color: #ffffff;\">Abogado.<\/span><\/h2>\n<div id=\"gtx-trans\" style=\"position: absolute; left: 181px; top: -4.0875px;\">\n<div class=\"gtx-trans-icon\"><\/div>\n<\/div>\n<p>[\/et_pb_text][et_pb_text _builder_version=\u00bb4.27.4&#8243; _module_preset=\u00bbdefault\u00bb text_font=\u00bbPlus Jakarta Sans||||||||\u00bb text_text_color=\u00bb#FFFFFF\u00bb text_font_size=\u00bb17px\u00bb custom_margin=\u00bb20px|19px|13px|||\u00bb custom_padding=\u00bb12px|0px||||\u00bb hover_enabled=\u00bb0&#8243; global_colors_info=\u00bb{}\u00bb sticky_enabled=\u00bb0&#8243;]<\/p>\n<p><span style=\"color: #ffffff;\">Abogado con m\u00e1s de 20 a\u00f1os de experiencia, desde su incorporaci\u00f3n al ejercicio profesional en el a\u00f1o 2000, especializado en Derecho Mercantil y Litigaci\u00f3n. A lo largo de su carrera, ha adquirido una amplia experiencia en litigios en diversas \u00e1reas, destacando especialmente en los \u00e1mbitos financiero, bancario y de seguros.<\/p>\n<p>En los \u00faltimos a\u00f1os, ha dirigido su actividad principalmente hacia el asesoramiento en conflictos entre socios de empresas, ofreciendo soluciones legales a disputas que afectan a la estructura y operativa empresarial. Asimismo, ha trabajado intensamente en el \u00e1mbito de los concursos de acreedores, brindando apoyo a empresas en situaciones de crisis financiera.<\/p>\n<p>Adem\u00e1s de su ejercicio profesional, es administrador concursal, lo que le otorga una perspectiva integral en la gesti\u00f3n de procedimientos de insolvencia. Tambi\u00e9n ocupa puestos en diversos consejos de administraci\u00f3n de empresas, donde su experiencia en la toma de decisiones estrat\u00e9gicas y en la gesti\u00f3n de conflictos empresariales le permite aportar un valor a\u00f1adido significativo a las organizaciones en las que participa.<\/span><\/p>\n<p>[\/et_pb_text][et_pb_text admin_label=\u00bbT\u00cdTULO &#8211; Formaci\u00f3n\u00bb _builder_version=\u00bb4.27.4&#8243; _module_preset=\u00bbdefault\u00bb text_font_size=\u00bb18px\u00bb header_font=\u00bbPlus Jakarta Sans||||||||\u00bb header_font_size=\u00bb18px\u00bb header_2_font=\u00bbWork Sans||||||||\u00bb header_2_text_color=\u00bb#111112&#8243; header_2_font_size=\u00bb2em\u00bb custom_margin=\u00bb-4px||15px||false|false\u00bb custom_padding=\u00bb29px||8px|||\u00bb border_color_bottom=\u00bb#FFFFFF\u00bb global_colors_info=\u00bb{}\u00bb]<\/p>\n<p><span style=\"color: #ffffff;\">Formaci\u00f3n<\/span><\/p>\n<p>[\/et_pb_text][et_pb_blurb use_icon=\u00bbon\u00bb font_icon=\u00bb&#x4b;||divi||400&#8243; icon_color=\u00bb#FFFFFF\u00bb image_icon_background_color=\u00bbRGBA(255,255,255,0)\u00bb icon_placement=\u00bbleft\u00bb image_icon_width=\u00bb25px\u00bb content_max_width=\u00bb100%\u00bb admin_label=\u00bbFormaci\u00f3n &#8211; Licenciado en Derecho por la Universidad de Barcelona (1995-2000)\u00bb _builder_version=\u00bb4.27.4&#8243; _module_preset=\u00bbdefault\u00bb body_font=\u00bbPlus Jakarta Sans||||||||\u00bb body_text_color=\u00bb#111112&#8243; body_line_height=\u00bb1.8em\u00bb custom_margin=\u00bb-16px||5px||false|false\u00bb global_colors_info=\u00bb{}\u00bb]<\/p>\n<p><span style=\"color: #ffffff;\">Licenciado en Derecho por la Universidad de Barcelona (1995-2000)<\/span><\/p>\n<p>[\/et_pb_blurb][et_pb_blurb use_icon=\u00bbon\u00bb font_icon=\u00bb&#x4b;||divi||400&#8243; icon_color=\u00bb#FFFFFF\u00bb image_icon_background_color=\u00bbRGBA(255,255,255,0)\u00bb icon_placement=\u00bbleft\u00bb image_icon_width=\u00bb25px\u00bb content_max_width=\u00bb100%\u00bb admin_label=\u00bbFormaci\u00f3n &#8211; Posgrado en Direcci\u00f3n Financiera por la Pompeu Fabra (2006)\u00bb _builder_version=\u00bb4.27.4&#8243; _module_preset=\u00bbdefault\u00bb body_font=\u00bbPlus Jakarta Sans||||||||\u00bb body_text_color=\u00bb#111112&#8243; body_line_height=\u00bb1.8em\u00bb custom_margin=\u00bb||19px||false|false\u00bb global_colors_info=\u00bb{}\u00bb]<\/p>\n<p><span style=\"color: #ffffff;\">Posgrado en Direcci\u00f3n Financiera por la Pompeu Fabra (2006)<\/span><\/p>\n<p>[\/et_pb_blurb][et_pb_blurb use_icon=\u00bbon\u00bb font_icon=\u00bb&#x4b;||divi||400&#8243; icon_color=\u00bb#FFFFFF\u00bb image_icon_background_color=\u00bbRGBA(255,255,255,0)\u00bb icon_placement=\u00bbleft\u00bb image_icon_width=\u00bb25px\u00bb content_max_width=\u00bb100%\u00bb admin_label=\u00bbFormaci\u00f3n &#8211; Posgrado en Administraci\u00f3n Concursal por la Pompeu Fabra (2013)\u00bb _builder_version=\u00bb4.27.4&#8243; _module_preset=\u00bbdefault\u00bb body_font=\u00bbPlus Jakarta Sans||||||||\u00bb body_text_color=\u00bb#111112&#8243; body_line_height=\u00bb1.8em\u00bb custom_margin=\u00bb||19px||false|false\u00bb global_colors_info=\u00bb{}\u00bb]<\/p>\n<p><span style=\"color: #ffffff;\">Posgrado en Administraci\u00f3n Concursal por la Pompeu Fabra (2013)<\/span><\/p>\n<p>[\/et_pb_blurb][et_pb_blurb use_icon=\u00bbon\u00bb font_icon=\u00bb&#x4b;||divi||400&#8243; icon_color=\u00bb#FFFFFF\u00bb image_icon_background_color=\u00bbRGBA(255,255,255,0)\u00bb icon_placement=\u00bbleft\u00bb image_icon_width=\u00bb25px\u00bb content_max_width=\u00bb100%\u00bb admin_label=\u00bbFormaci\u00f3n &#8211; Profesor de Derecho Mercantil y Seguros en la Universidad de Barcelona (desde 2004)\u00bb _builder_version=\u00bb4.27.4&#8243; _module_preset=\u00bbdefault\u00bb body_font=\u00bbPlus Jakarta Sans||||||||\u00bb body_text_color=\u00bb#111112&#8243; body_line_height=\u00bb1.8em\u00bb custom_margin=\u00bb||19px||false|false\u00bb global_colors_info=\u00bb{}\u00bb]<\/p>\n<p><span style=\"color: #ffffff;\">Profesor de Derecho Mercantil y Seguros en la Universidad de Barcelona (desde 2004)<\/span><\/p>\n<p>[\/et_pb_blurb][et_pb_blurb use_icon=\u00bbon\u00bb font_icon=\u00bb&#x4b;||divi||400&#8243; icon_color=\u00bb#FFFFFF\u00bb image_icon_background_color=\u00bbRGBA(255,255,255,0)\u00bb icon_placement=\u00bbleft\u00bb image_icon_width=\u00bb25px\u00bb content_max_width=\u00bb100%\u00bb admin_label=\u00bbFormaci\u00f3n &#8211; Colegiado en el Colegio de Abogados de Barcelona (desde 2004)\u00bb _builder_version=\u00bb4.27.4&#8243; _module_preset=\u00bbdefault\u00bb body_font=\u00bbPlus Jakarta Sans||||||||\u00bb body_text_color=\u00bb#111112&#8243; body_line_height=\u00bb1.8em\u00bb custom_margin=\u00bb||19px||false|false\u00bb global_colors_info=\u00bb{}\u00bb]<\/p>\n<p><span style=\"color: #ffffff;\">Colegiado en el Colegio de Abogados de Barcelona (desde 2004)<\/span><\/p>\n<p>[\/et_pb_blurb][et_pb_text admin_label=\u00bbT\u00cdTULO &#8211; \u00c1reas de trabajo\u00bb _builder_version=\u00bb4.27.4&#8243; _module_preset=\u00bbdefault\u00bb text_font_size=\u00bb18px\u00bb header_font=\u00bbPlus Jakarta Sans||||||||\u00bb header_font_size=\u00bb20px\u00bb header_2_font=\u00bbWork Sans||||||||\u00bb header_2_text_color=\u00bb#111112&#8243; header_2_font_size=\u00bb2em\u00bb custom_margin=\u00bb-13px||1px||false|false\u00bb custom_padding=\u00bb23px||12px||false|false\u00bb border_color_bottom=\u00bb#FFFFFF\u00bb global_colors_info=\u00bb{}\u00bb]<\/p>\n<p><span style=\"color: #ffffff;\">\u00c1reas de trabajo<\/span><\/p>\n<p>[\/et_pb_text][et_pb_text admin_label=\u00bbT\u00cdTULO &#8211; Derecho mercantil:\u00bb _builder_version=\u00bb4.27.4&#8243; _module_preset=\u00bbdefault\u00bb text_font_size=\u00bb18px\u00bb header_font=\u00bbPlus Jakarta Sans||||||||\u00bb header_font_size=\u00bb20px\u00bb header_2_font=\u00bbWork Sans||||||||\u00bb header_2_text_color=\u00bb#111112&#8243; header_2_font_size=\u00bb2em\u00bb custom_margin=\u00bb-13px||1px||false|false\u00bb custom_padding=\u00bb23px||12px||false|false\u00bb border_color_bottom=\u00bb#FFFFFF\u00bb global_colors_info=\u00bb{}\u00bb]<\/p>\n<p><span style=\"color: #ffffff;\">Derecho mercantil:<\/span><\/p>\n<p>[\/et_pb_text][et_pb_blurb use_icon=\u00bbon\u00bb font_icon=\u00bb&#x4b;||divi||400&#8243; icon_color=\u00bb#FFFFFF\u00bb image_icon_background_color=\u00bbRGBA(255,255,255,0)\u00bb icon_placement=\u00bbleft\u00bb image_icon_width=\u00bb25px\u00bb content_max_width=\u00bb100%\u00bb admin_label=\u00bb\u00c1reas de trabajo &#8211; Asesoramiento a empresas en materia de funcionamiento de la Junta General y del \u00d3rgano de Administraci\u00f3n; establecimiento de pactos de socios; resoluci\u00f3n de conflictos entre socios; protecci\u00f3n de accionistas minoritarios.\u00bb _builder_version=\u00bb4.27.4&#8243; _module_preset=\u00bbdefault\u00bb body_font=\u00bbPlus Jakarta Sans||||||||\u00bb body_text_color=\u00bb#111112&#8243; body_line_height=\u00bb1.8em\u00bb custom_margin=\u00bb||9px||false|false\u00bb global_colors_info=\u00bb{}\u00bb]<\/p>\n<p><span style=\"color: #ffffff;\">Asesoramiento a empresas en materia de funcionamiento de la Junta General y del \u00d3rgano de Administraci\u00f3n; establecimiento de pactos de socios; resoluci\u00f3n de conflictos entre socios; protecci\u00f3n de accionistas minoritarios.<\/span><\/p>\n<p>[\/et_pb_blurb][et_pb_blurb use_icon=\u00bbon\u00bb font_icon=\u00bb&#x4b;||divi||400&#8243; icon_color=\u00bb#FFFFFF\u00bb image_icon_background_color=\u00bbRGBA(255,255,255,0)\u00bb icon_placement=\u00bbleft\u00bb image_icon_width=\u00bb25px\u00bb content_max_width=\u00bb100%\u00bb admin_label=\u00bb\u00c1reas de trabajo &#8211; Asesoramiento a \u00f3rganos de administraci\u00f3n en materia de retribuci\u00f3n y responsabilidad frente a los socios, acreedores, y terceros.\u00bb _builder_version=\u00bb4.27.4&#8243; _module_preset=\u00bbdefault\u00bb body_font=\u00bbPlus Jakarta Sans||||||||\u00bb body_text_color=\u00bb#111112&#8243; body_line_height=\u00bb1.8em\u00bb custom_margin=\u00bb||9px||false|false\u00bb global_colors_info=\u00bb{}\u00bb]<\/p>\n<p><span style=\"color: #ffffff;\">Asesoramiento a \u00f3rganos de administraci\u00f3n en materia de retribuci\u00f3n y responsabilidad frente a los socios, acreedores, y terceros.<\/span><\/p>\n<p>[\/et_pb_blurb][et_pb_blurb use_icon=\u00bbon\u00bb font_icon=\u00bb&#x4b;||divi||400&#8243; icon_color=\u00bb#FFFFFF\u00bb image_icon_background_color=\u00bbRGBA(255,255,255,0)\u00bb icon_placement=\u00bbleft\u00bb image_icon_width=\u00bb25px\u00bb content_max_width=\u00bb100%\u00bb admin_label=\u00bb\u00c1reas de trabajo &#8211; Asesoramiento a empresas en la redacci\u00f3n de contratos con clientes, proveedores y otras empresas.\u00bb _builder_version=\u00bb4.27.4&#8243; _module_preset=\u00bbdefault\u00bb body_font=\u00bbPlus Jakarta Sans||||||||\u00bb body_text_color=\u00bb#111112&#8243; body_line_height=\u00bb1.8em\u00bb custom_margin=\u00bb||9px||false|false\u00bb global_colors_info=\u00bb{}\u00bb]<\/p>\n<p><span style=\"color: #ffffff;\">Asesoramiento a empresas en la redacci\u00f3n de contratos con clientes, proveedores y otras empresas.<\/span><\/p>\n<p>[\/et_pb_blurb][et_pb_text admin_label=\u00bbT\u00cdTULO &#8211; Derecho procesal:\u00bb _builder_version=\u00bb4.27.4&#8243; _module_preset=\u00bbdefault\u00bb text_font_size=\u00bb18px\u00bb header_font=\u00bbPlus Jakarta Sans||||||||\u00bb header_font_size=\u00bb20px\u00bb header_2_font=\u00bbWork Sans||||||||\u00bb header_2_text_color=\u00bb#111112&#8243; header_2_font_size=\u00bb2em\u00bb custom_margin=\u00bb-13px||1px||false|false\u00bb custom_padding=\u00bb23px||12px||false|false\u00bb border_color_bottom=\u00bb#FFFFFF\u00bb global_colors_info=\u00bb{}\u00bb]<\/p>\n<p><span style=\"color: #ffffff;\">Derecho procesal:<\/span><\/p>\n<p>[\/et_pb_text][et_pb_blurb use_icon=\u00bbon\u00bb font_icon=\u00bb&#x4b;||divi||400&#8243; icon_color=\u00bb#FFFFFF\u00bb image_icon_background_color=\u00bbRGBA(255,255,255,0)\u00bb icon_placement=\u00bbleft\u00bb image_icon_width=\u00bb25px\u00bb content_max_width=\u00bb100%\u00bb admin_label=\u00bb\u00c1reas de trabajo &#8211; Negociaci\u00f3n y procedimientos judiciales sobre incumplimientos contractuales y responsabilidad civil; impugnaci\u00f3n de actos societarios; interposici\u00f3n de demandas de responsabilidad contra los administradores; procedimientos concursales; reclamaciones relacionadas con el contrato de seguro.\u00bb _builder_version=\u00bb4.27.4&#8243; _module_preset=\u00bbdefault\u00bb body_font=\u00bbPlus Jakarta Sans||||||||\u00bb body_text_color=\u00bb#111112&#8243; body_line_height=\u00bb1.8em\u00bb custom_margin=\u00bb||9px||false|false\u00bb global_colors_info=\u00bb{}\u00bb]<\/p>\n<p><span style=\"color: #ffffff;\">Negociaci\u00f3n y procedimientos judiciales sobre incumplimientos contractuales y responsabilidad civil; impugnaci\u00f3n de actos societarios; interposici\u00f3n de demandas de responsabilidad contra los administradores; procedimientos concursales; reclamaciones relacionadas con el contrato de seguro.<\/span><\/p>\n<p>[\/et_pb_blurb][et_pb_text admin_label=\u00bbT\u00cdTULO &#8211; Idiomas\u00bb _builder_version=\u00bb4.27.4&#8243; _module_preset=\u00bbdefault\u00bb text_font_size=\u00bb18px\u00bb header_font=\u00bbPlus Jakarta Sans||||||||\u00bb header_font_size=\u00bb20px\u00bb header_2_font=\u00bbWork Sans||||||||\u00bb header_2_text_color=\u00bb#111112&#8243; header_2_font_size=\u00bb2em\u00bb custom_margin=\u00bb12px||-3px||false|false\u00bb custom_padding=\u00bb12px||15px||false|false\u00bb border_color_all=\u00bb#FFFFFF\u00bb global_colors_info=\u00bb{}\u00bb]<\/p>\n<p><span style=\"color: #ffffff;\">Idiomas<\/span><\/p>\n<p>[\/et_pb_text][et_pb_blurb use_icon=\u00bbon\u00bb font_icon=\u00bb&#x4b;||divi||400&#8243; icon_color=\u00bb#FFFFFF\u00bb image_icon_background_color=\u00bbRGBA(255,255,255,0)\u00bb icon_placement=\u00bbleft\u00bb image_icon_width=\u00bb25px\u00bb content_max_width=\u00bb100%\u00bb admin_label=\u00bbIdiomes \u00bb _builder_version=\u00bb4.27.4&#8243; _module_preset=\u00bbdefault\u00bb body_font=\u00bbPlus Jakarta Sans||||||||\u00bb body_text_color=\u00bb#111112&#8243; body_line_height=\u00bb1.8em\u00bb custom_margin=\u00bb||15px||false|false\u00bb global_colors_info=\u00bb{}\u00bb]<\/p>\n<p><span style=\"color: #ffffff;\">Castellano, catal\u00e1n e ingl\u00e9s.<\/span><\/p>\n<p>[\/et_pb_blurb][\/et_pb_column][et_pb_column type=\u00bb2_5&#8243; module_class=\u00bbbackground_ficha-equipo\u00bb _builder_version=\u00bb4.27.4&#8243; _module_preset=\u00bbdefault\u00bb background_image=\u00bbhttp:\/\/fernandezadvocats.es\/wp-content\/uploads\/2024\/12\/W5A9236-scaled.jpg\u00bb custom_padding=\u00bb0px||||false|false\u00bb background_last_edited=\u00bbon|desktop\u00bb background_enable_image_tablet=\u00bboff\u00bb global_colors_info=\u00bb{}\u00bb][et_pb_text content_tablet=\u00bb<img class=%22aligncenter wp-image-91069 size-full%22 src=%22http:\/\/fernandezadvocats.es\/wp-content\/uploads\/2024\/12\/W5A9236-scaled.jpg%22 alt=%22Luis Jim\u00e9nez-Asenjo Sotomayor%22 width=%221708%22 height=%222560%22 \/>\u00bb content_phone=\u00bb<\/p>\n<p><img class=%22aligncenter wp-image-91069 size-full%22 src=%22http:\/\/fernandezadvocats.es\/wp-content\/uploads\/2024\/12\/W5A9236-scaled.jpg%22 alt=%22Luis Jim\u00e9nez-Asenjo Sotomayor%22 width=%221708%22 height=%222560%22 \/><\/p>\n<p>\u00bb content_last_edited=\u00bbon|phone\u00bb admin_label=\u00bbIMG\u00bb module_class=\u00bbimg_ficha-equipo\u00bb _builder_version=\u00bb4.27.4&#8243; _module_preset=\u00bbdefault\u00bb text_font=\u00bbWork Sans||||||||\u00bb text_text_color=\u00bb#FFFFFF\u00bb text_font_size=\u00bb1em\u00bb link_font=\u00bbWork Sans||||||||\u00bb link_text_color=\u00bb#FFFFFF\u00bb link_font_size=\u00bb1em\u00bb header_font=\u00bbWork Sans||||||||\u00bb header_text_color=\u00bbRGBA(255,255,255,0)\u00bb header_2_font=\u00bbWork Sans||||||||\u00bb header_2_text_color=\u00bb#FFFFFF\u00bb header_2_font_size=\u00bb2em\u00bb custom_margin=\u00bb||||false|false\u00bb hover_enabled=\u00bb0&#8243; global_colors_info=\u00bb{}\u00bb sticky_enabled=\u00bb0&#8243;][\/et_pb_text][\/et_pb_column][\/et_pb_row][et_pb_row column_structure=\u00bb3_5,2_5&#8243; disabled_on=\u00bbon|on|on\u00bb admin_label=\u00bbCOPIA DE SEGURIDAD\u00bb _builder_version=\u00bb4.27.4&#8243; _module_preset=\u00bbdefault\u00bb max_width=\u00bb100%\u00bb custom_padding=\u00bb||39px||false|false\u00bb custom_css_main_element=\u00bbdisplay: flex;||align-items: center;||justify-content: center;\u00bb disabled=\u00bbon\u00bb collapsed=\u00bbon\u00bb global_colors_info=\u00bb{}\u00bb custom_css_main_element_last_edited=\u00bbon|tablet\u00bb custom_css_main_element_tablet=\u00bbdisplay: flex;||align-items: center;||justify-content: center;||flex-wrap: wrap;\u00bb custom_css_main_element_phone=\u00bbdisplay: flex;||align-items: center;||justify-content: center;||flex-wrap: wrap;\u00bb][et_pb_column type=\u00bb3_5&#8243; _builder_version=\u00bb4.27.4&#8243; _module_preset=\u00bbdefault\u00bb custom_padding=\u00bb|40px|||false|false\u00bb custom_padding_tablet=\u00bb|0px|||false|false\u00bb custom_padding_phone=\u00bb|0px|||false|false\u00bb custom_padding_last_edited=\u00bbon|desktop\u00bb global_colors_info=\u00bb{}\u00bb][et_pb_text admin_label=\u00bbLa meva hist\u00f2ria &#8211; Texto\u00bb _builder_version=\u00bb4.27.4&#8243; _module_preset=\u00bbdefault\u00bb text_font=\u00bbWork Sans||||||||\u00bb text_text_color=\u00bb#FFFFFF\u00bb text_font_size=\u00bb1.2em\u00bb link_text_color=\u00bb#FFFFFF\u00bb link_font_size=\u00bb1.2em\u00bb header_font=\u00bbWork Sans||||||||\u00bb header_text_color=\u00bb#FFFFFF\u00bb header_font_size=\u00bb38px\u00bb header_2_font=\u00bbWork Sans||||||||\u00bb header_2_text_color=\u00bb#FFFFFF\u00bb header_2_font_size=\u00bb2em\u00bb custom_margin=\u00bb||1px|||\u00bb custom_padding=\u00bb||0px|||\u00bb global_colors_info=\u00bb{}\u00bb]<\/p>\n<h1><span style=\"color: #ffffff;\"><strong>Ram\u00f3n Fern\u00e1ndez Cabra<\/strong><\/span><\/h1>\n<h5><span style=\"color: #ffffff;\">Advocat. Soci fundador<\/span><\/h5>\n<h5><span style=\"color: #ffffff;\"><\/span><\/h5>\n<h5><span style=\"color: #ffffff;\"><a href=\"mailto:rfc@fernandezadvocats.es\" style=\"color: #ffffff;\">rfc@fernandezadvocats.es<\/a><\/span><\/h5>\n<div id=\"gtx-trans\" style=\"position: absolute; left: 181px; top: -4.0875px;\">\n<div class=\"gtx-trans-icon\"><\/div>\n<\/div>\n<p>[\/et_pb_text][et_pb_text _builder_version=\u00bb4.27.4&#8243; _module_preset=\u00bbdefault\u00bb text_font=\u00bbPlus Jakarta Sans||||||||\u00bb text_font_size=\u00bb17px\u00bb custom_margin=\u00bb20px|19px|13px|||\u00bb custom_padding=\u00bb12px|0px||||\u00bb global_colors_info=\u00bb{}\u00bb]<\/p>\n<p style=\"text-align: justify;\"><span style=\"color: #ffffff;\">Llarga i dilatada experi\u00e8ncia en l\u2019assessorament legal en diversos \u00e0mbits, i en especial en el laboral i civil en general, havent dirigit i defensat com a lletrat, millers de processos judicials de les esmentades especialitats, dilatat bagatge que li proporciona gran solv\u00e8ncia i agilitat en la defensa i assessorament, amb demostrats resultats, sovint molt satisfactoris i\/o favorables pels clients.<\/span><\/p>\n<p>[\/et_pb_text][et_pb_text admin_label=\u00bbT\u00cdTULO &#8211; Formaci\u00f3\u00bb _builder_version=\u00bb4.27.4&#8243; _module_preset=\u00bbdefault\u00bb text_font_size=\u00bb18px\u00bb header_font=\u00bbPlus Jakarta Sans||||||||\u00bb header_font_size=\u00bb18px\u00bb header_2_font=\u00bbWork Sans||||||||\u00bb header_2_text_color=\u00bb#111112&#8243; header_2_font_size=\u00bb2em\u00bb custom_margin=\u00bb-4px||15px||false|false\u00bb custom_padding=\u00bb29px||8px|||\u00bb border_color_bottom=\u00bb#FFFFFF\u00bb global_colors_info=\u00bb{}\u00bb]<\/p>\n<p><span style=\"color: #ffffff;\">Formaci\u00f3<\/span><\/p>\n<p>[\/et_pb_text][et_pb_blurb use_icon=\u00bbon\u00bb font_icon=\u00bb&#x4b;||divi||400&#8243; icon_color=\u00bb#FFFFFF\u00bb image_icon_background_color=\u00bbRGBA(255,255,255,0)\u00bb icon_placement=\u00bbleft\u00bb image_icon_width=\u00bb25px\u00bb content_max_width=\u00bb100%\u00bb admin_label=\u00bbFormaci\u00f3 &#8211; Llicenciatura en Dret Universitat de Barcelona (1981)\u00bb _builder_version=\u00bb4.27.4&#8243; _module_preset=\u00bbdefault\u00bb body_font=\u00bbPlus Jakarta Sans||||||||\u00bb body_text_color=\u00bb#111112&#8243; body_line_height=\u00bb1.8em\u00bb custom_margin=\u00bb-16px||5px||false|false\u00bb global_colors_info=\u00bb{}\u00bb]<\/p>\n<p><span style=\"color: #ffffff;\">Llicenciatura en Dret Universitat de Barcelona (1981).<\/span><\/p>\n<p>[\/et_pb_blurb][et_pb_blurb use_icon=\u00bbon\u00bb font_icon=\u00bb&#x4b;||divi||400&#8243; icon_color=\u00bb#FFFFFF\u00bb image_icon_background_color=\u00bbRGBA(255,255,255,0)\u00bb icon_placement=\u00bbleft\u00bb image_icon_width=\u00bb25px\u00bb content_max_width=\u00bb100%\u00bb admin_label=\u00bbFormaci\u00f3 &#8211; Colegiado ICAB n\u00ba 12.271 desde 1982&#8243; _builder_version=\u00bb4.27.4&#8243; _module_preset=\u00bbdefault\u00bb body_font=\u00bbPlus Jakarta Sans||||||||\u00bb body_text_color=\u00bb#111112&#8243; body_line_height=\u00bb1.8em\u00bb custom_margin=\u00bb||19px||false|false\u00bb global_colors_info=\u00bb{}\u00bb]<\/p>\n<p><span style=\"color: #ffffff;\">Col\u00b7legiat ICAB n\u00ba 12.271 (des de 1982).<\/span><\/p>\n<p>[\/et_pb_blurb][et_pb_text admin_label=\u00bbT\u00cdTULO &#8211; \u00c0rees de treball\u00bb _builder_version=\u00bb4.27.4&#8243; _module_preset=\u00bbdefault\u00bb text_font_size=\u00bb18px\u00bb header_font=\u00bbPlus Jakarta Sans||||||||\u00bb header_font_size=\u00bb20px\u00bb header_2_font=\u00bbWork Sans||||||||\u00bb header_2_text_color=\u00bb#111112&#8243; header_2_font_size=\u00bb2em\u00bb custom_margin=\u00bb-13px||1px||false|false\u00bb custom_padding=\u00bb23px||12px||false|false\u00bb border_color_bottom=\u00bb#FFFFFF\u00bb global_colors_info=\u00bb{}\u00bb]<\/p>\n<p><span style=\"color: #ffffff;\">\u00c0rees de treball<\/span><\/p>\n<p>[\/et_pb_text][et_pb_blurb use_icon=\u00bbon\u00bb font_icon=\u00bb&#x4b;||divi||400&#8243; icon_color=\u00bb#FFFFFF\u00bb image_icon_background_color=\u00bbRGBA(255,255,255,0)\u00bb icon_placement=\u00bbleft\u00bb image_icon_width=\u00bb25px\u00bb content_max_width=\u00bb100%\u00bb admin_label=\u00bb\u00c0rees de treball &#8211; Dret Penal General\u00bb _builder_version=\u00bb4.27.4&#8243; _module_preset=\u00bbdefault\u00bb body_font=\u00bbPlus Jakarta Sans||||||||\u00bb body_text_color=\u00bb#111112&#8243; body_line_height=\u00bb1.8em\u00bb custom_margin=\u00bb||9px||false|false\u00bb global_colors_info=\u00bb{}\u00bb]<\/p>\n<p><span style=\"color: #ffffff;\">Laboral i Civil.<\/span><\/p>\n<p>[\/et_pb_blurb][et_pb_text admin_label=\u00bbT\u00cdTULO &#8211; Idiomes\u00bb _builder_version=\u00bb4.27.4&#8243; _module_preset=\u00bbdefault\u00bb text_font_size=\u00bb18px\u00bb header_font=\u00bbPlus Jakarta Sans||||||||\u00bb header_font_size=\u00bb20px\u00bb header_2_font=\u00bbWork Sans||||||||\u00bb header_2_text_color=\u00bb#111112&#8243; header_2_font_size=\u00bb2em\u00bb custom_margin=\u00bb12px||-3px||false|false\u00bb custom_padding=\u00bb12px||15px||false|false\u00bb border_color_all=\u00bb#FFFFFF\u00bb global_colors_info=\u00bb{}\u00bb]<\/p>\n<p><span style=\"color: #ffffff;\">Idiomes<\/span><\/p>\n<p>[\/et_pb_text][et_pb_blurb use_icon=\u00bbon\u00bb font_icon=\u00bb&#x4b;||divi||400&#8243; icon_color=\u00bb#FFFFFF\u00bb image_icon_background_color=\u00bbRGBA(255,255,255,0)\u00bb icon_placement=\u00bbleft\u00bb image_icon_width=\u00bb25px\u00bb content_max_width=\u00bb100%\u00bb admin_label=\u00bbIdiomes \u00bb _builder_version=\u00bb4.27.4&#8243; _module_preset=\u00bbdefault\u00bb body_font=\u00bbPlus Jakarta Sans||||||||\u00bb body_text_color=\u00bb#111112&#8243; body_line_height=\u00bb1.8em\u00bb custom_margin=\u00bb||15px||false|false\u00bb global_colors_info=\u00bb{}\u00bb]<\/p>\n<p><span style=\"color: #ffffff;\">Catal\u00e0, castell\u00e0 i franc\u00e8s.<\/span><\/p>\n<p>[\/et_pb_blurb][\/et_pb_column][et_pb_column type=\u00bb2_5&#8243; module_class=\u00bbbackground_ficha-equipo\u00bb _builder_version=\u00bb4.27.4&#8243; _module_preset=\u00bbdefault\u00bb background_image=\u00bbhttp:\/\/fernandezadvocats.es\/wp-content\/uploads\/2024\/11\/W5A8697-scaled.jpg\u00bb custom_padding=\u00bb0px||||false|false\u00bb global_colors_info=\u00bb{}\u00bb][et_pb_text admin_label=\u00bbIMG\u00bb _builder_version=\u00bb4.27.4&#8243; _module_preset=\u00bbdefault\u00bb text_font=\u00bbWork Sans||||||||\u00bb text_text_color=\u00bb#FFFFFF\u00bb text_font_size=\u00bb1em\u00bb link_font=\u00bbWork Sans||||||||\u00bb link_text_color=\u00bb#FFFFFF\u00bb link_font_size=\u00bb1em\u00bb header_font=\u00bbWork Sans||||||||\u00bb header_text_color=\u00bbRGBA(255,255,255,0)\u00bb header_2_font=\u00bbWork Sans||||||||\u00bb header_2_text_color=\u00bb#FFFFFF\u00bb header_2_font_size=\u00bb2em\u00bb height=\u00bb50vh\u00bb custom_margin=\u00bb319px|||||\u00bb global_colors_info=\u00bb{}\u00bb][\/et_pb_text][\/et_pb_column][\/et_pb_row][\/et_pb_section][et_pb_section fb_built=\u00bb1&#8243; disabled_on=\u00bbon|on|on\u00bb admin_label=\u00bbDISE\u00d1O ANTIGUO\u00bb _builder_version=\u00bb4.27.3&#8243; _module_preset=\u00bbdefault\u00bb background_color=\u00bb#275570&#8243; disabled=\u00bbon\u00bb collapsed=\u00bbon\u00bb global_colors_info=\u00bb{}\u00bb][et_pb_row disabled_on=\u00bbon|on|on\u00bb _builder_version=\u00bb4.27.3&#8243; _module_preset=\u00bbdefault\u00bb max_width=\u00bb100%\u00bb disabled=\u00bbon\u00bb global_colors_info=\u00bb{}\u00bb][et_pb_column type=\u00bb4_4&#8243; _builder_version=\u00bb4.27.3&#8243; _module_preset=\u00bbdefault\u00bb global_colors_info=\u00bb{}\u00bb][et_pb_text admin_label=\u00bbT\u00cdTULO  &#8211; La meva hist\u00f2ria\u00bb _builder_version=\u00bb4.27.2&#8243; _module_preset=\u00bbdefault\u00bb text_font=\u00bbWork Sans||||||||\u00bb text_text_color=\u00bb#FFFFFF\u00bb text_font_size=\u00bb1.2em\u00bb header_font=\u00bbWork Sans||||||||\u00bb header_text_color=\u00bbRGBA(255,255,255,0)\u00bb header_2_font=\u00bbWork Sans||||||||\u00bb header_2_text_color=\u00bb#FFFFFF\u00bb header_2_font_size=\u00bb2em\u00bb custom_margin=\u00bb||25px||false|false\u00bb global_colors_info=\u00bb{}\u00bb]<\/p>\n<h2>La meva hist\u00f2ria<\/h2>\n<p>[\/et_pb_text][et_pb_text admin_label=\u00bbLa meva hist\u00f2ria &#8211; Texto\u00bb _builder_version=\u00bb4.27.2&#8243; _module_preset=\u00bbdefault\u00bb text_font=\u00bbWork Sans||||||||\u00bb text_text_color=\u00bb#FFFFFF\u00bb text_font_size=\u00bb1.2em\u00bb header_font=\u00bbWork Sans||||||||\u00bb header_text_color=\u00bbRGBA(255,255,255,0)\u00bb header_2_font=\u00bbWork Sans||||||||\u00bb header_2_text_color=\u00bb#FFFFFF\u00bb header_2_font_size=\u00bb2em\u00bb global_colors_info=\u00bb{}\u00bb]<\/p>\n<p>Advocat del Bufet des de l\u2019any <strong>2015<\/strong>.<\/p>\n<p>La seva activitat professional i la litigaci\u00f3 en diferents camps s\u2019ha centrat, principalment, en les relacions i conflictes amb l\u2019Administraci\u00f3 P\u00fablica, assumptes sobre personal i relaciones laborals al sector p\u00fablic, i en assumptes d\u2019\u00edndole civil.<\/p>\n<p>Assessora habitualment a diverses empreses constructores, industrials i del sector de serveis, aix\u00ed com tamb\u00e9 a diversos Ajuntaments, ens locals i organismes p\u00fablics d\u2019arreu del territori catal\u00e0.<\/p>\n<p><img loading=\"lazy\" decoding=\"async\" class=\"aligncenter wp-image-89573 size-full\" src=\"http:\/\/fernandezadvocats.es\/wp-content\/uploads\/2024\/11\/W5A8282-scaled.jpg\" alt=\"\" width=\"2560\" height=\"1920\" srcset=\"http:\/\/fernandezadvocats.es\/wp-content\/uploads\/2024\/11\/W5A8282-scaled.jpg 2560w, http:\/\/fernandezadvocats.es\/wp-content\/uploads\/2024\/11\/W5A8282-1280x960.jpg 1280w, http:\/\/fernandezadvocats.es\/wp-content\/uploads\/2024\/11\/W5A8282-980x735.jpg 980w, http:\/\/fernandezadvocats.es\/wp-content\/uploads\/2024\/11\/W5A8282-480x360.jpg 480w\" sizes=\"(min-width: 0px) and (max-width: 480px) 480px, (min-width: 481px) and (max-width: 980px) 980px, (min-width: 981px) and (max-width: 1280px) 1280px, (min-width: 1281px) 2560px, 100vw\" \/><\/p>\n<p>[\/et_pb_text][\/et_pb_column][\/et_pb_row][et_pb_row column_structure=\u00bb3_5,2_5&#8243; _builder_version=\u00bb4.27.3&#8243; _module_preset=\u00bbdefault\u00bb max_width=\u00bb100%\u00bb custom_css_main_element=\u00bbdisplay: flex;||align-items: center;||justify-content: center;\u00bb global_colors_info=\u00bb{}\u00bb custom_css_main_element_last_edited=\u00bbon|tablet\u00bb custom_css_main_element_tablet=\u00bbdisplay: flex;||align-items: center;||justify-content: center;||flex-wrap: wrap;\u00bb custom_css_main_element_phone=\u00bbdisplay: flex;||align-items: center;||justify-content: center;||flex-wrap: wrap;\u00bb][et_pb_column type=\u00bb3_5&#8243; _builder_version=\u00bb4.27.3&#8243; _module_preset=\u00bbdefault\u00bb global_colors_info=\u00bb{}\u00bb][et_pb_text admin_label=\u00bbT\u00cdTULO  &#8211; Mi historia\u00bb _builder_version=\u00bb4.27.3&#8243; _module_preset=\u00bbdefault\u00bb text_font=\u00bbWork Sans||||||||\u00bb text_text_color=\u00bb#FFFFFF\u00bb text_font_size=\u00bb1.2em\u00bb header_font=\u00bbWork Sans||||||||\u00bb header_text_color=\u00bbRGBA(255,255,255,0)\u00bb header_2_font=\u00bbWork Sans||||||||\u00bb header_2_text_color=\u00bb#FFFFFF\u00bb header_2_font_size=\u00bb2em\u00bb custom_margin=\u00bb||25px||false|false\u00bb global_colors_info=\u00bb{}\u00bb]<\/p>\n<h2>Mi historia<\/h2>\n<p>[\/et_pb_text][et_pb_text admin_label=\u00bbLa meva hist\u00f2ria &#8211; Texto\u00bb _builder_version=\u00bb4.27.3&#8243; _module_preset=\u00bbdefault\u00bb text_font=\u00bbWork Sans||||||||\u00bb text_text_color=\u00bb#FFFFFF\u00bb text_font_size=\u00bb1.2em\u00bb header_font=\u00bbWork Sans||||||||\u00bb header_text_color=\u00bbRGBA(255,255,255,0)\u00bb header_2_font=\u00bbWork Sans||||||||\u00bb header_2_text_color=\u00bb#FFFFFF\u00bb header_2_font_size=\u00bb2em\u00bb global_colors_info=\u00bb{}\u00bb]<\/p>\n<p>Socio<br \/>\nEspecialista en derecho mercantil y procesal<\/p>\n<p>[\/et_pb_text][\/et_pb_column][et_pb_column type=\u00bb2_5&#8243; _builder_version=\u00bb4.27.3&#8243; _module_preset=\u00bbdefault\u00bb global_colors_info=\u00bb{}\u00bb][et_pb_text admin_label=\u00bbIMG\u00bb _builder_version=\u00bb4.27.3&#8243; _module_preset=\u00bbdefault\u00bb text_font=\u00bbWork Sans||||||||\u00bb text_text_color=\u00bb#FFFFFF\u00bb text_font_size=\u00bb1em\u00bb link_font=\u00bbWork Sans||||||||\u00bb link_text_color=\u00bb#FFFFFF\u00bb link_font_size=\u00bb1em\u00bb header_font=\u00bbWork Sans||||||||\u00bb header_text_color=\u00bbRGBA(255,255,255,0)\u00bb header_2_font=\u00bbWork Sans||||||||\u00bb header_2_text_color=\u00bb#FFFFFF\u00bb header_2_font_size=\u00bb2em\u00bb global_colors_info=\u00bb{}\u00bb]<\/p>\n<p><img loading=\"lazy\" decoding=\"async\" class=\"aligncenter wp-image-90196 size-full\" src=\"http:\/\/fernandezadvocats.es\/wp-content\/uploads\/2024\/12\/W5A9214-scaled.jpg\" alt=\"\" width=\"2560\" height=\"1920\" \/><\/p>\n<p><strong>Luis Jim\u00e9nez-Asenjo Sotomayor<\/strong><br \/>Abogado<\/p>\n<p>[\/et_pb_text][\/et_pb_column][\/et_pb_row][\/et_pb_section][et_pb_section fb_built=\u00bb1&#8243; disabled_on=\u00bbon|on|on\u00bb admin_label=\u00bbDISE\u00d1O ANTIGUO\u00bb _builder_version=\u00bb4.27.3&#8243; _module_preset=\u00bbdefault\u00bb disabled=\u00bbon\u00bb collapsed=\u00bbon\u00bb global_colors_info=\u00bb{}\u00bb][et_pb_row column_structure=\u00bb1_3,1_3,1_3&#8243; _builder_version=\u00bb4.27.3&#8243; _module_preset=\u00bbdefault\u00bb width_tablet=\u00bb80%\u00bb width_phone=\u00bb80%\u00bb width_last_edited=\u00bboff|desktop\u00bb max_width=\u00bb100%\u00bb global_colors_info=\u00bb{}\u00bb][et_pb_column type=\u00bb1_3&#8243; _builder_version=\u00bb4.27.3&#8243; _module_preset=\u00bbdefault\u00bb global_colors_info=\u00bb{}\u00bb][et_pb_text admin_label=\u00bbT\u00cdTULO &#8211; Formaci\u00f3n\u00bb _builder_version=\u00bb4.27.3&#8243; _module_preset=\u00bbdefault\u00bb header_2_font=\u00bbWork Sans||||||||\u00bb header_2_text_color=\u00bb#111112&#8243; header_2_font_size=\u00bb2em\u00bb custom_margin=\u00bb||25px||false|false\u00bb border_width_bottom=\u00bb1px\u00bb border_color_bottom=\u00bb#111112&#8243; global_colors_info=\u00bb{}\u00bb]<\/p>\n<h2>Formaci\u00f3n<\/h2>\n<p>[\/et_pb_text][et_pb_blurb use_icon=\u00bbon\u00bb font_icon=\u00bb&#x4e;||divi||400&#8243; icon_color=\u00bb#275570&#8243; image_icon_background_color=\u00bbRGBA(255,255,255,0)\u00bb icon_placement=\u00bbleft\u00bb content_max_width=\u00bb100%\u00bb admin_label=\u00bbFormaci\u00f3 &#8211; Licenciado en Derecho por la Universidad de Barcelona (1995-2000).\u00bb _builder_version=\u00bb4.27.3&#8243; _module_preset=\u00bbdefault\u00bb body_font=\u00bbWork Sans||||||||\u00bb body_text_color=\u00bb#111112&#8243; body_font_size=\u00bb1.2em\u00bb body_line_height=\u00bb1.8em\u00bb custom_margin=\u00bb||15px||false|false\u00bb global_colors_info=\u00bb{}\u00bb]<\/p>\n<p>Licenciado en Derecho por la Universidad de Barcelona (<strong>1995-2000<\/strong>)<\/p>\n<p>[\/et_pb_blurb][et_pb_blurb use_icon=\u00bbon\u00bb font_icon=\u00bb&#x4e;||divi||400&#8243; icon_color=\u00bb#275570&#8243; image_icon_background_color=\u00bbRGBA(255,255,255,0)\u00bb icon_placement=\u00bbleft\u00bb content_max_width=\u00bb100%\u00bb admin_label=\u00bbFormaci\u00f3 &#8211; Posgrado en Direcci\u00f3n Financiera por la Pompeu Fabra(2006)\u00bb _builder_version=\u00bb4.27.3&#8243; _module_preset=\u00bbdefault\u00bb body_font=\u00bbWork Sans||||||||\u00bb body_text_color=\u00bb#111112&#8243; body_font_size=\u00bb1.2em\u00bb body_line_height=\u00bb1.8em\u00bb custom_margin=\u00bb||15px||false|false\u00bb global_colors_info=\u00bb{}\u00bb]Posgrado en Direcci\u00f3n Financiera por la Pompeu Fabra (<strong>2006<\/strong>)[\/et_pb_blurb][et_pb_blurb use_icon=\u00bbon\u00bb font_icon=\u00bb&#x4e;||divi||400&#8243; icon_color=\u00bb#275570&#8243; image_icon_background_color=\u00bbRGBA(255,255,255,0)\u00bb icon_placement=\u00bbleft\u00bb content_max_width=\u00bb100%\u00bb admin_label=\u00bbFormaci\u00f3 &#8211; Posgrado en Administraci\u00f3n Concursal por la Pompeu Fabra (20013)\u00bb _builder_version=\u00bb4.27.3&#8243; _module_preset=\u00bbdefault\u00bb body_font=\u00bbWork Sans||||||||\u00bb body_text_color=\u00bb#111112&#8243; body_font_size=\u00bb1.2em\u00bb body_line_height=\u00bb1.8em\u00bb custom_margin=\u00bb||15px||false|false\u00bb global_colors_info=\u00bb{}\u00bb]<\/p>\n<p>Posgrado en Administraci\u00f3n Concursal por la Pompeu Fabra (<strong>2013<\/strong>)<\/p>\n<p>[\/et_pb_blurb][et_pb_blurb use_icon=\u00bbon\u00bb font_icon=\u00bb&#x4e;||divi||400&#8243; icon_color=\u00bb#275570&#8243; image_icon_background_color=\u00bbRGBA(255,255,255,0)\u00bb icon_placement=\u00bbleft\u00bb content_max_width=\u00bb100%\u00bb admin_label=\u00bbFormaci\u00f3 &#8211; Profesor de Derecho Mercantil y Seguros en la Universidad de Barcelona (desde 2004)<br \/>\n\u00bb _builder_version=\u00bb4.27.3&#8243; _module_preset=\u00bbdefault\u00bb body_font=\u00bbWork Sans||||||||\u00bb body_text_color=\u00bb#111112&#8243; body_font_size=\u00bb1.2em\u00bb body_line_height=\u00bb1.8em\u00bb custom_margin=\u00bb||15px||false|false\u00bb global_colors_info=\u00bb{}\u00bb]<\/p>\n<p>Profesor de Derecho Mercantil y Seguros en la Universidad de Barcelona (<strong>desde 2004<\/strong>)<\/p>\n<p>[\/et_pb_blurb][et_pb_blurb use_icon=\u00bbon\u00bb font_icon=\u00bb&#x4e;||divi||400&#8243; icon_color=\u00bb#275570&#8243; image_icon_background_color=\u00bbRGBA(255,255,255,0)\u00bb icon_placement=\u00bbleft\u00bb content_max_width=\u00bb100%\u00bb admin_label=\u00bbFormaci\u00f3 &#8211; Colegiado en el Colegio de Abogados de Barcelona (desde 2004)<br \/>\n\u00bb _builder_version=\u00bb4.27.3&#8243; _module_preset=\u00bbdefault\u00bb body_font=\u00bbWork Sans||||||||\u00bb body_text_color=\u00bb#111112&#8243; body_font_size=\u00bb1.2em\u00bb body_line_height=\u00bb1.8em\u00bb custom_margin=\u00bb||15px||false|false\u00bb global_colors_info=\u00bb{}\u00bb]<\/p>\n<p>Colegiado en el Colegio de Abogados de Barcelona (<strong>desde 2004<\/strong>)<\/p>\n<p>[\/et_pb_blurb][\/et_pb_column][et_pb_column type=\u00bb1_3&#8243; _builder_version=\u00bb4.27.3&#8243; _module_preset=\u00bbdefault\u00bb global_colors_info=\u00bb{}\u00bb][et_pb_text admin_label=\u00bbT\u00cdTULO &#8211; \u00c0rees de treball\u00bb _builder_version=\u00bb4.27.3&#8243; _module_preset=\u00bbdefault\u00bb header_2_font=\u00bbWork Sans||||||||\u00bb header_2_text_color=\u00bb#111112&#8243; header_2_font_size=\u00bb2em\u00bb custom_margin=\u00bb||25px||false|false\u00bb border_width_bottom=\u00bb1px\u00bb border_color_bottom=\u00bb#111112&#8243; global_colors_info=\u00bb{}\u00bb]<\/p>\n<h2>\u00c1reas de trabajo:<\/h2>\n<p>[\/et_pb_text][et_pb_blurb use_icon=\u00bbon\u00bb font_icon=\u00bb&#x4e;||divi||400&#8243; icon_color=\u00bb#275570&#8243; image_icon_background_color=\u00bbRGBA(255,255,255,0)\u00bb icon_placement=\u00bbleft\u00bb content_max_width=\u00bb100%\u00bb admin_label=\u00bb\u00c0rees de treball &#8211; Derecho mercantil\u00bb _builder_version=\u00bb4.27.3&#8243; _module_preset=\u00bbdefault\u00bb body_font=\u00bbWork Sans||||||||\u00bb body_text_color=\u00bb#111112&#8243; body_font_size=\u00bb1.2em\u00bb body_line_height=\u00bb1.8em\u00bb custom_margin=\u00bb||15px||false|false\u00bb global_colors_info=\u00bb{}\u00bb]<\/p>\n<p>Derecho mercantil:<\/p>\n<ul>\n<li>Asesoramiento a empresas en materia de funcionamiento de la Junta General y del \u00d3rgano de Administraci\u00f3n; establecimiento de pactos de socios; resoluci\u00f3n de conflictos entre socios; protecci\u00f3n de accionistas minoritarios.<\/li>\n<li>Asesoramiento a \u00f3rganos de administraci\u00f3n en materia de retribuci\u00f3n y responsabilidad frente a los socios, acreedores, y terceros.<\/li>\n<li>Asesoramiento a empresas en la redacci\u00f3n de contratos con clientes, proveedores y otras empresas.<\/li>\n<\/ul>\n<p>[\/et_pb_blurb][et_pb_blurb use_icon=\u00bbon\u00bb font_icon=\u00bb&#x4e;||divi||400&#8243; icon_color=\u00bb#275570&#8243; image_icon_background_color=\u00bbRGBA(255,255,255,0)\u00bb icon_placement=\u00bbleft\u00bb content_max_width=\u00bb100%\u00bb admin_label=\u00bb\u00c0rees de treball &#8211; Derecho procesal\u00bb _builder_version=\u00bb4.27.3&#8243; _module_preset=\u00bbdefault\u00bb body_font=\u00bbWork Sans||||||||\u00bb body_text_color=\u00bb#111112&#8243; body_font_size=\u00bb1.2em\u00bb body_line_height=\u00bb1.8em\u00bb custom_margin=\u00bb||15px||false|false\u00bb global_colors_info=\u00bb{}\u00bb]<\/p>\n<p>Derecho procesal:<\/p>\n<ul>\n<li>Negociaci\u00f3n y procedimientos judiciales sobre incumplimientos contractuales y responsabilidad civil; impugnaci\u00f3n de actos societarios; interposici\u00f3n de demandas de responsabilidad contra los administradores; procedimientos concursales; reclamaciones relacionadas con el contrato de seguro.<\/li>\n<\/ul>\n<p>[\/et_pb_blurb][\/et_pb_column][et_pb_column type=\u00bb1_3&#8243; _builder_version=\u00bb4.27.3&#8243; _module_preset=\u00bbdefault\u00bb global_colors_info=\u00bb{}\u00bb][et_pb_text admin_label=\u00bbT\u00cdTULO &#8211; Idiomes\u00bb _builder_version=\u00bb4.27.3&#8243; _module_preset=\u00bbdefault\u00bb header_2_font=\u00bbWork Sans||||||||\u00bb header_2_text_color=\u00bb#111112&#8243; header_2_font_size=\u00bb2em\u00bb custom_margin=\u00bb||25px||false|false\u00bb border_width_bottom=\u00bb1px\u00bb border_color_bottom=\u00bb#111112&#8243; global_colors_info=\u00bb{}\u00bb]<\/p>\n<h2>Idiomas<\/h2>\n<p>[\/et_pb_text][et_pb_blurb use_icon=\u00bbon\u00bb font_icon=\u00bb&#x4e;||divi||400&#8243; icon_color=\u00bb#275570&#8243; image_icon_background_color=\u00bbRGBA(255,255,255,0)\u00bb icon_placement=\u00bbleft\u00bb content_max_width=\u00bb100%\u00bb admin_label=\u00bbIdiomes \u00bb _builder_version=\u00bb4.27.3&#8243; _module_preset=\u00bbdefault\u00bb body_font=\u00bbWork Sans||||||||\u00bb body_text_color=\u00bb#111112&#8243; body_font_size=\u00bb1.2em\u00bb body_line_height=\u00bb1.8em\u00bb custom_margin=\u00bb||15px||false|false\u00bb global_colors_info=\u00bb{}\u00bb]<\/p>\n<p>Castellano, catal\u00e1n e ingl\u00e9s.<\/p>\n<p>[\/et_pb_blurb][\/et_pb_column][\/et_pb_row][et_pb_row column_structure=\u00bb1_4,1_4,1_4,1_4&#8243; disabled_on=\u00bbon|on|on\u00bb _builder_version=\u00bb4.27.3&#8243; _module_preset=\u00bbdefault\u00bb width=\u00bb95%\u00bb width_tablet=\u00bb80%\u00bb width_phone=\u00bb80%\u00bb width_last_edited=\u00bbon|tablet\u00bb max_width=\u00bb100%\u00bb disabled=\u00bbon\u00bb global_colors_info=\u00bb{}\u00bb][et_pb_column type=\u00bb1_4&#8243; _builder_version=\u00bb4.27.3&#8243; _module_preset=\u00bbdefault\u00bb global_colors_info=\u00bb{}\u00bb][et_pb_text admin_label=\u00bbT\u00cdTULO &#8211; Formaci\u00f3\u00bb _builder_version=\u00bb4.27.2&#8243; _module_preset=\u00bbdefault\u00bb header_2_font=\u00bbWork Sans||||||||\u00bb header_2_text_color=\u00bb#111112&#8243; header_2_font_size=\u00bb2em\u00bb custom_margin=\u00bb||25px||false|false\u00bb border_width_bottom=\u00bb1px\u00bb border_color_bottom=\u00bb#111112&#8243; global_colors_info=\u00bb{}\u00bb]<\/p>\n<h2>Formaci\u00f3<\/h2>\n<p>[\/et_pb_text][et_pb_blurb use_icon=\u00bbon\u00bb font_icon=\u00bb&#x4e;||divi||400&#8243; icon_color=\u00bb#275570&#8243; image_icon_background_color=\u00bbRGBA(255,255,255,0)\u00bb icon_placement=\u00bbleft\u00bb content_max_width=\u00bb100%\u00bb admin_label=\u00bbFormaci\u00f3 &#8211; Graduat en Dret per la Universitat Pompeu Fabra (2009-2013)\u00bb _builder_version=\u00bb4.27.3&#8243; _module_preset=\u00bbdefault\u00bb body_font=\u00bbWork Sans||||||||\u00bb body_text_color=\u00bb#111112&#8243; body_font_size=\u00bb1.2em\u00bb body_line_height=\u00bb1.8em\u00bb custom_margin=\u00bb||15px||false|false\u00bb global_colors_info=\u00bb{}\u00bb]<\/p>\n<p>Graduat en Dret per la Universitat Pompeu Fabra (2009-2013)<\/p>\n<p>[\/et_pb_blurb][et_pb_blurb use_icon=\u00bbon\u00bb font_icon=\u00bb&#x4e;||divi||400&#8243; icon_color=\u00bb#275570&#8243; image_icon_background_color=\u00bbRGBA(255,255,255,0)\u00bb icon_placement=\u00bbleft\u00bb content_max_width=\u00bb100%\u00bb admin_label=\u00bbFormaci\u00f3 &#8211; M\u00e0ster Universitari en advocacia IDEC-Universitat Pompeu Fabra (2013-2014)\u00bb _builder_version=\u00bb4.27.3&#8243; _module_preset=\u00bbdefault\u00bb body_font=\u00bbWork Sans||||||||\u00bb body_text_color=\u00bb#111112&#8243; body_font_size=\u00bb1.2em\u00bb body_line_height=\u00bb1.8em\u00bb custom_margin=\u00bb||15px||false|false\u00bb global_colors_info=\u00bb{}\u00bb]<\/p>\n<p>M\u00e0ster Universitari en advocacia IDEC-Universitat Pompeu Fabra (2013-2014)<\/p>\n<p>[\/et_pb_blurb][et_pb_blurb use_icon=\u00bbon\u00bb font_icon=\u00bb&#x4e;||divi||400&#8243; icon_color=\u00bb#275570&#8243; image_icon_background_color=\u00bbRGBA(255,255,255,0)\u00bb icon_placement=\u00bbleft\u00bb content_max_width=\u00bb100%\u00bb admin_label=\u00bbFormaci\u00f3 &#8211; Col\u00b7legiat de l\u2019Il\u00b7ltre. Col\u00b7legi d\u2019Advocats de Barcelona n\u00ba 42.641 (des de 2015)<br \/>\n\u00bb _builder_version=\u00bb4.27.3&#8243; _module_preset=\u00bbdefault\u00bb body_font=\u00bbWork Sans||||||||\u00bb body_text_color=\u00bb#111112&#8243; body_font_size=\u00bb1.2em\u00bb body_line_height=\u00bb1.8em\u00bb custom_margin=\u00bb||||false|false\u00bb global_colors_info=\u00bb{}\u00bb]<\/p>\n<p>Col\u00b7legiat de l\u2019Il\u00b7ltre. Col\u00b7legi d\u2019Advocats de Barcelona n\u00ba 42.641 (des de 2015)<\/p>\n<p>[\/et_pb_blurb][\/et_pb_column][et_pb_column type=\u00bb1_4&#8243; _builder_version=\u00bb4.27.3&#8243; _module_preset=\u00bbdefault\u00bb global_colors_info=\u00bb{}\u00bb][et_pb_text admin_label=\u00bbT\u00cdTULO &#8211; \u00c0rees de treball\u00bb _builder_version=\u00bb4.27.3&#8243; _module_preset=\u00bbdefault\u00bb header_2_font=\u00bbWork Sans||||||||\u00bb header_2_text_color=\u00bb#111112&#8243; header_2_font_size=\u00bb2em\u00bb custom_margin=\u00bb||25px||false|false\u00bb border_width_bottom=\u00bb1px\u00bb border_color_bottom=\u00bb#111112&#8243; global_colors_info=\u00bb{}\u00bb]<\/p>\n<h2>\u00c0rees de treball<\/h2>\n<p>[\/et_pb_text][et_pb_blurb use_icon=\u00bbon\u00bb font_icon=\u00bb&#x4e;||divi||400&#8243; icon_color=\u00bb#275570&#8243; image_icon_background_color=\u00bbRGBA(255,255,255,0)\u00bb icon_placement=\u00bbleft\u00bb content_max_width=\u00bb100%\u00bb admin_label=\u00bb\u00c0rees de treball &#8211; Administratiu<br \/>\n\u00bb _builder_version=\u00bb4.27.3&#8243; _module_preset=\u00bbdefault\u00bb body_font=\u00bbWork Sans||||||||\u00bb body_text_color=\u00bb#111112&#8243; body_font_size=\u00bb1.2em\u00bb body_line_height=\u00bb1.8em\u00bb custom_margin=\u00bb||15px||false|false\u00bb global_colors_info=\u00bb{}\u00bb]<\/p>\n<p>Administratiu<\/p>\n<p>[\/et_pb_blurb][et_pb_blurb use_icon=\u00bbon\u00bb font_icon=\u00bb&#x4e;||divi||400&#8243; icon_color=\u00bb#275570&#8243; image_icon_background_color=\u00bbRGBA(255,255,255,0)\u00bb icon_placement=\u00bbleft\u00bb content_max_width=\u00bb100%\u00bb admin_label=\u00bb\u00c0rees de treball &#8211; Funci\u00f3 P\u00fablica\u00bb _builder_version=\u00bb4.27.3&#8243; _module_preset=\u00bbdefault\u00bb body_font=\u00bbWork Sans||||||||\u00bb body_text_color=\u00bb#111112&#8243; body_font_size=\u00bb1.2em\u00bb body_line_height=\u00bb1.8em\u00bb custom_margin=\u00bb||15px||false|false\u00bb global_colors_info=\u00bb{}\u00bb]<\/p>\n<p>Funci\u00f3 P\u00fablica<\/p>\n<p>[\/et_pb_blurb][et_pb_blurb use_icon=\u00bbon\u00bb font_icon=\u00bb&#x4e;||divi||400&#8243; icon_color=\u00bb#275570&#8243; image_icon_background_color=\u00bbRGBA(255,255,255,0)\u00bb icon_placement=\u00bbleft\u00bb content_max_width=\u00bb100%\u00bb admin_label=\u00bb\u00c0rees de treball &#8211; Urban\u00edstic i Immobiliari\u00bb _builder_version=\u00bb4.27.3&#8243; _module_preset=\u00bbdefault\u00bb body_font=\u00bbWork Sans||||||||\u00bb body_text_color=\u00bb#111112&#8243; body_font_size=\u00bb1.2em\u00bb body_line_height=\u00bb1.8em\u00bb custom_margin=\u00bb||15px||false|false\u00bb global_colors_info=\u00bb{}\u00bb]<\/p>\n<p>Urban\u00edstic i Immobiliari<\/p>\n<p>[\/et_pb_blurb][et_pb_blurb use_icon=\u00bbon\u00bb font_icon=\u00bb&#x4e;||divi||400&#8243; icon_color=\u00bb#275570&#8243; image_icon_background_color=\u00bbRGBA(255,255,255,0)\u00bb icon_placement=\u00bbleft\u00bb content_max_width=\u00bb100%\u00bb admin_label=\u00bb\u00c0rees de treball &#8211; Civil, Rural\u00bb _builder_version=\u00bb4.27.3&#8243; _module_preset=\u00bbdefault\u00bb body_font=\u00bbWork Sans||||||||\u00bb body_text_color=\u00bb#111112&#8243; body_font_size=\u00bb1.2em\u00bb body_line_height=\u00bb1.8em\u00bb custom_margin=\u00bb||15px||false|false\u00bb global_colors_info=\u00bb{}\u00bb]<\/p>\n<p>Civil, Rural<\/p>\n<p>[\/et_pb_blurb][et_pb_blurb use_icon=\u00bbon\u00bb font_icon=\u00bb&#x4e;||divi||400&#8243; icon_color=\u00bb#275570&#8243; image_icon_background_color=\u00bbRGBA(255,255,255,0)\u00bb icon_placement=\u00bbleft\u00bb content_max_width=\u00bb100%\u00bb admin_label=\u00bb\u00c0rees de treball &#8211; Agrari i<br \/>\nAgropecuari<br \/>\n\u00bb _builder_version=\u00bb4.27.3&#8243; _module_preset=\u00bbdefault\u00bb body_font=\u00bbWork Sans||||||||\u00bb body_text_color=\u00bb#111112&#8243; body_font_size=\u00bb1.2em\u00bb body_line_height=\u00bb1.8em\u00bb global_colors_info=\u00bb{}\u00bb]<\/p>\n<p>Agrari i Agropecuari<\/p>\n<p>[\/et_pb_blurb][\/et_pb_column][et_pb_column type=\u00bb1_4&#8243; _builder_version=\u00bb4.27.3&#8243; _module_preset=\u00bbdefault\u00bb global_colors_info=\u00bb{}\u00bb][et_pb_text admin_label=\u00bbT\u00cdTULO &#8211; Altres\u00bb _builder_version=\u00bb4.27.2&#8243; _module_preset=\u00bbdefault\u00bb header_2_font=\u00bbWork Sans||||||||\u00bb header_2_text_color=\u00bb#111112&#8243; header_2_font_size=\u00bb2em\u00bb custom_margin=\u00bb||25px||false|false\u00bb border_width_bottom=\u00bb1px\u00bb border_color_bottom=\u00bb#111112&#8243; global_colors_info=\u00bb{}\u00bb]<\/p>\n<h2>Altres<\/h2>\n<p>[\/et_pb_text][et_pb_blurb use_icon=\u00bbon\u00bb font_icon=\u00bb&#x4e;||divi||400&#8243; icon_color=\u00bb#275570&#8243; image_icon_background_color=\u00bbRGBA(255,255,255,0)\u00bb icon_placement=\u00bbleft\u00bb content_max_width=\u00bb100%\u00bb admin_label=\u00bbAltres &#8211; Texto\u00bb _builder_version=\u00bb4.27.3&#8243; _module_preset=\u00bbdefault\u00bb body_font=\u00bbWork Sans||||||||\u00bb body_text_color=\u00bb#111112&#8243; body_font_size=\u00bb1.2em\u00bb body_line_height=\u00bb1.8em\u00bb custom_margin=\u00bb||15px||false|false\u00bb global_colors_info=\u00bb{}\u00bb]<\/p>\n<p>Autor de diversos articles d\u2019opini\u00f3 i publicacions sobre tem\u00e0tica jur\u00eddica Membre de l\u2019Elenc del Tribunal Eclesi\u00e0stic Metropolit\u00e0 de Barcelona (des de <strong>2018<\/strong>)<\/p>\n<p>[\/et_pb_blurb][et_pb_blurb use_icon=\u00bbon\u00bb font_icon=\u00bb&#x4e;||divi||400&#8243; icon_color=\u00bb#275570&#8243; image_icon_background_color=\u00bbRGBA(255,255,255,0)\u00bb icon_placement=\u00bbleft\u00bb content_max_width=\u00bb100%\u00bb admin_label=\u00bbAltres &#8211; Texto\u00bb _builder_version=\u00bb4.27.3&#8243; _module_preset=\u00bbdefault\u00bb body_font=\u00bbWork Sans||||||||\u00bb body_text_color=\u00bb#111112&#8243; body_font_size=\u00bb1.2em\u00bb body_line_height=\u00bb1.8em\u00bb global_colors_info=\u00bb{}\u00bb]<\/p>\n<p>Membre del Torn d\u2019Ofici de l\u2019ICAB (des de <strong>2018<\/strong>)<\/p>\n<p>[\/et_pb_blurb][\/et_pb_column][et_pb_column type=\u00bb1_4&#8243; _builder_version=\u00bb4.27.3&#8243; _module_preset=\u00bbdefault\u00bb global_colors_info=\u00bb{}\u00bb][et_pb_text admin_label=\u00bbT\u00cdTULO &#8211; Idiomes\u00bb _builder_version=\u00bb4.27.2&#8243; _module_preset=\u00bbdefault\u00bb header_2_font=\u00bbWork Sans||||||||\u00bb header_2_text_color=\u00bb#111112&#8243; header_2_font_size=\u00bb2em\u00bb custom_margin=\u00bb||25px||false|false\u00bb border_width_bottom=\u00bb1px\u00bb border_color_bottom=\u00bb#111112&#8243; global_colors_info=\u00bb{}\u00bb]<\/p>\n<h2>Idiomes<\/h2>\n<p>[\/et_pb_text][et_pb_blurb use_icon=\u00bbon\u00bb font_icon=\u00bb&#x4e;||divi||400&#8243; icon_color=\u00bb#275570&#8243; image_icon_background_color=\u00bbRGBA(255,255,255,0)\u00bb icon_placement=\u00bbleft\u00bb content_max_width=\u00bb100%\u00bb admin_label=\u00bbIdiomes \u00bb _builder_version=\u00bb4.27.3&#8243; _module_preset=\u00bbdefault\u00bb body_font=\u00bbWork Sans||||||||\u00bb body_text_color=\u00bb#111112&#8243; body_font_size=\u00bb1.2em\u00bb body_line_height=\u00bb1.8em\u00bb custom_margin=\u00bb||15px||false|false\u00bb global_colors_info=\u00bb{}\u00bb]<\/p>\n<p>Catal\u00e0, Castell\u00e0, Franc\u00e8s i Angl\u00e8s<\/p>\n<p>[\/et_pb_blurb][\/et_pb_column][\/et_pb_row][\/et_pb_section][et_pb_section fb_built=\u00bb1&#8243; disabled_on=\u00bbon|on|on\u00bb admin_label=\u00bbCOPIA DE SEGURIDAD\u00bb _builder_version=\u00bb4.27.2&#8243; _module_preset=\u00bbdefault\u00bb custom_padding=\u00bb0px||0px||true|false\u00bb disabled=\u00bbon\u00bb collapsed=\u00bbon\u00bb global_colors_info=\u00bb{}\u00bb][et_pb_row column_structure=\u00bb1_2,1_2&#8243; _builder_version=\u00bb4.27.3&#8243; _module_preset=\u00bbdefault\u00bb width=\u00bb100%\u00bb max_width=\u00bb100%\u00bb custom_padding=\u00bb0px||0px||true|false\u00bb collapsed=\u00bbon\u00bb global_colors_info=\u00bb{}\u00bb][et_pb_column type=\u00bb1_2&#8243; _builder_version=\u00bb4.27.3&#8243; _module_preset=\u00bbdefault\u00bb background_color=\u00bb#275570&#8243; custom_padding=\u00bb5%|5%|5%|5%|false|true\u00bb custom_padding_tablet=\u00bb32px|25px|32px|25px|true|true\u00bb custom_padding_phone=\u00bb32px|25px|32px|25px|true|true\u00bb custom_padding_last_edited=\u00bbon|phone\u00bb global_colors_info=\u00bb{}\u00bb][et_pb_text disabled_on=\u00bbon|on|on\u00bb admin_label=\u00bbLa meva hist\u00f2ria &#8211; Texto &#8211; COPIA DE SEGURIDAD\u00bb _builder_version=\u00bb4.27.2&#8243; _module_preset=\u00bbdefault\u00bb text_font=\u00bbWork Sans||||||||\u00bb text_text_color=\u00bb#FFFFFF\u00bb text_font_size=\u00bb1.2em\u00bb header_font=\u00bbWork Sans||||||||\u00bb header_text_color=\u00bbRGBA(255,255,255,0)\u00bb header_2_font=\u00bbWork Sans||||||||\u00bb header_2_text_color=\u00bb#FFFFFF\u00bb header_2_font_size=\u00bb2em\u00bb disabled=\u00bbon\u00bb global_colors_info=\u00bb{}\u00bb]<\/p>\n<h2>La meva hist\u00f2ria<\/h2>\n<p>Advocat del Bufet des de l\u2019any <strong>2015<\/strong>.<\/p>\n<p>La seva activitat professional i la litigaci\u00f3 en diferents camps s\u2019ha centrat, principalment, en les relacions i conflictes amb l\u2019Administraci\u00f3 P\u00fablica, assumptes sobre personal i relaciones laborals al sector p\u00fablic, i en assumptes d\u2019\u00edndole civil.<\/p>\n<p>Assessora habitualment a diverses empreses constructores, industrials i del sector de serveis, aix\u00ed com tamb\u00e9 a diversos Ajuntaments, ens locals i organismes p\u00fablics d\u2019arreu del territori catal\u00e0.<\/p>\n<p><img loading=\"lazy\" decoding=\"async\" class=\"aligncenter wp-image-89573 size-full\" src=\"http:\/\/fernandezadvocats.es\/wp-content\/uploads\/2024\/11\/W5A8282-scaled.jpg\" alt=\"\" width=\"2560\" height=\"1920\" srcset=\"http:\/\/fernandezadvocats.es\/wp-content\/uploads\/2024\/11\/W5A8282-scaled.jpg 2560w, http:\/\/fernandezadvocats.es\/wp-content\/uploads\/2024\/11\/W5A8282-1280x960.jpg 1280w, http:\/\/fernandezadvocats.es\/wp-content\/uploads\/2024\/11\/W5A8282-980x735.jpg 980w, http:\/\/fernandezadvocats.es\/wp-content\/uploads\/2024\/11\/W5A8282-480x360.jpg 480w\" sizes=\"(min-width: 0px) and (max-width: 480px) 480px, (min-width: 481px) and (max-width: 980px) 980px, (min-width: 981px) and (max-width: 1280px) 1280px, (min-width: 1281px) 2560px, 100vw\" \/><\/p>\n<p>[\/et_pb_text][et_pb_text admin_label=\u00bbT\u00cdTULO  &#8211; La meva hist\u00f2ria\u00bb _builder_version=\u00bb4.27.2&#8243; _module_preset=\u00bbdefault\u00bb text_font=\u00bbWork Sans||||||||\u00bb text_text_color=\u00bb#FFFFFF\u00bb text_font_size=\u00bb1.2em\u00bb header_font=\u00bbWork Sans||||||||\u00bb header_text_color=\u00bbRGBA(255,255,255,0)\u00bb header_2_font=\u00bbWork Sans||||||||\u00bb header_2_text_color=\u00bb#FFFFFF\u00bb header_2_font_size=\u00bb2em\u00bb custom_margin=\u00bb||25px||false|false\u00bb global_colors_info=\u00bb{}\u00bb]<\/p>\n<h2>La meva hist\u00f2ria<\/h2>\n<p>[\/et_pb_text][et_pb_text admin_label=\u00bbLa meva hist\u00f2ria &#8211; Texto\u00bb _builder_version=\u00bb4.27.2&#8243; _module_preset=\u00bbdefault\u00bb text_font=\u00bbWork Sans||||||||\u00bb text_text_color=\u00bb#FFFFFF\u00bb text_font_size=\u00bb1.2em\u00bb header_font=\u00bbWork Sans||||||||\u00bb header_text_color=\u00bbRGBA(255,255,255,0)\u00bb header_2_font=\u00bbWork Sans||||||||\u00bb header_2_text_color=\u00bb#FFFFFF\u00bb header_2_font_size=\u00bb2em\u00bb global_colors_info=\u00bb{}\u00bb]<\/p>\n<p>Advocat del Bufet des de l\u2019any <strong>2015<\/strong>.<\/p>\n<p>La seva activitat professional i la litigaci\u00f3 en diferents camps s\u2019ha centrat, principalment, en les relacions i conflictes amb l\u2019Administraci\u00f3 P\u00fablica, assumptes sobre personal i relaciones laborals al sector p\u00fablic, i en assumptes d\u2019\u00edndole civil.<\/p>\n<p>Assessora habitualment a diverses empreses constructores, industrials i del sector de serveis, aix\u00ed com tamb\u00e9 a diversos Ajuntaments, ens locals i organismes p\u00fablics d\u2019arreu del territori catal\u00e0.<\/p>\n<p><img loading=\"lazy\" decoding=\"async\" class=\"aligncenter wp-image-89573 size-full\" src=\"http:\/\/fernandezadvocats.es\/wp-content\/uploads\/2024\/11\/W5A8282-scaled.jpg\" alt=\"\" width=\"2560\" height=\"1920\" srcset=\"http:\/\/fernandezadvocats.es\/wp-content\/uploads\/2024\/11\/W5A8282-scaled.jpg 2560w, http:\/\/fernandezadvocats.es\/wp-content\/uploads\/2024\/11\/W5A8282-1280x960.jpg 1280w, http:\/\/fernandezadvocats.es\/wp-content\/uploads\/2024\/11\/W5A8282-980x735.jpg 980w, http:\/\/fernandezadvocats.es\/wp-content\/uploads\/2024\/11\/W5A8282-480x360.jpg 480w\" sizes=\"(min-width: 0px) and (max-width: 480px) 480px, (min-width: 481px) and (max-width: 980px) 980px, (min-width: 981px) and (max-width: 1280px) 1280px, (min-width: 1281px) 2560px, 100vw\" \/><\/p>\n<p>[\/et_pb_text][\/et_pb_column][et_pb_column type=\u00bb1_2&#8243; _builder_version=\u00bb4.27.2&#8243; _module_preset=\u00bbdefault\u00bb custom_padding=\u00bb5%|5%|5%||true|false\u00bb custom_padding_tablet=\u00bb32px|25px|32px|25px|true|false\u00bb custom_padding_phone=\u00bb32px|25px|32px|25px|true|true\u00bb custom_padding_last_edited=\u00bbon|desktop\u00bb global_colors_info=\u00bb{}\u00bb][et_pb_text admin_label=\u00bbT\u00cdTULO &#8211; Formaci\u00f3\u00bb _builder_version=\u00bb4.27.2&#8243; _module_preset=\u00bbdefault\u00bb header_2_font=\u00bbWork Sans||||||||\u00bb header_2_text_color=\u00bb#111112&#8243; header_2_font_size=\u00bb2em\u00bb custom_margin=\u00bb||25px||false|false\u00bb border_width_bottom=\u00bb1px\u00bb border_color_bottom=\u00bb#111112&#8243; global_colors_info=\u00bb{}\u00bb]<\/p>\n<h2>Formaci\u00f3<\/h2>\n<p>[\/et_pb_text][et_pb_blurb use_icon=\u00bbon\u00bb font_icon=\u00bb&#x52;||divi||400&#8243; icon_color=\u00bb#275570&#8243; image_icon_background_color=\u00bbRGBA(255,255,255,0)\u00bb icon_placement=\u00bbleft\u00bb content_max_width=\u00bb100%\u00bb admin_label=\u00bbFormaci\u00f3 &#8211; Graduat en Dret per la Universitat Pompeu Fabra (2009-2013)\u00bb _builder_version=\u00bb4.27.3&#8243; _module_preset=\u00bbdefault\u00bb body_font=\u00bbWork Sans||||||||\u00bb body_text_color=\u00bb#111112&#8243; body_font_size=\u00bb1.2em\u00bb body_line_height=\u00bb1.8em\u00bb custom_margin=\u00bb||15px||false|false\u00bb global_colors_info=\u00bb{}\u00bb]<\/p>\n<p>Graduat en Dret per la Universitat Pompeu Fabra (2009-2013)<\/p>\n<p>[\/et_pb_blurb][et_pb_blurb use_icon=\u00bbon\u00bb font_icon=\u00bb&#x52;||divi||400&#8243; icon_color=\u00bb#275570&#8243; image_icon_background_color=\u00bbRGBA(255,255,255,0)\u00bb icon_placement=\u00bbleft\u00bb content_max_width=\u00bb100%\u00bb admin_label=\u00bbFormaci\u00f3 &#8211; M\u00e0ster Universitari en advocacia IDEC-Universitat Pompeu Fabra (2013-2014)\u00bb _builder_version=\u00bb4.27.3&#8243; _module_preset=\u00bbdefault\u00bb body_font=\u00bbWork Sans||||||||\u00bb body_text_color=\u00bb#111112&#8243; body_font_size=\u00bb1.2em\u00bb body_line_height=\u00bb1.8em\u00bb custom_margin=\u00bb||15px||false|false\u00bb global_colors_info=\u00bb{}\u00bb]<\/p>\n<p>M\u00e0ster Universitari en advocacia IDEC-Universitat Pompeu Fabra (2013-2014)<\/p>\n<p>[\/et_pb_blurb][et_pb_blurb use_icon=\u00bbon\u00bb font_icon=\u00bb&#x52;||divi||400&#8243; icon_color=\u00bb#275570&#8243; image_icon_background_color=\u00bbRGBA(255,255,255,0)\u00bb icon_placement=\u00bbleft\u00bb content_max_width=\u00bb100%\u00bb admin_label=\u00bbFormaci\u00f3 &#8211; Col\u00b7legiat de l\u2019Il\u00b7ltre. Col\u00b7legi d\u2019Advocats de Barcelona n\u00ba 42.641 (des de 2015)<br \/>\n\u00bb _builder_version=\u00bb4.27.3&#8243; _module_preset=\u00bbdefault\u00bb body_font=\u00bbWork Sans||||||||\u00bb body_text_color=\u00bb#111112&#8243; body_font_size=\u00bb1.2em\u00bb body_line_height=\u00bb1.8em\u00bb custom_margin=\u00bb||||false|false\u00bb global_colors_info=\u00bb{}\u00bb]<\/p>\n<p>Col\u00b7legiat de l\u2019Il\u00b7ltre. Col\u00b7legi d\u2019Advocats de Barcelona n\u00ba 42.641 (des de 2015)<\/p>\n<p>[\/et_pb_blurb][et_pb_text admin_label=\u00bbT\u00cdTULO &#8211; \u00c0rees de treball\u00bb _builder_version=\u00bb4.27.2&#8243; _module_preset=\u00bbdefault\u00bb header_2_font=\u00bbWork Sans||||||||\u00bb header_2_text_color=\u00bb#111112&#8243; header_2_font_size=\u00bb2em\u00bb custom_margin=\u00bb||||false|false\u00bb border_width_bottom=\u00bb1px\u00bb border_color_bottom=\u00bb#111112&#8243; global_colors_info=\u00bb{}\u00bb]<\/p>\n<h2>\u00c0rees de treball<\/h2>\n<p>[\/et_pb_text][et_pb_blurb use_icon=\u00bbon\u00bb font_icon=\u00bb&#x52;||divi||400&#8243; icon_color=\u00bb#275570&#8243; image_icon_background_color=\u00bbRGBA(255,255,255,0)\u00bb icon_placement=\u00bbleft\u00bb content_max_width=\u00bb100%\u00bb admin_label=\u00bb\u00c0rees de treball &#8211; Administratiu<br \/>\n\u00bb _builder_version=\u00bb4.27.3&#8243; _module_preset=\u00bbdefault\u00bb body_font=\u00bbWork Sans||||||||\u00bb body_text_color=\u00bb#111112&#8243; body_font_size=\u00bb1.2em\u00bb body_line_height=\u00bb1.8em\u00bb custom_margin=\u00bb||15px||false|false\u00bb global_colors_info=\u00bb{}\u00bb]<\/p>\n<p>Administratiu<\/p>\n<p>[\/et_pb_blurb][et_pb_blurb use_icon=\u00bbon\u00bb font_icon=\u00bb&#x52;||divi||400&#8243; icon_color=\u00bb#275570&#8243; image_icon_background_color=\u00bbRGBA(255,255,255,0)\u00bb icon_placement=\u00bbleft\u00bb content_max_width=\u00bb100%\u00bb admin_label=\u00bb\u00c0rees de treball &#8211; Funci\u00f3 P\u00fablica\u00bb _builder_version=\u00bb4.27.3&#8243; _module_preset=\u00bbdefault\u00bb body_font=\u00bbWork Sans||||||||\u00bb body_text_color=\u00bb#111112&#8243; body_font_size=\u00bb1.2em\u00bb body_line_height=\u00bb1.8em\u00bb custom_margin=\u00bb||15px||false|false\u00bb global_colors_info=\u00bb{}\u00bb]<\/p>\n<p>Funci\u00f3 P\u00fablica<\/p>\n<p>[\/et_pb_blurb][et_pb_blurb use_icon=\u00bbon\u00bb font_icon=\u00bb&#x52;||divi||400&#8243; icon_color=\u00bb#275570&#8243; image_icon_background_color=\u00bbRGBA(255,255,255,0)\u00bb icon_placement=\u00bbleft\u00bb content_max_width=\u00bb100%\u00bb admin_label=\u00bb\u00c0rees de treball &#8211; Urban\u00edstic i Immobiliari\u00bb _builder_version=\u00bb4.27.3&#8243; _module_preset=\u00bbdefault\u00bb body_font=\u00bbWork Sans||||||||\u00bb body_text_color=\u00bb#111112&#8243; body_font_size=\u00bb1.2em\u00bb body_line_height=\u00bb1.8em\u00bb custom_margin=\u00bb||15px||false|false\u00bb global_colors_info=\u00bb{}\u00bb]<\/p>\n<p>Urban\u00edstic i Immobiliari<\/p>\n<p>[\/et_pb_blurb][et_pb_blurb use_icon=\u00bbon\u00bb font_icon=\u00bb&#x52;||divi||400&#8243; icon_color=\u00bb#275570&#8243; image_icon_background_color=\u00bbRGBA(255,255,255,0)\u00bb icon_placement=\u00bbleft\u00bb content_max_width=\u00bb100%\u00bb admin_label=\u00bb\u00c0rees de treball &#8211; Civil, Rural\u00bb _builder_version=\u00bb4.27.3&#8243; _module_preset=\u00bbdefault\u00bb body_font=\u00bbWork Sans||||||||\u00bb body_text_color=\u00bb#111112&#8243; body_font_size=\u00bb1.2em\u00bb body_line_height=\u00bb1.8em\u00bb custom_margin=\u00bb||15px||false|false\u00bb global_colors_info=\u00bb{}\u00bb]<\/p>\n<p>Civil, Rural<\/p>\n<p>[\/et_pb_blurb][et_pb_blurb use_icon=\u00bbon\u00bb font_icon=\u00bb&#x52;||divi||400&#8243; icon_color=\u00bb#275570&#8243; image_icon_background_color=\u00bbRGBA(255,255,255,0)\u00bb icon_placement=\u00bbleft\u00bb content_max_width=\u00bb100%\u00bb admin_label=\u00bb\u00c0rees de treball &#8211; Agrari i<br \/>\nAgropecuari<br \/>\n\u00bb _builder_version=\u00bb4.27.3&#8243; _module_preset=\u00bbdefault\u00bb body_font=\u00bbWork Sans||||||||\u00bb body_text_color=\u00bb#111112&#8243; body_font_size=\u00bb1.2em\u00bb body_line_height=\u00bb1.8em\u00bb global_colors_info=\u00bb{}\u00bb]<\/p>\n<p>Agrari i Agropecuari<\/p>\n<p>[\/et_pb_blurb][et_pb_text admin_label=\u00bbT\u00cdTULO &#8211; Altres\u00bb _builder_version=\u00bb4.27.2&#8243; _module_preset=\u00bbdefault\u00bb header_2_font=\u00bbWork Sans||||||||\u00bb header_2_text_color=\u00bb#111112&#8243; header_2_font_size=\u00bb2em\u00bb custom_margin=\u00bb||25px||false|false\u00bb border_width_bottom=\u00bb1px\u00bb border_color_bottom=\u00bb#111112&#8243; global_colors_info=\u00bb{}\u00bb]<\/p>\n<h2>Altres<\/h2>\n<p>[\/et_pb_text][et_pb_text admin_label=\u00bbAltres &#8211; Texto\u00bb _builder_version=\u00bb4.27.2&#8243; _module_preset=\u00bbdefault\u00bb text_text_color=\u00bb#111112&#8243; text_font_size=\u00bb1.2em\u00bb text_line_height=\u00bb1.8em\u00bb global_colors_info=\u00bb{}\u00bb]<\/p>\n<p>Autor de diversos articles d\u2019opini\u00f3 i publicacions sobre tem\u00e0tica jur\u00eddica Membre de l\u2019Elenc del Tribunal Eclesi\u00e0stic Metropolit\u00e0 de Barcelona (des de <strong>2018<\/strong>) Membre del Torn d\u2019Ofici de l\u2019ICAB (des de <strong>2018<\/strong>)<\/p>\n<p>[\/et_pb_text][et_pb_text admin_label=\u00bbT\u00cdTULO &#8211; Idiomes\u00bb _builder_version=\u00bb4.27.2&#8243; _module_preset=\u00bbdefault\u00bb header_2_font=\u00bbWork Sans||||||||\u00bb header_2_text_color=\u00bb#111112&#8243; header_2_font_size=\u00bb2em\u00bb custom_margin=\u00bb||25px||false|false\u00bb border_width_bottom=\u00bb1px\u00bb border_color_bottom=\u00bb#111112&#8243; global_colors_info=\u00bb{}\u00bb]<\/p>\n<h2>Idiomes<\/h2>\n<p>[\/et_pb_text][et_pb_blurb use_icon=\u00bbon\u00bb font_icon=\u00bb&#x52;||divi||400&#8243; icon_color=\u00bb#275570&#8243; image_icon_background_color=\u00bbRGBA(255,255,255,0)\u00bb icon_placement=\u00bbleft\u00bb content_max_width=\u00bb100%\u00bb admin_label=\u00bbIdiomes \u00bb _builder_version=\u00bb4.27.3&#8243; _module_preset=\u00bbdefault\u00bb body_font=\u00bbWork Sans||||||||\u00bb body_text_color=\u00bb#111112&#8243; body_font_size=\u00bb1.2em\u00bb body_line_height=\u00bb1.8em\u00bb custom_margin=\u00bb||15px||false|false\u00bb global_colors_info=\u00bb{}\u00bb]<\/p>\n<p>Catal\u00e0, Castell\u00e0, Franc\u00e8s i Angl\u00e8s<\/p>\n<p>[\/et_pb_blurb][\/et_pb_column][\/et_pb_row][\/et_pb_section][et_pb_section fb_built=\u00bb1&#8243; disabled_on=\u00bbon|on|on\u00bb _builder_version=\u00bb4.16&#8243; custom_padding=\u00bb100px||100px||true|false\u00bb disabled=\u00bbon\u00bb locked=\u00bboff\u00bb collapsed=\u00bbon\u00bb global_colors_info=\u00bb{}\u00bb][et_pb_row _builder_version=\u00bb4.27.3&#8243; width=\u00bb90%\u00bb width_tablet=\u00bb90%\u00bb width_phone=\u00bb90%\u00bb width_last_edited=\u00bboff|desktop\u00bb max_width=\u00bb100%\u00bb max_width_tablet=\u00bb90%\u00bb max_width_phone=\u00bb90%\u00bb max_width_last_edited=\u00bboff|desktop\u00bb custom_padding=\u00bb0px||40px||false|false\u00bb global_colors_info=\u00bb{}\u00bb][et_pb_column type=\u00bb4_4&#8243; _builder_version=\u00bb4.16&#8243; global_colors_info=\u00bb{}\u00bb][et_pb_text disabled_on=\u00bbon|on|on\u00bb _builder_version=\u00bb4.16&#8243; text_font=\u00bbPoppins|||on|||||\u00bb text_text_color=\u00bb#7c7c7c\u00bb text_font_size=\u00bb13px\u00bb text_line_height=\u00bb1.4em\u00bb disabled=\u00bbon\u00bb global_colors_info=\u00bb{}\u00bb]<\/p>\n<p>Exceur Veritatis Architecto Beatae Sitae Dicta Exslicabo Unim<\/p>\n<p>[\/et_pb_text][et_pb_text admin_label=\u00bbLa meva hist\u00f2ria<br \/>\n\u00bb _builder_version=\u00bb4.27.3&#8243; header_font=\u00bbPoppins|700|||||||\u00bb header_text_color=\u00bb#1b1a1a\u00bb header_font_size=\u00bb42px\u00bb header_letter_spacing=\u00bb-1px\u00bb header_line_height=\u00bb1.2em\u00bb max_width=\u00bb800px\u00bb module_alignment=\u00bbleft\u00bb custom_margin=\u00bb-6px||||false|false\u00bb custom_margin_tablet=\u00bb-16px||||false|false\u00bb custom_margin_phone=\u00bb-16px||||false|false\u00bb custom_margin_last_edited=\u00bbon|phone\u00bb header_font_size_tablet=\u00bb\u00bb header_font_size_phone=\u00bb25px\u00bb header_font_size_last_edited=\u00bbon|phone\u00bb header_line_height_tablet=\u00bb\u00bb header_line_height_phone=\u00bb1.3em\u00bb header_line_height_last_edited=\u00bbon|phone\u00bb global_colors_info=\u00bb{}\u00bb]<\/p>\n<h1>La meva hist\u00f2ria<\/h1>\n<p>[\/et_pb_text][\/et_pb_column][\/et_pb_row][et_pb_row column_structure=\u00bb1_3,1_3,1_3&#8243; _builder_version=\u00bb4.27.3&#8243; width=\u00bb90%\u00bb width_tablet=\u00bb90%\u00bb width_phone=\u00bb90%\u00bb width_last_edited=\u00bboff|desktop\u00bb max_width=\u00bb100%\u00bb max_width_tablet=\u00bb90%\u00bb max_width_phone=\u00bb90%\u00bb max_width_last_edited=\u00bboff|desktop\u00bb custom_padding=\u00bb0px||0px||true|false\u00bb global_colors_info=\u00bb{}\u00bb][et_pb_column type=\u00bb1_3&#8243; _builder_version=\u00bb4.16&#8243; custom_padding=\u00bb20px|37px|||false|false\u00bb custom_padding_tablet=\u00bb0px|0px|40px||false|false\u00bb custom_padding_phone=\u00bb0px|0px|40px||false|false\u00bb custom_padding_last_edited=\u00bbon|phone\u00bb animation_direction=\u00bbleft\u00bb global_colors_info=\u00bb{}\u00bb][et_pb_text admin_label=\u00bbAdvocat del Bufet des de l\u2019any 2015&#8230;.\u00bb _builder_version=\u00bb4.27.3&#8243; text_font=\u00bbRoboto Condensed||||||||\u00bb text_text_color=\u00bb#000000&#8243; text_font_size=\u00bb18px\u00bb text_line_height=\u00bb1.6em\u00bb global_colors_info=\u00bb{}\u00bb]<\/p>\n<p>Advocat del Bufet des de l\u2019any 2015.<br \/>\nLa seva activitat professional i la litigaci\u00f3 en diferents camps s\u2019ha centrat, principalment, en les relacions i conflictes amb l\u2019Administraci\u00f3 P\u00fablica, assumptes sobre personal i relaciones laborals al sector p\u00fablic, i en assumptes d\u2019\u00edndole civil.<br \/>\nAssessora habitualment a diverses empreses constructores, industrials i del sector de serveis, aix\u00ed com tamb\u00e9 a diversos Ajuntaments, ens locals i organismes p\u00fablics d\u2019arreu del territori catal\u00e0.<\/p>\n<p>[\/et_pb_text][\/et_pb_column][et_pb_column type=\u00bb1_3&#8243; _builder_version=\u00bb4.16&#8243; global_colors_info=\u00bb{}\u00bb][et_pb_image src=\u00bbhttp:\/\/fernandezadvocats.es\/wp-content\/uploads\/2024\/11\/W5A8282-scaled.jpg\u00bb title_text=\u00bb_W5A8282&#8243; _builder_version=\u00bb4.27.3&#8243; border_width_left=\u00bb20px\u00bb border_color_left=\u00bb#383838&#8243; global_colors_info=\u00bb{}\u00bb][\/et_pb_image][et_pb_divider color=\u00bb#FFFFFF\u00bb divider_weight=\u00bb94px\u00bb _builder_version=\u00bb4.16&#8243; _module_preset=\u00bbdefault\u00bb positioning=\u00bbabsolute\u00bb position_origin_a_tablet=\u00bb\u00bb position_origin_a_phone=\u00bbtop_left\u00bb position_origin_a_last_edited=\u00bbon|phone\u00bb position_origin_f_tablet=\u00bb\u00bb position_origin_f_phone=\u00bb\u00bb position_origin_f_last_edited=\u00bbon|phone\u00bb position_origin_r_tablet=\u00bb\u00bb position_origin_r_phone=\u00bb\u00bb position_origin_r_last_edited=\u00bbon|phone\u00bb width=\u00bb100%\u00bb width_tablet=\u00bb100%\u00bb width_phone=\u00bb100%\u00bb width_last_edited=\u00bbon|phone\u00bb max_width=\u00bb20px\u00bb positioning_tablet=\u00bbabsolute\u00bb positioning_phone=\u00bbabsolute\u00bb positioning_last_edited=\u00bbon|phone\u00bb global_colors_info=\u00bb{}\u00bb][\/et_pb_divider][et_pb_button button_text=\u00bbPreview More\u00bb disabled_on=\u00bbon|on|on\u00bb _builder_version=\u00bb4.16&#8243; custom_button=\u00bbon\u00bb button_text_size=\u00bb14px\u00bb button_text_color=\u00bb#ffffff\u00bb button_bg_color=\u00bb#383838&#8243; button_border_color=\u00bb#383838&#8243; button_border_radius=\u00bb0px\u00bb button_font=\u00bbPoppins|700|||||||\u00bb button_icon=\u00bb&#xf061;||fa||900&#8243; button_icon_placement=\u00bbleft\u00bb button_on_hover=\u00bboff\u00bb z_index=\u00bb999&#8243; custom_margin=\u00bb-52px||||false|false\u00bb custom_padding=\u00bb24px|40px|24px|55px|false|false\u00bb disabled=\u00bbon\u00bb global_colors_info=\u00bb{}\u00bb button_text_color__hover_enabled=\u00bbon|hover\u00bb button_text_color__hover=\u00bb#ffffff\u00bb button_bg_color__hover_enabled=\u00bbon|desktop\u00bb button_bg_color__hover=\u00bb#383838&#8243; button_bg_enable_color__hover=\u00bbon\u00bb button_border_color__hover_enabled=\u00bbon|desktop\u00bb button_border_color__hover=\u00bb#383838&#8243; button_letter_spacing__hover_enabled=\u00bbon|hover\u00bb button_letter_spacing__hover=\u00bb0px\u00bb custom_padding__hover_enabled=\u00bbon|hover\u00bb custom_padding__hover=\u00bb|60px||80px|false|false\u00bb][\/et_pb_button][\/et_pb_column][et_pb_column type=\u00bb1_3&#8243; _builder_version=\u00bb4.16&#8243; custom_padding=\u00bb0px|||50px|false|false\u00bb custom_padding_tablet=\u00bb40px|||0px|false|false\u00bb custom_padding_phone=\u00bb40px|||0px|false|false\u00bb custom_padding_last_edited=\u00bbon|phone\u00bb animation_direction=\u00bbright\u00bb global_colors_info=\u00bb{}\u00bb][et_pb_blurb title=\u00bbFormaci\u00f3\u00bb use_icon=\u00bbon\u00bb font_icon=\u00bb&#xf101;||fa||900&#8243; icon_color=\u00bb#000000&#8243; icon_placement=\u00bbleft\u00bb image_icon_width=\u00bb25px\u00bb content_max_width=\u00bb100%\u00bb admin_label=\u00bbFormaci\u00f3 + texto\u00bb _builder_version=\u00bb4.27.3&#8243; header_font=\u00bbPoppins|700|||||||\u00bb header_text_color=\u00bb#1b1a1a\u00bb header_font_size=\u00bb16px\u00bb header_line_height=\u00bb1.5em\u00bb body_font=\u00bbRoboto Condensed||||||||\u00bb body_text_color=\u00bb#999&#8243; body_font_size=\u00bb15px\u00bb body_line_height=\u00bb1.8em\u00bb image_icon_custom_margin=\u00bb-7px|||10px|false|false\u00bb animation=\u00bboff\u00bb border_width_top_image=\u00bb8px\u00bb border_color_top_image=\u00bbrgba(0,0,0,0)\u00bb image_max_width=\u00bb8px\u00bb global_colors_info=\u00bb{}\u00bb]<\/p>\n<p>Graduat en Dret per la Universitat Pompeu Fabra (2009-2013)<\/p>\n<p>M\u00e0ster Universitari en advocacia IDEC-Universitat Pompeu Fabra (2013-2014)<\/p>\n<p>Col\u00b7legiat de l\u2019Il\u00b7ltre. Col\u00b7legi d\u2019Advocats de Barcelona n\u00ba 42.641 (des de 2015)<\/p>\n<p>[\/et_pb_blurb][et_pb_blurb title=\u00bb\u00c0rees de treball\u00bb use_icon=\u00bbon\u00bb font_icon=\u00bb&#xf101;||fa||900&#8243; icon_color=\u00bb#000000&#8243; icon_placement=\u00bbleft\u00bb image_icon_width=\u00bb25px\u00bb content_max_width=\u00bb100%\u00bb admin_label=\u00bb\u00c0rees de treball\u00bb _builder_version=\u00bb4.27.3&#8243; header_font=\u00bbPoppins|700|||||||\u00bb header_text_color=\u00bb#1b1a1a\u00bb header_font_size=\u00bb16px\u00bb header_line_height=\u00bb1.5em\u00bb body_font=\u00bbRoboto Condensed||||||||\u00bb body_text_color=\u00bb#999&#8243; body_font_size=\u00bb15px\u00bb body_line_height=\u00bb1.8em\u00bb image_icon_custom_margin=\u00bb-7px|||10px|false|false\u00bb custom_padding=\u00bb20px||20px||true|false\u00bb animation=\u00bboff\u00bb border_width_top_image=\u00bb8px\u00bb border_color_top_image=\u00bbrgba(0,0,0,0)\u00bb image_max_width=\u00bb8px\u00bb global_colors_info=\u00bb{}\u00bb]<\/p>\n<p>Administratiu<\/p>\n<p>Funci\u00f3 P\u00fablica<\/p>\n<p>Urban\u00edstic i Immobiliari<\/p>\n<p>Civil, Rural<\/p>\n<p>Agrari i Agropecuari<\/p>\n<p>[\/et_pb_blurb][et_pb_blurb title=\u00bbAltres\u00bb use_icon=\u00bbon\u00bb font_icon=\u00bb&#xf101;||fa||900&#8243; icon_color=\u00bb#000000&#8243; icon_placement=\u00bbleft\u00bb image_icon_width=\u00bb25px\u00bb content_max_width=\u00bb100%\u00bb admin_label=\u00bbAltres\u00bb _builder_version=\u00bb4.27.3&#8243; header_font=\u00bbPoppins|700|||||||\u00bb header_text_color=\u00bb#1b1a1a\u00bb header_font_size=\u00bb16px\u00bb header_line_height=\u00bb1.5em\u00bb body_font=\u00bbRoboto Condensed||||||||\u00bb body_text_color=\u00bb#999&#8243; body_font_size=\u00bb15px\u00bb body_line_height=\u00bb1.8em\u00bb image_icon_custom_margin=\u00bb-7px|||10px|false|false\u00bb animation=\u00bboff\u00bb border_width_top_image=\u00bb8px\u00bb border_color_top_image=\u00bbrgba(0,0,0,0)\u00bb image_max_width=\u00bb8px\u00bb global_colors_info=\u00bb{}\u00bb]<\/p>\n<p>Autor de diversos articles d\u2019opini\u00f3 i publicacions sobre tem\u00e0tica jur\u00eddica Membre de l\u2019Elenc del Tribunal Eclesi\u00e0stic Metropolit\u00e0 de Barcelona (des de 2018)<\/p>\n<p>Membre del Torn d\u2019Ofici de l\u2019ICAB (des de 2018)<\/p>\n<p>[\/et_pb_blurb][et_pb_blurb title=\u00bbIdiomes\u00bb use_icon=\u00bbon\u00bb font_icon=\u00bb&#xf101;||fa||900&#8243; icon_color=\u00bb#000000&#8243; icon_placement=\u00bbleft\u00bb image_icon_width=\u00bb25px\u00bb content_max_width=\u00bb100%\u00bb admin_label=\u00bbIdiomes\u00bb _builder_version=\u00bb4.27.3&#8243; header_font=\u00bbPoppins|700|||||||\u00bb header_text_color=\u00bb#1b1a1a\u00bb header_font_size=\u00bb16px\u00bb header_line_height=\u00bb1.5em\u00bb body_font=\u00bbRoboto Condensed||||||||\u00bb body_text_color=\u00bb#999&#8243; body_font_size=\u00bb15px\u00bb body_line_height=\u00bb1.8em\u00bb image_icon_custom_margin=\u00bb-7px|||10px|false|false\u00bb animation=\u00bboff\u00bb border_width_top_image=\u00bb8px\u00bb border_color_top_image=\u00bbrgba(0,0,0,0)\u00bb image_max_width=\u00bb8px\u00bb global_colors_info=\u00bb{}\u00bb]<\/p>\n<p>Catal\u00e0, Castell\u00e0, Franc\u00e8s i Angl\u00e8s<\/p>\n<p>[\/et_pb_blurb][\/et_pb_column][\/et_pb_row][\/et_pb_section]<\/p>\n","protected":false},"excerpt":{"rendered":"<p>Lu\u00eds Jim\u00e9nez-Asenjo Sotomayor Abogado. Abogado con m\u00e1s de 20 a\u00f1os de experiencia, desde su incorporaci\u00f3n al ejercicio profesional en el a\u00f1o 2000, especializado en Derecho Mercantil y Litigaci\u00f3n. A lo largo de su carrera, ha adquirido una amplia experiencia en litigios en diversas \u00e1reas, destacando especialmente en los \u00e1mbitos financiero, bancario y de seguros. En [&hellip;]<\/p>\n","protected":false},"author":1,"featured_media":0,"parent":90372,"menu_order":0,"comment_status":"closed","ping_status":"closed","template":"","meta":{"_et_pb_use_builder":"on","_et_pb_old_content":"","_et_gb_content_width":"","footnotes":""},"class_list":["post-91014","page","type-page","status-publish","hentry"],"yoast_head":"<!-- This site is optimized with the Yoast SEO plugin v27.1.1 - https:\/\/yoast.com\/product\/yoast-seo-wordpress\/ -->\n<title>Luis Jim\u00e9nez-Asenjo Sotomayor | Fern\u00e1ndez Advocats<\/title>\n<meta name=\"robots\" content=\"index, follow, max-snippet:-1, max-image-preview:large, max-video-preview:-1\" \/>\n<link rel=\"canonical\" href=\"https:\/\/fernandezadvocats.es\/es\/equipo\/luis-jimenez-asenjo-sotomayor\/\" \/>\n<meta property=\"og:locale\" content=\"es_ES\" \/>\n<meta property=\"og:type\" content=\"article\" \/>\n<meta property=\"og:title\" content=\"Luis Jim\u00e9nez-Asenjo Sotomayor | Fern\u00e1ndez Advocats\" \/>\n<meta property=\"og:description\" content=\"Lu\u00eds Jim\u00e9nez-Asenjo Sotomayor Abogado. Abogado con m\u00e1s de 20 a\u00f1os de experiencia, desde su incorporaci\u00f3n al ejercicio profesional en el a\u00f1o 2000, especializado en Derecho Mercantil y Litigaci\u00f3n. A lo largo de su carrera, ha adquirido una amplia experiencia en litigios en diversas \u00e1reas, destacando especialmente en los \u00e1mbitos financiero, bancario y de seguros. En [&hellip;]\" \/>\n<meta property=\"og:url\" content=\"https:\/\/fernandezadvocats.es\/es\/equipo\/luis-jimenez-asenjo-sotomayor\/\" \/>\n<meta property=\"og:site_name\" content=\"Fern\u00e1ndez Advocats\" \/>\n<meta property=\"article:modified_time\" content=\"2025-07-22T08:33:55+00:00\" \/>\n<meta property=\"og:image\" content=\"http:\/\/fernandezadvocats.es\/wp-content\/uploads\/2024\/11\/W5A8282-scaled.jpg\" \/>\n<meta name=\"twitter:card\" content=\"summary_large_image\" \/>\n<meta name=\"twitter:label1\" content=\"Tiempo de lectura\" \/>\n\t<meta name=\"twitter:data1\" content=\"2 minutos\" \/>\n<script type=\"application\/ld+json\" class=\"yoast-schema-graph\">{\"@context\":\"https:\/\/schema.org\",\"@graph\":[{\"@type\":\"WebPage\",\"@id\":\"https:\/\/fernandezadvocats.es\/es\/equipo\/luis-jimenez-asenjo-sotomayor\/\",\"url\":\"https:\/\/fernandezadvocats.es\/es\/equipo\/luis-jimenez-asenjo-sotomayor\/\",\"name\":\"Luis Jim\u00e9nez-Asenjo Sotomayor | Fern\u00e1ndez Advocats\",\"isPartOf\":{\"@id\":\"https:\/\/fernandezadvocats.es\/#website\"},\"primaryImageOfPage\":{\"@id\":\"https:\/\/fernandezadvocats.es\/es\/equipo\/luis-jimenez-asenjo-sotomayor\/#primaryimage\"},\"image\":{\"@id\":\"https:\/\/fernandezadvocats.es\/es\/equipo\/luis-jimenez-asenjo-sotomayor\/#primaryimage\"},\"thumbnailUrl\":\"http:\/\/fernandezadvocats.es\/wp-content\/uploads\/2024\/11\/W5A8282-scaled.jpg\",\"datePublished\":\"2024-12-09T10:42:07+00:00\",\"dateModified\":\"2025-07-22T08:33:55+00:00\",\"breadcrumb\":{\"@id\":\"https:\/\/fernandezadvocats.es\/es\/equipo\/luis-jimenez-asenjo-sotomayor\/#breadcrumb\"},\"inLanguage\":\"es\",\"potentialAction\":[{\"@type\":\"ReadAction\",\"target\":[\"https:\/\/fernandezadvocats.es\/es\/equipo\/luis-jimenez-asenjo-sotomayor\/\"]}]},{\"@type\":\"ImageObject\",\"inLanguage\":\"es\",\"@id\":\"https:\/\/fernandezadvocats.es\/es\/equipo\/luis-jimenez-asenjo-sotomayor\/#primaryimage\",\"url\":\"http:\/\/fernandezadvocats.es\/wp-content\/uploads\/2024\/11\/W5A8282-scaled.jpg\",\"contentUrl\":\"http:\/\/fernandezadvocats.es\/wp-content\/uploads\/2024\/11\/W5A8282-scaled.jpg\"},{\"@type\":\"BreadcrumbList\",\"@id\":\"https:\/\/fernandezadvocats.es\/es\/equipo\/luis-jimenez-asenjo-sotomayor\/#breadcrumb\",\"itemListElement\":[{\"@type\":\"ListItem\",\"position\":1,\"name\":\"Portada\",\"item\":\"https:\/\/fernandezadvocats.es\/es\/fernandez-advocats-berga\/\"},{\"@type\":\"ListItem\",\"position\":2,\"name\":\"EQUIPO\",\"item\":\"https:\/\/fernandezadvocats.es\/es\/equipo\/\"},{\"@type\":\"ListItem\",\"position\":3,\"name\":\"Luis Jim\u00e9nez-Asenjo Sotomayor\"}]},{\"@type\":\"WebSite\",\"@id\":\"https:\/\/fernandezadvocats.es\/#website\",\"url\":\"https:\/\/fernandezadvocats.es\/\",\"name\":\"Fern\u00e1ndez Advocats\",\"description\":\"Advocats Berga i Barcelona\",\"publisher\":{\"@id\":\"https:\/\/fernandezadvocats.es\/#organization\"},\"alternateName\":\"Abogados Berga y Bracelona\",\"potentialAction\":[{\"@type\":\"SearchAction\",\"target\":{\"@type\":\"EntryPoint\",\"urlTemplate\":\"https:\/\/fernandezadvocats.es\/?s={search_term_string}\"},\"query-input\":{\"@type\":\"PropertyValueSpecification\",\"valueRequired\":true,\"valueName\":\"search_term_string\"}}],\"inLanguage\":\"es\"},{\"@type\":\"Organization\",\"@id\":\"https:\/\/fernandezadvocats.es\/#organization\",\"name\":\"Fern\u00e1ndez Advocats\",\"url\":\"https:\/\/fernandezadvocats.es\/\",\"logo\":{\"@type\":\"ImageObject\",\"inLanguage\":\"es\",\"@id\":\"https:\/\/fernandezadvocats.es\/#\/schema\/logo\/image\/\",\"url\":\"https:\/\/fernandezadvocats.es\/wp-content\/uploads\/2024\/11\/cropped-BF-e1731427554424.png\",\"contentUrl\":\"https:\/\/fernandezadvocats.es\/wp-content\/uploads\/2024\/11\/cropped-BF-e1731427554424.png\",\"width\":512,\"height\":512,\"caption\":\"Fern\u00e1ndez Advocats\"},\"image\":{\"@id\":\"https:\/\/fernandezadvocats.es\/#\/schema\/logo\/image\/\"}}]}<\/script>\n<!-- \/ Yoast SEO plugin. -->","yoast_head_json":{"title":"Luis Jim\u00e9nez-Asenjo Sotomayor | Fern\u00e1ndez Advocats","robots":{"index":"index","follow":"follow","max-snippet":"max-snippet:-1","max-image-preview":"max-image-preview:large","max-video-preview":"max-video-preview:-1"},"canonical":"https:\/\/fernandezadvocats.es\/es\/equipo\/luis-jimenez-asenjo-sotomayor\/","og_locale":"es_ES","og_type":"article","og_title":"Luis Jim\u00e9nez-Asenjo Sotomayor | Fern\u00e1ndez Advocats","og_description":"Lu\u00eds Jim\u00e9nez-Asenjo Sotomayor Abogado. Abogado con m\u00e1s de 20 a\u00f1os de experiencia, desde su incorporaci\u00f3n al ejercicio profesional en el a\u00f1o 2000, especializado en Derecho Mercantil y Litigaci\u00f3n. A lo largo de su carrera, ha adquirido una amplia experiencia en litigios en diversas \u00e1reas, destacando especialmente en los \u00e1mbitos financiero, bancario y de seguros. En [&hellip;]","og_url":"https:\/\/fernandezadvocats.es\/es\/equipo\/luis-jimenez-asenjo-sotomayor\/","og_site_name":"Fern\u00e1ndez Advocats","article_modified_time":"2025-07-22T08:33:55+00:00","og_image":[{"url":"http:\/\/fernandezadvocats.es\/wp-content\/uploads\/2024\/11\/W5A8282-scaled.jpg","type":"","width":"","height":""}],"twitter_card":"summary_large_image","twitter_misc":{"Tiempo de lectura":"2 minutos"},"schema":{"@context":"https:\/\/schema.org","@graph":[{"@type":"WebPage","@id":"https:\/\/fernandezadvocats.es\/es\/equipo\/luis-jimenez-asenjo-sotomayor\/","url":"https:\/\/fernandezadvocats.es\/es\/equipo\/luis-jimenez-asenjo-sotomayor\/","name":"Luis Jim\u00e9nez-Asenjo Sotomayor | Fern\u00e1ndez Advocats","isPartOf":{"@id":"https:\/\/fernandezadvocats.es\/#website"},"primaryImageOfPage":{"@id":"https:\/\/fernandezadvocats.es\/es\/equipo\/luis-jimenez-asenjo-sotomayor\/#primaryimage"},"image":{"@id":"https:\/\/fernandezadvocats.es\/es\/equipo\/luis-jimenez-asenjo-sotomayor\/#primaryimage"},"thumbnailUrl":"http:\/\/fernandezadvocats.es\/wp-content\/uploads\/2024\/11\/W5A8282-scaled.jpg","datePublished":"2024-12-09T10:42:07+00:00","dateModified":"2025-07-22T08:33:55+00:00","breadcrumb":{"@id":"https:\/\/fernandezadvocats.es\/es\/equipo\/luis-jimenez-asenjo-sotomayor\/#breadcrumb"},"inLanguage":"es","potentialAction":[{"@type":"ReadAction","target":["https:\/\/fernandezadvocats.es\/es\/equipo\/luis-jimenez-asenjo-sotomayor\/"]}]},{"@type":"ImageObject","inLanguage":"es","@id":"https:\/\/fernandezadvocats.es\/es\/equipo\/luis-jimenez-asenjo-sotomayor\/#primaryimage","url":"http:\/\/fernandezadvocats.es\/wp-content\/uploads\/2024\/11\/W5A8282-scaled.jpg","contentUrl":"http:\/\/fernandezadvocats.es\/wp-content\/uploads\/2024\/11\/W5A8282-scaled.jpg"},{"@type":"BreadcrumbList","@id":"https:\/\/fernandezadvocats.es\/es\/equipo\/luis-jimenez-asenjo-sotomayor\/#breadcrumb","itemListElement":[{"@type":"ListItem","position":1,"name":"Portada","item":"https:\/\/fernandezadvocats.es\/es\/fernandez-advocats-berga\/"},{"@type":"ListItem","position":2,"name":"EQUIPO","item":"https:\/\/fernandezadvocats.es\/es\/equipo\/"},{"@type":"ListItem","position":3,"name":"Luis Jim\u00e9nez-Asenjo Sotomayor"}]},{"@type":"WebSite","@id":"https:\/\/fernandezadvocats.es\/#website","url":"https:\/\/fernandezadvocats.es\/","name":"Fern\u00e1ndez Advocats","description":"Advocats Berga i Barcelona","publisher":{"@id":"https:\/\/fernandezadvocats.es\/#organization"},"alternateName":"Abogados Berga y Bracelona","potentialAction":[{"@type":"SearchAction","target":{"@type":"EntryPoint","urlTemplate":"https:\/\/fernandezadvocats.es\/?s={search_term_string}"},"query-input":{"@type":"PropertyValueSpecification","valueRequired":true,"valueName":"search_term_string"}}],"inLanguage":"es"},{"@type":"Organization","@id":"https:\/\/fernandezadvocats.es\/#organization","name":"Fern\u00e1ndez Advocats","url":"https:\/\/fernandezadvocats.es\/","logo":{"@type":"ImageObject","inLanguage":"es","@id":"https:\/\/fernandezadvocats.es\/#\/schema\/logo\/image\/","url":"https:\/\/fernandezadvocats.es\/wp-content\/uploads\/2024\/11\/cropped-BF-e1731427554424.png","contentUrl":"https:\/\/fernandezadvocats.es\/wp-content\/uploads\/2024\/11\/cropped-BF-e1731427554424.png","width":512,"height":512,"caption":"Fern\u00e1ndez Advocats"},"image":{"@id":"https:\/\/fernandezadvocats.es\/#\/schema\/logo\/image\/"}}]}},"_links":{"self":[{"href":"https:\/\/fernandezadvocats.es\/es\/wp-json\/wp\/v2\/pages\/91014","targetHints":{"allow":["GET"]}}],"collection":[{"href":"https:\/\/fernandezadvocats.es\/es\/wp-json\/wp\/v2\/pages"}],"about":[{"href":"https:\/\/fernandezadvocats.es\/es\/wp-json\/wp\/v2\/types\/page"}],"author":[{"embeddable":true,"href":"https:\/\/fernandezadvocats.es\/es\/wp-json\/wp\/v2\/users\/1"}],"replies":[{"embeddable":true,"href":"https:\/\/fernandezadvocats.es\/es\/wp-json\/wp\/v2\/comments?post=91014"}],"version-history":[{"count":9,"href":"https:\/\/fernandezadvocats.es\/es\/wp-json\/wp\/v2\/pages\/91014\/revisions"}],"predecessor-version":[{"id":253315,"href":"https:\/\/fernandezadvocats.es\/es\/wp-json\/wp\/v2\/pages\/91014\/revisions\/253315"}],"up":[{"embeddable":true,"href":"https:\/\/fernandezadvocats.es\/es\/wp-json\/wp\/v2\/pages\/90372"}],"wp:attachment":[{"href":"https:\/\/fernandezadvocats.es\/es\/wp-json\/wp\/v2\/media?parent=91014"}],"curies":[{"name":"wp","href":"https:\/\/api.w.org\/{rel}","templated":true}]}}